{"id":9746,"date":"2021-12-10T14:25:41","date_gmt":"2021-12-10T13:25:41","guid":{"rendered":"https:\/\/www.domaine-prairiesdelamer.com\/caen\/"},"modified":"2026-02-25T12:07:40","modified_gmt":"2026-02-25T11:07:40","slug":"caen","status":"publish","type":"page","link":"https:\/\/mirabel-prairiesdelamer.com\/nl\/caen\/","title":{"rendered":"Caen"},"content":{"rendered":"<h1 class=\"wp-block-heading\" id=\"caen-dans-le-calvados-ville-aux-multiples-facettes\"><strong>Caen in Calvados: een stad met vele facetten!<\/strong><\/h1>\n\n<div class=\"wp-block-group is-layout-flow wp-block-group-is-layout-flow\">\n<p class=\"has-text-align-center\">Ontdek op 15 minuten van uw 4-sterrencamping de prachtige stad Caen. <br\/>Met zijn uitzonderlijke toeristische, architecturale en culturele erfgoed zul je graag verdwalen in de vele winkelstraten en must-see attracties van de bestemming.<\/p>\n\n\n\n<figure class=\"wp-block-image aligncenter size-large is-resized\"><img decoding=\"async\" src=\"https:\/\/mirabel-prairiesdelamer.com\/wp-content\/uploads\/2022\/01\/barre-bleue.png\" alt=\"\"\/><\/figure>\n<\/div>\n\n<div class=\"wp-block-media-text alignwide has-media-on-the-right is-stacked-on-mobile is-vertically-aligned-center is-image-fill-element is-style-default\"><div class=\"wp-block-media-text__content\">\n<p class=\"texte-rond has-orange-color has-text-color has-large-font-size\" id=\"de-belles-histoires-a-vous-raconter\">De stad Caen en haar geschiedenis!<\/p>\n\n\n\n<p>Slachtoffer van de <strong>Tweede Wereldoorlog<\/strong>, Caen heeft zijn charme en architectuur weten te behouden en trekt nu elk jaar miljoenen bezoekers. Net als Rouen is Caen een van de steden die bekend staat als \u00abDe stad Caen\".\u00ab\u00a0<strong>de honderd torens<\/strong>\u00a0\u00bbDe stad staat ook bekend als \"De Stad\" vanwege de vele kerken, waaronder Saint-Pierre, Saint-Jean en Saint-Nicolas, en de oude begraafplaats. Stop even om ze allemaal te bewonderen!<\/p>\n\n\n\n<p><strong>Willem de Veroveraar<\/strong> gemarkeerd als de\u2019<strong>geschiedenis van Normandi\u00eb<\/strong> en meer in het bijzonder de stad Caen, die verschillende emblematische monumenten heeft, zoals de Abbaye aux Dames en de Abbaye aux Hommes, gesticht in respectievelijk 1060 en 1063. En niet te vergeten, in het hart van de stad, de <strong><a href=\"https:\/\/www.normandiesites.com\/sites-touristiques\/chateau-de-caen\/\" target=\"_blank\" rel=\"noreferrer noopener\">Kasteel van Caen<\/a><\/strong> en de stadsmuren, die vanaf de top een prachtig panoramisch uitzicht over de stad bieden.<\/p>\n<\/div><figure class=\"wp-block-media-text__media\"><img loading=\"lazy\" decoding=\"async\" width=\"1024\" height=\"683\" src=\"https:\/\/mirabel-prairiesdelamer.com\/wp-content\/uploads\/2022\/02\/chateau-guillaume-conquerant-caen-1-1024x683.jpg\" alt=\"het kasteel van Willem de Veroveraar in Caen\" class=\"wp-image-5498 size-full\" style=\"object-position:50% 50%\" srcset=\"https:\/\/mirabel-prairiesdelamer.com\/wp-content\/uploads\/2022\/02\/chateau-guillaume-conquerant-caen-1-1024x683.jpg 1024w, https:\/\/mirabel-prairiesdelamer.com\/wp-content\/uploads\/2022\/02\/chateau-guillaume-conquerant-caen-1-300x200.jpg 300w, https:\/\/mirabel-prairiesdelamer.com\/wp-content\/uploads\/2022\/02\/chateau-guillaume-conquerant-caen-1-768x512.jpg 768w, https:\/\/mirabel-prairiesdelamer.com\/wp-content\/uploads\/2022\/02\/chateau-guillaume-conquerant-caen-1-1536x1024.jpg 1536w, https:\/\/mirabel-prairiesdelamer.com\/wp-content\/uploads\/2022\/02\/chateau-guillaume-conquerant-caen-1.jpg 1920w\" sizes=\"auto, (max-width: 1024px) 100vw, 1024px\" \/><\/figure><\/div>\n\n<div style=\"height:40px\" aria-hidden=\"true\" class=\"wp-block-spacer\"><\/div>\n\n<div class=\"wp-block-media-text alignwide is-stacked-on-mobile is-vertically-aligned-center is-image-fill-element animate front-page-section grey\"><figure class=\"wp-block-media-text__media\"><img loading=\"lazy\" decoding=\"async\" width=\"1024\" height=\"683\" src=\"https:\/\/mirabel-prairiesdelamer.com\/wp-content\/uploads\/2022\/02\/caen-vaugueux-restaurant-1024x683.jpg\" alt=\"Caen de wijk Vaugueux\" class=\"wp-image-5535 size-full\" style=\"object-position:50% 50%\" srcset=\"https:\/\/mirabel-prairiesdelamer.com\/wp-content\/uploads\/2022\/02\/caen-vaugueux-restaurant-1024x683.jpg 1024w, https:\/\/mirabel-prairiesdelamer.com\/wp-content\/uploads\/2022\/02\/caen-vaugueux-restaurant-300x200.jpg 300w, https:\/\/mirabel-prairiesdelamer.com\/wp-content\/uploads\/2022\/02\/caen-vaugueux-restaurant-768x512.jpg 768w, https:\/\/mirabel-prairiesdelamer.com\/wp-content\/uploads\/2022\/02\/caen-vaugueux-restaurant-1536x1024.jpg 1536w, https:\/\/mirabel-prairiesdelamer.com\/wp-content\/uploads\/2022\/02\/caen-vaugueux-restaurant.jpg 1920w\" sizes=\"auto, (max-width: 1024px) 100vw, 1024px\" \/><\/figure><div class=\"wp-block-media-text__content\">\n<h2 class=\"wp-block-heading\" id=\"une-ville-active-pour-vos-achats-et-vos-sorties\"><strong>Winkelen en vrije tijd in Caen<\/strong><\/h2>\n\n\n\n<figure class=\"wp-block-image size-large\"><img decoding=\"async\" src=\"https:\/\/mirabel-prairiesdelamer.com\/wp-content\/uploads\/2022\/01\/barre-bleue.png\" alt=\"\"\/><\/figure>\n\n\n\n<p>Of je nu met het gezin, vrienden of een stel bent, je zult je prima vermaken in Caen dankzij de vele winkels, restaurant-bars en vrijetijdsactiviteiten die worden aangeboden. <\/p>\n\n\n\n<p>Als het op catering aankomt, kun je je hart ophalen:<strong> la rue \u00e9cuy\u00e8re<\/strong> en de jachthaven zullen je overtuigen met hun vele bars en pubs voor feestelijke avonden. Een zeer populaire wijk, <strong>Le Vaugueux <\/strong>barst van de kleine, leuke en ongewone restaurants. De keuze is aan jou: lokale gerechten, kaasspecialiteiten, fastfood, pizzeria's en nog veel meer om je smaakpapillen te verwennen!<\/p>\n\n\n\n<p>Als het gaat om vrijetijdsbesteding en uitgaan, is er geen tekort aan dingen om te doen in het centrum van Caen en de omgeving, zoals Mondeville: <strong>lasergame<\/strong>, bowling, <strong>ontsnappingsspel <\/strong>met vrienden, bioscoop, theater, concerten, tentoonstellingen en nog veel meer. Voor alle budgetten en alle leeftijden, stel een programma samen dat bij je stemming past! <\/p>\n<\/div><\/div>\n\n<div class=\"wp-block-columns are-vertically-aligned-center is-layout-flex wp-container-core-columns-is-layout-28f84493 wp-block-columns-is-layout-flex\">\n<div class=\"wp-block-column is-vertically-aligned-center is-layout-flow wp-block-column-is-layout-flow\">\n<h2 class=\"wp-block-heading\" id=\"caen-ville-verte-a-deux-pas-de-la-mer\"><strong>Parken en tuinen in het centrum van Caen<\/strong><\/h2>\n\n\n\n<figure class=\"wp-block-image size-large\"><img decoding=\"async\" src=\"https:\/\/mirabel-prairiesdelamer.com\/wp-content\/uploads\/2022\/01\/barre-bleue.png\" alt=\"\"\/><\/figure>\n\n\n\n<p>Liefhebbers van flora, fauna en weidse ruimten kunnen een stop maken bij het <strong>Vogelheuvel<\/strong>, Neem een picknick mee en geniet van een dag in de natuur. Je ontdekt er een uitzonderlijk panorama over de stad en de rozentuin, <strong>een labyrint<\/strong>, Er zijn speeltuinen voor kinderen, een minigolfbaan, picknicktafels en een minidierenpark waar het hele jaar door baby's worden geboren. Je kunt ook je behendigheid testen op de <strong>cursus boomklimmen<\/strong>. 17 hectare aan wandelpaden voor het hele gezin in het noorden van de stad.<strong> Caen, bij het Memorial.<\/strong><\/p>\n\n\n\n<p>Een andere plek om te wandelen is de Jardin des Plantes, ook wel de \u00abgroene long\u00bb van de stad genoemd. 5.000 m2 groene ruimte waar niet minder dan 8.000 soorten Normandische, exotische en zeldzame planten groeien! De tuinmannen geven je graag advies over je beplanting dankzij de vele evenementen die het hele jaar door worden georganiseerd. <strong>Picknicktafels, speeltuin<\/strong>, En als je op zoek bent naar een plek om te ontspannen en tot rust te komen, dan is er hier een toilet dat jong en oud zeker zal bevallen.<\/p>\n<\/div>\n\n\n\n<div class=\"wp-block-column is-vertically-aligned-center is-layout-flow wp-block-column-is-layout-flow\">\n<figure class=\"wp-block-image size-large animate right\"><img decoding=\"async\" src=\"https:\/\/mirabel-prairiesdelamer.com\/wp-content\/uploads\/2022\/02\/colline-oiseaux-caen-1024x683.jpg\" alt=\"de vogelheuvel in Caen\"\/><\/figure>\n<\/div>\n<\/div>\n\n<p class=\"has-text-align-center texte-rond mt-5 has-large-font-size\">Om de camping te ontdekken<\/p>\n\n<div class=\"wp-block-columns front-page-section grey is-layout-flex wp-container-core-columns-is-layout-28f84493 wp-block-columns-is-layout-flex\">\n<div class=\"wp-block-column is-layout-flow wp-block-column-is-layout-flow\"><\/div>\n\n\n\n<div class=\"wp-block-column is-vertically-aligned-center is-layout-flow wp-block-column-is-layout-flow\">\n<div class=\"wp-block-create-block-sevgutenberg-navigation\"><aside class=\"encart-sev-navigation small carre\"><a href=\"https:\/\/mirabel-prairiesdelamer.com\/nl\/evenementen-juli-augustus\/\" class=\"d-flex flex-column align-items-center\"><div class=\"encart-title\"><span>Amusement<\/span><\/div><div class=\"vague\"><\/div><img decoding=\"async\" src=\"https:\/\/mirabel-prairiesdelamer.com\/wp-content\/uploads\/2023\/02\/danse-camping-piscine-animation.jpg\" alt=\"zomercamping dansanimatie\"\/><div class=\"ligne\"><\/div><div class=\"hover\"><\/div><\/a><\/aside><\/div>\n<\/div>\n\n\n\n<div class=\"wp-block-column is-layout-flow wp-block-column-is-layout-flow\">\n<div class=\"wp-block-create-block-sevgutenberg-navigation\"><aside class=\"encart-sev-navigation small carre\"><a href=\"https:\/\/mirabel-prairiesdelamer.com\/nl\/stacaravans-te-koop-normandie\/\" class=\"d-flex flex-column align-items-center\"><div class=\"encart-title\"><span>Word eigenaar<\/span><\/div><div class=\"vague\"><\/div><img decoding=\"async\" src=\"https:\/\/mirabel-prairiesdelamer.com\/wp-content\/uploads\/2023\/01\/galerie-toscane-873.jpeg\" alt=\"nieuwe stacaravan te koop terras\"\/><div class=\"ligne\"><\/div><div class=\"hover\"><\/div><\/a><\/aside><\/div>\n<\/div>\n\n\n\n<div class=\"wp-block-column is-layout-flow wp-block-column-is-layout-flow\">\n<div class=\"wp-block-create-block-sevgutenberg-navigation\"><aside class=\"encart-sev-navigation small carre\"><a href=\"https:\/\/mirabel-prairiesdelamer.com\/nl\/verhuur-stacaravan-normandie\/\" class=\"d-flex flex-column align-items-center\"><div class=\"encart-title\"><span>Verhuur van stacaravans<\/span><\/div><div class=\"vague\"><\/div><img decoding=\"async\" src=\"https:\/\/mirabel-prairiesdelamer.com\/wp-content\/uploads\/2023\/02\/mobil-home-location-vacances.jpg\" alt=\"verhuur van volledig uitgeruste stacaravans\"\/><div class=\"ligne\"><\/div><div class=\"hover\"><\/div><\/a><\/aside><\/div>\n<\/div>\n\n\n\n<div class=\"wp-block-column is-layout-flow wp-block-column-is-layout-flow\"><\/div>\n<\/div>\n\n<figure class=\"wp-block-image aligncenter size-large is-resized mt-5\"><img decoding=\"async\" src=\"https:\/\/mirabel-prairiesdelamer.com\/wp-content\/uploads\/2022\/01\/photo-1024x84.png\" alt=\"fotogalerij\"\/><\/figure>\n\t\t\t<div id=\"sevgallery-549134656\" class=\"sev-diaporama sev-diaporama-portfolio\">\r\n\t\t\t\t<div class=\"row\">\r\n\r\n\t\t\t\t\t\r\n\t\t\t\t\t\t\r\n\t\t\t\t\t\t<div class=\"sev-diaporama-portfolio-item   btnseeall btnseeall-xl col-12 col-md  col-shrink\">\r\n\t\t\t\t\t\t\t<a href=\"https:\/\/mirabel-prairiesdelamer.com\/wp-content\/uploads\/2024\/01\/festyland-parc-attractions-caen.jpg\" data-lightbox=\"sevgallery-549134656\" style=\"background-image: url(https:\/\/mirabel-prairiesdelamer.com\/wp-content\/uploads\/2024\/01\/festyland-parc-attractions-caen.jpg)\">\r\n\t\t\t\t\t\t\t\t<img decoding=\"async\" src=\"https:\/\/mirabel-prairiesdelamer.com\/wp-content\/uploads\/2024\/01\/festyland-parc-attractions-caen.jpg\" alt=\"Vermaakspark Festyland\" loading=\"lazy\">\r\n\t\t\t\t\t\t\t\t\t\t\t\t\t\t\t<\/a>\r\n\t\t\t\t\t\t<\/div>\r\n\r\n\t\t\t\t\t\t\r\n\t\t\t\t\t\t\t\t\t\t\t\t\t\t\t\t\t\r\n\t\t\t\t\t\t\r\n\t\t\t\t\t\t<div class=\"sev-diaporama-portfolio-item   btnseeall btnseeall-xl col-12 col-md\">\r\n\t\t\t\t\t\t\t<a href=\"https:\/\/mirabel-prairiesdelamer.com\/wp-content\/uploads\/2024\/01\/rue-froide-centre-ville-caen.jpg\" data-lightbox=\"sevgallery-549134656\" style=\"background-image: url(https:\/\/mirabel-prairiesdelamer.com\/wp-content\/uploads\/2024\/01\/rue-froide-centre-ville-caen.jpg)\">\r\n\t\t\t\t\t\t\t\t<img decoding=\"async\" src=\"https:\/\/mirabel-prairiesdelamer.com\/wp-content\/uploads\/2024\/01\/rue-froide-centre-ville-caen.jpg\" alt=\"Winkelstraat Rue Froide Caen\" loading=\"lazy\">\r\n\t\t\t\t\t\t\t\t\t\t\t\t\t\t\t<\/a>\r\n\t\t\t\t\t\t<\/div>\r\n\r\n\t\t\t\t\t\t\r\n\t\t\t\t\t\t\t\t\t\t\t\t\t\t\t\t\t\r\n\t\t\t\t\t\t\r\n\t\t\t\t\t\t<div class=\"sev-diaporama-portfolio-item   btnseeall btnseeall-xl col-12 col-md  col-shrink\">\r\n\t\t\t\t\t\t\t<a href=\"https:\/\/mirabel-prairiesdelamer.com\/wp-content\/uploads\/2022\/02\/chateau-panorama-caen-1024x684.jpg\" data-lightbox=\"sevgallery-549134656\" style=\"background-image: url(https:\/\/mirabel-prairiesdelamer.com\/wp-content\/uploads\/2022\/02\/chateau-panorama-caen-1024x684.jpg)\">\r\n\t\t\t\t\t\t\t\t<img decoding=\"async\" src=\"https:\/\/mirabel-prairiesdelamer.com\/wp-content\/uploads\/2022\/02\/chateau-panorama-caen-1024x684.jpg\" alt=\"panorama kasteel caen\" loading=\"lazy\">\r\n\t\t\t\t\t\t\t\t\t\t\t\t\t\t\t<\/a>\r\n\t\t\t\t\t\t<\/div>\r\n\r\n\t\t\t\t\t\t\t\t\t\t\t\t\t<div class=\"w-100\"><\/div>\r\n\t\t\t\t\t\t\t\t\t\t\t\t\t\r\n\t\t\t\t\t\t\t\t\t\t\t\t\t\t\t\t\t\r\n\t\t\t\t\t\t\r\n\t\t\t\t\t\t<div class=\"sev-diaporama-portfolio-item   btnseeall btnseeall-xl col-12 col-md  col-grow\">\r\n\t\t\t\t\t\t\t<a href=\"https:\/\/mirabel-prairiesdelamer.com\/wp-content\/uploads\/2024\/01\/chateau-caen-guillaume.jpg\" data-lightbox=\"sevgallery-549134656\" style=\"background-image: url(https:\/\/mirabel-prairiesdelamer.com\/wp-content\/uploads\/2024\/01\/chateau-caen-guillaume.jpg)\">\r\n\t\t\t\t\t\t\t\t<img decoding=\"async\" src=\"https:\/\/mirabel-prairiesdelamer.com\/wp-content\/uploads\/2024\/01\/chateau-caen-guillaume.jpg\" alt=\"hertogelijk kasteel guillaume le conqu\u00e9rant caen\" loading=\"lazy\">\r\n\t\t\t\t\t\t\t\t\t\t\t\t\t\t\t<\/a>\r\n\t\t\t\t\t\t<\/div>\r\n\r\n\t\t\t\t\t\t\r\n\t\t\t\t\t\t\t\t\t\t\t\t\t\t\t\t\t\r\n\t\t\t\t\t\t\r\n\t\t\t\t\t\t<div class=\"sev-diaporama-portfolio-item   btnseeall btnseeall-xl col-12 col-md  col-shrink\">\r\n\t\t\t\t\t\t\t<a href=\"https:\/\/mirabel-prairiesdelamer.com\/wp-content\/uploads\/2024\/01\/marche-caen-centre-ville.jpg\" data-lightbox=\"sevgallery-549134656\" style=\"background-image: url(https:\/\/mirabel-prairiesdelamer.com\/wp-content\/uploads\/2024\/01\/marche-caen-centre-ville.jpg)\">\r\n\t\t\t\t\t\t\t\t<img decoding=\"async\" src=\"https:\/\/mirabel-prairiesdelamer.com\/wp-content\/uploads\/2024\/01\/marche-caen-centre-ville.jpg\" alt=\"markt Saint-Pierre Caen\" loading=\"lazy\">\r\n\t\t\t\t\t\t\t\t\t\t\t\t\t\t\t<\/a>\r\n\t\t\t\t\t\t<\/div>\r\n\r\n\t\t\t\t\t\t\r\n\t\t\t\t\t\t\t\t\t\t\t\t\t\t\t\t\t\r\n\t\t\t\t\t\t\r\n\t\t\t\t\t\t<div class=\"sev-diaporama-portfolio-item   btnseeall btnseeall-xl col-12 col-md\">\r\n\t\t\t\t\t\t\t<a href=\"https:\/\/mirabel-prairiesdelamer.com\/wp-content\/uploads\/2022\/02\/caen-abbaye-aux-hommes-1024x683.jpg\" data-lightbox=\"sevgallery-549134656\" style=\"background-image: url(https:\/\/mirabel-prairiesdelamer.com\/wp-content\/uploads\/2022\/02\/caen-abbaye-aux-hommes-1024x683.jpg)\">\r\n\t\t\t\t\t\t\t\t<img decoding=\"async\" src=\"https:\/\/mirabel-prairiesdelamer.com\/wp-content\/uploads\/2022\/02\/caen-abbaye-aux-hommes-1024x683.jpg\" alt=\"abbaye aux hommes Caen\" loading=\"lazy\">\r\n\t\t\t\t\t\t\t\t\t\t\t\t\t\t\t<\/a>\r\n\t\t\t\t\t\t<\/div>\r\n\r\n\t\t\t\t\t\t\t\t\t\t\t\t\t<div class=\"w-100\"><\/div>\r\n\t\t\t\t\t\t\t\t\t\t\t\t\t\r\n\t\t\t\t\t\t\t\t\t\t\t\t\t\t\t\t\t\r\n\t\t\t\t\t\t\r\n\t\t\t\t\t\t<div class=\"sev-diaporama-portfolio-item   btnseeall btnseeall-xl col-12 col-md  col-grow\">\r\n\t\t\t\t\t\t\t<a href=\"https:\/\/mirabel-prairiesdelamer.com\/wp-content\/uploads\/2022\/02\/caen-jardin-plantes-jeux-1024x683.jpg\" data-lightbox=\"sevgallery-549134656\" style=\"background-image: url(https:\/\/mirabel-prairiesdelamer.com\/wp-content\/uploads\/2022\/02\/caen-jardin-plantes-jeux-1024x683.jpg)\">\r\n\t\t\t\t\t\t\t\t<img decoding=\"async\" src=\"https:\/\/mirabel-prairiesdelamer.com\/wp-content\/uploads\/2022\/02\/caen-jardin-plantes-jeux-1024x683.jpg\" alt=\"Caen le jardin des plantes\" loading=\"lazy\">\r\n\t\t\t\t\t\t\t\t\t\t\t\t\t\t\t<\/a>\r\n\t\t\t\t\t\t<\/div>\r\n\r\n\t\t\t\t\t\t\r\n\t\t\t\t\t\t\t\t\t\t\t\t\t\t\t\t\t\r\n\t\t\t\t\t\t\r\n\t\t\t\t\t\t<div class=\"sev-diaporama-portfolio-item   btnseeall btnseeall-xl col-12 col-md  col-grow\">\r\n\t\t\t\t\t\t\t<a href=\"https:\/\/mirabel-prairiesdelamer.com\/wp-content\/uploads\/2022\/02\/colline-oiseaux-labyrinthe-caen-1024x683.jpg\" data-lightbox=\"sevgallery-549134656\" style=\"background-image: url(https:\/\/mirabel-prairiesdelamer.com\/wp-content\/uploads\/2022\/02\/colline-oiseaux-labyrinthe-caen-1024x683.jpg)\">\r\n\t\t\t\t\t\t\t\t<img decoding=\"async\" src=\"https:\/\/mirabel-prairiesdelamer.com\/wp-content\/uploads\/2022\/02\/colline-oiseaux-labyrinthe-caen-1024x683.jpg\" alt=\"vogelheuvel het labyrint\" loading=\"lazy\">\r\n\t\t\t\t\t\t\t\t\t\t\t\t\t\t\t<\/a>\r\n\t\t\t\t\t\t<\/div>\r\n\r\n\t\t\t\t\t\t\r\n\t\t\t\t\t\t\t\t\t\t\t\t\t\t\t\t\t\r\n\t\t\t\t\t\t\r\n\t\t\t\t\t\t<div class=\"sev-diaporama-portfolio-item  limitsm btnseeall btnseeall-xl col-12 col-md  col-grow last-visible\">\r\n\t\t\t\t\t\t\t<a href=\"https:\/\/mirabel-prairiesdelamer.com\/nl\/camping-normandie-photos\/\"  style=\"background-image: url(https:\/\/mirabel-prairiesdelamer.com\/wp-content\/uploads\/2022\/02\/jardin-plantes-caen-orangerie-1024x683.jpg)\">\r\n\t\t\t\t\t\t\t\t<img decoding=\"async\" src=\"https:\/\/mirabel-prairiesdelamer.com\/wp-content\/uploads\/2022\/02\/jardin-plantes-caen-orangerie-1024x683.jpg\" alt=\"Plantentuin Caen\" loading=\"lazy\">\r\n\t\t\t\t\t\t\t\t\t\t\t\t\t\t\t\t\t<img decoding=\"async\" src=\"https:\/\/mirabel-prairiesdelamer.com\/wp-content\/themes\/mirabel-site\/assets\/img\/voir-photos.png\" alt=\"\" \/>\r\n\t\t\t\t\t\t\t\t\t<span>Bekijk alle foto's<\/span>\r\n\t\t\t\t\t\t\t\t\t\t\t\t\t\t\t<\/a>\r\n\t\t\t\t\t\t<\/div>\r\n\r\n\t\t\t\t\t\t\t\t\t\t\t\t\t<div class=\"w-100\"><\/div>\r\n\t\t\t\t\t\t\t\t\t\t\t\t\t\r\n\t\t\t\t\t\t\t\t\t\t\t\t\t\t\t\t\t\t\t\t\t<\/div>\r\n\t\t\t<\/div>\r\n\r\n\t\t\t<script>\r\n\t\t\tjQuery(function($) {\r\n\r\n\t\t\t\tvar marginPortfolio = function() {\r\n\r\n\t\t\t\t\tvar $diapo          = $('#sevgallery-549134656');\r\n\t\t\t\t\tvar container_width = $diapo.parent().outerWidth();\r\n\t\t\t\t\tvar side            = ( $(window).innerWidth() - container_width ) \/ 2;\r\n\r\n\t\t\t\t\t$diapo.css( {\r\n\t\t\t\t\t\t'margin-left': '-' + side + 'px',\r\n\t\t\t\t\t\t'margin-right': '-' + side + 'px',\r\n\t\t\t\t\t} );\r\n\t\t\t\t};\r\n\r\n\t\t\t\t$( window ).resize( function() {\r\n\t\t\t\t\tmarginPortfolio();\r\n\t\t\t\t} );\r\n\t\t\t\tmarginPortfolio();\r\n\t\t\t});\r\n\t\t\t<\/script>","protected":false},"excerpt":{"rendered":"<p>Caen in Calvados: een stad met vele facetten! A 15 minutes \u00e0 peine de votre camping 4 \u00e9toiles, d\u00e9couvrez la [&hellip;]<\/p>\n","protected":false},"author":1,"featured_media":0,"parent":0,"menu_order":0,"comment_status":"closed","ping_status":"closed","template":"","meta":{"_seopress_robots_primary_cat":"","_seopress_titles_title":"Camping proche Caen en Calvados 14 - Normandie","_seopress_titles_desc":"A 15 minute \u00e0 peine de votre camping 4 \u00e9toiles, d\u00e9couvrez la magnifique ville de Caen. Riche d\u2019un patrimoine touristique et culturel exceptionnel !","_seopress_robots_index":"","footnotes":""},"class_list":["post-9746","page","type-page","status-publish","hentry"],"_links":{"self":[{"href":"https:\/\/mirabel-prairiesdelamer.com\/nl\/wp-json\/wp\/v2\/pages\/9746","targetHints":{"allow":["GET"]}}],"collection":[{"href":"https:\/\/mirabel-prairiesdelamer.com\/nl\/wp-json\/wp\/v2\/pages"}],"about":[{"href":"https:\/\/mirabel-prairiesdelamer.com\/nl\/wp-json\/wp\/v2\/types\/page"}],"author":[{"embeddable":true,"href":"https:\/\/mirabel-prairiesdelamer.com\/nl\/wp-json\/wp\/v2\/users\/1"}],"replies":[{"embeddable":true,"href":"https:\/\/mirabel-prairiesdelamer.com\/nl\/wp-json\/wp\/v2\/comments?post=9746"}],"version-history":[{"count":7,"href":"https:\/\/mirabel-prairiesdelamer.com\/nl\/wp-json\/wp\/v2\/pages\/9746\/revisions"}],"predecessor-version":[{"id":18108,"href":"https:\/\/mirabel-prairiesdelamer.com\/nl\/wp-json\/wp\/v2\/pages\/9746\/revisions\/18108"}],"wp:attachment":[{"href":"https:\/\/mirabel-prairiesdelamer.com\/nl\/wp-json\/wp\/v2\/media?parent=9746"}],"curies":[{"name":"wp","href":"https:\/\/api.w.org\/{rel}","templated":true}]}}