{"id":895,"date":"2021-12-20T11:14:26","date_gmt":"2021-12-20T10:14:26","guid":{"rendered":"https:\/\/www.campinglarenaudiere.com\/?page_id=895"},"modified":"2026-02-25T12:11:01","modified_gmt":"2026-02-25T11:11:01","slug":"toerisme-cultuur-en-erfgoed","status":"publish","type":"page","link":"https:\/\/mirabel-prairiesdelamer.com\/nl\/les-experiences\/tourisme-culture-et-patrimoine\/","title":{"rendered":"Middeleeuwse Ervaring"},"content":{"rendered":"<h1 class=\"wp-block-heading\" id=\"vivez-l-experience-du-moyen-age\"><strong>Beleef de Middeleeuwen<\/strong> in Calvados<\/h1>\n\n\n\n<p class=\"has-text-align-center\">Stap in de voetsporen van Willem de Veroveraar terug in de tijd en ontdek de middeleeuwse bezienswaardigheden van Calvados en andere belangrijke historische figuren. Van Caen naar Bayeux, via Falaise, zijn er vele kastelen, abdijen en andere bezienswaardigheden te bezoeken.&nbsp;<\/p>\n\n\n\n<figure class=\"wp-block-image aligncenter size-full\"><img decoding=\"async\" src=\"https:\/\/www.mirabel-prairiesdelamer.com\/wp-content\/uploads\/2022\/01\/barre-bleue.png\" alt=\"\" class=\"wp-image-2382\"\/><\/figure>\n\n\n\n<div class=\"wp-block-media-text alignwide is-stacked-on-mobile is-image-fill-element\"><figure class=\"wp-block-media-text__media\"><a href=\"https:\/\/mirabel-prairiesdelamer.com\/wp-content\/uploads\/2022\/02\/Chateau-Crevecoeur-medieval2-1.jpg\"><img loading=\"lazy\" decoding=\"async\" width=\"1024\" height=\"683\" src=\"https:\/\/mirabel-prairiesdelamer.com\/wp-content\/uploads\/2022\/02\/Chateau-Crevecoeur-medieval2-1-1024x683.jpg\" alt=\"chateau de Cr\u00e8vecoeur Calvados\" class=\"wp-image-5508 size-full\" style=\"object-position:50% 50%\" srcset=\"https:\/\/mirabel-prairiesdelamer.com\/wp-content\/uploads\/2022\/02\/Chateau-Crevecoeur-medieval2-1-1024x683.jpg 1024w, https:\/\/mirabel-prairiesdelamer.com\/wp-content\/uploads\/2022\/02\/Chateau-Crevecoeur-medieval2-1-300x200.jpg 300w, https:\/\/mirabel-prairiesdelamer.com\/wp-content\/uploads\/2022\/02\/Chateau-Crevecoeur-medieval2-1-768x512.jpg 768w, https:\/\/mirabel-prairiesdelamer.com\/wp-content\/uploads\/2022\/02\/Chateau-Crevecoeur-medieval2-1-1536x1024.jpg 1536w, https:\/\/mirabel-prairiesdelamer.com\/wp-content\/uploads\/2022\/02\/Chateau-Crevecoeur-medieval2-1.jpg 1920w\" sizes=\"auto, (max-width: 1024px) 100vw, 1024px\" \/><\/a><\/figure><div class=\"wp-block-media-text__content\">\n<h2 class=\"wp-block-heading has-medium-font-size\"><strong><strong>Uitzonderlijke middeleeuwse kastelen<\/strong><\/strong> In de buurt van Caen<\/h2>\n\n\n\n<figure class=\"wp-block-image size-large\"><img decoding=\"async\" src=\"https:\/\/mirabel-prairiesdelamer.com\/wp-content\/uploads\/2022\/01\/barre-bleue.png\" alt=\"\"\/><figcaption class=\"wp-element-caption\">Talloze kastelen sieren het Normandische landschap, vooral de kastelen die gebouwd zijn in de\u2019<strong>de tijd van Willem de Veroveraar<\/strong>. Het Ch\u00e2teau de Falaise (40 min), dat zijn naam draagt, was de geboorteplaats van de toekomstige koning van Engeland. Het is nu volledig gerestaureerd en open voor bezoekers, tot grote vreugde van geschiedenisfanaten. Je kunt ook een wandeling maken langs de vestingmuren, net zoals je dat kunt bij de <strong>Kasteel van <a href=\"https:\/\/mirabel-prairiesdelamer.com\/nl\/camping-caen\/\" data-type=\"page\" data-id=\"69\">Caen<\/a><\/strong>, gratis. Het Ch\u00e2teau Ducal, midden in de stad, werd in 1060 gebouwd door Willem de Veroveraar zelf en getuigt nog steeds van zijn aanwezigheid in Normandi\u00eb. Het is een must-see als je door Caen rijdt.<br>&nbsp;<br>Verderop is de <strong>Kasteel van Cr\u00e8vec\u0153ur <\/strong>(40 min), daterend uit de 15e eeuw, brengt je terug naar het hart van de middeleeuwen, waar je een pottenbakkerij, een duiventil, een kapel en een schuur ontdekt.&nbsp;<br>Dan ten westen van Caen, bij Isigny-sur-Mer, de <strong>Kasteel van Colombi\u00e8res<\/strong> (52 min) dateert uit de 14e eeuw en is gebouwd in de verdedigingsstijl die typisch is voor feodale constructies. Eeuwen later werd het fort in juni 1944 de thuisbasis van de Amerikaanse propagandadiensten.<\/figcaption><\/figure>\n<\/div><\/div>\n\n\n\n<div style=\"height:40px\" aria-hidden=\"true\" class=\"wp-block-spacer\"><\/div>\n\n\n\n<div class=\"wp-block-media-text alignwide has-media-on-the-right is-stacked-on-mobile front-page-section grey animate right\"><div class=\"wp-block-media-text__content\">\n<p class=\"has-medium-font-size\"><strong><strong>Het Tapijt van Bayeux - De verovering van Engeland<\/strong><\/strong><\/p>\n\n\n\n<figure class=\"wp-block-image size-large is-resized\"><img decoding=\"async\" src=\"https:\/\/mirabel-prairiesdelamer.com\/wp-content\/uploads\/2022\/01\/barre-bleue.png\" alt=\"\" style=\"aspect-ratio:1;object-fit:contain;width:67px;height:auto\"\/><figcaption class=\"wp-element-caption\">70 m lang, de <a rel=\"noreferrer noopener\" href=\"https:\/\/www.bayeuxmuseum.com\/la-tapisserie-de-bayeux\/\" target=\"_blank\"><strong>Tapijt van Bayeux<\/strong><\/a> vertelt het verhaal van de hertog van Normandi\u00eb en koning van Engeland, <strong>Willem de Veroveraar<\/strong>. Dit geborduurde doek dompelt ons onder in het verhaal van 1066 en de verschillende gebeurtenissen die leidden tot de verovering van Engeland. Je ziet Drakkars die de zee oversteken, schilden en mali\u00ebnkolders, fantastische dieren, slagvelden en andere verwijzingen naar deze middeleeuwse zoektocht. Bezoek <strong>audiogidsen<\/strong> (16 talen beschikbaar), 3D-sc\u00e8nes en een film. Deze plek is <strong>3-fasen bezoek<\/strong> en zal jong en oud aanspreken.<\/figcaption><\/figure>\n<\/div><figure class=\"wp-block-media-text__media\"><a href=\"https:\/\/mirabel-prairiesdelamer.com\/wp-content\/uploads\/2022\/02\/Tapisserie_de_Bayeux-Tapisserie_de_Bayeux-1.jpg\"><img loading=\"lazy\" decoding=\"async\" width=\"1024\" height=\"788\" src=\"https:\/\/mirabel-prairiesdelamer.com\/wp-content\/uploads\/2022\/02\/Tapisserie_de_Bayeux-Tapisserie_de_Bayeux-1-1024x788.jpg\" alt=\"Tapijtmuseum van Bayeux\" class=\"wp-image-5221 size-full\" srcset=\"https:\/\/mirabel-prairiesdelamer.com\/wp-content\/uploads\/2022\/02\/Tapisserie_de_Bayeux-Tapisserie_de_Bayeux-1-1024x788.jpg 1024w, https:\/\/mirabel-prairiesdelamer.com\/wp-content\/uploads\/2022\/02\/Tapisserie_de_Bayeux-Tapisserie_de_Bayeux-1-300x231.jpg 300w, https:\/\/mirabel-prairiesdelamer.com\/wp-content\/uploads\/2022\/02\/Tapisserie_de_Bayeux-Tapisserie_de_Bayeux-1-768x591.jpg 768w, https:\/\/mirabel-prairiesdelamer.com\/wp-content\/uploads\/2022\/02\/Tapisserie_de_Bayeux-Tapisserie_de_Bayeux-1.jpg 1200w\" sizes=\"auto, (max-width: 1024px) 100vw, 1024px\" \/><\/a><\/figure><\/div>\n\n\n\n<div class=\"wp-block-media-text alignwide is-stacked-on-mobile is-image-fill-element animate left\"><figure class=\"wp-block-media-text__media\"><a href=\"https:\/\/mirabel-prairiesdelamer.com\/wp-content\/uploads\/2022\/02\/Abbaye-Longues-sur-Mer-1.jpg\"><img loading=\"lazy\" decoding=\"async\" width=\"1024\" height=\"683\" src=\"https:\/\/mirabel-prairiesdelamer.com\/wp-content\/uploads\/2022\/02\/Abbaye-Longues-sur-Mer-1-1024x683.jpg\" alt=\"abdij van longue sur mer\" class=\"wp-image-5509 size-full\" style=\"object-position:50% 50%\" srcset=\"https:\/\/mirabel-prairiesdelamer.com\/wp-content\/uploads\/2022\/02\/Abbaye-Longues-sur-Mer-1-1024x683.jpg 1024w, https:\/\/mirabel-prairiesdelamer.com\/wp-content\/uploads\/2022\/02\/Abbaye-Longues-sur-Mer-1-300x200.jpg 300w, https:\/\/mirabel-prairiesdelamer.com\/wp-content\/uploads\/2022\/02\/Abbaye-Longues-sur-Mer-1-768x512.jpg 768w, https:\/\/mirabel-prairiesdelamer.com\/wp-content\/uploads\/2022\/02\/Abbaye-Longues-sur-Mer-1-1536x1024.jpg 1536w, https:\/\/mirabel-prairiesdelamer.com\/wp-content\/uploads\/2022\/02\/Abbaye-Longues-sur-Mer-1.jpg 1920w\" sizes=\"auto, (max-width: 1024px) 100vw, 1024px\" \/><\/a><\/figure><div class=\"wp-block-media-text__content\">\n<p class=\"has-medium-font-size\"><strong><strong><strong>In de loop der jaren hebben de abdijen in Calvados<\/strong><\/strong><\/strong><\/p>\n\n\n\n<figure class=\"wp-block-image size-full\"><img decoding=\"async\" src=\"https:\/\/www.mirabel-prairiesdelamer.com\/wp-content\/uploads\/2022\/01\/barre-bleue.png\" alt=\"\" class=\"wp-image-2382\"\/><figcaption class=\"wp-element-caption\">In het verleden waren abdijen de thuisbasis van gemeenschappen van monniken of nonnen. Veel van deze gebouwen zijn bewaard gebleven en kunnen nog steeds worden bezocht. <a href=\"https:\/\/mirabel-prairiesdelamer.com\/nl\/camping-ouistreham\/\" data-type=\"page\" data-id=\"67\">Ouistreham<\/a>. <strong>De twee grootste abdijen <\/strong>zijn de mannenabdij en de vrouwenabdij in Caen, beide gebouwd door Willem de Veroveraar! De herenabdij herbergt nu het stadhuis van Caen en het graf van Willem. De Abbaye aux Dames is nu het hoofdkantoor van de regio Normandi\u00eb. Het park en zijn beroemde <strong>Ceder van Libanon <\/strong>biedt een panoramisch uitzicht over de stad. Profiteer het hele jaar door van onze nachtelijke en gedramatiseerde rondleidingen. <br><br>Er zijn andere abdijen op korte afstand die net zo prachtig zijn. <strong>Abdij van Longues-sur-Mer<\/strong> (40 min), gesticht in de 12e eeuw. De tuinen zijn bewaard gebleven en bieden een mooie wandeling naar de visvijver van de monniken. <strong>Evenementen <\/strong>worden regelmatig georganiseerd, zodat bezoekers de kans krijgen om de site vanuit een heel ander perspectief te bekijken, tot groot plezier van iedereen!<\/figcaption><\/figure>\n<\/div><\/div>\n\n\n\n<div style=\"height:40px\" aria-hidden=\"true\" class=\"wp-block-spacer\"><\/div>\n\n\n\n<figure class=\"wp-block-image aligncenter size-large is-resized mt-5\"><img decoding=\"async\" src=\"https:\/\/mirabel-prairiesdelamer.com\/wp-content\/uploads\/2022\/01\/photo-1024x84.png\" alt=\"fotogalerij\"\/><\/figure>\n\n\n\t\t\t<div id=\"sevgallery-2098674872\" class=\"sev-diaporama sev-diaporama-portfolio\">\r\n\t\t\t\t<div class=\"row\">\r\n\r\n\t\t\t\t\t\r\n\t\t\t\t\t\t\r\n\t\t\t\t\t\t<div class=\"sev-diaporama-portfolio-item   btnseeall btnseeall-xl col-12 col-md  col-grow\">\r\n\t\t\t\t\t\t\t<a href=\"https:\/\/mirabel-prairiesdelamer.com\/wp-content\/uploads\/2022\/02\/Chatea-Falaise-Guillaume-le-conquerant-1024x683.jpg\" data-lightbox=\"sevgallery-2098674872\" style=\"background-image: url(https:\/\/mirabel-prairiesdelamer.com\/wp-content\/uploads\/2022\/02\/Chatea-Falaise-Guillaume-le-conquerant-1024x683.jpg)\">\r\n\t\t\t\t\t\t\t\t<img decoding=\"async\" src=\"https:\/\/mirabel-prairiesdelamer.com\/wp-content\/uploads\/2022\/02\/Chatea-Falaise-Guillaume-le-conquerant-1024x683.jpg\" alt=\"Kasteel van Falaise\" loading=\"lazy\">\r\n\t\t\t\t\t\t\t\t\t\t\t\t\t\t\t<\/a>\r\n\t\t\t\t\t\t<\/div>\r\n\r\n\t\t\t\t\t\t\r\n\t\t\t\t\t\t\t\t\t\t\t\t\t\t\t\t\t\r\n\t\t\t\t\t\t\r\n\t\t\t\t\t\t<div class=\"sev-diaporama-portfolio-item   btnseeall btnseeall-xl col-12 col-md\">\r\n\t\t\t\t\t\t\t<a href=\"https:\/\/mirabel-prairiesdelamer.com\/wp-content\/uploads\/2022\/02\/visite-guidee-chateau-calvados-683x1024.jpg\" data-lightbox=\"sevgallery-2098674872\" style=\"background-image: url(https:\/\/mirabel-prairiesdelamer.com\/wp-content\/uploads\/2022\/02\/visite-guidee-chateau-calvados-683x1024.jpg)\">\r\n\t\t\t\t\t\t\t\t<img decoding=\"async\" src=\"https:\/\/mirabel-prairiesdelamer.com\/wp-content\/uploads\/2022\/02\/visite-guidee-chateau-calvados-683x1024.jpg\" alt=\"kasteel calvados\" loading=\"lazy\">\r\n\t\t\t\t\t\t\t\t\t\t\t\t\t\t\t<\/a>\r\n\t\t\t\t\t\t<\/div>\r\n\r\n\t\t\t\t\t\t\r\n\t\t\t\t\t\t\t\t\t\t\t\t\t\t\t\t\t\r\n\t\t\t\t\t\t\r\n\t\t\t\t\t\t<div class=\"sev-diaporama-portfolio-item   btnseeall btnseeall-xl col-12 col-md  col-grow\">\r\n\t\t\t\t\t\t\t<a href=\"https:\/\/mirabel-prairiesdelamer.com\/wp-content\/uploads\/2022\/02\/Tapisserie-Bayeux-visite-1024x683.jpg\" data-lightbox=\"sevgallery-2098674872\" style=\"background-image: url(https:\/\/mirabel-prairiesdelamer.com\/wp-content\/uploads\/2022\/02\/Tapisserie-Bayeux-visite-1024x683.jpg)\">\r\n\t\t\t\t\t\t\t\t<img decoding=\"async\" src=\"https:\/\/mirabel-prairiesdelamer.com\/wp-content\/uploads\/2022\/02\/Tapisserie-Bayeux-visite-1024x683.jpg\" alt=\"bezoek aan het tapijt van bayeu\" loading=\"lazy\">\r\n\t\t\t\t\t\t\t\t\t\t\t\t\t\t\t<\/a>\r\n\t\t\t\t\t\t<\/div>\r\n\r\n\t\t\t\t\t\t\r\n\t\t\t\t\t\t\t\t\t\t\t\t\t\t\t\t\t\r\n\t\t\t\t\t\t\r\n\t\t\t\t\t\t<div class=\"sev-diaporama-portfolio-item   btnseeall btnseeall-xl col-12 col-md\">\r\n\t\t\t\t\t\t\t<a href=\"https:\/\/mirabel-prairiesdelamer.com\/wp-content\/uploads\/2022\/02\/Tapisserie_de_Bayeux-Tapisserie_de_Bayeux-1024x672.jpg\" data-lightbox=\"sevgallery-2098674872\" style=\"background-image: url(https:\/\/mirabel-prairiesdelamer.com\/wp-content\/uploads\/2022\/02\/Tapisserie_de_Bayeux-Tapisserie_de_Bayeux-1024x672.jpg)\">\r\n\t\t\t\t\t\t\t\t<img decoding=\"async\" src=\"https:\/\/mirabel-prairiesdelamer.com\/wp-content\/uploads\/2022\/02\/Tapisserie_de_Bayeux-Tapisserie_de_Bayeux-1024x672.jpg\" alt=\"wandtapijt van bayeux\" loading=\"lazy\">\r\n\t\t\t\t\t\t\t\t\t\t\t\t\t\t\t<\/a>\r\n\t\t\t\t\t\t<\/div>\r\n\r\n\t\t\t\t\t\t\t\t\t\t\t\t\t<div class=\"w-100\"><\/div>\r\n\t\t\t\t\t\t\t\t\t\t\t\t\t\r\n\t\t\t\t\t\t\t\t\t\t\t\t\t\t\t\t\t\r\n\t\t\t\t\t\t\r\n\t\t\t\t\t\t<div class=\"sev-diaporama-portfolio-item   btnseeall btnseeall-xl col-12 col-md\">\r\n\t\t\t\t\t\t\t<a href=\"https:\/\/mirabel-prairiesdelamer.com\/wp-content\/uploads\/2022\/02\/Chateau-Crevecoeur-medieval-1024x683.jpg\" data-lightbox=\"sevgallery-2098674872\" style=\"background-image: url(https:\/\/mirabel-prairiesdelamer.com\/wp-content\/uploads\/2022\/02\/Chateau-Crevecoeur-medieval-1024x683.jpg)\">\r\n\t\t\t\t\t\t\t\t<img decoding=\"async\" src=\"https:\/\/mirabel-prairiesdelamer.com\/wp-content\/uploads\/2022\/02\/Chateau-Crevecoeur-medieval-1024x683.jpg\" alt=\"Kasteel Crevecoeur\" loading=\"lazy\">\r\n\t\t\t\t\t\t\t\t\t\t\t\t\t\t\t<\/a>\r\n\t\t\t\t\t\t<\/div>\r\n\r\n\t\t\t\t\t\t\r\n\t\t\t\t\t\t\t\t\t\t\t\t\t\t\t\t\t\r\n\t\t\t\t\t\t\r\n\t\t\t\t\t\t<div class=\"sev-diaporama-portfolio-item   btnseeall btnseeall-xl col-12 col-md  col-grow\">\r\n\t\t\t\t\t\t\t<a href=\"https:\/\/mirabel-prairiesdelamer.com\/wp-content\/uploads\/2022\/02\/Caen-abbaye-Dames-1024x668.jpg\" data-lightbox=\"sevgallery-2098674872\" style=\"background-image: url(https:\/\/mirabel-prairiesdelamer.com\/wp-content\/uploads\/2022\/02\/Caen-abbaye-Dames-1024x668.jpg)\">\r\n\t\t\t\t\t\t\t\t<img decoding=\"async\" src=\"https:\/\/mirabel-prairiesdelamer.com\/wp-content\/uploads\/2022\/02\/Caen-abbaye-Dames-1024x668.jpg\" alt=\"Caen Abbaye aux Dames\" loading=\"lazy\">\r\n\t\t\t\t\t\t\t\t\t\t\t\t\t\t\t<\/a>\r\n\t\t\t\t\t\t<\/div>\r\n\r\n\t\t\t\t\t\t\r\n\t\t\t\t\t\t\t\t\t\t\t\t\t\t\t\t\t\r\n\t\t\t\t\t\t\r\n\t\t\t\t\t\t<div class=\"sev-diaporama-portfolio-item   btnseeall btnseeall-xl col-12 col-md  col-shrink\">\r\n\t\t\t\t\t\t\t<a href=\"https:\/\/mirabel-prairiesdelamer.com\/wp-content\/uploads\/2022\/02\/Caen-Abbaye-aux-Hommes-1-1024x683.jpg\" data-lightbox=\"sevgallery-2098674872\" style=\"background-image: url(https:\/\/mirabel-prairiesdelamer.com\/wp-content\/uploads\/2022\/02\/Caen-Abbaye-aux-Hommes-1-1024x683.jpg)\">\r\n\t\t\t\t\t\t\t\t<img decoding=\"async\" src=\"https:\/\/mirabel-prairiesdelamer.com\/wp-content\/uploads\/2022\/02\/Caen-Abbaye-aux-Hommes-1-1024x683.jpg\" alt=\"Mannenabdij van Caen\" loading=\"lazy\">\r\n\t\t\t\t\t\t\t\t\t\t\t\t\t\t\t<\/a>\r\n\t\t\t\t\t\t<\/div>\r\n\r\n\t\t\t\t\t\t\r\n\t\t\t\t\t\t\t\t\t\t\t\t\t\t\t\t\t\r\n\t\t\t\t\t\t\r\n\t\t\t\t\t\t<div class=\"sev-diaporama-portfolio-item  limitsm btnseeall btnseeall-xl col-12 col-md  col-grow last-visible\">\r\n\t\t\t\t\t\t\t<a href=\"https:\/\/mirabel-prairiesdelamer.com\/nl\/camping-normandie-photos\/\"  style=\"background-image: url(https:\/\/mirabel-prairiesdelamer.com\/wp-content\/uploads\/2022\/06\/suisse-normande-clecly-calvados-1024x683.jpg)\">\r\n\t\t\t\t\t\t\t\t<img decoding=\"async\" src=\"https:\/\/mirabel-prairiesdelamer.com\/wp-content\/uploads\/2022\/06\/suisse-normande-clecly-calvados-1024x683.jpg\" alt=\"Caen Abbaye aux Dames\" loading=\"lazy\">\r\n\t\t\t\t\t\t\t\t\t\t\t\t\t\t\t\t\t<img decoding=\"async\" src=\"https:\/\/mirabel-prairiesdelamer.com\/wp-content\/themes\/mirabel-site\/assets\/img\/voir-photos.png\" alt=\"\" \/>\r\n\t\t\t\t\t\t\t\t\t<span>Bekijk alle foto's<\/span>\r\n\t\t\t\t\t\t\t\t\t\t\t\t\t\t\t<\/a>\r\n\t\t\t\t\t\t<\/div>\r\n\r\n\t\t\t\t\t\t\t\t\t\t\t\t\t<div class=\"w-100\"><\/div>\r\n\t\t\t\t\t\t\t\t\t\t\t\t\t\r\n\t\t\t\t\t\t\t\t\t\t\t\t\t\t\t\t\t\t\t\t\t<\/div>\r\n\t\t\t<\/div>\r\n\r\n\t\t\t<script>\r\n\t\t\tjQuery(function($) {\r\n\r\n\t\t\t\tvar marginPortfolio = function() {\r\n\r\n\t\t\t\t\tvar $diapo          = $('#sevgallery-2098674872');\r\n\t\t\t\t\tvar container_width = $diapo.parent().outerWidth();\r\n\t\t\t\t\tvar side            = ( $(window).innerWidth() - container_width ) \/ 2;\r\n\r\n\t\t\t\t\t$diapo.css( {\r\n\t\t\t\t\t\t'margin-left': '-' + side + 'px',\r\n\t\t\t\t\t\t'margin-right': '-' + side + 'px',\r\n\t\t\t\t\t} );\r\n\t\t\t\t};\r\n\r\n\t\t\t\t$( window ).resize( function() {\r\n\t\t\t\t\tmarginPortfolio();\r\n\t\t\t\t} );\r\n\t\t\t\tmarginPortfolio();\r\n\t\t\t});\r\n\t\t\t<\/script>","protected":false},"excerpt":{"rendered":"<p>Vivez l\u2019exp\u00e9rience du Moyen-\u00c2ge dans le Calvados Sur les traces de Guillaume Le Conqu\u00e9rant, remontez le temps et partez \u00e0 [&hellip;]<\/p>\n","protected":false},"author":1,"featured_media":0,"parent":272,"menu_order":0,"comment_status":"closed","ping_status":"closed","template":"","meta":{"_seopress_robots_primary_cat":"","_seopress_titles_title":"Exp\u00e9rience m\u00e9di\u00e9vale : les ch\u00e2teaux et abbayes du Calvados","_seopress_titles_desc":"Sur les traces de Guillaume Le Conqu\u00e9rant, remontez le temps et partez \u00e0 la d\u00e9couverte des sites m\u00e9di\u00e9vaux du Calvados : ch\u00e2teaux, abbayes...","_seopress_robots_index":"","footnotes":""},"class_list":["post-895","page","type-page","status-publish","hentry"],"_links":{"self":[{"href":"https:\/\/mirabel-prairiesdelamer.com\/nl\/wp-json\/wp\/v2\/pages\/895","targetHints":{"allow":["GET"]}}],"collection":[{"href":"https:\/\/mirabel-prairiesdelamer.com\/nl\/wp-json\/wp\/v2\/pages"}],"about":[{"href":"https:\/\/mirabel-prairiesdelamer.com\/nl\/wp-json\/wp\/v2\/types\/page"}],"author":[{"embeddable":true,"href":"https:\/\/mirabel-prairiesdelamer.com\/nl\/wp-json\/wp\/v2\/users\/1"}],"replies":[{"embeddable":true,"href":"https:\/\/mirabel-prairiesdelamer.com\/nl\/wp-json\/wp\/v2\/comments?post=895"}],"version-history":[{"count":31,"href":"https:\/\/mirabel-prairiesdelamer.com\/nl\/wp-json\/wp\/v2\/pages\/895\/revisions"}],"predecessor-version":[{"id":18114,"href":"https:\/\/mirabel-prairiesdelamer.com\/nl\/wp-json\/wp\/v2\/pages\/895\/revisions\/18114"}],"up":[{"embeddable":true,"href":"https:\/\/mirabel-prairiesdelamer.com\/nl\/wp-json\/wp\/v2\/pages\/272"}],"wp:attachment":[{"href":"https:\/\/mirabel-prairiesdelamer.com\/nl\/wp-json\/wp\/v2\/media?parent=895"}],"curies":[{"name":"wp","href":"https:\/\/api.w.org\/{rel}","templated":true}]}}