{"id":889,"date":"2021-12-20T11:10:21","date_gmt":"2021-12-20T10:10:21","guid":{"rendered":"https:\/\/www.campinglarenaudiere.com\/?page_id=889"},"modified":"2026-02-25T14:54:53","modified_gmt":"2026-02-25T13:54:53","slug":"sport-en-natuur","status":"publish","type":"page","link":"https:\/\/mirabel-prairiesdelamer.com\/nl\/les-experiences\/sport-et-nature\/","title":{"rendered":"Fietservaring"},"content":{"rendered":"<h1 class=\"wp-block-heading\" id=\"decouvrez-le-calvados-a-velo-depuis-votre-camping-4-etoiles\"><strong>Ontdek Calvados op de fiets vanaf uw 4-sterrencamping<\/strong><\/h1>\n\n\n\n<p class=\"has-text-align-center\">Calvados heeft een overvloed aan fietspaden voor sportieve activiteiten en uitstapjes met het gezin. Wil je de Normandische kust of het platteland van de regio ontdekken? <br>Pak je rugzak, pak je picknick en neem een van onze vele routes om te ontsnappen waar de wind je ook brengt.<\/p>\n\n\n\n<figure class=\"wp-block-image aligncenter size-large\"><img decoding=\"async\" src=\"https:\/\/mirabel-prairiesdelamer.com\/wp-content\/uploads\/2022\/01\/barre-bleue.png\" alt=\"\"\/><\/figure>\n\n\n\n<div class=\"wp-block-media-text alignwide is-stacked-on-mobile is-image-fill-element\"><figure class=\"wp-block-media-text__media\"><a href=\"https:\/\/mirabel-prairiesdelamer.com\/wp-content\/uploads\/2022\/02\/velo-velomaritime-dday.jpg\"><img loading=\"lazy\" decoding=\"async\" width=\"1024\" height=\"683\" src=\"https:\/\/mirabel-prairiesdelamer.com\/wp-content\/uploads\/2022\/02\/velo-velomaritime-dday-1024x683.jpg\" alt=\"maritiem fietsen\" class=\"wp-image-5230 size-full\" style=\"object-position:50% 50%\" srcset=\"https:\/\/mirabel-prairiesdelamer.com\/wp-content\/uploads\/2022\/02\/velo-velomaritime-dday-1024x683.jpg 1024w, https:\/\/mirabel-prairiesdelamer.com\/wp-content\/uploads\/2022\/02\/velo-velomaritime-dday-300x200.jpg 300w, https:\/\/mirabel-prairiesdelamer.com\/wp-content\/uploads\/2022\/02\/velo-velomaritime-dday-768x512.jpg 768w, https:\/\/mirabel-prairiesdelamer.com\/wp-content\/uploads\/2022\/02\/velo-velomaritime-dday.jpg 1200w\" sizes=\"auto, (max-width: 1024px) 100vw, 1024px\" \/><\/a><\/figure><div class=\"wp-block-media-text__content\">\n<h2 class=\"wp-block-heading\" id=\"la-velo-maritime-longez-la-cote-normande-en-deux-roues\"><strong>De V\u00e9lo maritime - Fiets langs de Normandische kust<\/strong><\/h2>\n\n\n\n<figure class=\"wp-block-image size-large\"><img decoding=\"async\" src=\"https:\/\/mirabel-prairiesdelamer.com\/wp-content\/uploads\/2022\/01\/barre-bleue.png\" alt=\"\"\/><\/figure>\n\n\n\n<p>Vertrekken van <strong>camping Les Prairies de la Mer<\/strong>, Courseulles, Arromanches of nog verder weg in de Manche, Cherbourg of Mont-Saint-Michel met <a href=\"https:\/\/www.lavelomaritime.fr\/itineraire\" target=\"_blank\" rel=\"noreferrer noopener\">de V\u00e9lo Maritime<\/a>. Deze route van 1.500 km biedt je een unieke ervaring om met name de <a href=\"https:\/\/mirabel-prairiesdelamer.com\/nl\/herdenkingstoerisme\/\"><strong>Landing Stranden<\/strong><\/a> of de legendarische plaatsen in Normandi\u00eb. Fans van <strong>gastronomie<\/strong>, de <strong>culturele ontdekking<\/strong> en sportievelingen zullen verrukt zijn. 100% is ononderbroken, dus stop wanneer je maar wilt om het landschap te bewonderen, een picknickpauze te nemen of een hapje te eten, en keer dan terug naar de camping over deze veilige en soms gedeelde paden.<\/p>\n<\/div><\/div>\n\n\n\n<div style=\"height:40px\" aria-hidden=\"true\" class=\"wp-block-spacer\"><\/div>\n\n\n\n<div class=\"wp-block-media-text alignwide has-media-on-the-right is-stacked-on-mobile is-image-fill-element front-page-section grey\"><div class=\"wp-block-media-text__content\">\n<h2 class=\"wp-block-heading\" id=\"de-ouistreham-a-caen-par-le-canal\"><strong>Van Ouistreham naar Caen over het kanaal<\/strong><\/h2>\n\n\n\n<figure class=\"wp-block-image size-large\"><img decoding=\"async\" src=\"https:\/\/mirabel-prairiesdelamer.com\/wp-content\/uploads\/2022\/01\/barre-bleue.png\" alt=\"\"\/><\/figure>\n\n\n\n<p>Doe mee met de <strong>fietspad langs de zee <\/strong>van de camping en gingen op weg <strong>Richting Caen<\/strong>. U passeert de haven van <a href=\"https:\/\/mirabel-prairiesdelamer.com\/nl\/camping-ouistreham\/\" data-type=\"page\" data-id=\"67\">Ouistreham <\/a>waar je de prachtige vuurtoren en de overdekte vismarkt kunt bewonderen. Als je je weg vervolgt, kun je niet anders dan het pad langs het kanaal volgen, een verademing vol rust en sereniteit! Het brengt je <strong>kruis B\u00e9nouville<\/strong>, Dit is een plek met een rijke geschiedenis, met in de verte een replica van de Pegasusbrug.<\/p>\n\n\n\n<p>Nog een paar kilometer en je bent aangekomen bij <a href=\"https:\/\/mirabel-prairiesdelamer.com\/nl\/camping-caen\/\">Caen<\/a> waar er veel mogelijke routes zijn voor <strong>verken de stad<\/strong> zonder dat je je zorgen hoeft te maken over voertuigen op 4 wielen. Elke route brengt je naar alle hoeken en gaten van de stad. <strong>de must-sees<\/strong>\u00a0het kasteel, de\u2019<strong>Stadhuis<\/strong>, Je kunt een bezoek brengen aan de Prairie, het Stade d'Ornano (de thuisbasis van voetbalclub Caen Malherbe), het stadscentrum, Bird Hill en nog veel meer... Het is een nieuwe manier om de stad te bezoeken die we je uitnodigen om te proberen!<\/p>\n<\/div><figure class=\"wp-block-media-text__media\"><a href=\"https:\/\/mirabel-prairiesdelamer.com\/wp-content\/uploads\/2022\/02\/balade-velo-caen-.jpg\"><img loading=\"lazy\" decoding=\"async\" width=\"1024\" height=\"683\" src=\"https:\/\/mirabel-prairiesdelamer.com\/wp-content\/uploads\/2022\/02\/balade-velo-caen--1024x683.jpg\" alt=\"fietstocht in Caen\" class=\"wp-image-5514 size-full\" style=\"object-position:50% 50%\" srcset=\"https:\/\/mirabel-prairiesdelamer.com\/wp-content\/uploads\/2022\/02\/balade-velo-caen--1024x683.jpg 1024w, https:\/\/mirabel-prairiesdelamer.com\/wp-content\/uploads\/2022\/02\/balade-velo-caen--300x200.jpg 300w, https:\/\/mirabel-prairiesdelamer.com\/wp-content\/uploads\/2022\/02\/balade-velo-caen--768x512.jpg 768w, https:\/\/mirabel-prairiesdelamer.com\/wp-content\/uploads\/2022\/02\/balade-velo-caen--1536x1025.jpg 1536w, https:\/\/mirabel-prairiesdelamer.com\/wp-content\/uploads\/2022\/02\/balade-velo-caen-.jpg 1920w\" sizes=\"auto, (max-width: 1024px) 100vw, 1024px\" \/><\/a><\/figure><\/div>\n\n\n\n<div style=\"height:40px\" aria-hidden=\"true\" class=\"wp-block-spacer\"><\/div>\n\n\n\n<div class=\"wp-block-media-text alignwide is-stacked-on-mobile is-image-fill-element animate left\"><figure class=\"wp-block-media-text__media\"><img loading=\"lazy\" decoding=\"async\" width=\"1024\" height=\"708\" src=\"https:\/\/mirabel-prairiesdelamer.com\/wp-content\/uploads\/2022\/02\/balade-velo-famille-caen-1024x708.jpg\" alt=\"Fietsen met het gezin in Caen\" class=\"wp-image-5234 size-full\" style=\"object-position:50% 50%\" srcset=\"https:\/\/mirabel-prairiesdelamer.com\/wp-content\/uploads\/2022\/02\/balade-velo-famille-caen-1024x708.jpg 1024w, https:\/\/mirabel-prairiesdelamer.com\/wp-content\/uploads\/2022\/02\/balade-velo-famille-caen-300x208.jpg 300w, https:\/\/mirabel-prairiesdelamer.com\/wp-content\/uploads\/2022\/02\/balade-velo-famille-caen-768x531.jpg 768w, https:\/\/mirabel-prairiesdelamer.com\/wp-content\/uploads\/2022\/02\/balade-velo-famille-caen.jpg 1200w\" sizes=\"auto, (max-width: 1024px) 100vw, 1024px\" \/><\/figure><div class=\"wp-block-media-text__content\">\n<h2 class=\"wp-block-heading\" id=\"des-circuits-velo-accessibles-a-tous-pour-vos-balades-en-famille\"><strong>Fietsroutes toegankelijk voor iedereen voor gezinsuitstapjes<\/strong><\/h2>\n\n\n\n<figure class=\"wp-block-image size-large\"><img decoding=\"async\" src=\"https:\/\/mirabel-prairiesdelamer.com\/wp-content\/uploads\/2022\/01\/barre-bleue.png\" alt=\"\"\/><\/figure>\n\n\n\n<p>Er zijn een aantal grote routes in het departement, maar ook kleinere die in 1 uur of een halve dag kunnen worden gedaan met het hele gezin en jongere kinderen. <strong>17 lussen<\/strong> zijn gecre\u00eberd tussen zee en platteland. Van <strong>Ouistreham naar Merville-Franceville<\/strong> (15 km) <strong>via de<\/strong>, Je kunt langs de monding van de Orne gaan of de andere kant op, richting Douvres-la-D\u00e9livrande (14 km). Je wandelt langs <strong>landwegen<\/strong> waar het landschap wordt betoverd door landbouwvelden, weg van grote wegen voor meer veiligheid.\u00a0<\/p>\n\n\n\n<p>Als u meer idee\u00ebn wilt voor fietsroutes vanuit Caen, Bayeux of <strong>Cursus<\/strong>, bezoek de website <a href=\"https:\/\/www.calvados-tourisme.com\/\" target=\"_blank\" rel=\"noreferrer noopener\">Toerisme Calvados<\/a>.  Er zijn themaroutes met etappes, must-sees en veel praktische informatie. Een breed scala aan <strong>fietspaden<\/strong> en \"voies vertes\" kun je Calvados verkennen vanaf <strong>Ouistreham Riva Bella<\/strong>, Ontdek ze nu!<\/p>\n<\/div><\/div>\n\n\n\n<div style=\"height:60px\" aria-hidden=\"true\" class=\"wp-block-spacer\"><\/div>\n\n\n\n<div class=\"wp-block-columns is-layout-flex wp-container-core-columns-is-layout-28f84493 wp-block-columns-is-layout-flex\">\n<div class=\"wp-block-column m-auto is-layout-flow wp-block-column-is-layout-flow\" style=\"flex-basis:60%\">\n<div class=\"wp-block-group border border-info card card-body is-layout-flow wp-block-group-is-layout-flow\">\n<p class=\"has-text-align-left\"><strong><strong>Huur je fietsen gemakkelijk in Ouistreham Riva-Bella<\/strong><\/strong><br>Wil je de routes vanaf de camping fietsen maar heb je geen fiets?<\/p>\n\n\n\n<p>Er zijn veel verhuurbedrijven in de buurt van uw camping Les Prairies de la Mer:<\/p>\n\n\n\n<ul class=\"wp-block-list\">\n<li>Riva Location V\u00e9lo : 81 Avenue de la Mer \u00e0 OUISTREHAM - 06 04 15 55 69<\/li>\n\n\n\n<li>Riva Loisirs: 77 avenue du Mar\u00e9chal Foch, OUISTREHAM - 02 78 84 59 37<\/li>\n\n\n\n<li>Juno V\u00e9lo (<em>onze partner, waar je een 10% korting ontvangt<\/em>): 20 route de Langrune \u00e0 SAINT-AUBIN-SUR-MER - 02 31 97 30 71<\/li>\n<\/ul>\n<\/div>\n<\/div>\n<\/div>\n\n\n\n<div style=\"height:10px\" aria-hidden=\"true\" class=\"wp-block-spacer\"><\/div>\n\n\n\n<figure class=\"wp-block-image aligncenter size-large is-resized mt-5\"><img decoding=\"async\" src=\"https:\/\/mirabel-prairiesdelamer.com\/wp-content\/uploads\/2022\/01\/photo-1024x84.png\" alt=\"fotogalerij\"\/><\/figure>\n\n\n\t\t\t<div id=\"sevgallery-1648128297\" class=\"sev-diaporama sev-diaporama-portfolio\">\r\n\t\t\t\t<div class=\"row\">\r\n\r\n\t\t\t\t\t\r\n\t\t\t\t\t\t\r\n\t\t\t\t\t\t<div class=\"sev-diaporama-portfolio-item   btnseeall btnseeall-xl col-12 col-md  col-grow\">\r\n\t\t\t\t\t\t\t<a href=\"https:\/\/mirabel-prairiesdelamer.com\/wp-content\/uploads\/2022\/02\/Cote-Nacre-panorama-683x1024.jpg\" data-lightbox=\"sevgallery-1648128297\" style=\"background-image: url(https:\/\/mirabel-prairiesdelamer.com\/wp-content\/uploads\/2022\/02\/Cote-Nacre-panorama-683x1024.jpg)\">\r\n\t\t\t\t\t\t\t\t<img decoding=\"async\" src=\"https:\/\/mirabel-prairiesdelamer.com\/wp-content\/uploads\/2022\/02\/Cote-Nacre-panorama-683x1024.jpg\" alt=\"panorama cote de nacre calvados\" loading=\"lazy\">\r\n\t\t\t\t\t\t\t\t\t\t\t\t\t\t\t<\/a>\r\n\t\t\t\t\t\t<\/div>\r\n\r\n\t\t\t\t\t\t\r\n\t\t\t\t\t\t\t\t\t\t\t\t\t\t\t\t\t\r\n\t\t\t\t\t\t\r\n\t\t\t\t\t\t<div class=\"sev-diaporama-portfolio-item   btnseeall btnseeall-xl col-12 col-md  col-grow\">\r\n\t\t\t\t\t\t\t<a href=\"https:\/\/mirabel-prairiesdelamer.com\/wp-content\/uploads\/2022\/02\/Benouville-balade-velo-canal-1024x683.jpg\" data-lightbox=\"sevgallery-1648128297\" style=\"background-image: url(https:\/\/mirabel-prairiesdelamer.com\/wp-content\/uploads\/2022\/02\/Benouville-balade-velo-canal-1024x683.jpg)\">\r\n\t\t\t\t\t\t\t\t<img decoding=\"async\" src=\"https:\/\/mirabel-prairiesdelamer.com\/wp-content\/uploads\/2022\/02\/Benouville-balade-velo-canal-1024x683.jpg\" alt=\"Benouville fietstocht\" loading=\"lazy\">\r\n\t\t\t\t\t\t\t\t\t\t\t\t\t\t\t<\/a>\r\n\t\t\t\t\t\t<\/div>\r\n\r\n\t\t\t\t\t\t\r\n\t\t\t\t\t\t\t\t\t\t\t\t\t\t\t\t\t\r\n\t\t\t\t\t\t\r\n\t\t\t\t\t\t<div class=\"sev-diaporama-portfolio-item   btnseeall btnseeall-xl col-12 col-md  col-shrink\">\r\n\t\t\t\t\t\t\t<a href=\"https:\/\/mirabel-prairiesdelamer.com\/wp-content\/uploads\/2022\/02\/Ouistreham-velo-paysage-1024x684.jpg\" data-lightbox=\"sevgallery-1648128297\" style=\"background-image: url(https:\/\/mirabel-prairiesdelamer.com\/wp-content\/uploads\/2022\/02\/Ouistreham-velo-paysage-1024x684.jpg)\">\r\n\t\t\t\t\t\t\t\t<img decoding=\"async\" src=\"https:\/\/mirabel-prairiesdelamer.com\/wp-content\/uploads\/2022\/02\/Ouistreham-velo-paysage-1024x684.jpg\" alt=\"Ouistreham fiets\" loading=\"lazy\">\r\n\t\t\t\t\t\t\t\t\t\t\t\t\t\t\t<\/a>\r\n\t\t\t\t\t\t<\/div>\r\n\r\n\t\t\t\t\t\t\r\n\t\t\t\t\t\t\t\t\t\t\t\t\t\t\t\t\t\r\n\t\t\t\t\t\t\r\n\t\t\t\t\t\t<div class=\"sev-diaporama-portfolio-item   btnseeall btnseeall-xl col-12 col-md  col-shrink\">\r\n\t\t\t\t\t\t\t<a href=\"https:\/\/mirabel-prairiesdelamer.com\/wp-content\/uploads\/2022\/02\/randonnee-velo-piste-1024x682.jpg\" data-lightbox=\"sevgallery-1648128297\" style=\"background-image: url(https:\/\/mirabel-prairiesdelamer.com\/wp-content\/uploads\/2022\/02\/randonnee-velo-piste-1024x682.jpg)\">\r\n\t\t\t\t\t\t\t\t<img decoding=\"async\" src=\"https:\/\/mirabel-prairiesdelamer.com\/wp-content\/uploads\/2022\/02\/randonnee-velo-piste-1024x682.jpg\" alt=\"fietspad\" loading=\"lazy\">\r\n\t\t\t\t\t\t\t\t\t\t\t\t\t\t\t<\/a>\r\n\t\t\t\t\t\t<\/div>\r\n\r\n\t\t\t\t\t\t\t\t\t\t\t\t\t<div class=\"w-100\"><\/div>\r\n\t\t\t\t\t\t\t\t\t\t\t\t\t\r\n\t\t\t\t\t\t\t\t\t\t\t\t\t\t\t\t\t\r\n\t\t\t\t\t\t\r\n\t\t\t\t\t\t<div class=\"sev-diaporama-portfolio-item   btnseeall btnseeall-xl col-12 col-md  col-shrink\">\r\n\t\t\t\t\t\t\t<a href=\"https:\/\/mirabel-prairiesdelamer.com\/wp-content\/uploads\/2022\/02\/Velo-caen-centre-ville-1024x682.jpg\" data-lightbox=\"sevgallery-1648128297\" style=\"background-image: url(https:\/\/mirabel-prairiesdelamer.com\/wp-content\/uploads\/2022\/02\/Velo-caen-centre-ville-1024x682.jpg)\">\r\n\t\t\t\t\t\t\t\t<img decoding=\"async\" src=\"https:\/\/mirabel-prairiesdelamer.com\/wp-content\/uploads\/2022\/02\/Velo-caen-centre-ville-1024x682.jpg\" alt=\"fietsen in het centrum van Caen\" loading=\"lazy\">\r\n\t\t\t\t\t\t\t\t\t\t\t\t\t\t\t<\/a>\r\n\t\t\t\t\t\t<\/div>\r\n\r\n\t\t\t\t\t\t\r\n\t\t\t\t\t\t\t\t\t\t\t\t\t\t\t\t\t\r\n\t\t\t\t\t\t\r\n\t\t\t\t\t\t<div class=\"sev-diaporama-portfolio-item   btnseeall btnseeall-xl col-12 col-md  col-grow\">\r\n\t\t\t\t\t\t\t<a href=\"https:\/\/mirabel-prairiesdelamer.com\/wp-content\/uploads\/2022\/02\/balade-velo-enfant-1024x683.jpg\" data-lightbox=\"sevgallery-1648128297\" style=\"background-image: url(https:\/\/mirabel-prairiesdelamer.com\/wp-content\/uploads\/2022\/02\/balade-velo-enfant-1024x683.jpg)\">\r\n\t\t\t\t\t\t\t\t<img decoding=\"async\" src=\"https:\/\/mirabel-prairiesdelamer.com\/wp-content\/uploads\/2022\/02\/balade-velo-enfant-1024x683.jpg\" alt=\"kinderfiets\" loading=\"lazy\">\r\n\t\t\t\t\t\t\t\t\t\t\t\t\t\t\t<\/a>\r\n\t\t\t\t\t\t<\/div>\r\n\r\n\t\t\t\t\t\t\r\n\t\t\t\t\t\t\t\t\t\t\t\t\t\t\t\t\t\r\n\t\t\t\t\t\t\r\n\t\t\t\t\t\t<div class=\"sev-diaporama-portfolio-item  limitsm btnseeall btnseeall-xl col-12 col-md  last-visible\">\r\n\t\t\t\t\t\t\t<a href=\"https:\/\/mirabel-prairiesdelamer.com\/nl\/camping-normandie-photos\/\"  style=\"background-image: url(https:\/\/mirabel-prairiesdelamer.com\/wp-content\/uploads\/2022\/02\/velo-velomaritime-dday-1024x683.jpg)\">\r\n\t\t\t\t\t\t\t\t<img decoding=\"async\" src=\"https:\/\/mirabel-prairiesdelamer.com\/wp-content\/uploads\/2022\/02\/velo-velomaritime-dday-1024x683.jpg\" alt=\"maritiem fietsen\" loading=\"lazy\">\r\n\t\t\t\t\t\t\t\t\t\t\t\t\t\t\t\t\t<img decoding=\"async\" src=\"https:\/\/mirabel-prairiesdelamer.com\/wp-content\/themes\/mirabel-site\/assets\/img\/voir-photos.png\" alt=\"\" \/>\r\n\t\t\t\t\t\t\t\t\t<span>Bekijk alle foto's<\/span>\r\n\t\t\t\t\t\t\t\t\t\t\t\t\t\t\t<\/a>\r\n\t\t\t\t\t\t<\/div>\r\n\r\n\t\t\t\t\t\t\r\n\t\t\t\t\t\t\t\t\t\t\t\t\t\t\t\t\t\t\t\t\t<\/div>\r\n\t\t\t<\/div>\r\n\r\n\t\t\t<script>\r\n\t\t\tjQuery(function($) {\r\n\r\n\t\t\t\tvar marginPortfolio = function() {\r\n\r\n\t\t\t\t\tvar $diapo          = $('#sevgallery-1648128297');\r\n\t\t\t\t\tvar container_width = $diapo.parent().outerWidth();\r\n\t\t\t\t\tvar side            = ( $(window).innerWidth() - container_width ) \/ 2;\r\n\r\n\t\t\t\t\t$diapo.css( {\r\n\t\t\t\t\t\t'margin-left': '-' + side + 'px',\r\n\t\t\t\t\t\t'margin-right': '-' + side + 'px',\r\n\t\t\t\t\t} );\r\n\t\t\t\t};\r\n\r\n\t\t\t\t$( window ).resize( function() {\r\n\t\t\t\t\tmarginPortfolio();\r\n\t\t\t\t} );\r\n\t\t\t\tmarginPortfolio();\r\n\t\t\t});\r\n\t\t\t<\/script>","protected":false},"excerpt":{"rendered":"<p>D\u00e9couvrez le Calvados \u00e0 v\u00e9lo depuis votre camping 4 \u00e9toiles Le Calvados regorge de pistes cyclables pour vos balades sportives [&hellip;]<\/p>\n","protected":false},"author":1,"featured_media":0,"parent":272,"menu_order":0,"comment_status":"closed","ping_status":"closed","template":"","meta":{"_seopress_robots_primary_cat":"","_seopress_titles_title":"La d\u00e9couverte du Calvados \u00e0 v\u00e9lo depuis votre camping 4 \u00e9toiles","_seopress_titles_desc":"Le Calvados regorge de pistes cyclables pour vos balades sportives ou en famille. Envie de d\u00e9couvrir la c\u00f4te Normande ou bien le c\u00f4t\u00e9 campagne de la r\u00e9gion\u00a0?","_seopress_robots_index":"","footnotes":""},"class_list":["post-889","page","type-page","status-publish","hentry"],"_links":{"self":[{"href":"https:\/\/mirabel-prairiesdelamer.com\/nl\/wp-json\/wp\/v2\/pages\/889","targetHints":{"allow":["GET"]}}],"collection":[{"href":"https:\/\/mirabel-prairiesdelamer.com\/nl\/wp-json\/wp\/v2\/pages"}],"about":[{"href":"https:\/\/mirabel-prairiesdelamer.com\/nl\/wp-json\/wp\/v2\/types\/page"}],"author":[{"embeddable":true,"href":"https:\/\/mirabel-prairiesdelamer.com\/nl\/wp-json\/wp\/v2\/users\/1"}],"replies":[{"embeddable":true,"href":"https:\/\/mirabel-prairiesdelamer.com\/nl\/wp-json\/wp\/v2\/comments?post=889"}],"version-history":[{"count":33,"href":"https:\/\/mirabel-prairiesdelamer.com\/nl\/wp-json\/wp\/v2\/pages\/889\/revisions"}],"predecessor-version":[{"id":18121,"href":"https:\/\/mirabel-prairiesdelamer.com\/nl\/wp-json\/wp\/v2\/pages\/889\/revisions\/18121"}],"up":[{"embeddable":true,"href":"https:\/\/mirabel-prairiesdelamer.com\/nl\/wp-json\/wp\/v2\/pages\/272"}],"wp:attachment":[{"href":"https:\/\/mirabel-prairiesdelamer.com\/nl\/wp-json\/wp\/v2\/media?parent=889"}],"curies":[{"name":"wp","href":"https:\/\/api.w.org\/{rel}","templated":true}]}}