{"id":67,"date":"2021-12-10T14:24:37","date_gmt":"2021-12-10T13:24:37","guid":{"rendered":"https:\/\/www.campinglarenaudiere.com\/?page_id=67"},"modified":"2025-04-07T11:06:23","modified_gmt":"2025-04-07T09:06:23","slug":"camping-ouistreham","status":"publish","type":"page","link":"https:\/\/mirabel-prairiesdelamer.com\/nl\/camping-ouistreham\/","title":{"rendered":"Ouistreham"},"content":{"rendered":"<h1 class=\"wp-block-heading\" id=\"ouistreham-riva-bella\">De badplaats Ouistreham Riva-Bella in Normandi\u00eb<\/h1>\n\n\n\n<p class=\"has-text-align-center\">Bestemming Ouistreham: ontdek de parel van de C\u00f4te de Nacre in Calvados, op een paar minuten van Caen. Een badplaats waar het leven goed is!<\/p>\n\n\n\n<figure class=\"wp-block-image aligncenter size-full\"><img decoding=\"async\" src=\"https:\/\/www.mirabel-prairiesdelamer.com\/wp-content\/uploads\/2022\/01\/barre-bleue.png\" alt=\"\" class=\"wp-image-2382\"\/><\/figure>\n\n\n\n<div class=\"wp-block-media-text alignwide has-media-on-the-right is-stacked-on-mobile is-vertically-aligned-center is-style-default\"><div class=\"wp-block-media-text__content\">\n<h2 class=\"wp-block-heading\" id=\"ouistreham-riva-bella-entre-terre-et-mer\">Wat kun je doen op vakantie in Ouistreham Riva-Bella?<\/h2>\n\n\n\n<figure class=\"wp-block-image size-full\"><img loading=\"lazy\" decoding=\"async\" width=\"50\" height=\"8\" src=\"https:\/\/mirabel-prairiesdelamer.com\/wp-content\/uploads\/2024\/06\/barre-bleue.png\" alt=\"\" class=\"wp-image-14200\"\/><\/figure>\n\n\n\n<figure class=\"wp-block-image alignright size-full is-resized\"><img loading=\"lazy\" decoding=\"async\" width=\"320\" height=\"228\" src=\"https:\/\/mirabel-prairiesdelamer.com\/wp-content\/uploads\/2024\/06\/tong.png\" alt=\"\" class=\"wp-image-14257\" style=\"width:73px;height:auto\" srcset=\"https:\/\/mirabel-prairiesdelamer.com\/wp-content\/uploads\/2024\/06\/tong.png 320w, https:\/\/mirabel-prairiesdelamer.com\/wp-content\/uploads\/2024\/06\/tong-300x214.png 300w\" sizes=\"auto, (max-width: 320px) 100vw, 320px\" \/><\/figure>\n\n\n\n<p>Le <strong>Camping Mirabel Les Prairies de la Mer<\/strong> ligt op 500m van het grote en mooie <strong>Strand van Ouistreham<\/strong> Riva-Bella. Dus pak je tas en maak je klaar om je handdoek op het strand te leggen! <strong>wit zand<\/strong>. Dompel jezelf onder in je roman of laat je wiegen door het geluid van de golven, terwijl de kinderen zich vermaken met bouwen. <strong>zandkastelen<\/strong> en een aantal mooie <strong>schelpdieren<\/strong> die ze zullen koesteren als souvenir. Trekt de wind aan? Mooi, dan is het tijd om te vliegeren!<\/p>\n\n\n\n<p>Hou je van de natuur en weidse ruimtes? Dan zul je dol zijn op de site Pointe du Si\u00e8ge, bij <strong>de monding van de Orne<\/strong>, beschermd om zijn ornithologische en landschappelijke rijkdom. Op slechts 3 km van de camping ligt het <strong>Caprice Hout <\/strong>nodigt u uit om te genieten van een wandeling met het gezin in de ongerepte natuur, voordat u terugkeert naar de rust en stilte van de <a href=\"https:\/\/mirabel-prairiesdelamer.com\/nl\/verhuur-stacaravan-normandie\/\">je stacaravan.<\/a><\/p>\n<\/div><figure class=\"wp-block-media-text__media\"><img loading=\"lazy\" decoding=\"async\" width=\"1024\" height=\"683\" src=\"https:\/\/mirabel-prairiesdelamer.com\/wp-content\/uploads\/2024\/06\/plage-enfant-jeux-1024x683.jpg\" alt=\"\" class=\"wp-image-14269 size-full\" srcset=\"https:\/\/mirabel-prairiesdelamer.com\/wp-content\/uploads\/2024\/06\/plage-enfant-jeux-1024x683.jpg 1024w, https:\/\/mirabel-prairiesdelamer.com\/wp-content\/uploads\/2024\/06\/plage-enfant-jeux-300x200.jpg 300w, https:\/\/mirabel-prairiesdelamer.com\/wp-content\/uploads\/2024\/06\/plage-enfant-jeux-768x512.jpg 768w, https:\/\/mirabel-prairiesdelamer.com\/wp-content\/uploads\/2024\/06\/plage-enfant-jeux.jpg 1200w\" sizes=\"auto, (max-width: 1024px) 100vw, 1024px\" \/><\/figure><\/div>\n\n\n\n<div style=\"height:20px\" aria-hidden=\"true\" class=\"wp-block-spacer\"><\/div>\n\n\n\n<div class=\"wp-block-media-text alignwide is-stacked-on-mobile is-vertically-aligned-center is-image-fill-element animate left\"><figure class=\"wp-block-media-text__media\"><img loading=\"lazy\" decoding=\"async\" width=\"769\" height=\"1024\" src=\"https:\/\/mirabel-prairiesdelamer.com\/wp-content\/uploads\/2024\/01\/rue-de-la-mer-shopping-ouistreham-1-769x1024.jpg\" alt=\"winkelstraat ouistreham rue de la mer\" class=\"wp-image-13016 size-full\" style=\"object-position:50% 50%\" srcset=\"https:\/\/mirabel-prairiesdelamer.com\/wp-content\/uploads\/2024\/01\/rue-de-la-mer-shopping-ouistreham-1-769x1024.jpg 769w, https:\/\/mirabel-prairiesdelamer.com\/wp-content\/uploads\/2024\/01\/rue-de-la-mer-shopping-ouistreham-1-225x300.jpg 225w, https:\/\/mirabel-prairiesdelamer.com\/wp-content\/uploads\/2024\/01\/rue-de-la-mer-shopping-ouistreham-1-768x1023.jpg 768w, https:\/\/mirabel-prairiesdelamer.com\/wp-content\/uploads\/2024\/01\/rue-de-la-mer-shopping-ouistreham-1.jpg 901w\" sizes=\"auto, (max-width: 769px) 100vw, 769px\" \/><\/figure><div class=\"wp-block-media-text__content\">\n<h2 class=\"wp-block-heading\" id=\"une-ville-animee-et-conviviale\">Evenementen het hele jaar door in Ouistreham in Normandi\u00eb<\/h2>\n\n\n\n<figure class=\"wp-block-image size-full\"><img loading=\"lazy\" decoding=\"async\" width=\"50\" height=\"8\" src=\"https:\/\/mirabel-prairiesdelamer.com\/wp-content\/uploads\/2024\/06\/barre-bleue.png\" alt=\"\" class=\"wp-image-14200\"\/><\/figure>\n\n\n\n<p>Maak een wandeling door de straten van Ouistreham Riva-Bella en reis terug in de tijd terwijl je de talrijke <strong>Belle Epoque villa's<\/strong>. Ga verder naar de haven en zijn <strong>vismarkt<\/strong>. De moedigsten beklimmen de 171 wenteltrappen van de <strong>vuurtoren<\/strong>&nbsp;en geniet van een adembenemend uitzicht over de stad en de zee zover het oog reikt (elk weekend in juli en augustus geopend voor bezoekers).<\/p>\n\n\n\n<p>Emoties gaan diep! Gelukkig zit Avenue de la Mer vol met goede plekken om je smaakpapillen te bevredigen: huisgemaakt ijs, cr\u00eapes, wafels, je hebt keuze te over! En dan nu de <strong>winkelen<\/strong> in de mooie winkels van het stadscentrum. Waarom koop je geen ansichtkaartje voor opa en oma?<\/p>\n\n\n\n<div style=\"height:20px\" aria-hidden=\"true\" class=\"wp-block-spacer\"><\/div>\n\n\n\n<div class=\"wp-block-group card card-body border border-info is-layout-flow wp-block-group-is-layout-flow\">\n<p><strong>Noteer uw agenda<\/strong> !<\/p>\n\n\n\n<ul class=\"wp-block-list\">\n<li>Het hele jaar door: elke vrijdagochtend kun je op de markt van Ouistreham terecht voor je fruit, groenten en verse producten, op de Place du March\u00e9 aan de Avenue Pasteur!<\/li>\n\n\n\n<li>April tot oktober: extra markt op zondag, ook op het marktplein<\/li>\n\n\n\n<li>In juli en augustus: talrijke evenementen zoals de vuurwerkshows op 14 juli en 15 augustus, designermarkten, enz., te ontdekken op de <a href=\"https:\/\/ouistreham-rivabella.fr\/sortir\/agenda-des-sorties\/\" target=\"_blank\" rel=\"noreferrer noopener\">stadswebsite<\/a>.<\/li>\n<\/ul>\n<\/div>\n<\/div><\/div>\n\n\n\n<div style=\"height:30px\" aria-hidden=\"true\" class=\"wp-block-spacer\"><\/div>\n\n\n\n<p><\/p>\n\n\n\n<div class=\"wp-block-media-text alignwide has-media-on-the-right is-stacked-on-mobile is-vertically-aligned-center is-style-default front-page-section grey animate right\"><div class=\"wp-block-media-text__content\">\n<h2 class=\"wp-block-heading\" id=\"des-activites-culturelles-et-de-loisirs-tout-pres-de-caen\">Culturele en vrijetijdsactiviteiten in de buurt van Caen<\/h2>\n\n\n\n<figure class=\"wp-block-image size-full\"><img loading=\"lazy\" decoding=\"async\" width=\"50\" height=\"8\" src=\"https:\/\/mirabel-prairiesdelamer.com\/wp-content\/uploads\/2024\/06\/barre-bleue.png\" alt=\"\" class=\"wp-image-14200\"\/><figcaption class=\"wp-element-caption\">Ouistreham Riva-Bella biedt ook een breed scala aan sportieve, culturele en recreatieve activiteiten. Ga paddleboarden of strandzeilen met de <strong><u>nautische basis oceaan<\/u><\/strong> of ga paardrijden met de <strong><u>paardencentrum<\/u><\/strong> en ontdek de badplaats op een geheel nieuwe manier. Fietsliefhebbers kunnen profiteren van de vele <strong><u>fietspaden<\/u><\/strong> te bereiken <strong>Cabourg<\/strong>, Caen en Courseulles-sur-Mer. Filmliefhebbers worden hartelijk verwelkomd door het team van het <strong>Cin\u00e9ma Le Cabieu<\/strong>. Veel shows worden aangeboden door de <strong>Dansoir door Karine Saporta<\/strong>. En elk jaar organiseert de stad feestelijke evenementen die je niet mag missen (Shell Festival, Tous en Sc\u00e8ne Festival, Normandy Beach Race...).<\/figcaption><\/figure>\n\n\n\n<div class=\"wp-block-buttons is-content-justification-center is-layout-flex wp-container-core-buttons-is-layout-a89b3969 wp-block-buttons-is-layout-flex\">\n<div class=\"wp-block-button\"><a class=\"wp-block-button__link has-turquoise-background-color has-background wp-element-button\" href=\"https:\/\/mirabel-prairiesdelamer.com\/nl\/vrijetijdsactiviteiten-met-kinderen\/\">Alle activiteiten in de buurt<\/a><\/div>\n<\/div>\n<\/div><figure class=\"wp-block-media-text__media\"><img loading=\"lazy\" decoding=\"async\" width=\"1024\" height=\"770\" src=\"https:\/\/mirabel-prairiesdelamer.com\/wp-content\/uploads\/2024\/06\/equitation-voile-riva-bella-1-@elo-1024x770.jpg\" alt=\"\" class=\"wp-image-14273 size-full\" srcset=\"https:\/\/mirabel-prairiesdelamer.com\/wp-content\/uploads\/2024\/06\/equitation-voile-riva-bella-1-@elo-1024x770.jpg 1024w, https:\/\/mirabel-prairiesdelamer.com\/wp-content\/uploads\/2024\/06\/equitation-voile-riva-bella-1-@elo-300x226.jpg 300w, https:\/\/mirabel-prairiesdelamer.com\/wp-content\/uploads\/2024\/06\/equitation-voile-riva-bella-1-@elo-768x577.jpg 768w, https:\/\/mirabel-prairiesdelamer.com\/wp-content\/uploads\/2024\/06\/equitation-voile-riva-bella-1-@elo.jpg 1200w\" sizes=\"auto, (max-width: 1024px) 100vw, 1024px\" \/><\/figure><\/div>\n\n\n\n<div class=\"wp-block-media-text is-stacked-on-mobile\"><figure class=\"wp-block-media-text__media\"><a href=\"https:\/\/ouistreham-rivabella.fr\/la-navette-electrique-de-ouistreham-riva-bella-des-le-2-avril-2025\/?fbclid=IwY2xjawJgc2ZleHRuA2FlbQIxMAABHmGi9pne0AaoiNJisMhvricuIAVjb8XAI-mSCxs-YjCaTRUGp6u9J_uAB-Wz_aem_lP8IcZpfwZlLXo513wY77g\" target=\"_blank\" rel=\" noreferrer noopener\"><img loading=\"lazy\" decoding=\"async\" width=\"600\" height=\"400\" src=\"https:\/\/mirabel-prairiesdelamer.com\/wp-content\/uploads\/2025\/04\/navette-electrique-gratuite-ouistreham.jpg\" alt=\"gratis elektrische shuttle naar ouistreham\" class=\"wp-image-14860 size-full\" srcset=\"https:\/\/mirabel-prairiesdelamer.com\/wp-content\/uploads\/2025\/04\/navette-electrique-gratuite-ouistreham.jpg 600w, https:\/\/mirabel-prairiesdelamer.com\/wp-content\/uploads\/2025\/04\/navette-electrique-gratuite-ouistreham-300x200.jpg 300w\" sizes=\"auto, (max-width: 600px) 100vw, 600px\" \/><\/a><\/figure><div class=\"wp-block-media-text__content\">\n<h3 class=\"wp-block-heading\">Gratis pendeldienst 's ochtends naar Ouistreham<\/h3>\n\n\n\n<p>Sinds april 2025 is een <a href=\"https:\/\/ouistreham-rivabella.fr\/la-navette-electrique-de-ouistreham-riva-bella-des-le-2-avril-2025\/?fbclid=IwY2xjawJgc2ZleHRuA2FlbQIxMAABHmGi9pne0AaoiNJisMhvricuIAVjb8XAI-mSCxs-YjCaTRUGp6u9J_uAB-Wz_aem_lP8IcZpfwZlLXo513wY77g\" target=\"_blank\" rel=\"noreferrer noopener\"><strong>elektrische shuttle<\/strong> <\/a>is opgezet door de stad. Deze pendeldienst bedient de 4 hoeken van Ouistreham en stelt je in staat om de stad gemakkelijk te verkennen. <strong>Ongeveer dertig stops in totaal<\/strong> van het strand naar de bioscoop, langs de stad, de haven, het marktplein, het gezondheidscentrum en de <strong>Carrefour winkelcentrum<\/strong>. Een geweldig initiatief dat de diensten en winkels van Ouistreham voor iedereen toegankelijk maakt. Er is ook een toegangshelling voor mensen met beperkte mobiliteit.<\/p>\n\n\n\n<p><strong>Praktische informatie : <\/strong><\/p>\n\n\n\n<ul class=\"wp-block-list\">\n<li>Dinsdag tot zaterdag (niet op feestdagen)<\/li>\n\n\n\n<li>8.00 tot 12.30 uur.<\/li>\n\n\n\n<li>Haltes zijn gemarkeerd met rode banken<\/li>\n\n\n\n<li>100% gratis (en elektrisch, goed voor onze planeet)<\/li>\n\n\n\n<li>1 halte op enkele meters van de camping (<em>kolonel Dawsonlaan<\/em>)<\/li>\n\n\n\n<li><a href=\"https:\/\/ouistreham-rivabella.fr\/wp-content\/uploads\/2025\/03\/planNavette-scaled.jpg?fbclid=IwY2xjawJgcmRleHRuA2FlbQIxMAABHriYC11sxk13DmbLba547ws8X0D2ksTiyK9v2RTvrTCdJRv43YK8A2TGIArK_aem_r2b8KtmYl5Nif3Pnv2H06A\" target=\"_blank\" rel=\"noreferrer noopener\"><strong>Bekijk de tour<\/strong><\/a><\/li>\n<\/ul>\n\n\n\n<p><\/p>\n<\/div><\/div>\n\n\n\n<div style=\"height:10px\" aria-hidden=\"true\" class=\"wp-block-spacer\"><\/div>\n\n\n\n<p class=\"has-text-align-center texte-rond mt-5 has-large-font-size\">Ontdek de camping<\/p>\n\n\n\n<div class=\"wp-block-columns front-page-section grey is-layout-flex wp-container-core-columns-is-layout-28f84493 wp-block-columns-is-layout-flex\">\n<div class=\"wp-block-column is-layout-flow wp-block-column-is-layout-flow\"><\/div>\n\n\n\n<div class=\"wp-block-column is-layout-flow wp-block-column-is-layout-flow\">\n<div class=\"wp-block-create-block-sevgutenberg-navigation\"><aside class=\"encart-sev-navigation small carre\"><a href=\"https:\/\/mirabel-prairiesdelamer.com\/nl\/snackbar\/\" class=\"d-flex flex-column align-items-center\"><div class=\"encart-title\"><span>De snackbar<\/span><\/div><div class=\"vague\"><\/div><img decoding=\"async\" src=\"https:\/\/mirabel-prairiesdelamer.com\/wp-content\/uploads\/2023\/02\/snack-bar-cocktail.jpg\" alt=\"cocktail snackbar zomer hut\"\/><div class=\"ligne\"><\/div><div class=\"hover\"><\/div><\/a><\/aside><\/div>\n<\/div>\n\n\n\n<div class=\"wp-block-column is-vertically-aligned-center is-layout-flow wp-block-column-is-layout-flow\">\n<div class=\"wp-block-create-block-sevgutenberg-navigation\"><aside class=\"encart-sev-navigation small carre\"><a href=\"https:\/\/mirabel-prairiesdelamer.com\/nl\/evenementen-juli-augustus\/\" class=\"d-flex flex-column align-items-center\"><div class=\"encart-title\"><span>Amusement<\/span><\/div><div class=\"vague\"><\/div><img decoding=\"async\" src=\"https:\/\/mirabel-prairiesdelamer.com\/wp-content\/uploads\/2023\/02\/danse-camping-piscine-animation.jpg\" alt=\"zomercamping dansanimatie\"\/><div class=\"ligne\"><\/div><div class=\"hover\"><\/div><\/a><\/aside><\/div>\n<\/div>\n\n\n\n<div class=\"wp-block-column is-layout-flow wp-block-column-is-layout-flow\">\n<div class=\"wp-block-create-block-sevgutenberg-navigation\"><aside class=\"encart-sev-navigation small carre\"><a href=\"https:\/\/mirabel-prairiesdelamer.com\/nl\/camping-calvados-diensten\/\" class=\"d-flex flex-column align-items-center\"><div class=\"encart-title\"><span>Onze diensten<\/span><\/div><div class=\"vague\"><\/div><img decoding=\"async\" src=\"https:\/\/mirabel-prairiesdelamer.com\/wp-content\/uploads\/2022\/02\/accueil-reception-carte.jpg\" alt=\"receptie camping\"\/><div class=\"ligne\"><\/div><div class=\"hover\"><\/div><\/a><\/aside><\/div>\n<\/div>\n\n\n\n<div class=\"wp-block-column is-layout-flow wp-block-column-is-layout-flow\"><\/div>\n<\/div>\n\n\n\n<figure class=\"wp-block-image aligncenter size-large is-resized mt-5\"><img decoding=\"async\" src=\"https:\/\/mirabel-prairiesdelamer.com\/wp-content\/uploads\/2022\/01\/photo-1024x84.png\" alt=\"fotogalerij\"\/><\/figure>\n\n\n\t\t\t<div id=\"sevgallery-2099096760\" class=\"sev-diaporama sev-diaporama-portfolio\">\r\n\t\t\t\t<div class=\"row\">\r\n\r\n\t\t\t\t\t\r\n\t\t\t\t\t\t\r\n\t\t\t\t\t\t<div class=\"sev-diaporama-portfolio-item   btnseeall btnseeall-xl col-12 col-md  col-grow\">\r\n\t\t\t\t\t\t\t<a href=\"https:\/\/mirabel-prairiesdelamer.com\/wp-content\/uploads\/2024\/01\/ouistreham-cabine-grande-roue.jpg\" data-lightbox=\"sevgallery-2099096760\" style=\"background-image: url(https:\/\/mirabel-prairiesdelamer.com\/wp-content\/uploads\/2024\/01\/ouistreham-cabine-grande-roue.jpg)\">\r\n\t\t\t\t\t\t\t\t<img decoding=\"async\" src=\"https:\/\/mirabel-prairiesdelamer.com\/wp-content\/uploads\/2024\/01\/ouistreham-cabine-grande-roue.jpg\" alt=\"groot wiel strand ouistreham\" loading=\"lazy\">\r\n\t\t\t\t\t\t\t\t\t\t\t\t\t\t\t<\/a>\r\n\t\t\t\t\t\t<\/div>\r\n\r\n\t\t\t\t\t\t\r\n\t\t\t\t\t\t\t\t\t\t\t\t\t\t\t\t\t\r\n\t\t\t\t\t\t\r\n\t\t\t\t\t\t<div class=\"sev-diaporama-portfolio-item   btnseeall btnseeall-xl col-12 col-md  col-grow\">\r\n\t\t\t\t\t\t\t<a href=\"https:\/\/mirabel-prairiesdelamer.com\/wp-content\/uploads\/2022\/02\/62497-Char_a_voile_sur_la_plage_de_Ouistreham_Riva_Bella-Association_OCEAN-1024x768.jpg\" data-lightbox=\"sevgallery-2099096760\" style=\"background-image: url(https:\/\/mirabel-prairiesdelamer.com\/wp-content\/uploads\/2022\/02\/62497-Char_a_voile_sur_la_plage_de_Ouistreham_Riva_Bella-Association_OCEAN-1024x768.jpg)\">\r\n\t\t\t\t\t\t\t\t<img decoding=\"async\" src=\"https:\/\/mirabel-prairiesdelamer.com\/wp-content\/uploads\/2022\/02\/62497-Char_a_voile_sur_la_plage_de_Ouistreham_Riva_Bella-Association_OCEAN-1024x768.jpg\" alt=\"strandzeilen in Ouistreham\" loading=\"lazy\">\r\n\t\t\t\t\t\t\t\t\t\t\t\t\t\t\t<\/a>\r\n\t\t\t\t\t\t<\/div>\r\n\r\n\t\t\t\t\t\t\r\n\t\t\t\t\t\t\t\t\t\t\t\t\t\t\t\t\t\r\n\t\t\t\t\t\t\r\n\t\t\t\t\t\t<div class=\"sev-diaporama-portfolio-item   btnseeall btnseeall-xl col-12 col-md\">\r\n\t\t\t\t\t\t\t<a href=\"https:\/\/mirabel-prairiesdelamer.com\/wp-content\/uploads\/2024\/01\/bourg-ouistreham-commerce-marche.jpg\" data-lightbox=\"sevgallery-2099096760\" style=\"background-image: url(https:\/\/mirabel-prairiesdelamer.com\/wp-content\/uploads\/2024\/01\/bourg-ouistreham-commerce-marche.jpg)\">\r\n\t\t\t\t\t\t\t\t<img decoding=\"async\" src=\"https:\/\/mirabel-prairiesdelamer.com\/wp-content\/uploads\/2024\/01\/bourg-ouistreham-commerce-marche.jpg\" alt=\"bourg ouistreham winkelstraat\" loading=\"lazy\">\r\n\t\t\t\t\t\t\t\t\t\t\t\t\t\t\t<\/a>\r\n\t\t\t\t\t\t<\/div>\r\n\r\n\t\t\t\t\t\t\r\n\t\t\t\t\t\t\t\t\t\t\t\t\t\t\t\t\t\r\n\t\t\t\t\t\t\r\n\t\t\t\t\t\t<div class=\"sev-diaporama-portfolio-item   btnseeall btnseeall-xl col-12 col-md  col-grow\">\r\n\t\t\t\t\t\t\t<a href=\"https:\/\/mirabel-prairiesdelamer.com\/wp-content\/uploads\/2022\/02\/plage-enfants-1024x683.jpg\" data-lightbox=\"sevgallery-2099096760\" style=\"background-image: url(https:\/\/mirabel-prairiesdelamer.com\/wp-content\/uploads\/2022\/02\/plage-enfants-1024x683.jpg)\">\r\n\t\t\t\t\t\t\t\t<img decoding=\"async\" src=\"https:\/\/mirabel-prairiesdelamer.com\/wp-content\/uploads\/2022\/02\/plage-enfants-1024x683.jpg\" alt=\"kinderen op het strand van Ouistreham\" loading=\"lazy\">\r\n\t\t\t\t\t\t\t\t\t\t\t\t\t\t\t<\/a>\r\n\t\t\t\t\t\t<\/div>\r\n\r\n\t\t\t\t\t\t\t\t\t\t\t\t\t<div class=\"w-100\"><\/div>\r\n\t\t\t\t\t\t\t\t\t\t\t\t\t\r\n\t\t\t\t\t\t\t\t\t\t\t\t\t\t\t\t\t\r\n\t\t\t\t\t\t\r\n\t\t\t\t\t\t<div class=\"sev-diaporama-portfolio-item   btnseeall btnseeall-xl col-12 col-md\">\r\n\t\t\t\t\t\t\t<a href=\"https:\/\/mirabel-prairiesdelamer.com\/wp-content\/uploads\/2022\/02\/equitation-voile-riva-bella-@elo-1024x770.jpg\" data-lightbox=\"sevgallery-2099096760\" style=\"background-image: url(https:\/\/mirabel-prairiesdelamer.com\/wp-content\/uploads\/2022\/02\/equitation-voile-riva-bella-@elo-1024x770.jpg)\">\r\n\t\t\t\t\t\t\t\t<img decoding=\"async\" src=\"https:\/\/mirabel-prairiesdelamer.com\/wp-content\/uploads\/2022\/02\/equitation-voile-riva-bella-@elo-1024x770.jpg\" alt=\"paardrijden Ouistreham\" loading=\"lazy\">\r\n\t\t\t\t\t\t\t\t\t\t\t\t\t\t\t<\/a>\r\n\t\t\t\t\t\t<\/div>\r\n\r\n\t\t\t\t\t\t\r\n\t\t\t\t\t\t\t\t\t\t\t\t\t\t\t\t\t\r\n\t\t\t\t\t\t\r\n\t\t\t\t\t\t<div class=\"sev-diaporama-portfolio-item   btnseeall btnseeall-xl col-12 col-md  col-shrink\">\r\n\t\t\t\t\t\t\t<a href=\"https:\/\/mirabel-prairiesdelamer.com\/nl\/camping-normandie-photos\/\"  style=\"background-image: url(https:\/\/mirabel-prairiesdelamer.com\/wp-content\/uploads\/2022\/02\/plage-enfant-jeux-1024x683.jpg)\">\r\n\t\t\t\t\t\t\t\t<img decoding=\"async\" src=\"https:\/\/mirabel-prairiesdelamer.com\/wp-content\/uploads\/2022\/02\/plage-enfant-jeux-1024x683.jpg\" alt=\"Ouistreham riva bella strand\" loading=\"lazy\">\r\n\t\t\t\t\t\t\t\t\t\t\t\t\t\t\t<\/a>\r\n\t\t\t\t\t\t<\/div>\r\n\r\n\t\t\t\t\t\t\r\n\t\t\t\t\t\t\t\t\t\t\t\t\t\t\t\t\t\r\n\t\t\t\t\t\t\r\n\t\t\t\t\t\t<div class=\"sev-diaporama-portfolio-item   btnseeall btnseeall-xl col-12 col-md  col-shrink\">\r\n\t\t\t\t\t\t\t<a href=\"https:\/\/mirabel-prairiesdelamer.com\/wp-content\/uploads\/2024\/01\/ete-marche-createur.jpg\" data-lightbox=\"sevgallery-2099096760\" style=\"background-image: url(https:\/\/mirabel-prairiesdelamer.com\/wp-content\/uploads\/2024\/01\/ete-marche-createur.jpg)\">\r\n\t\t\t\t\t\t\t\t<img decoding=\"async\" src=\"https:\/\/mirabel-prairiesdelamer.com\/wp-content\/uploads\/2024\/01\/ete-marche-createur.jpg\" alt=\"ouistreham designermarkt\" loading=\"lazy\">\r\n\t\t\t\t\t\t\t\t\t\t\t\t\t\t\t<\/a>\r\n\t\t\t\t\t\t<\/div>\r\n\r\n\t\t\t\t\t\t\r\n\t\t\t\t\t\t\t\t\t\t\t\t\t\t\t\t\t\r\n\t\t\t\t\t\t\r\n\t\t\t\t\t\t<div class=\"sev-diaporama-portfolio-item  limitsm btnseeall btnseeall-xl col-12 col-md  last-visible\">\r\n\t\t\t\t\t\t\t<a href=\"https:\/\/mirabel-prairiesdelamer.com\/wp-content\/uploads\/2024\/01\/plage-automne-ouistreham.jpg\" data-lightbox=\"sevgallery-2099096760\" style=\"background-image: url(https:\/\/mirabel-prairiesdelamer.com\/wp-content\/uploads\/2024\/01\/plage-automne-ouistreham.jpg)\">\r\n\t\t\t\t\t\t\t\t<img decoding=\"async\" src=\"https:\/\/mirabel-prairiesdelamer.com\/wp-content\/uploads\/2024\/01\/plage-automne-ouistreham.jpg\" alt=\"ouistreham strand herfst normandi\u00eb\" loading=\"lazy\">\r\n\t\t\t\t\t\t\t\t\t\t\t\t\t\t\t\t\t<img decoding=\"async\" src=\"https:\/\/mirabel-prairiesdelamer.com\/wp-content\/themes\/mirabel-site\/assets\/img\/voir-photos.png\" alt=\"\" \/>\r\n\t\t\t\t\t\t\t\t\t<span>Bekijk alle foto's<\/span>\r\n\t\t\t\t\t\t\t\t\t\t\t\t\t\t\t<\/a>\r\n\t\t\t\t\t\t<\/div>\r\n\r\n\t\t\t\t\t\t\t\t\t\t\t\t\t<div class=\"w-100\"><\/div>\r\n\t\t\t\t\t\t\t\t\t\t\t\t\t\r\n\t\t\t\t\t\t\t\t\t\t\t\t\t\t\t\t\t\t\t\t\t<\/div>\r\n\t\t\t<\/div>\r\n\r\n\t\t\t<script>\r\n\t\t\tjQuery(function($) {\r\n\r\n\t\t\t\tvar marginPortfolio = function() {\r\n\r\n\t\t\t\t\tvar $diapo          = $('#sevgallery-2099096760');\r\n\t\t\t\t\tvar container_width = $diapo.parent().outerWidth();\r\n\t\t\t\t\tvar side            = ( $(window).innerWidth() - container_width ) \/ 2;\r\n\r\n\t\t\t\t\t$diapo.css( {\r\n\t\t\t\t\t\t'margin-left': '-' + side + 'px',\r\n\t\t\t\t\t\t'margin-right': '-' + side + 'px',\r\n\t\t\t\t\t} );\r\n\t\t\t\t};\r\n\r\n\t\t\t\t$( window ).resize( function() {\r\n\t\t\t\t\tmarginPortfolio();\r\n\t\t\t\t} );\r\n\t\t\t\tmarginPortfolio();\r\n\t\t\t});\r\n\t\t\t<\/script>","protected":false},"excerpt":{"rendered":"<p>La station baln\u00e9aire de Ouistreham Riva-Bella en Normandie Destination Ouistreham&nbsp;: d\u00e9couvrez la perle de la C\u00f4te de Nacre dans le [&hellip;]<\/p>\n","protected":false},"author":1,"featured_media":0,"parent":0,"menu_order":0,"comment_status":"closed","ping_status":"closed","template":"","meta":{"_seopress_robots_primary_cat":"","_seopress_titles_title":"Ouistreham Riva-Bella - camping Les Prairies de la Mer","_seopress_titles_desc":"Le camping 4 \u00e9toiles Les Prairies de la Mer se situe \u00e0 500m de la grande et belle plage de Ouistreham Riva-Bella. D\u00e9couvrez la Perle de la C\u00f4te de Nacre","_seopress_robots_index":"","footnotes":""},"class_list":["post-67","page","type-page","status-publish","hentry"],"_links":{"self":[{"href":"https:\/\/mirabel-prairiesdelamer.com\/nl\/wp-json\/wp\/v2\/pages\/67","targetHints":{"allow":["GET"]}}],"collection":[{"href":"https:\/\/mirabel-prairiesdelamer.com\/nl\/wp-json\/wp\/v2\/pages"}],"about":[{"href":"https:\/\/mirabel-prairiesdelamer.com\/nl\/wp-json\/wp\/v2\/types\/page"}],"author":[{"embeddable":true,"href":"https:\/\/mirabel-prairiesdelamer.com\/nl\/wp-json\/wp\/v2\/users\/1"}],"replies":[{"embeddable":true,"href":"https:\/\/mirabel-prairiesdelamer.com\/nl\/wp-json\/wp\/v2\/comments?post=67"}],"version-history":[{"count":71,"href":"https:\/\/mirabel-prairiesdelamer.com\/nl\/wp-json\/wp\/v2\/pages\/67\/revisions"}],"predecessor-version":[{"id":14868,"href":"https:\/\/mirabel-prairiesdelamer.com\/nl\/wp-json\/wp\/v2\/pages\/67\/revisions\/14868"}],"wp:attachment":[{"href":"https:\/\/mirabel-prairiesdelamer.com\/nl\/wp-json\/wp\/v2\/media?parent=67"}],"curies":[{"name":"wp","href":"https:\/\/api.w.org\/{rel}","templated":true}]}}