{"id":65,"date":"2021-12-10T14:24:06","date_gmt":"2021-12-10T13:24:06","guid":{"rendered":"https:\/\/www.campinglarenaudiere.com\/?page_id=65"},"modified":"2024-06-06T15:11:16","modified_gmt":"2024-06-06T13:11:16","slug":"stacaravans-te-koop-normandie","status":"publish","type":"page","link":"https:\/\/mirabel-prairiesdelamer.com\/nl\/vente-mobil-homes-normandie\/","title":{"rendered":"Verkoop van nieuwe en gebruikte stacaravans"},"content":{"rendered":"<h1 class=\"wp-block-heading\" id=\"achetez-votre-mobil-home-neuf-ou-d-occasion-au-camping-les-prairies-de-la-mer-a-ouistreham-riva-bella\"><strong>Koop uw nieuwe of tweedehands stacaravan op Camping Mirabel Les Prairies de la Mer in Ouistreham<\/strong><\/h1>\n\n\n\n<p class=\"has-text-align-center\">Trakteer jezelf op een tweede huis in Normandi\u00eb, op slechts 500 meter van het strand van Ouistreham Riva-Bella en dicht bij alle winkels. Of je nu op zoek bent naar een nieuwe of tweedehands stacaravan, en wat je budget ook is, je zult zeker vinden wat je zoekt!  <br>Weet je het nog niet zeker? Kom een weekendje logeren op onze camping om je onder te dompelen in het droomleven van de eigenaar en de antwoorden op je vragen te vinden.&nbsp;<\/p>\n\n\n\n<figure class=\"wp-block-image aligncenter size-full\"><img loading=\"lazy\" decoding=\"async\" width=\"50\" height=\"8\" src=\"https:\/\/mirabel-prairiesdelamer.com\/wp-content\/uploads\/2023\/09\/image.png\" alt=\"\" class=\"wp-image-12144\"\/><\/figure>\n\n\n\n<div style=\"height:32px\" aria-hidden=\"true\" class=\"wp-block-spacer\"><\/div>\n\n\n\n<div class=\"wp-block-group is-layout-constrained wp-block-group-is-layout-constrained\">\n<div class=\"wp-block-media-text alignwide is-stacked-on-mobile\" style=\"grid-template-columns:31% auto\"><figure class=\"wp-block-media-text__media\"><img loading=\"lazy\" decoding=\"async\" width=\"600\" height=\"592\" src=\"https:\/\/www.mirabel-prairiesdelamer.com\/wp-content\/uploads\/2022\/07\/Ddelphine-responsable-vente-mobil-home.png\" alt=\"delphine nieuwe stacaravan te koop\" class=\"wp-image-8822 size-full\" srcset=\"https:\/\/mirabel-prairiesdelamer.com\/wp-content\/uploads\/2022\/07\/Ddelphine-responsable-vente-mobil-home.png 600w, https:\/\/mirabel-prairiesdelamer.com\/wp-content\/uploads\/2022\/07\/Ddelphine-responsable-vente-mobil-home-300x296.png 300w\" sizes=\"auto, (max-width: 600px) 100vw, 600px\" \/><\/figure><div class=\"wp-block-media-text__content\">\n<h3 class=\"wp-block-heading has-medium-font-size\"><\/h3>\n\n\n\n<p class=\"has-white-color has-orange-background-color has-text-color has-background has-medium-font-size\">Delphine, Mirabel's nieuwe stacaravanspecialist, staat het hele jaar voor je klaar om je vragen te beantwoorden. Ze kan u zelfs rondleiden langs onze showroommodellen, dus maak nu een afspraak!<\/p>\n\n\n\n<p>Om alles te weten te komen over nieuwe stacaravans: modellen, indelingen, opties... neem contact op met Delphine, onze sales manager:<\/p>\n\n\n\n<div class=\"wp-block-buttons is-content-justification-center is-layout-flex wp-container-core-buttons-is-layout-a89b3969 wp-block-buttons-is-layout-flex\">\n<div class=\"wp-block-button\"><a class=\"wp-block-button__link has-orange-background-color has-background wp-element-button\" href=\"tel:07 88 74 48 18\">07 88 74 48 18<\/a><\/div>\n\n\n\n<div class=\"wp-block-button\"><a class=\"wp-block-button__link has-orange-background-color has-background wp-element-button\" href=\"mailto:commercial@mirabel-campings.com\">commercial@mirabel-campings.com<\/a><\/div>\n<\/div>\n<\/div><\/div>\n<\/div>\n\n\n\n<div class=\"wp-block-columns is-layout-flex wp-container-core-columns-is-layout-28f84493 wp-block-columns-is-layout-flex\"><\/div>\n\n\n\n<div style=\"height:1px\" aria-hidden=\"true\" class=\"wp-block-spacer\"><\/div>\n\n\n\n<p><\/p>\n\n\n\n<div class=\"wp-block-columns is-layout-flex wp-container-core-columns-is-layout-28f84493 wp-block-columns-is-layout-flex\">\n<div class=\"wp-block-column is-layout-flow wp-block-column-is-layout-flow\" style=\"flex-basis:66.66%\">\n<h2 class=\"wp-block-heading\"><strong>Onze nieuwe stacaravans <\/strong><\/h2>\n\n\n\n<figure class=\"wp-block-image size-large\"><img decoding=\"async\" src=\"https:\/\/mirabel-prairiesdelamer.com\/wp-content\/uploads\/2023\/09\/image.png\" alt=\"\"\/><\/figure>\n\n\n\n<p>Kies je stacaravan uit de modellen die worden aangeboden door de verschillende merken waarmee we samenwerken, en kies de stacaravan met de stijl, oppervlakte en afwerkingen die het beste bij je passen. Stacaravans worden volledig uitgerust verkocht: keuken, badkamer, meubels, woonkamer, enz.<\/p>\n<\/div>\n\n\n\n<div class=\"wp-block-column is-layout-flow wp-block-column-is-layout-flow\" style=\"flex-basis:33.33%\">\n<div class=\"wp-block-group is-layout-constrained wp-block-group-is-layout-constrained\">\n<div class=\"wp-block-group card card-body border border-info m-auto p-4 has-turquoise-color has-text-color is-layout-flow wp-block-group-is-layout-flow\">\n<p class=\"has-text-align-center texte-rond has-orange-color has-text-color has-large-font-size\">De bouwers :<br> <img decoding=\"async\" class=\"wp-image-2357\" style=\"width: 50px;\" src=\"https:\/\/www.mirabel-prairiesdelamer.com\/wp-content\/uploads\/2022\/01\/barre-orange.png\" alt=\"\"> <\/p>\n\n\n\n<p class=\"pl-5\"><mark style=\"background-color:rgba(0, 0, 0, 0)\" class=\"has-inline-color has-orange-color\"><strong>\u2022<\/strong><\/mark> <a href=\"https:\/\/www.mobilhome-rideau.com\/\" target=\"_blank\" rel=\"noreferrer noopener\">RIDEAU<\/a><br><mark style=\"background-color:rgba(0, 0, 0, 0)\" class=\"has-inline-color has-orange-color\"><strong>\u2022<\/strong><\/mark> <a href=\"https:\/\/www.rapidhome.fr\/\" target=\"_blank\" rel=\"noreferrer noopener\">RAPIDHOME<\/a> <br><mark style=\"background-color:rgba(0, 0, 0, 0)\" class=\"has-inline-color has-orange-color\"><strong>\u2022<\/strong><\/mark> <a href=\"https:\/\/www.mobil-home.com\/fr\/particulier\/mobil-home\/\" target=\"_blank\" rel=\"noreferrer noopener\">MRI<\/a><\/p>\n<\/div>\n<\/div>\n<\/div>\n<\/div>\n\n\n<div class=\"multiple-ventes\">\r\n<article class=\"multiple-vente clearfix\">\r\n\t<div class=\"d-flex multiple-vente-container\">\r\n\t\t\r\n\t\t<div class=\"multiple-vente-photo\">\r\n\t\t\t\t\t\t\t\t\t\t\t\t\r\n\t\t\t\t\t\t\t\t\t\t\t<a href=\"https:\/\/mirabel-prairiesdelamer.com\/wp-content\/uploads\/2024\/02\/vente-mobil-home-neuf-BAHIA87.2-768x1024.jpeg\" data-lightbox=\"vente-13309\" title=\"Vergroten\"   class=\"first\" >\r\n\t\t\t\t\t\t\t\t\t\t\r\n\t\t\t\t\t\t<img decoding=\"async\" src=\"https:\/\/mirabel-prairiesdelamer.com\/wp-content\/uploads\/2024\/02\/vente-mobil-home-neuf-BAHIA87.2-768x1024.jpeg\" alt=\"GORDIJN \u2013 BAHIA 87.2\"   >\r\n\t\t\t\t\t\r\n\t\t\t\t\t\r\n\t\t\t\t\t\t\t\t\t\t\t\t\t\t\t<img decoding=\"async\" src=\"https:\/\/mirabel-prairiesdelamer.com\/wp-content\/themes\/mirabel-site\/assets\/css\/images\/prev.png\" class=\"prev\">\r\n\t\t\t\t\t\t\t\t<img decoding=\"async\" src=\"https:\/\/mirabel-prairiesdelamer.com\/wp-content\/themes\/mirabel-site\/assets\/css\/images\/next.png\" class=\"next\">\r\n\t\t\t\t\t\t\t\t\t\t\t\t\t<\/a>\r\n\t\t\t\t\t\r\n\t\t\t\t\t\t\t\t\t\r\n\t\t\t\t\t\t\t\t\t\t\t<a href=\"https:\/\/mirabel-prairiesdelamer.com\/wp-content\/uploads\/2024\/02\/vente-mobil-home-neug-BAHIA-768x1024.jpeg\" data-lightbox=\"vente-13309\" title=\"Vergroten\"  class=\"d-none\" >\r\n\t\t\t\t\t\t\t\t\t\t\r\n\t\t\t\t\t\t<img decoding=\"async\" src=\"https:\/\/mirabel-prairiesdelamer.com\/wp-content\/uploads\/2024\/02\/vente-mobil-home-neug-BAHIA-768x1024.jpeg\" alt=\"GORDIJN \u2013 BAHIA 87.2\"  class=\"d-none\" >\r\n\t\t\t\t\t\r\n\t\t\t\t\t\r\n\t\t\t\t\t\t\t\t\t\t\t\t\t<\/a>\r\n\t\t\t\t\t\r\n\t\t\t\t\t\t\t\t\t\r\n\t\t\t\t\t\t\t\t\t\t\t<a href=\"https:\/\/mirabel-prairiesdelamer.com\/wp-content\/uploads\/2024\/02\/vente-mobil-home-sejour-salon-768x1024.jpeg\" data-lightbox=\"vente-13309\" title=\"Vergroten\"  class=\"d-none\" >\r\n\t\t\t\t\t\t\t\t\t\t\r\n\t\t\t\t\t\t<img decoding=\"async\" src=\"https:\/\/mirabel-prairiesdelamer.com\/wp-content\/uploads\/2024\/02\/vente-mobil-home-sejour-salon-768x1024.jpeg\" alt=\"GORDIJN \u2013 BAHIA 87.2\"  class=\"d-none\" >\r\n\t\t\t\t\t\r\n\t\t\t\t\t\r\n\t\t\t\t\t\t\t\t\t\t\t\t\t<\/a>\r\n\t\t\t\t\t\r\n\t\t\t\t\t\t\t\t\t\r\n\t\t\t\t\t\t\t\t\t\t\t<a href=\"https:\/\/mirabel-prairiesdelamer.com\/wp-content\/uploads\/2024\/02\/vente-mobil-home-salle-sejour-768x1024.jpeg\" data-lightbox=\"vente-13309\" title=\"Vergroten\"  class=\"d-none\" >\r\n\t\t\t\t\t\t\t\t\t\t\r\n\t\t\t\t\t\t<img decoding=\"async\" src=\"https:\/\/mirabel-prairiesdelamer.com\/wp-content\/uploads\/2024\/02\/vente-mobil-home-salle-sejour-768x1024.jpeg\" alt=\"GORDIJN \u2013 BAHIA 87.2\"  class=\"d-none\" >\r\n\t\t\t\t\t\r\n\t\t\t\t\t\r\n\t\t\t\t\t\t\t\t\t\t\t\t\t<\/a>\r\n\t\t\t\t\t\r\n\t\t\t\t\t\t\t\t\t\r\n\t\t\t\t\t\t\t\t\t\t\t<a href=\"https:\/\/mirabel-prairiesdelamer.com\/wp-content\/uploads\/2024\/02\/vente-mobil-home-salle-eau-768x1024.jpeg\" data-lightbox=\"vente-13309\" title=\"Vergroten\"  class=\"d-none\" >\r\n\t\t\t\t\t\t\t\t\t\t\r\n\t\t\t\t\t\t<img decoding=\"async\" src=\"https:\/\/mirabel-prairiesdelamer.com\/wp-content\/uploads\/2024\/02\/vente-mobil-home-salle-eau-768x1024.jpeg\" alt=\"GORDIJN \u2013 BAHIA 87.2\"  class=\"d-none\" >\r\n\t\t\t\t\t\r\n\t\t\t\t\t\r\n\t\t\t\t\t\t\t\t\t\t\t\t\t<\/a>\r\n\t\t\t\t\t\r\n\t\t\t\t\r\n\t\t\t\t\t\t\t\t\t<div class=\"photo-apartirde\">van <span>43 500 \u20ac<\/span><\/div>\r\n\t\t\t\t\t\t\t\t\t<\/div>\r\n\r\n\t\t<div class=\"multiple-vente-desc\">\r\n\t\t\t<div class=\"multiple-vente-titre\">\r\n\t\t\t\tGORDIJN - BAHIA 87.2 \r\n\t\t\t<\/div>\r\n\t\t\t\r\n\t\t\t<div class=\"multiple-vente-champs\">\r\n\t\t\t\t\t\t\t\t\t\t\t\t\t\t<div class=\"multiple-vente-nbchambres multiple-vente-champ\">\r\n\t\t\t\t\t\t<span class=\"val\">2<\/span>&nbsp;\r\n\t\t\t\t\t\t<span class=\"lbl\">ch<\/span>\r\n\t\t\t\t\t<\/div>\r\n\t\t\t\t\r\n\t\t\t\t\t\t\t\t\t\t\t\t\t\t<div class=\"multiple-vente-nbpersonnes multiple-vente-champ\">\r\n\t\t\t\t\t\t<span class=\"val\">4<\/span>&nbsp;\r\n\t\t\t\t\t\t<span class=\"lbl\"><i class=\"fas fa-male\"><\/i><\/span>\r\n\t\t\t\t\t<\/div>\r\n\t\t\t\t\r\n\r\n\t\t\t\t\t\t\t\t\t<div class=\"multiple-vente-surface multiple-vente-champ\">\r\n\t\t\t\t\t\t<span class=\"val\">33<\/span>&nbsp;m\u00b2\r\n\t\t\t\t\t<\/div>\r\n\t\t\t\t\r\n\t\t\t\t\t\t\t<\/div>\r\n\r\n\t\t\t<div class=\"multiple-vente-description\">Prachtige nieuwe stacaravan met :<br \/>\r\n<br \/>\r\n2 slaapkamers met kledingkasten<br \/>\r\n1 doucheruimte, aparte wc<br \/>\r\n1 gemakkelijk te installeren panoramische keuken met verschillende werkoppervlakken en veel opbergruimte<br \/>\r\nVerschillende openingsvarianten voor binnen-buitenleven (2 vaste travee\u00ebn).<br \/>\r\nComfortpakket inbegrepen<br \/>\r\n<br \/>\r\n33m\u00b2<br \/>\r\n4 personen<br \/>\r\n<br \/>\r\n<a href=\"https:\/\/www.mobilhome-rideau.com\/professionnel\/nos-mobil-homes\/nos-mobil-homes\/2-chambres\/1480-bahia872.html\" target=\"_blank\" rel=\"noopener\">Korte videopresentatie hier\u00a0<\/a><\/div>\r\n\r\n\t\t\t\r\n\r\n\r\n\t\t\t\t\t\t<\/div>\r\n\r\n\t<\/div>\r\n<\/article>\r\n<article class=\"multiple-vente clearfix\">\r\n\t<div class=\"d-flex multiple-vente-container\">\r\n\t\t\r\n\t\t<div class=\"multiple-vente-photo\">\r\n\t\t\t\t\t\t\t\t\t\t\t\t\r\n\t\t\t\t\t\t\t\t\t\t\t<a href=\"https:\/\/mirabel-prairiesdelamer.com\/wp-content\/uploads\/2023\/09\/mobil-home-a-vendre-lodge872-salon-1024x568.jpeg\" data-lightbox=\"vente-12111\" title=\"Vergroten\"   class=\"first\" >\r\n\t\t\t\t\t\t\t\t\t\t\r\n\t\t\t\t\t\t<img decoding=\"async\" src=\"https:\/\/mirabel-prairiesdelamer.com\/wp-content\/uploads\/2023\/09\/mobil-home-a-vendre-lodge872-salon-1024x568.jpeg\" alt=\"Rapidhome \u2013 Lodge 872\"   >\r\n\t\t\t\t\t\r\n\t\t\t\t\t\r\n\t\t\t\t\t\t\t\t\t\t\t\t\t\t\t<img decoding=\"async\" src=\"https:\/\/mirabel-prairiesdelamer.com\/wp-content\/themes\/mirabel-site\/assets\/css\/images\/prev.png\" class=\"prev\">\r\n\t\t\t\t\t\t\t\t<img decoding=\"async\" src=\"https:\/\/mirabel-prairiesdelamer.com\/wp-content\/themes\/mirabel-site\/assets\/css\/images\/next.png\" class=\"next\">\r\n\t\t\t\t\t\t\t\t\t\t\t\t\t<\/a>\r\n\t\t\t\t\t\r\n\t\t\t\t\t\t\t\t\t\r\n\t\t\t\t\t\t\t\t\t\t\t<a href=\"https:\/\/mirabel-prairiesdelamer.com\/wp-content\/uploads\/2023\/09\/mobil-home-neuf-lodge872-chambre-1024x568.jpeg\" data-lightbox=\"vente-12111\" title=\"Vergroten\"  class=\"d-none\" >\r\n\t\t\t\t\t\t\t\t\t\t\r\n\t\t\t\t\t\t<img decoding=\"async\" src=\"https:\/\/mirabel-prairiesdelamer.com\/wp-content\/uploads\/2023\/09\/mobil-home-neuf-lodge872-chambre-1024x568.jpeg\" alt=\"Rapidhome \u2013 Lodge 872\"  class=\"d-none\" >\r\n\t\t\t\t\t\r\n\t\t\t\t\t\r\n\t\t\t\t\t\t\t\t\t\t\t\t\t<\/a>\r\n\t\t\t\t\t\r\n\t\t\t\t\t\t\t\t\t\r\n\t\t\t\t\t\t\t\t\t\t\t<a href=\"https:\/\/mirabel-prairiesdelamer.com\/wp-content\/uploads\/2023\/09\/mobil-home-neuf-lodge872-chambre-dressing-1024x568.jpeg\" data-lightbox=\"vente-12111\" title=\"Vergroten\"  class=\"d-none\" >\r\n\t\t\t\t\t\t\t\t\t\t\r\n\t\t\t\t\t\t<img decoding=\"async\" src=\"https:\/\/mirabel-prairiesdelamer.com\/wp-content\/uploads\/2023\/09\/mobil-home-neuf-lodge872-chambre-dressing-1024x568.jpeg\" alt=\"Rapidhome \u2013 Lodge 872\"  class=\"d-none\" >\r\n\t\t\t\t\t\r\n\t\t\t\t\t\r\n\t\t\t\t\t\t\t\t\t\t\t\t\t<\/a>\r\n\t\t\t\t\t\r\n\t\t\t\t\t\t\t\t\t\r\n\t\t\t\t\t\t\t\t\t\t\t<a href=\"https:\/\/mirabel-prairiesdelamer.com\/wp-content\/uploads\/2023\/09\/implantation-cotes-lodge-lo872-1024x464.jpeg\" data-lightbox=\"vente-12111\" title=\"Vergroten\"  class=\"d-none\" >\r\n\t\t\t\t\t\t\t\t\t\t\r\n\t\t\t\t\t\t<img decoding=\"async\" src=\"https:\/\/mirabel-prairiesdelamer.com\/wp-content\/uploads\/2023\/09\/implantation-cotes-lodge-lo872-1024x464.jpeg\" alt=\"Rapidhome \u2013 Lodge 872\"  class=\"d-none\" >\r\n\t\t\t\t\t\r\n\t\t\t\t\t\r\n\t\t\t\t\t\t\t\t\t\t\t\t\t<\/a>\r\n\t\t\t\t\t\r\n\t\t\t\t\r\n\t\t\t\t\t\t\t\t\t<div class=\"photo-apartirde\">van <span>43 500 \u20ac<\/span><\/div>\r\n\t\t\t\t\t\t\t\t\t<\/div>\r\n\r\n\t\t<div class=\"multiple-vente-desc\">\r\n\t\t\t<div class=\"multiple-vente-titre\">\r\n\t\t\t\tRapidhome - Lodge 872 \r\n\t\t\t<\/div>\r\n\t\t\t\r\n\t\t\t<div class=\"multiple-vente-champs\">\r\n\t\t\t\t\t\t\t\t\t\t\t\t\t\t<div class=\"multiple-vente-nbchambres multiple-vente-champ\">\r\n\t\t\t\t\t\t<span class=\"val\">2<\/span>&nbsp;\r\n\t\t\t\t\t\t<span class=\"lbl\">ch<\/span>\r\n\t\t\t\t\t<\/div>\r\n\t\t\t\t\r\n\t\t\t\t\t\t\t\t\t\t\t\t\t\t<div class=\"multiple-vente-nbpersonnes multiple-vente-champ\">\r\n\t\t\t\t\t\t<span class=\"val\">4\/6<\/span>&nbsp;\r\n\t\t\t\t\t\t<span class=\"lbl\"><i class=\"fas fa-male\"><\/i><\/span>\r\n\t\t\t\t\t<\/div>\r\n\t\t\t\t\r\n\r\n\t\t\t\t\t\t\t\t\t<div class=\"multiple-vente-surface multiple-vente-champ\">\r\n\t\t\t\t\t\t<span class=\"val\">32<\/span>&nbsp;m\u00b2\r\n\t\t\t\t\t<\/div>\r\n\t\t\t\t\r\n\t\t\t\t\t\t\t<\/div>\r\n\r\n\t\t\t<div class=\"multiple-vente-description\"><p><strong>Een comfortabele stacaravan voor uw vakantie<\/strong><br \/>\n2 slaapkamers<br \/>\nGrote kleedkamer<br \/>\nIngerichte en uitgeruste keuken<\/p>\n<p><a href=\"https:\/\/www.rapidhome.fr\/mobilhome_lodge_872.php\" target=\"_blank\" rel=\"noopener\">Details van de Lodge stacaravan<\/a><\/p>\n<\/div>\r\n\r\n\t\t\t\r\n\r\n\r\n\t\t\t\t\t\t<\/div>\r\n\r\n\t<\/div>\r\n<\/article>\r\n<article class=\"multiple-vente clearfix\">\r\n\t<div class=\"d-flex multiple-vente-container\">\r\n\t\t\r\n\t\t<div class=\"multiple-vente-photo\">\r\n\t\t\t\t\t\t\t\t\t\t\t\t\r\n\t\t\t\t\t\t\t\t\t\t\t<a href=\"https:\/\/mirabel-prairiesdelamer.com\/wp-content\/uploads\/2023\/01\/ambiance-cuisine-elite-1024x529-1.jpeg\" data-lightbox=\"vente-10348\" title=\"Vergroten\"   class=\"first\" >\r\n\t\t\t\t\t\t\t\t\t\t\r\n\t\t\t\t\t\t<img decoding=\"async\" src=\"https:\/\/mirabel-prairiesdelamer.com\/wp-content\/uploads\/2023\/01\/ambiance-cuisine-elite-1024x529-1.jpeg\" alt=\"RAPIDHOME Elite 1040\"   >\r\n\t\t\t\t\t\r\n\t\t\t\t\t\r\n\t\t\t\t\t\t\t\t\t\t\t\t\t\t\t<img decoding=\"async\" src=\"https:\/\/mirabel-prairiesdelamer.com\/wp-content\/themes\/mirabel-site\/assets\/css\/images\/prev.png\" class=\"prev\">\r\n\t\t\t\t\t\t\t\t<img decoding=\"async\" src=\"https:\/\/mirabel-prairiesdelamer.com\/wp-content\/themes\/mirabel-site\/assets\/css\/images\/next.png\" class=\"next\">\r\n\t\t\t\t\t\t\t\t\t\t\t\t\t<\/a>\r\n\t\t\t\t\t\r\n\t\t\t\t\t\t\t\t\t\r\n\t\t\t\t\t\t\t\t\t\t\t<a href=\"https:\/\/mirabel-prairiesdelamer.com\/wp-content\/uploads\/2023\/01\/elite1040-chambre-1024x568-1.jpeg\" data-lightbox=\"vente-10348\" title=\"Vergroten\"  class=\"d-none\" >\r\n\t\t\t\t\t\t\t\t\t\t\r\n\t\t\t\t\t\t<img decoding=\"async\" src=\"https:\/\/mirabel-prairiesdelamer.com\/wp-content\/uploads\/2023\/01\/elite1040-chambre-1024x568-1.jpeg\" alt=\"RAPIDHOME Elite 1040\"  class=\"d-none\" >\r\n\t\t\t\t\t\r\n\t\t\t\t\t\r\n\t\t\t\t\t\t\t\t\t\t\t\t\t<\/a>\r\n\t\t\t\t\t\r\n\t\t\t\t\t\t\t\t\t\r\n\t\t\t\t\t\t\t\t\t\t\t<a href=\"https:\/\/mirabel-prairiesdelamer.com\/wp-content\/uploads\/2023\/01\/elite1040-chambre-enfants-1024x568-1.jpeg\" data-lightbox=\"vente-10348\" title=\"Vergroten\"  class=\"d-none\" >\r\n\t\t\t\t\t\t\t\t\t\t\r\n\t\t\t\t\t\t<img decoding=\"async\" src=\"https:\/\/mirabel-prairiesdelamer.com\/wp-content\/uploads\/2023\/01\/elite1040-chambre-enfants-1024x568-1.jpeg\" alt=\"RAPIDHOME Elite 1040\"  class=\"d-none\" >\r\n\t\t\t\t\t\r\n\t\t\t\t\t\r\n\t\t\t\t\t\t\t\t\t\t\t\t\t<\/a>\r\n\t\t\t\t\t\r\n\t\t\t\t\t\t\t\t\t\r\n\t\t\t\t\t\t\t\t\t\t\t<a href=\"https:\/\/mirabel-prairiesdelamer.com\/wp-content\/uploads\/2023\/01\/elite1040-salon-1024x568-1.jpeg\" data-lightbox=\"vente-10348\" title=\"Vergroten\"  class=\"d-none\" >\r\n\t\t\t\t\t\t\t\t\t\t\r\n\t\t\t\t\t\t<img decoding=\"async\" src=\"https:\/\/mirabel-prairiesdelamer.com\/wp-content\/uploads\/2023\/01\/elite1040-salon-1024x568-1.jpeg\" alt=\"RAPIDHOME Elite 1040\"  class=\"d-none\" >\r\n\t\t\t\t\t\r\n\t\t\t\t\t\r\n\t\t\t\t\t\t\t\t\t\t\t\t\t<\/a>\r\n\t\t\t\t\t\r\n\t\t\t\t\t\t\t\t\t\r\n\t\t\t\t\t\t\t\t\t\t\t<a href=\"https:\/\/mirabel-prairiesdelamer.com\/wp-content\/uploads\/2023\/01\/implantation-cotes-elite-el1040d-1024x464-1.jpeg\" data-lightbox=\"vente-10348\" title=\"Vergroten\"  class=\"d-none\" >\r\n\t\t\t\t\t\t\t\t\t\t\r\n\t\t\t\t\t\t<img decoding=\"async\" src=\"https:\/\/mirabel-prairiesdelamer.com\/wp-content\/uploads\/2023\/01\/implantation-cotes-elite-el1040d-1024x464-1.jpeg\" alt=\"RAPIDHOME Elite 1040\"  class=\"d-none\" >\r\n\t\t\t\t\t\r\n\t\t\t\t\t\r\n\t\t\t\t\t\t\t\t\t\t\t\t\t<\/a>\r\n\t\t\t\t\t\r\n\t\t\t\t\r\n\t\t\t\t\t\t\t\t\t<div class=\"photo-apartirde\">van <span>56 500 \u20ac<\/span><\/div>\r\n\t\t\t\t\t\t\t\t\t<\/div>\r\n\r\n\t\t<div class=\"multiple-vente-desc\">\r\n\t\t\t<div class=\"multiple-vente-titre\">\r\n\t\t\t\tRAPIDHOME Elite 1040 \r\n\t\t\t<\/div>\r\n\t\t\t\r\n\t\t\t<div class=\"multiple-vente-champs\">\r\n\t\t\t\t\t\t\t\t\t\t\t\t\t\t<div class=\"multiple-vente-nbchambres multiple-vente-champ\">\r\n\t\t\t\t\t\t<span class=\"val\">3<\/span>&nbsp;\r\n\t\t\t\t\t\t<span class=\"lbl\">ch<\/span>\r\n\t\t\t\t\t<\/div>\r\n\t\t\t\t\r\n\t\t\t\t\t\t\t\t\t\t\t\t\t\t<div class=\"multiple-vente-nbpersonnes multiple-vente-champ\">\r\n\t\t\t\t\t\t<span class=\"val\">8<\/span>&nbsp;\r\n\t\t\t\t\t\t<span class=\"lbl\"><i class=\"fas fa-male\"><\/i><\/span>\r\n\t\t\t\t\t<\/div>\r\n\t\t\t\t\r\n\r\n\t\t\t\t\t\t\t\t\t<div class=\"multiple-vente-surface multiple-vente-champ\">\r\n\t\t\t\t\t\t<span class=\"val\">38<\/span>&nbsp;m\u00b2\r\n\t\t\t\t\t<\/div>\r\n\t\t\t\t\r\n\t\t\t\t\t\t\t<\/div>\r\n\r\n\t\t\t<div class=\"multiple-vente-description\"><p><strong>Je stacaravan, net als thuis\u00a0<\/strong><\/p>\n<p>3 slaapkamers waaronder een grote master suite<br \/>\n1 kleedkamer<br \/>\nEen grote woonkamer<br \/>\n2 badkamers<br \/>\nAparte WC<\/p>\n<\/div>\r\n\r\n\t\t\t\r\n\r\n\r\n\t\t\t\t\t\t<\/div>\r\n\r\n\t<\/div>\r\n<\/article>\r\n<article class=\"multiple-vente clearfix vendu\">\r\n\t<div class=\"d-flex multiple-vente-container\">\r\n\t\t\r\n\t\t<div class=\"multiple-vente-photo\">\r\n\t\t\t\t\t\t\t\t\t\t\t\t\r\n\t\t\t\t\t\t\t\t\t\t\r\n\t\t\t\t\t\t<img decoding=\"async\" src=\"https:\/\/mirabel-prairiesdelamer.com\/wp-content\/uploads\/2023\/01\/galerie-bahia-873-2.jpeg\" alt=\"GORDIJN \u2013 Bahia 87.3\"   >\r\n\t\t\t\t\t\r\n\t\t\t\t\t\r\n\t\t\t\t\t\t\t\t\t\r\n\t\t\t\t\t\t\t\t\t\t\r\n\t\t\t\t\t\t<img decoding=\"async\" src=\"https:\/\/mirabel-prairiesdelamer.com\/wp-content\/uploads\/2023\/01\/vente-mobil-home-BAHIA-873-grand-espace-vie.jpg\" alt=\"GORDIJN \u2013 Bahia 87.3\"  class=\"d-none\" >\r\n\t\t\t\t\t\r\n\t\t\t\t\t\r\n\t\t\t\t\t\t\t\t\t\r\n\t\t\t\t\t\t\t\t\t\t\r\n\t\t\t\t\t\t<img decoding=\"async\" src=\"https:\/\/mirabel-prairiesdelamer.com\/wp-content\/uploads\/2023\/01\/BAHIA-873-mobilhome-neuf-chambre.jpg\" alt=\"GORDIJN \u2013 Bahia 87.3\"  class=\"d-none\" >\r\n\t\t\t\t\t\r\n\t\t\t\t\t\r\n\t\t\t\t\t\t\t\t\t\r\n\t\t\t\t\t\t\t\t\t\t\r\n\t\t\t\t\t\t<img decoding=\"async\" src=\"https:\/\/mirabel-prairiesdelamer.com\/wp-content\/uploads\/2023\/01\/BAHIA-873-mobilhome-neuf-SDB.jpg\" alt=\"GORDIJN \u2013 Bahia 87.3\"  class=\"d-none\" >\r\n\t\t\t\t\t\r\n\t\t\t\t\t\r\n\t\t\t\t\t\t\t\t\t\r\n\t\t\t\t\t\t\t\t\t\t\r\n\t\t\t\t\t\t<img decoding=\"async\" src=\"https:\/\/mirabel-prairiesdelamer.com\/wp-content\/uploads\/2023\/01\/BAHIA-873-mobilhome-neuf-cuisine.jpg\" alt=\"GORDIJN \u2013 Bahia 87.3\"  class=\"d-none\" >\r\n\t\t\t\t\t\r\n\t\t\t\t\t\r\n\t\t\t\t\t\t\t\t\t\r\n\t\t\t\t\t\t\t\t\t\t\r\n\t\t\t\t\t\t<img decoding=\"async\" src=\"https:\/\/mirabel-prairiesdelamer.com\/wp-content\/uploads\/2023\/01\/BAHIA-873-mobilhome-neuf-mirabel-salon.jpg\" alt=\"GORDIJN \u2013 Bahia 87.3\"  class=\"d-none\" >\r\n\t\t\t\t\t\r\n\t\t\t\t\t\r\n\t\t\t\t\t\t\t\t\t\r\n\t\t\t\t\t\t\t\t\t\t\r\n\t\t\t\t\t\t<img decoding=\"async\" src=\"https:\/\/mirabel-prairiesdelamer.com\/wp-content\/uploads\/2023\/01\/vente-mobil-home-BAHIA-873-piece-lumineuse.jpg\" alt=\"GORDIJN \u2013 Bahia 87.3\"  class=\"d-none\" >\r\n\t\t\t\t\t\r\n\t\t\t\t\t\r\n\t\t\t\t\t\t\t\t\t\r\n\t\t\t\t\t\t\t\t\t\t\r\n\t\t\t\t\t\t<img decoding=\"async\" src=\"https:\/\/mirabel-prairiesdelamer.com\/wp-content\/uploads\/2023\/01\/galerie-bahia-873.jpeg\" alt=\"GORDIJN \u2013 Bahia 87.3\"  class=\"d-none\" >\r\n\t\t\t\t\t\r\n\t\t\t\t\t\r\n\t\t\t\t\t\t\t\t\t\r\n\t\t\t\t\t\t\t\t\t\t\r\n\t\t\t\t\t\t<img decoding=\"async\" src=\"https:\/\/mirabel-prairiesdelamer.com\/wp-content\/uploads\/2023\/01\/plan-bahia-873-1.jpeg\" alt=\"GORDIJN \u2013 Bahia 87.3\"  class=\"d-none\" >\r\n\t\t\t\t\t\r\n\t\t\t\t\t\r\n\t\t\t\t\r\n\t\t\t\t\t\t\t\t\t<div class=\"photo-vendu\">Verkocht<\/div>\r\n\t\t\t\t\t\t\t\t\t<\/div>\r\n\r\n\t\t<div class=\"multiple-vente-desc\">\r\n\t\t\t<div class=\"multiple-vente-titre\">\r\n\t\t\t\tRIDEAU - Bahia 87.3 \r\n\t\t\t<\/div>\r\n\t\t\t\r\n\t\t\t<div class=\"multiple-vente-champs\">\r\n\t\t\t\t\t\t\t\t\t\t\t\t\t\t<div class=\"multiple-vente-nbchambres multiple-vente-champ\">\r\n\t\t\t\t\t\t<span class=\"val\">3<\/span>&nbsp;\r\n\t\t\t\t\t\t<span class=\"lbl\">ch<\/span>\r\n\t\t\t\t\t<\/div>\r\n\t\t\t\t\r\n\t\t\t\t\t\t\t\t\t\t\t\t\t\t<div class=\"multiple-vente-nbpersonnes multiple-vente-champ\">\r\n\t\t\t\t\t\t<span class=\"val\">8<\/span>&nbsp;\r\n\t\t\t\t\t\t<span class=\"lbl\"><i class=\"fas fa-male\"><\/i><\/span>\r\n\t\t\t\t\t<\/div>\r\n\t\t\t\t\r\n\r\n\t\t\t\t\t\t\t\t\t<div class=\"multiple-vente-surface multiple-vente-champ\">\r\n\t\t\t\t\t\t<span class=\"val\">33<\/span>&nbsp;m\u00b2\r\n\t\t\t\t\t<\/div>\r\n\t\t\t\t\r\n\t\t\t\t\t\t\t\t\t<div class=\"multiple-vente-age multiple-vente-champ\">\r\n\t\t\t\t\t\t<span class=\"val\">2023<\/span>\r\n\t\t\t\t\t<\/div>\r\n\t\t\t\t\t\t\t<\/div>\r\n\r\n\t\t\t<div class=\"multiple-vente-description\"><p><strong>Een lichte woonkamer die uitkomt op het terras:<\/strong><\/p>\n<p>3 slaapkamers<br \/>\n1 doucheruimte<br \/>\nAparte WC<br \/>\nPanoramische zomerkeuken<br \/>\nVerlichte gebieden<br \/>\nInclusief comfortpakket: Premium bank, convectorkachels in slaapkamers en doucheruimte<\/p>\n<\/div>\r\n\r\n\t\t\t\r\n\r\n\r\n\t\t\t\t\t\t<\/div>\r\n\r\n\t<\/div>\r\n<\/article>\r\n<article class=\"multiple-vente clearfix\">\r\n\t<div class=\"d-flex multiple-vente-container\">\r\n\t\t\r\n\t\t<div class=\"multiple-vente-photo\">\r\n\t\t\t\t\t\t\t\t\t\t\t\t\r\n\t\t\t\t\t\t\t\t\t\t\t<a href=\"https:\/\/mirabel-prairiesdelamer.com\/wp-content\/uploads\/2023\/01\/TOSCANE-812-mobilhome-neuf-SALON.jpg\" data-lightbox=\"vente-10322\" title=\"Vergroten\"   class=\"first\" >\r\n\t\t\t\t\t\t\t\t\t\t\r\n\t\t\t\t\t\t<img decoding=\"async\" src=\"https:\/\/mirabel-prairiesdelamer.com\/wp-content\/uploads\/2023\/01\/TOSCANE-812-mobilhome-neuf-SALON.jpg\" alt=\"GAASDOEKBAND \u2013 Toscane 81.2\"   >\r\n\t\t\t\t\t\r\n\t\t\t\t\t\r\n\t\t\t\t\t\t\t\t\t\t\t\t\t\t\t<img decoding=\"async\" src=\"https:\/\/mirabel-prairiesdelamer.com\/wp-content\/themes\/mirabel-site\/assets\/css\/images\/prev.png\" class=\"prev\">\r\n\t\t\t\t\t\t\t\t<img decoding=\"async\" src=\"https:\/\/mirabel-prairiesdelamer.com\/wp-content\/themes\/mirabel-site\/assets\/css\/images\/next.png\" class=\"next\">\r\n\t\t\t\t\t\t\t\t\t\t\t\t\t<\/a>\r\n\t\t\t\t\t\r\n\t\t\t\t\t\t\t\t\t\r\n\t\t\t\t\t\t\t\t\t\t\t<a href=\"https:\/\/mirabel-prairiesdelamer.com\/wp-content\/uploads\/2023\/01\/TOSCANE-812-mobilhome-neuf-CUISINE.jpg\" data-lightbox=\"vente-10322\" title=\"Vergroten\"  class=\"d-none\" >\r\n\t\t\t\t\t\t\t\t\t\t\r\n\t\t\t\t\t\t<img decoding=\"async\" src=\"https:\/\/mirabel-prairiesdelamer.com\/wp-content\/uploads\/2023\/01\/TOSCANE-812-mobilhome-neuf-CUISINE.jpg\" alt=\"GAASDOEKBAND \u2013 Toscane 81.2\"  class=\"d-none\" >\r\n\t\t\t\t\t\r\n\t\t\t\t\t\r\n\t\t\t\t\t\t\t\t\t\t\t\t\t<\/a>\r\n\t\t\t\t\t\r\n\t\t\t\t\t\t\t\t\t\r\n\t\t\t\t\t\t\t\t\t\t\t<a href=\"https:\/\/mirabel-prairiesdelamer.com\/wp-content\/uploads\/2023\/01\/TOSCANE-812-mobilhome-neuf-SDB.jpg\" data-lightbox=\"vente-10322\" title=\"Vergroten\"  class=\"d-none\" >\r\n\t\t\t\t\t\t\t\t\t\t\r\n\t\t\t\t\t\t<img decoding=\"async\" src=\"https:\/\/mirabel-prairiesdelamer.com\/wp-content\/uploads\/2023\/01\/TOSCANE-812-mobilhome-neuf-SDB.jpg\" alt=\"GAASDOEKBAND \u2013 Toscane 81.2\"  class=\"d-none\" >\r\n\t\t\t\t\t\r\n\t\t\t\t\t\r\n\t\t\t\t\t\t\t\t\t\t\t\t\t<\/a>\r\n\t\t\t\t\t\r\n\t\t\t\t\t\t\t\t\t\r\n\t\t\t\t\t\t\t\t\t\t\t<a href=\"https:\/\/mirabel-prairiesdelamer.com\/wp-content\/uploads\/2023\/01\/TOSCANE-812-vente-mobilhome-chambre-double.jpg\" data-lightbox=\"vente-10322\" title=\"Vergroten\"  class=\"d-none\" >\r\n\t\t\t\t\t\t\t\t\t\t\r\n\t\t\t\t\t\t<img decoding=\"async\" src=\"https:\/\/mirabel-prairiesdelamer.com\/wp-content\/uploads\/2023\/01\/TOSCANE-812-vente-mobilhome-chambre-double.jpg\" alt=\"GAASDOEKBAND \u2013 Toscane 81.2\"  class=\"d-none\" >\r\n\t\t\t\t\t\r\n\t\t\t\t\t\r\n\t\t\t\t\t\t\t\t\t\t\t\t\t<\/a>\r\n\t\t\t\t\t\r\n\t\t\t\t\t\t\t\t\t\r\n\t\t\t\t\t\t\t\t\t\t\t<a href=\"https:\/\/mirabel-prairiesdelamer.com\/wp-content\/uploads\/2023\/01\/TOSCANE-812-vente-mobilhome-CHB.jpg\" data-lightbox=\"vente-10322\" title=\"Vergroten\"  class=\"d-none\" >\r\n\t\t\t\t\t\t\t\t\t\t\r\n\t\t\t\t\t\t<img decoding=\"async\" src=\"https:\/\/mirabel-prairiesdelamer.com\/wp-content\/uploads\/2023\/01\/TOSCANE-812-vente-mobilhome-CHB.jpg\" alt=\"GAASDOEKBAND \u2013 Toscane 81.2\"  class=\"d-none\" >\r\n\t\t\t\t\t\r\n\t\t\t\t\t\r\n\t\t\t\t\t\t\t\t\t\t\t\t\t<\/a>\r\n\t\t\t\t\t\r\n\t\t\t\t\t\t\t\t\t\r\n\t\t\t\t\t\t\t\t\t\t\t<a href=\"https:\/\/mirabel-prairiesdelamer.com\/wp-content\/uploads\/2023\/01\/TOSCANE-812-vente-mobilhome-SALON.jpg\" data-lightbox=\"vente-10322\" title=\"Vergroten\"  class=\"d-none\" >\r\n\t\t\t\t\t\t\t\t\t\t\r\n\t\t\t\t\t\t<img decoding=\"async\" src=\"https:\/\/mirabel-prairiesdelamer.com\/wp-content\/uploads\/2023\/01\/TOSCANE-812-vente-mobilhome-SALON.jpg\" alt=\"GAASDOEKBAND \u2013 Toscane 81.2\"  class=\"d-none\" >\r\n\t\t\t\t\t\r\n\t\t\t\t\t\r\n\t\t\t\t\t\t\t\t\t\t\t\t\t<\/a>\r\n\t\t\t\t\t\r\n\t\t\t\t\t\t\t\t\t\r\n\t\t\t\t\t\t\t\t\t\t\t<a href=\"https:\/\/mirabel-prairiesdelamer.com\/wp-content\/uploads\/2023\/01\/gallerie-toscane-812.jpeg\" data-lightbox=\"vente-10322\" title=\"Vergroten\"  class=\"d-none\" >\r\n\t\t\t\t\t\t\t\t\t\t\r\n\t\t\t\t\t\t<img decoding=\"async\" src=\"https:\/\/mirabel-prairiesdelamer.com\/wp-content\/uploads\/2023\/01\/gallerie-toscane-812.jpeg\" alt=\"GAASDOEKBAND \u2013 Toscane 81.2\"  class=\"d-none\" >\r\n\t\t\t\t\t\r\n\t\t\t\t\t\r\n\t\t\t\t\t\t\t\t\t\t\t\t\t<\/a>\r\n\t\t\t\t\t\r\n\t\t\t\t\t\t\t\t\t\r\n\t\t\t\t\t\t\t\t\t\t\t<a href=\"https:\/\/mirabel-prairiesdelamer.com\/wp-content\/uploads\/2023\/01\/gallerie-toscane-8122.jpeg\" data-lightbox=\"vente-10322\" title=\"Vergroten\"  class=\"d-none\" >\r\n\t\t\t\t\t\t\t\t\t\t\r\n\t\t\t\t\t\t<img decoding=\"async\" src=\"https:\/\/mirabel-prairiesdelamer.com\/wp-content\/uploads\/2023\/01\/gallerie-toscane-8122.jpeg\" alt=\"GAASDOEKBAND \u2013 Toscane 81.2\"  class=\"d-none\" >\r\n\t\t\t\t\t\r\n\t\t\t\t\t\r\n\t\t\t\t\t\t\t\t\t\t\t\t\t<\/a>\r\n\t\t\t\t\t\r\n\t\t\t\t\r\n\t\t\t\t\t\t\t\t\t<div class=\"photo-apartirde\">van <span>41 900 \u20ac<\/span><\/div>\r\n\t\t\t\t\t\t\t\t\t<\/div>\r\n\r\n\t\t<div class=\"multiple-vente-desc\">\r\n\t\t\t<div class=\"multiple-vente-titre\">\r\n\t\t\t\tRIDEAU - Toscane 81,2 \r\n\t\t\t<\/div>\r\n\t\t\t\r\n\t\t\t<div class=\"multiple-vente-champs\">\r\n\t\t\t\t\t\t\t\t\t\t\t\t\t\t<div class=\"multiple-vente-nbchambres multiple-vente-champ\">\r\n\t\t\t\t\t\t<span class=\"val\">2<\/span>&nbsp;\r\n\t\t\t\t\t\t<span class=\"lbl\">ch<\/span>\r\n\t\t\t\t\t<\/div>\r\n\t\t\t\t\r\n\t\t\t\t\t\t\t\t\t\t\t\t\t\t<div class=\"multiple-vente-nbpersonnes multiple-vente-champ\">\r\n\t\t\t\t\t\t<span class=\"val\">6<\/span>&nbsp;\r\n\t\t\t\t\t\t<span class=\"lbl\"><i class=\"fas fa-male\"><\/i><\/span>\r\n\t\t\t\t\t<\/div>\r\n\t\t\t\t\r\n\r\n\t\t\t\t\t\t\t\t\t<div class=\"multiple-vente-surface multiple-vente-champ\">\r\n\t\t\t\t\t\t<span class=\"val\">31<\/span>&nbsp;m\u00b2\r\n\t\t\t\t\t<\/div>\r\n\t\t\t\t\r\n\t\t\t\t\t\t\t\t\t<div class=\"multiple-vente-age multiple-vente-champ\">\r\n\t\t\t\t\t\t<span class=\"val\">2023<\/span>\r\n\t\t\t\t\t<\/div>\r\n\t\t\t\t\t\t\t<\/div>\r\n\r\n\t\t\t<div class=\"multiple-vente-description\"><p><strong>Referentie 2-slaapkamer model :<\/strong><\/p>\n<p>2 slaapkamers<br \/>\n1 ruime doucheruimte<br \/>\nAparte WC<br \/>\nGrote, lichte woonkamer<br \/>\nInclusief comfortpakket: Premium bank, convectorkachels in slaapkamers en doucheruimte<\/p>\n<\/div>\r\n\r\n\t\t\t\r\n\r\n\r\n\t\t\t\t\t\t<\/div>\r\n\r\n\t<\/div>\r\n<\/article>\r\n<article class=\"multiple-vente clearfix vendu\">\r\n\t<div class=\"d-flex multiple-vente-container\">\r\n\t\t\r\n\t\t<div class=\"multiple-vente-photo\">\r\n\t\t\t\t\t\t\t\t\t\t\t\t\r\n\t\t\t\t\t\t\t\t\t\t\r\n\t\t\t\t\t\t<img decoding=\"async\" src=\"https:\/\/mirabel-prairiesdelamer.com\/wp-content\/uploads\/2023\/01\/galerie-toscane-873.jpeg\" alt=\"GORDIJN - Toscane 87.3\"   >\r\n\t\t\t\t\t\r\n\t\t\t\t\t\r\n\t\t\t\t\t\t\t\t\t\r\n\t\t\t\t\t\t\t\t\t\t\r\n\t\t\t\t\t\t<img decoding=\"async\" src=\"https:\/\/mirabel-prairiesdelamer.com\/wp-content\/uploads\/2023\/01\/galerie-toscane-8732.jpeg\" alt=\"GORDIJN - Toscane 87.3\"  class=\"d-none\" >\r\n\t\t\t\t\t\r\n\t\t\t\t\t\r\n\t\t\t\t\t\t\t\t\t\r\n\t\t\t\t\t\t\t\t\t\t\r\n\t\t\t\t\t\t<img decoding=\"async\" src=\"https:\/\/mirabel-prairiesdelamer.com\/wp-content\/uploads\/2023\/01\/galerie-toscane-8733.jpeg\" alt=\"GORDIJN - Toscane 87.3\"  class=\"d-none\" >\r\n\t\t\t\t\t\r\n\t\t\t\t\t\r\n\t\t\t\t\t\t\t\t\t\r\n\t\t\t\t\t\t\t\t\t\t\r\n\t\t\t\t\t\t<img decoding=\"async\" src=\"https:\/\/mirabel-prairiesdelamer.com\/wp-content\/uploads\/2023\/01\/galerie-toscane-8734.jpeg\" alt=\"GORDIJN - Toscane 87.3\"  class=\"d-none\" >\r\n\t\t\t\t\t\r\n\t\t\t\t\t\r\n\t\t\t\t\t\t\t\t\t\r\n\t\t\t\t\t\t\t\t\t\t\r\n\t\t\t\t\t\t<img decoding=\"async\" src=\"https:\/\/mirabel-prairiesdelamer.com\/wp-content\/uploads\/2023\/01\/galerie-toscane-8735.jpeg\" alt=\"GORDIJN - Toscane 87.3\"  class=\"d-none\" >\r\n\t\t\t\t\t\r\n\t\t\t\t\t\r\n\t\t\t\t\t\t\t\t\t\r\n\t\t\t\t\t\t\t\t\t\t\r\n\t\t\t\t\t\t<img decoding=\"async\" src=\"https:\/\/mirabel-prairiesdelamer.com\/wp-content\/uploads\/2023\/01\/galerie-toscane-8736.jpeg\" alt=\"GORDIJN - Toscane 87.3\"  class=\"d-none\" >\r\n\t\t\t\t\t\r\n\t\t\t\t\t\r\n\t\t\t\t\r\n\t\t\t\t\t\t\t\t\t<div class=\"photo-vendu\">Verkocht<\/div>\r\n\t\t\t\t\t\t\t\t\t<\/div>\r\n\r\n\t\t<div class=\"multiple-vente-desc\">\r\n\t\t\t<div class=\"multiple-vente-titre\">\r\n\t\t\t\tRIDEAU - Toscane 87.3 \r\n\t\t\t<\/div>\r\n\t\t\t\r\n\t\t\t<div class=\"multiple-vente-champs\">\r\n\t\t\t\t\t\t\t\t\t\t\t\t\t\t<div class=\"multiple-vente-nbchambres multiple-vente-champ\">\r\n\t\t\t\t\t\t<span class=\"val\">3<\/span>&nbsp;\r\n\t\t\t\t\t\t<span class=\"lbl\">ch<\/span>\r\n\t\t\t\t\t<\/div>\r\n\t\t\t\t\r\n\t\t\t\t\t\t\t\t\t\t\t\t\t\t<div class=\"multiple-vente-nbpersonnes multiple-vente-champ\">\r\n\t\t\t\t\t\t<span class=\"val\">8<\/span>&nbsp;\r\n\t\t\t\t\t\t<span class=\"lbl\"><i class=\"fas fa-male\"><\/i><\/span>\r\n\t\t\t\t\t<\/div>\r\n\t\t\t\t\r\n\r\n\t\t\t\t\t\t\t\t\t<div class=\"multiple-vente-surface multiple-vente-champ\">\r\n\t\t\t\t\t\t<span class=\"val\">33<\/span>&nbsp;m\u00b2\r\n\t\t\t\t\t<\/div>\r\n\t\t\t\t\r\n\t\t\t\t\t\t\t\t\t<div class=\"multiple-vente-age multiple-vente-champ\">\r\n\t\t\t\t\t\t<span class=\"val\">2023<\/span>\r\n\t\t\t\t\t<\/div>\r\n\t\t\t\t\t\t\t<\/div>\r\n\r\n\t\t\t<div class=\"multiple-vente-description\"><p><strong>Een ruime stacaravan als geen ander.<\/strong><\/p>\n<p>3 slaapkamers<br \/>\n1 doucheruimte<br \/>\nAparte WC<br \/>\nVolledig ingerichte keuken<br \/>\nVerlichte gebieden<br \/>\nInclusief comfortpakket: Premium bank, convectorkachels in slaapkamers en doucheruimte<\/p>\n<\/div>\r\n\r\n\t\t\t\r\n\r\n\r\n\t\t\t\t\t\t<\/div>\r\n\r\n\t<\/div>\r\n<\/article>\r\n<article class=\"multiple-vente clearfix vendu\">\r\n\t<div class=\"d-flex multiple-vente-container\">\r\n\t\t\r\n\t\t<div class=\"multiple-vente-photo\">\r\n\t\t\t\t\t\t\t\t\t\t\t\t\r\n\t\t\t\t\t\t\t\t\t\t\r\n\t\t\t\t\t\t<img decoding=\"async\" src=\"https:\/\/mirabel-prairiesdelamer.com\/wp-content\/uploads\/2023\/01\/plan-3d-mobil-home-vente-1024x563.jpeg\" alt=\"MRI van Capucijn\"   >\r\n\t\t\t\t\t\r\n\t\t\t\t\t\r\n\t\t\t\t\t\t\t\t\t\r\n\t\t\t\t\t\t\t\t\t\t\r\n\t\t\t\t\t\t<img decoding=\"async\" src=\"https:\/\/mirabel-prairiesdelamer.com\/wp-content\/uploads\/2023\/01\/chambre-enfant-vente-mobil-home-1024x683.jpeg\" alt=\"MRI van Capucijn\"  class=\"d-none\" >\r\n\t\t\t\t\t\r\n\t\t\t\t\t\r\n\t\t\t\t\t\t\t\t\t\r\n\t\t\t\t\t\t\t\t\t\t\r\n\t\t\t\t\t\t<img decoding=\"async\" src=\"https:\/\/mirabel-prairiesdelamer.com\/wp-content\/uploads\/2023\/01\/chambre-parentale-vente-mobil-home-1024x683.jpeg\" alt=\"MRI van Capucijn\"  class=\"d-none\" >\r\n\t\t\t\t\t\r\n\t\t\t\t\t\r\n\t\t\t\t\t\t\t\t\t\r\n\t\t\t\t\t\t\t\t\t\t\r\n\t\t\t\t\t\t<img decoding=\"async\" src=\"https:\/\/mirabel-prairiesdelamer.com\/wp-content\/uploads\/2023\/01\/sejour-mobil-home-vente-683x1024.jpeg\" alt=\"MRI van Capucijn\"  class=\"d-none\" >\r\n\t\t\t\t\t\r\n\t\t\t\t\t\r\n\t\t\t\t\r\n\t\t\t\t\t\t\t\t\t<div class=\"photo-vendu\">Verkocht<\/div>\r\n\t\t\t\t\t\t\t\t\t<\/div>\r\n\r\n\t\t<div class=\"multiple-vente-desc\">\r\n\t\t\t<div class=\"multiple-vente-titre\">\r\n\t\t\t\tMRI van Capucijn \r\n\t\t\t<\/div>\r\n\t\t\t\r\n\t\t\t<div class=\"multiple-vente-champs\">\r\n\t\t\t\t\t\t\t\t\t\t\t\t\t\t<div class=\"multiple-vente-nbchambres multiple-vente-champ\">\r\n\t\t\t\t\t\t<span class=\"val\">2<\/span>&nbsp;\r\n\t\t\t\t\t\t<span class=\"lbl\">ch<\/span>\r\n\t\t\t\t\t<\/div>\r\n\t\t\t\t\r\n\t\t\t\t\t\t\t\t\t\t\t\t\t\t<div class=\"multiple-vente-nbpersonnes multiple-vente-champ\">\r\n\t\t\t\t\t\t<span class=\"val\">6<\/span>&nbsp;\r\n\t\t\t\t\t\t<span class=\"lbl\"><i class=\"fas fa-male\"><\/i><\/span>\r\n\t\t\t\t\t<\/div>\r\n\t\t\t\t\r\n\r\n\t\t\t\t\t\t\t\t\t<div class=\"multiple-vente-surface multiple-vente-champ\">\r\n\t\t\t\t\t\t<span class=\"val\">36,4<\/span>&nbsp;m\u00b2\r\n\t\t\t\t\t<\/div>\r\n\t\t\t\t\r\n\t\t\t\t\t\t\t\t\t<div class=\"multiple-vente-age multiple-vente-champ\">\r\n\t\t\t\t\t\t<span class=\"val\">2023<\/span>\r\n\t\t\t\t\t<\/div>\r\n\t\t\t\t\t\t\t<\/div>\r\n\r\n\t\t\t<div class=\"multiple-vente-description\"><p><strong>Lichte stacaravan met :<\/strong><\/p>\n<p>2 slaapkamers<br \/>\n1 kleedkamer in de hoofdslaapkamer<br \/>\n1 doucheruimte<br \/>\nVolledig ingerichte keuken<br \/>\nIngangsunit met voormontage<br \/>\nWasmachines<\/p>\n<\/div>\r\n\r\n\t\t\t\r\n\r\n\r\n\t\t\t\t\t\t<\/div>\r\n\r\n\t<\/div>\r\n<\/article>\r\n<article class=\"multiple-vente clearfix vendu\">\r\n\t<div class=\"d-flex multiple-vente-container\">\r\n\t\t\r\n\t\t<div class=\"multiple-vente-photo\">\r\n\t\t\t\t\t\t\t\t\t\t\t\t\r\n\t\t\t\t\t\t\t\t\t\t\r\n\t\t\t\t\t\t<img decoding=\"async\" src=\"https:\/\/mirabel-prairiesdelamer.com\/wp-content\/uploads\/2022\/02\/irm-violette1.jpg\" alt=\"Violet MRI\"   >\r\n\t\t\t\t\t\r\n\t\t\t\t\t\r\n\t\t\t\t\t\t\t\t\t\r\n\t\t\t\t\t\t\t\t\t\t\r\n\t\t\t\t\t\t<img decoding=\"async\" src=\"https:\/\/mirabel-prairiesdelamer.com\/wp-content\/uploads\/2022\/02\/irm-violette2.jpg\" alt=\"Violet MRI\"  class=\"d-none\" >\r\n\t\t\t\t\t\r\n\t\t\t\t\t\r\n\t\t\t\t\r\n\t\t\t\t\t\t\t\t\t<div class=\"photo-vendu\">Verkocht<\/div>\r\n\t\t\t\t\t\t\t\t\t<\/div>\r\n\r\n\t\t<div class=\"multiple-vente-desc\">\r\n\t\t\t<div class=\"multiple-vente-titre\">\r\n\t\t\t\tViolet MRI \r\n\t\t\t<\/div>\r\n\t\t\t\r\n\t\t\t<div class=\"multiple-vente-champs\">\r\n\t\t\t\t\t\t\t\t\t\t\t\t\t\t<div class=\"multiple-vente-nbchambres multiple-vente-champ\">\r\n\t\t\t\t\t\t<span class=\"val\">3<\/span>&nbsp;\r\n\t\t\t\t\t\t<span class=\"lbl\">ch<\/span>\r\n\t\t\t\t\t<\/div>\r\n\t\t\t\t\r\n\t\t\t\t\t\t\t\t\t\t\t\t\t\t<div class=\"multiple-vente-nbpersonnes multiple-vente-champ\">\r\n\t\t\t\t\t\t<span class=\"val\">6\/8<\/span>&nbsp;\r\n\t\t\t\t\t\t<span class=\"lbl\"><i class=\"fas fa-male\"><\/i><\/span>\r\n\t\t\t\t\t<\/div>\r\n\t\t\t\t\r\n\r\n\t\t\t\t\t\t\t\t\t<div class=\"multiple-vente-surface multiple-vente-champ\">\r\n\t\t\t\t\t\t<span class=\"val\">38,4<\/span>&nbsp;m\u00b2\r\n\t\t\t\t\t<\/div>\r\n\t\t\t\t\r\n\t\t\t\t\t\t\t<\/div>\r\n\r\n\t\t\t<div class=\"multiple-vente-description\"><p><strong>Een ruime stacaravan, volledig uitgerust verkocht!<br \/>\n<\/strong>Een zeer lichte eethoek<br \/>\n2 doucheruimtes<br \/>\nEen master suite met een 160\u00d7200 tweepersoonsbed<br \/>\nEen groot meubel voor de ingang<\/p>\n<p><a href=\"https:\/\/www.mobil-home.com\/fr\/particulier\/mobil-home\/10-gamme-classique\/136-viol3c-1\/\" target=\"_blank\" rel=\"noopener\">Detail van IRM-stacaravan<\/a><\/p>\n<\/div>\r\n\r\n\t\t\t\r\n\r\n\r\n\t\t\t\t\t\t<\/div>\r\n\r\n\t<\/div>\r\n<\/article><\/div>\n\n\n\n<div style=\"height:23px\" aria-hidden=\"true\" class=\"wp-block-spacer\"><\/div>\n\n\n\n<div class=\"wp-block-buttons is-horizontal is-content-justification-center is-layout-flex wp-container-core-buttons-is-layout-03627597 wp-block-buttons-is-layout-flex\">\n<div class=\"wp-block-button\"><a class=\"wp-block-button__link has-turquoise-background-color has-background wp-element-button\" href=\"https:\/\/mirabel-prairiesdelamer.com\/nl\/camping-contact\/\"><strong>Neem contact met ons op voor een bezoek ter plaatse<\/strong><\/a><\/div>\n<\/div>\n\n\n\n<div style=\"height:23px\" aria-hidden=\"true\" class=\"wp-block-spacer\"><\/div>\n\n\n\n<p>Als je een nieuwe stacaravan koopt, kun je je staanplaats kiezen aan de hand van de beschikbare percelen en hun grootte (van 120 tot 200m\u00b2 voor een huurprijs vanaf \u20ac3.000\/jaar).<\/p>\n\n\n\n<div style=\"height:23px\" aria-hidden=\"true\" class=\"wp-block-spacer\"><\/div>\n\n\n\n<h2 class=\"wp-block-heading\" id=\"occasion\">Onze tweedehands stacaravans<\/h2>\n\n\n\n<figure class=\"wp-block-image size-full\"><img decoding=\"async\" src=\"https:\/\/www.mirabel-prairiesdelamer.com\/wp-content\/uploads\/2022\/01\/barre-bleue.png\" alt=\"\" class=\"wp-image-2382\"\/><\/figure>\n\n\n\n<p>Tweedehands stacaravans worden verkocht op percelen. Bekijk onze aanbiedingen hieronder:<\/p>\n\n\n<div class=\"multiple-ventes\">\r\n<article class=\"multiple-vente clearfix vendu\">\r\n\t<div class=\"d-flex multiple-vente-container\">\r\n\t\t\r\n\t\t<div class=\"multiple-vente-photo\">\r\n\t\t\t\t\t\t\t\t\t\t\t\t\r\n\t\t\t\t\t\t\t\t\t\t\r\n\t\t\t\t\t\t<img decoding=\"async\" src=\"https:\/\/mirabel-prairiesdelamer.com\/wp-content\/uploads\/2023\/10\/mobil-home-vente-sejour.jpg\" alt=\"IRM Pivoine met overdekt terras en tuinhuisje\"   >\r\n\t\t\t\t\t\r\n\t\t\t\t\t\r\n\t\t\t\t\t\t\t\t\t\r\n\t\t\t\t\t\t\t\t\t\t\r\n\t\t\t\t\t\t<img decoding=\"async\" src=\"https:\/\/mirabel-prairiesdelamer.com\/wp-content\/uploads\/2023\/10\/mobil-home-occasion-vente.jpg\" alt=\"IRM Pivoine met overdekt terras en tuinhuisje\"  class=\"d-none\" >\r\n\t\t\t\t\t\r\n\t\t\t\t\t\r\n\t\t\t\t\t\t\t\t\t\r\n\t\t\t\t\t\t\t\t\t\t\r\n\t\t\t\t\t\t<img decoding=\"async\" src=\"https:\/\/mirabel-prairiesdelamer.com\/wp-content\/uploads\/2023\/10\/mobil-home-sejour-cuisine.jpg\" alt=\"IRM Pivoine met overdekt terras en tuinhuisje\"  class=\"d-none\" >\r\n\t\t\t\t\t\r\n\t\t\t\t\t\r\n\t\t\t\t\t\t\t\t\t\r\n\t\t\t\t\t\t\t\t\t\t\r\n\t\t\t\t\t\t<img decoding=\"async\" src=\"https:\/\/mirabel-prairiesdelamer.com\/wp-content\/uploads\/2023\/10\/mobil-home-vente-salle-eau-461x1024.jpg\" alt=\"IRM Pivoine met overdekt terras en tuinhuisje\"  class=\"d-none\" >\r\n\t\t\t\t\t\r\n\t\t\t\t\t\r\n\t\t\t\t\t\t\t\t\t\r\n\t\t\t\t\t\t\t\t\t\t\r\n\t\t\t\t\t\t<img decoding=\"async\" src=\"https:\/\/mirabel-prairiesdelamer.com\/wp-content\/uploads\/2023\/10\/vente-mobil-home-occasion-parcelle.jpg\" alt=\"IRM Pivoine met overdekt terras en tuinhuisje\"  class=\"d-none\" >\r\n\t\t\t\t\t\r\n\t\t\t\t\t\r\n\t\t\t\t\t\t\t\t\t\r\n\t\t\t\t\t\t\t\t\t\t\r\n\t\t\t\t\t\t<img decoding=\"async\" src=\"https:\/\/mirabel-prairiesdelamer.com\/wp-content\/uploads\/2023\/10\/vente-mobil-home-terrasse-1024x461.jpg\" alt=\"IRM Pivoine met overdekt terras en tuinhuisje\"  class=\"d-none\" >\r\n\t\t\t\t\t\r\n\t\t\t\t\t\r\n\t\t\t\t\r\n\t\t\t\t\t\t\t\t\t<div class=\"photo-vendu\">Verkocht<\/div>\r\n\t\t\t\t\t\t\t\t\t<\/div>\r\n\r\n\t\t<div class=\"multiple-vente-desc\">\r\n\t\t\t<div class=\"multiple-vente-titre\">\r\n\t\t\t\tIRM Pivoine met overdekt terras en tuinhuisje \r\n\t\t\t<\/div>\r\n\t\t\t\r\n\t\t\t<div class=\"multiple-vente-champs\">\r\n\t\t\t\t\t\t\t\t\t\t\t\t\t\t<div class=\"multiple-vente-nbchambres multiple-vente-champ\">\r\n\t\t\t\t\t\t<span class=\"val\">3<\/span>&nbsp;\r\n\t\t\t\t\t\t<span class=\"lbl\">ch<\/span>\r\n\t\t\t\t\t<\/div>\r\n\t\t\t\t\r\n\t\t\t\t\t\t\t\t\t\t\t\t\t\t<div class=\"multiple-vente-nbpersonnes multiple-vente-champ\">\r\n\t\t\t\t\t\t<span class=\"val\">6<\/span>&nbsp;\r\n\t\t\t\t\t\t<span class=\"lbl\"><i class=\"fas fa-male\"><\/i><\/span>\r\n\t\t\t\t\t<\/div>\r\n\t\t\t\t\r\n\r\n\t\t\t\t\t\t\t\t\t<div class=\"multiple-vente-surface multiple-vente-champ\">\r\n\t\t\t\t\t\t<span class=\"val\">38,40<\/span>&nbsp;m\u00b2\r\n\t\t\t\t\t<\/div>\r\n\t\t\t\t\r\n\t\t\t\t\t\t\t\t\t<div class=\"multiple-vente-age multiple-vente-champ\">\r\n\t\t\t\t\t\t<span class=\"val\">2023<\/span>\r\n\t\t\t\t\t<\/div>\r\n\t\t\t\t\t\t\t<\/div>\r\n\r\n\t\t\t<div class=\"multiple-vente-description\"><p>Charmante ruime stacaravan in Ouistreham:<\/p>\n<p>3 slaapkamers<br \/>\n2 doucheruimtes<br \/>\nAparte WC<br \/>\nIngerichte en uitgeruste keuken<br \/>\nVolledig overdekt en afgesloten terras<br \/>\nTuinhuisje<\/p>\n<\/div>\r\n\r\n\t\t\t\t\t\t\t<div class=\"multiple-vente-prix\">\r\n\t\t\t\t\t<span>73 000 \u20ac<\/span>\r\n\t\t\t\t<\/div>\r\n\t\t\t\r\n\r\n\r\n\t\t\t\t\t\t<\/div>\r\n\r\n\t<\/div>\r\n<\/article>\r\n<article class=\"multiple-vente clearfix vendu\">\r\n\t<div class=\"d-flex multiple-vente-container\">\r\n\t\t\r\n\t\t<div class=\"multiple-vente-photo\">\r\n\t\t\t\t\t\t\t\t\t\t\t\t\r\n\t\t\t\t\t\t\t\t\t\t\r\n\t\t\t\t\t\t<img decoding=\"async\" src=\"https:\/\/mirabel-prairiesdelamer.com\/wp-content\/uploads\/2022\/02\/rapidhome-elite.jpg\" alt=\"RAPIDHOME ELITE 97 \/ 2012\"   >\r\n\t\t\t\t\t\r\n\t\t\t\t\t\r\n\t\t\t\t\r\n\t\t\t\t\t\t\t\t\t<div class=\"photo-vendu\">Verkocht<\/div>\r\n\t\t\t\t\t\t\t\t\t<\/div>\r\n\r\n\t\t<div class=\"multiple-vente-desc\">\r\n\t\t\t<div class=\"multiple-vente-titre\">\r\n\t\t\t\tRAPIDHOME ELITE 97 \/ 2012 \r\n\t\t\t<\/div>\r\n\t\t\t\r\n\t\t\t<div class=\"multiple-vente-champs\">\r\n\t\t\t\t\t\t\t\t\t\t\t\t\t\t<div class=\"multiple-vente-nbchambres multiple-vente-champ\">\r\n\t\t\t\t\t\t<span class=\"val\">2<\/span>&nbsp;\r\n\t\t\t\t\t\t<span class=\"lbl\">ch<\/span>\r\n\t\t\t\t\t<\/div>\r\n\t\t\t\t\r\n\t\t\t\t\r\n\r\n\t\t\t\t\r\n\t\t\t\t\t\t\t\t\t<div class=\"multiple-vente-age multiple-vente-champ\">\r\n\t\t\t\t\t\t<span class=\"val\">2012<\/span>\r\n\t\t\t\t\t<\/div>\r\n\t\t\t\t\t\t\t<\/div>\r\n\r\n\t\t\t<div class=\"multiple-vente-description\"><p>Ref : 259<\/p>\n<p>9,40 x 4,00m<br \/>\nTERRAS VAN 7,50m x 2,50m OVERDEKT 3,00m<\/p>\n<\/div>\r\n\r\n\t\t\t\t\t\t\t<div class=\"multiple-vente-prix\">\r\n\t\t\t\t\t<span>17 500 \u20ac<\/span>\r\n\t\t\t\t<\/div>\r\n\t\t\t\r\n\r\n\r\n\t\t\t\t\t\t<\/div>\r\n\r\n\t<\/div>\r\n<\/article><\/div>\n\n\n\n<p class=\"has-text-align-center texte-rond mt-5 has-large-font-size\">Ontdek de camping<\/p>\n\n\n\n<div class=\"wp-block-columns h-20 front-page-section grey is-layout-flex wp-container-core-columns-is-layout-28f84493 wp-block-columns-is-layout-flex\">\n<div class=\"wp-block-column is-layout-flow wp-block-column-is-layout-flow\"><\/div>\n\n\n\n<div class=\"wp-block-column is-vertically-aligned-center is-layout-flow wp-block-column-is-layout-flow\">\n<div class=\"wp-block-create-block-sevgutenberg-navigation\"><aside class=\"encart-sev-navigation small carre\"><a href=\"https:\/\/mirabel-prairiesdelamer.com\/nl\/bijverblijf-ouistreham\/\" class=\"d-flex flex-column align-items-center\"><div class=\"encart-title\"><span>Tweede huis<\/span><\/div><div class=\"vague\"><\/div><img decoding=\"async\" src=\"https:\/\/mirabel-prairiesdelamer.com\/wp-content\/uploads\/2022\/02\/maison-secondaire-camping-residentiel.jpg\" alt=\"tweede huis op een residenti\u00eble camping\"\/><div class=\"ligne\"><\/div><div class=\"hover\"><\/div><\/a><\/aside><\/div>\n<\/div>\n\n\n\n<div class=\"wp-block-column is-layout-flow wp-block-column-is-layout-flow\">\n<div class=\"wp-block-create-block-sevgutenberg-navigation\"><aside class=\"encart-sev-navigation small carre\"><a href=\"https:\/\/mirabel-prairiesdelamer.com\/nl\/camping-ouistreham\/\" class=\"d-flex flex-column align-items-center\"><div class=\"encart-title\"><span>Ouistreham<\/span><\/div><div class=\"vague\"><\/div><img decoding=\"async\" src=\"https:\/\/mirabel-prairiesdelamer.com\/wp-content\/uploads\/2022\/02\/plag-ouistreham-cabines.jpg\" alt=\"Strand van Ouistreham\"\/><div class=\"ligne\"><\/div><div class=\"hover\"><\/div><\/a><\/aside><\/div>\n<\/div>\n\n\n\n<div class=\"wp-block-column is-layout-flow wp-block-column-is-layout-flow\">\n<div class=\"wp-block-create-block-sevgutenberg-navigation\"><aside class=\"encart-sev-navigation small carre\"><a href=\"https:\/\/mirabel-prairiesdelamer.com\/nl\/camping-calvados-diensten\/\" class=\"d-flex flex-column align-items-center\"><div class=\"encart-title\"><span>Diensten<\/span><\/div><div class=\"vague\"><\/div><img decoding=\"async\" src=\"https:\/\/mirabel-prairiesdelamer.com\/wp-content\/uploads\/2022\/02\/accueil-reception-carte.jpg\" alt=\"receptie camping\"\/><div class=\"ligne\"><\/div><div class=\"hover\"><\/div><\/a><\/aside><\/div>\n<\/div>\n\n\n\n<div class=\"wp-block-column is-layout-flow wp-block-column-is-layout-flow\"><\/div>\n<\/div>","protected":false},"excerpt":{"rendered":"<p>Achetez votre mobil-home neuf ou d\u2019occasion au Camping Mirabel Les Prairies de la Mer \u00e0 Ouistreham Offrez-vous une r\u00e9sidence secondaire [&hellip;]<\/p>\n","protected":false},"author":1,"featured_media":0,"parent":0,"menu_order":0,"comment_status":"closed","ping_status":"closed","template":"","meta":{"_seopress_robots_primary_cat":"","_seopress_titles_title":"Achat mobil-home neuf ou d\u2019occasion \u00e0 Ouistreham Riva-Bella","_seopress_titles_desc":"Offrez-vous une r\u00e9sidence secondaire en Normandie, \u00e0 500m de la plage de Ouistreham Riva-Bella et proche de tous commerces.  Achetez votre mobil-home !","_seopress_robots_index":"","footnotes":""},"class_list":["post-65","page","type-page","status-publish","hentry"],"_links":{"self":[{"href":"https:\/\/mirabel-prairiesdelamer.com\/nl\/wp-json\/wp\/v2\/pages\/65","targetHints":{"allow":["GET"]}}],"collection":[{"href":"https:\/\/mirabel-prairiesdelamer.com\/nl\/wp-json\/wp\/v2\/pages"}],"about":[{"href":"https:\/\/mirabel-prairiesdelamer.com\/nl\/wp-json\/wp\/v2\/types\/page"}],"author":[{"embeddable":true,"href":"https:\/\/mirabel-prairiesdelamer.com\/nl\/wp-json\/wp\/v2\/users\/1"}],"replies":[{"embeddable":true,"href":"https:\/\/mirabel-prairiesdelamer.com\/nl\/wp-json\/wp\/v2\/comments?post=65"}],"version-history":[{"count":38,"href":"https:\/\/mirabel-prairiesdelamer.com\/nl\/wp-json\/wp\/v2\/pages\/65\/revisions"}],"predecessor-version":[{"id":14148,"href":"https:\/\/mirabel-prairiesdelamer.com\/nl\/wp-json\/wp\/v2\/pages\/65\/revisions\/14148"}],"wp:attachment":[{"href":"https:\/\/mirabel-prairiesdelamer.com\/nl\/wp-json\/wp\/v2\/media?parent=65"}],"curies":[{"name":"wp","href":"https:\/\/api.w.org\/{rel}","templated":true}]}}