{"id":63,"date":"2021-12-10T14:23:37","date_gmt":"2021-12-10T13:23:37","guid":{"rendered":"https:\/\/www.campinglarenaudiere.com\/?page_id=63"},"modified":"2025-05-13T15:22:02","modified_gmt":"2025-05-13T13:22:02","slug":"bijverblijf-ouistreham","status":"publish","type":"page","link":"https:\/\/mirabel-prairiesdelamer.com\/nl\/residence-secondaire-ouistreham\/","title":{"rendered":"Je tweede huis"},"content":{"rendered":"<h1 class=\"wp-block-heading\" id=\"votre-residence-secondaire-a-ouistreham-riva-bella\">Je tweede huis <strong>\u00e0 Ouistreham Riva-Bella<\/strong><\/h1>\n\n\n\n<div class=\"wp-block-group alignwide is-layout-flow wp-block-group-is-layout-flow\">\n<div class=\"wp-block-columns alignwide is-layout-flex wp-container-core-columns-is-layout-28f84493 wp-block-columns-is-layout-flex\">\n<div class=\"wp-block-column is-layout-flow wp-block-column-is-layout-flow\">\n<div class=\"wp-block-media-text alignwide has-media-on-the-right is-stacked-on-mobile is-vertically-aligned-center\"><div class=\"wp-block-media-text__content\">\n<h2 class=\"wp-block-heading\" id=\"louez-votre-parcelle-a-l-annee-au-camping-les-prairies-de-la-mer-14\"><strong><strong>Uw stacaravan het hele jaar door op Camping Mirabel Les Prairies de la Mer<\/strong><\/strong> in Normandi\u00eb<\/h2>\n\n\n\n<figure class=\"wp-block-image size-full\"><img loading=\"lazy\" decoding=\"async\" width=\"50\" height=\"8\" src=\"https:\/\/mirabel-prairiesdelamer.com\/wp-content\/uploads\/2024\/06\/barre-bleue.png\" alt=\"\" class=\"wp-image-14200\"\/><\/figure>\n\n\n\n<p><strong>Koop uw stacaravan<\/strong> naar de Prairies de la Mer en kom je heerlijk ontspannen in je eigen gezellige nestje wanneer je wilt. Gedurende de gehele openingsperiode van de camping, van 15 maart tot 15 november, kun je genieten van <strong>uw kleine cocon<\/strong>, ingericht naar uw smaak, als een <strong>tweede familiewoning.<\/strong><\/p>\n\n\n\n<figure class=\"wp-block-image alignleft size-full is-resized\"><img loading=\"lazy\" decoding=\"async\" width=\"600\" height=\"535\" src=\"https:\/\/mirabel-prairiesdelamer.com\/wp-content\/uploads\/2024\/06\/Panneau-vectoriel-original.png\" alt=\"\" class=\"wp-image-14235\" style=\"width:80px;height:auto\" srcset=\"https:\/\/mirabel-prairiesdelamer.com\/wp-content\/uploads\/2024\/06\/Panneau-vectoriel-original.png 600w, https:\/\/mirabel-prairiesdelamer.com\/wp-content\/uploads\/2024\/06\/Panneau-vectoriel-original-300x268.png 300w\" sizes=\"auto, (max-width: 600px) 100vw, 600px\" \/><\/figure>\n\n\n\n<p class=\"has-text-align-left texte-rond has-orange-color has-text-color has-large-font-size\"><br>Word eigenaar van uw stacaravan en deel echte momenten van geluk!<\/p>\n<\/div><figure class=\"wp-block-media-text__media\"><img loading=\"lazy\" decoding=\"async\" width=\"600\" height=\"400\" src=\"https:\/\/mirabel-prairiesdelamer.com\/wp-content\/uploads\/2024\/06\/resident-mobil-home-proprietaire.jpg\" alt=\"\" class=\"wp-image-14239 size-full\" srcset=\"https:\/\/mirabel-prairiesdelamer.com\/wp-content\/uploads\/2024\/06\/resident-mobil-home-proprietaire.jpg 600w, https:\/\/mirabel-prairiesdelamer.com\/wp-content\/uploads\/2024\/06\/resident-mobil-home-proprietaire-300x200.jpg 300w\" sizes=\"auto, (max-width: 600px) 100vw, 600px\" \/><\/figure><\/div>\n<\/div>\n<\/div>\n\n\n\n<div class=\"wp-block-media-text alignwide is-stacked-on-mobile\"><figure class=\"wp-block-media-text__media\"><img loading=\"lazy\" decoding=\"async\" width=\"1024\" height=\"683\" src=\"https:\/\/mirabel-prairiesdelamer.com\/wp-content\/uploads\/2024\/06\/2-famille-petanque-jeu-1024x683.jpg\" alt=\"\" class=\"wp-image-14242 size-full\" srcset=\"https:\/\/mirabel-prairiesdelamer.com\/wp-content\/uploads\/2024\/06\/2-famille-petanque-jeu-1024x683.jpg 1024w, https:\/\/mirabel-prairiesdelamer.com\/wp-content\/uploads\/2024\/06\/2-famille-petanque-jeu-300x200.jpg 300w, https:\/\/mirabel-prairiesdelamer.com\/wp-content\/uploads\/2024\/06\/2-famille-petanque-jeu-768x512.jpg 768w, https:\/\/mirabel-prairiesdelamer.com\/wp-content\/uploads\/2024\/06\/2-famille-petanque-jeu.jpg 1200w\" sizes=\"auto, (max-width: 1024px) 100vw, 1024px\" \/><\/figure><div class=\"wp-block-media-text__content\">\n<div style=\"height:5px\" aria-hidden=\"true\" class=\"wp-block-spacer\"><\/div>\n\n\n\n<div class=\"wp-block-group card card-body border border-info h-100 has-turquoise-color has-text-color is-layout-flow wp-block-group-is-layout-flow\">\n<p class=\"has-text-align-left\"><strong>Wilt u minder beperkingen en meer diensten? <\/strong><strong>Kies voor een tweede verblijf op een camping en:&nbsp;<\/strong><\/p>\n\n\n\n<p><strong><mark style=\"background-color:rgba(0, 0, 0, 0)\" class=\"has-inline-color has-orange-color\">\u2022<\/mark><\/strong> Profiteer 8 maanden per jaar van een uitvalsbasis op 500 meter van de zee<\/p>\n\n\n\n<p> <strong><mark style=\"background-color:rgba(0, 0, 0, 0)\" class=\"has-inline-color has-orange-color\">\u2022<\/mark><\/strong> Bieden wij een tweede thuis voor een gematigd budget<\/p>\n\n\n\n<p> <strong><mark style=\"background-color:rgba(0, 0, 0, 0)\" class=\"has-inline-color has-orange-color\">\u2022<\/mark><\/strong> Toegang tot de ruimtes en diensten van de camping: <a href=\"https:\/\/mirabel-prairiesdelamer.com\/nl\/camping-normandie-ruimte-aquatique\/\">zwembaden<\/a>, fitnessruimte\u2026<\/p>\n\n\n\n<p> <strong><mark style=\"background-color:rgba(0, 0, 0, 0)\" class=\"has-inline-color has-orange-color\">\u2022<\/mark><\/strong> Verhuur uw stacaravan wanneer u deze niet gebruikt en verlaag uw jaarlijkse huur.<\/p>\n\n\n\n<p> <strong><mark style=\"background-color:rgba(0, 0, 0, 0)\" class=\"has-inline-color has-orange-color\">\u2022<\/mark><\/strong> Geen woon- of onroerendezaakbelasting te betalen, aangezien de stacaravan als een roerend (en niet als onroerend) goed wordt beschouwd<\/p>\n<\/div>\n<\/div><\/div>\n\n\n\n<div style=\"height:15px\" aria-hidden=\"true\" class=\"wp-block-spacer\"><\/div>\n\n\n\n<div class=\"wp-block-media-text alignwide has-media-on-the-right is-stacked-on-mobile front-page-section grey animate\"><div class=\"wp-block-media-text__content\">\n<h2 class=\"wp-block-heading\" id=\"le-choix-du-mobil-home\">De keuze van de te kopen stacaravan<\/h2>\n\n\n\n<figure class=\"wp-block-image size-full\"><img decoding=\"async\" src=\"https:\/\/www.mirabel-prairiesdelamer.com\/wp-content\/uploads\/2022\/01\/barre-bleue.png\" alt=\"\" class=\"wp-image-2382\"\/><\/figure>\n\n\n\n<p>Stacaravans <strong>passen zich aan naar uw wensen aan <\/strong>om er echte paradijsjes van te maken!<\/p>\n\n\n\n<p>De modellen die de camping te koop aanbiedt, kunnen zijn uitgerust met <strong>1, 2 of 3 slaapkamers<\/strong>, zijn uitgerust met 1 of 2 badkamers en bezitten een <strong>halfoverdekt terras <\/strong>op de muur: alles is mogelijk! We hebben gerefereerd <strong>meerdere fabrikanten<\/strong> zoals RAPIDHOME, IRM, RIDEAU voor kwalitatieve accommodaties!<\/p>\n\n\n\n<p>Bij Prairies de la Mer vindt u nieuwe of tweedehands stacaravans te koop op percelen van ongeveer 120m\u00b2<sup>2<\/sup> 200m afstand<sup>2<\/sup>. Laat u met een gerust hart begeleiden <strong>om het juiste model te kiezen, dat op jou zal lijken<\/strong>. Heeft u de stacaravan van uw dromen en de bijbehorende accessoires (terras, tuinhuisje...) gevonden? Dan regelen wij de rest: bestelling, levering, stalling, aansluiting, montage,... U bent eigenaar van de stacaravan en huurder van de standplaats. De huur wordt elke 2 jaar verlengd.<\/p>\n<\/div><figure class=\"wp-block-media-text__media\"><img loading=\"lazy\" decoding=\"async\" width=\"1024\" height=\"768\" src=\"https:\/\/mirabel-prairiesdelamer.com\/wp-content\/uploads\/2024\/06\/residentiel-mobil-home-neuf-1024x768.jpg\" alt=\"\" class=\"wp-image-14245 size-full\" srcset=\"https:\/\/mirabel-prairiesdelamer.com\/wp-content\/uploads\/2024\/06\/residentiel-mobil-home-neuf-1024x768.jpg 1024w, https:\/\/mirabel-prairiesdelamer.com\/wp-content\/uploads\/2024\/06\/residentiel-mobil-home-neuf-300x225.jpg 300w, https:\/\/mirabel-prairiesdelamer.com\/wp-content\/uploads\/2024\/06\/residentiel-mobil-home-neuf-768x576.jpg 768w, https:\/\/mirabel-prairiesdelamer.com\/wp-content\/uploads\/2024\/06\/residentiel-mobil-home-neuf.jpg 1200w\" sizes=\"auto, (max-width: 1024px) 100vw, 1024px\" \/><\/figure><\/div>\n\n\n\n<p class=\"has-text-align-center texte-rond has-orange-color has-text-color has-huge-font-size\">  \u2014 Advertenties \u2014  <\/p>\n\n\n\n<div class=\"wp-block-columns is-layout-flex wp-container-core-columns-is-layout-28f84493 wp-block-columns-is-layout-flex\">\n<div class=\"wp-block-column mt-2 mb-2 ml-md-5 mr-md-5 ml-0 mr-0 is-layout-flow wp-block-column-is-layout-flow\">\n<div class=\"wp-block-group card h-100 is-layout-flow wp-block-group-is-layout-flow\">\n<figure class=\"wp-block-image size-full card-img-top\"><img loading=\"lazy\" decoding=\"async\" width=\"1024\" height=\"590\" src=\"https:\/\/mirabel-prairiesdelamer.com\/wp-content\/uploads\/2024\/06\/irm-violette1.jpg\" alt=\"\" class=\"wp-image-14248\" srcset=\"https:\/\/mirabel-prairiesdelamer.com\/wp-content\/uploads\/2024\/06\/irm-violette1.jpg 1024w, https:\/\/mirabel-prairiesdelamer.com\/wp-content\/uploads\/2024\/06\/irm-violette1-300x173.jpg 300w, https:\/\/mirabel-prairiesdelamer.com\/wp-content\/uploads\/2024\/06\/irm-violette1-768x443.jpg 768w\" sizes=\"auto, (max-width: 1024px) 100vw, 1024px\" \/><\/figure>\n\n\n\n<p class=\"has-text-align-center card-title has-orange-color has-text-color\" style=\"font-size:24px\"><strong>Nieuwe stacaravans<\/strong><\/p>\n\n\n\n<div class=\"wp-block-buttons is-horizontal is-content-justification-center is-layout-flex wp-container-core-buttons-is-layout-03627597 wp-block-buttons-is-layout-flex\">\n<div class=\"wp-block-button\"><a class=\"wp-block-button__link has-white-color has-orange-background-color has-text-color has-background wp-element-button\" href=\"https:\/\/mirabel-prairiesdelamer.com\/nl\/stacaravans-te-koop-normandie\/#neuf\" style=\"border-radius:30px\">Lees meer<\/a><\/div>\n<\/div>\n\n\n\n<div style=\"height:10px\" aria-hidden=\"true\" class=\"wp-block-spacer\"><\/div>\n<\/div>\n<\/div>\n\n\n\n<div class=\"wp-block-column mt-2 mb-2 ml-5 mr-md-5 mr-0 is-layout-flow wp-block-column-is-layout-flow\">\n<div class=\"wp-block-group card h-100 is-layout-flow wp-block-group-is-layout-flow\">\n<figure class=\"wp-block-image size-full card-img-top\"><img loading=\"lazy\" decoding=\"async\" width=\"1024\" height=\"590\" src=\"https:\/\/mirabel-prairiesdelamer.com\/wp-content\/uploads\/2024\/06\/mh-occasion.jpg\" alt=\"\" class=\"wp-image-14251\" srcset=\"https:\/\/mirabel-prairiesdelamer.com\/wp-content\/uploads\/2024\/06\/mh-occasion.jpg 1024w, https:\/\/mirabel-prairiesdelamer.com\/wp-content\/uploads\/2024\/06\/mh-occasion-300x173.jpg 300w, https:\/\/mirabel-prairiesdelamer.com\/wp-content\/uploads\/2024\/06\/mh-occasion-768x443.jpg 768w\" sizes=\"auto, (max-width: 1024px) 100vw, 1024px\" \/><\/figure>\n\n\n\n<p class=\"has-text-align-center card-title has-orange-color has-text-color\" style=\"font-size:24px\"><strong>Tweedehands stacaravans<\/strong><\/p>\n\n\n\n<div class=\"wp-block-buttons is-horizontal is-content-justification-center is-layout-flex wp-container-core-buttons-is-layout-03627597 wp-block-buttons-is-layout-flex\">\n<div class=\"wp-block-button\"><a class=\"wp-block-button__link has-white-color has-orange-background-color has-text-color has-background wp-element-button\" href=\"https:\/\/mirabel-prairiesdelamer.com\/nl\/stacaravans-te-koop-normandie\/#occasion\" style=\"border-radius:50px\">Lees meer<\/a><\/div>\n<\/div>\n\n\n\n<div style=\"height:10px\" aria-hidden=\"true\" class=\"wp-block-spacer\"><\/div>\n<\/div>\n<\/div>\n<\/div>\n<\/div>\n\n\n\n<div class=\"wp-block-cover alignfull is-light has-parallax h-50\"><span aria-hidden=\"true\" class=\"wp-block-cover__background has-orange-background-color has-background-dim-80 has-background-dim\"><\/span><div class=\"wp-block-cover__image-background wp-image-4976 has-parallax\" style=\"background-position:50% 50%;background-image:url(https:\/\/www.mirabel-prairiesdelamer.com\/wp-content\/uploads\/2022\/02\/fond-residence.jpg)\"><\/div><div class=\"wp-block-cover__inner-container is-layout-flow wp-block-cover-is-layout-flow\">\n<p class=\"has-text-align-center has-white-color has-text-color has-medium-font-size\"><strong>Ludivine zal u met plezier de camping laten zien en de beschikbare plaatsen aanwijzen.<\/strong><br><strong> Kies de ideale locatie voor uw toekomstige stacaravan!<\/strong><\/p>\n\n\n\n<div class=\"wp-block-buttons is-horizontal is-content-justification-center is-layout-flex wp-container-core-buttons-is-layout-03627597 wp-block-buttons-is-layout-flex\">\n<div class=\"wp-block-button has-custom-font-size aligncenter has-medium-font-size\"><a class=\"wp-block-button__link has-orange-color has-white-background-color has-text-color has-background wp-element-button\"><i class=\"fa fa-phone-alt\"><\/i> 02 31 97 61 61<\/a><\/div>\n<\/div>\n\n\n\n<p><\/p>\n\n\n\n<p class=\"has-text-align-center has-white-color has-text-color has-medium-font-size\"><strong>Delphine begeleidt u bij uw project voor de aankoop van een nieuwe stacaravan. Maak een afspraak! <\/strong><\/p>\n\n\n\n<div class=\"wp-block-buttons is-layout-flex wp-block-buttons-is-layout-flex\">\n<div class=\"wp-block-button has-custom-font-size aligncenter is-style-fill has-medium-font-size\"><a class=\"wp-block-button__link has-orange-color has-white-background-color has-text-color has-background wp-element-button\"><i class=\"fa fa-phone-alt\"> <\/i>07 88 74 48 18<\/a><\/div>\n<\/div>\n\n\n\n<div style=\"height:20px\" aria-hidden=\"true\" class=\"wp-block-spacer\"><\/div>\n\n\n\n<p class=\"has-text-align-center texte-rond has-white-color has-text-color has-huge-font-size\">Neem snel contact met ons op om uw project te bespreken en uw droom te realiseren!<\/p>\n<\/div><\/div>\n\n\n\n<div style=\"height:60px\" aria-hidden=\"true\" class=\"wp-block-spacer\"><\/div>\n\n\n\n<div class=\"wp-block-media-text alignwide is-stacked-on-mobile is-vertically-aligned-center is-image-fill animate left\"><figure class=\"wp-block-media-text__media\" style=\"background-image:url(https:\/\/mirabel-prairiesdelamer.com\/wp-content\/uploads\/2022\/06\/plage-ouistreham-coucher-soleil-1024x683.jpg);background-position:50% 50%\"><img loading=\"lazy\" decoding=\"async\" width=\"1024\" height=\"683\" src=\"https:\/\/mirabel-prairiesdelamer.com\/wp-content\/uploads\/2022\/06\/plage-ouistreham-coucher-soleil-1024x683.jpg\" alt=\"zonsondergang in Ouistreham\" class=\"wp-image-4973 size-full\" srcset=\"https:\/\/mirabel-prairiesdelamer.com\/wp-content\/uploads\/2022\/06\/plage-ouistreham-coucher-soleil-1024x683.jpg 1024w, https:\/\/mirabel-prairiesdelamer.com\/wp-content\/uploads\/2022\/06\/plage-ouistreham-coucher-soleil-300x200.jpg 300w, https:\/\/mirabel-prairiesdelamer.com\/wp-content\/uploads\/2022\/06\/plage-ouistreham-coucher-soleil-768x512.jpg 768w, https:\/\/mirabel-prairiesdelamer.com\/wp-content\/uploads\/2022\/06\/plage-ouistreham-coucher-soleil.jpg 1200w\" sizes=\"auto, (max-width: 1024px) 100vw, 1024px\" \/><\/figure><div class=\"wp-block-media-text__content\">\n<h2 class=\"wp-block-heading\" id=\"un-air-de-vacances-toute-l-annee-a-ouistreham-riva-bella\">Een vakantiegevoel het hele jaar door in Ouistreham Riva-Bella<\/h2>\n\n\n\n<figure class=\"wp-block-image size-full\"><img loading=\"lazy\" decoding=\"async\" width=\"50\" height=\"8\" src=\"https:\/\/mirabel-prairiesdelamer.com\/wp-content\/uploads\/2024\/06\/barre-bleue.png\" alt=\"\" class=\"wp-image-14200\"\/><\/figure>\n\n\n\n<figure class=\"wp-block-image alignleft size-full is-resized\"><img loading=\"lazy\" decoding=\"async\" width=\"320\" height=\"228\" src=\"https:\/\/mirabel-prairiesdelamer.com\/wp-content\/uploads\/2024\/06\/tong.png\" alt=\"\" class=\"wp-image-14257\" style=\"width:60px;height:auto\" srcset=\"https:\/\/mirabel-prairiesdelamer.com\/wp-content\/uploads\/2024\/06\/tong.png 320w, https:\/\/mirabel-prairiesdelamer.com\/wp-content\/uploads\/2024\/06\/tong-300x214.png 300w\" sizes=\"auto, (max-width: 320px) 100vw, 320px\" \/><\/figure>\n\n\n\n<p>Zodra de zin u overvalt, gaat u naar uw woning op <strong>de Normandische kust<\/strong> voor een weekend of een week met z'n twee\u00ebn, <strong>onder vrienden of familie<\/strong>. Vos <strong>huisdieren<\/strong> (katten en honden van categorie 1 en 2) zijn welkom op onze camping.<\/p>\n\n\n\n<p>Kom de regio en zijn verschillende facetten in de loop van de seizoenen ontdekken. In het voorjaar, <a href=\"https:\/\/mirabel-prairiesdelamer.com\/nl\/ervaringen\/sport-en-natuur\/\">spring op je fiets<\/a> om de vele fietspaden langs de kust te verkennen. In de zomer kunt u genieten van de entertainment die door de stad of de camping wordt aangeboden. In de herfst kunt u naar buiten gaan en een frisse neus halen op het strand van <a href=\"https:\/\/mirabel-prairiesdelamer.com\/nl\/camping-ouistreham\/\">Ouistreham Riva-Bella<\/a> warm dan op met een kopje thee, comfortabel ge\u00efnstalleerd in uw stacaravan.<\/p>\n\n\n\n<p>En als u afwezig bent, kunt u het beheer van de camping toevertrouwen aan <strong>het vastgoedbeheer<\/strong> uw tweede verblijf en zo de kosten van uw jaarlijkse huur verlagen. Kom langs bij de receptie van Les Prairies de la Mer als u meer informatie wilt over de voorwaarden voor het verhuren van uw stacaravan.<\/p>\n\n\n\n<p><\/p>\n\n\n\n<p><\/p>\n<\/div><\/div>\n\n\n\n<figure class=\"wp-block-image aligncenter size-large is-resized mt-5\"><img loading=\"lazy\" decoding=\"async\" width=\"1024\" height=\"84\" src=\"https:\/\/mirabel-prairiesdelamer.com\/wp-content\/uploads\/2022\/01\/photo-1024x84.png\" alt=\"Fotogalerij\" class=\"wp-image-2680\" srcset=\"https:\/\/mirabel-prairiesdelamer.com\/wp-content\/uploads\/2022\/01\/photo-1024x84.png 1024w, https:\/\/mirabel-prairiesdelamer.com\/wp-content\/uploads\/2022\/01\/photo-300x25.png 300w, https:\/\/mirabel-prairiesdelamer.com\/wp-content\/uploads\/2022\/01\/photo-768x63.png 768w, https:\/\/mirabel-prairiesdelamer.com\/wp-content\/uploads\/2022\/01\/photo-1536x126.png 1536w, https:\/\/mirabel-prairiesdelamer.com\/wp-content\/uploads\/2022\/01\/photo-2048x169.png 2048w\" sizes=\"auto, (max-width: 1024px) 100vw, 1024px\" \/><\/figure>\n\n\n\t\t\t<div id=\"sevgallery-1297270122\" class=\"sev-diaporama sev-diaporama-portfolio\">\r\n\t\t\t\t<div class=\"row\">\r\n\r\n\t\t\t\t\t\r\n\t\t\t\t\t\t\r\n\t\t\t\t\t\t<div class=\"sev-diaporama-portfolio-item   btnseeall btnseeall-xl col-12 col-md  col-shrink\">\r\n\t\t\t\t\t\t\t<a href=\"https:\/\/mirabel-prairiesdelamer.com\/wp-content\/uploads\/2023\/02\/devenir-proprietaire-mobil-home-achat.jpg\" data-lightbox=\"sevgallery-1297270122\" style=\"background-image: url(https:\/\/mirabel-prairiesdelamer.com\/wp-content\/uploads\/2023\/02\/devenir-proprietaire-mobil-home-achat.jpg)\">\r\n\t\t\t\t\t\t\t\t<img decoding=\"async\" src=\"https:\/\/mirabel-prairiesdelamer.com\/wp-content\/uploads\/2023\/02\/devenir-proprietaire-mobil-home-achat.jpg\" alt=\"vakantie stacaravan eigenaren kopen\" loading=\"lazy\">\r\n\t\t\t\t\t\t\t\t\t\t\t\t\t\t\t<\/a>\r\n\t\t\t\t\t\t<\/div>\r\n\r\n\t\t\t\t\t\t\r\n\t\t\t\t\t\t\t\t\t\t\t\t\t\t\t\t\t\r\n\t\t\t\t\t\t\r\n\t\t\t\t\t\t<div class=\"sev-diaporama-portfolio-item   btnseeall btnseeall-xl col-12 col-md  col-grow\">\r\n\t\t\t\t\t\t\t<a href=\"https:\/\/mirabel-prairiesdelamer.com\/wp-content\/uploads\/2022\/02\/pancarte-plage-cabanon-1024x683.jpg\" data-lightbox=\"sevgallery-1297270122\" style=\"background-image: url(https:\/\/mirabel-prairiesdelamer.com\/wp-content\/uploads\/2022\/02\/pancarte-plage-cabanon-1024x683.jpg)\">\r\n\t\t\t\t\t\t\t\t<img decoding=\"async\" src=\"https:\/\/mirabel-prairiesdelamer.com\/wp-content\/uploads\/2022\/02\/pancarte-plage-cabanon-1024x683.jpg\" alt=\"strandhuisje Riva-Bella\" loading=\"lazy\">\r\n\t\t\t\t\t\t\t\t\t\t\t\t\t\t\t<\/a>\r\n\t\t\t\t\t\t<\/div>\r\n\r\n\t\t\t\t\t\t\r\n\t\t\t\t\t\t\t\t\t\t\t\t\t\t\t\t\t\r\n\t\t\t\t\t\t\r\n\t\t\t\t\t\t<div class=\"sev-diaporama-portfolio-item   btnseeall btnseeall-xl col-12 col-md  col-grow\">\r\n\t\t\t\t\t\t\t<a href=\"https:\/\/mirabel-prairiesdelamer.com\/wp-content\/uploads\/2022\/02\/enfant-lecture-chambre_1-683x1024.jpg\" data-lightbox=\"sevgallery-1297270122\" style=\"background-image: url(https:\/\/mirabel-prairiesdelamer.com\/wp-content\/uploads\/2022\/02\/enfant-lecture-chambre_1-683x1024.jpg)\">\r\n\t\t\t\t\t\t\t\t<img decoding=\"async\" src=\"https:\/\/mirabel-prairiesdelamer.com\/wp-content\/uploads\/2022\/02\/enfant-lecture-chambre_1-683x1024.jpg\" alt=\"kinderkamer stacaravan\" loading=\"lazy\">\r\n\t\t\t\t\t\t\t\t\t\t\t\t\t\t\t<\/a>\r\n\t\t\t\t\t\t<\/div>\r\n\r\n\t\t\t\t\t\t\r\n\t\t\t\t\t\t\t\t\t\t\t\t\t\t\t\t\t\r\n\t\t\t\t\t\t\r\n\t\t\t\t\t\t<div class=\"sev-diaporama-portfolio-item   btnseeall btnseeall-xl col-12 col-md\">\r\n\t\t\t\t\t\t\t<a href=\"https:\/\/mirabel-prairiesdelamer.com\/wp-content\/uploads\/2023\/02\/galerie-devenir-proprietaire.jpg\" data-lightbox=\"sevgallery-1297270122\" style=\"background-image: url(https:\/\/mirabel-prairiesdelamer.com\/wp-content\/uploads\/2023\/02\/galerie-devenir-proprietaire.jpg)\">\r\n\t\t\t\t\t\t\t\t<img decoding=\"async\" src=\"https:\/\/mirabel-prairiesdelamer.com\/wp-content\/uploads\/2023\/02\/galerie-devenir-proprietaire.jpg\" alt=\"aankoop stacaravan tweede woning\" loading=\"lazy\">\r\n\t\t\t\t\t\t\t\t\t\t\t\t\t\t\t<\/a>\r\n\t\t\t\t\t\t<\/div>\r\n\r\n\t\t\t\t\t\t\t\t\t\t\t\t\t<div class=\"w-100\"><\/div>\r\n\t\t\t\t\t\t\t\t\t\t\t\t\t\r\n\t\t\t\t\t\t\t\t\t\t\t\t\t\t\t\t\t\r\n\t\t\t\t\t\t\r\n\t\t\t\t\t\t<div class=\"sev-diaporama-portfolio-item   btnseeall btnseeall-xl col-12 col-md  col-shrink\">\r\n\t\t\t\t\t\t\t<a href=\"https:\/\/mirabel-prairiesdelamer.com\/wp-content\/uploads\/2022\/02\/famille-complicite-proprietaire_1-1024x683.jpg\" data-lightbox=\"sevgallery-1297270122\" style=\"background-image: url(https:\/\/mirabel-prairiesdelamer.com\/wp-content\/uploads\/2022\/02\/famille-complicite-proprietaire_1-1024x683.jpg)\">\r\n\t\t\t\t\t\t\t\t<img decoding=\"async\" src=\"https:\/\/mirabel-prairiesdelamer.com\/wp-content\/uploads\/2022\/02\/famille-complicite-proprietaire_1-1024x683.jpg\" alt=\"stacaravanbezitters\" loading=\"lazy\">\r\n\t\t\t\t\t\t\t\t\t\t\t\t\t\t\t<\/a>\r\n\t\t\t\t\t\t<\/div>\r\n\r\n\t\t\t\t\t\t\r\n\t\t\t\t\t\t\t\t\t\t\t\t\t\t\t\t\t\r\n\t\t\t\t\t\t\r\n\t\t\t\t\t\t<div class=\"sev-diaporama-portfolio-item   btnseeall btnseeall-xl col-12 col-md\">\r\n\t\t\t\t\t\t\t<a href=\"https:\/\/mirabel-prairiesdelamer.com\/wp-content\/uploads\/2022\/02\/jardinage_proprietaire-mobilhome-683x1024.jpg\" data-lightbox=\"sevgallery-1297270122\" style=\"background-image: url(https:\/\/mirabel-prairiesdelamer.com\/wp-content\/uploads\/2022\/02\/jardinage_proprietaire-mobilhome-683x1024.jpg)\">\r\n\t\t\t\t\t\t\t\t<img decoding=\"async\" src=\"https:\/\/mirabel-prairiesdelamer.com\/wp-content\/uploads\/2022\/02\/jardinage_proprietaire-mobilhome-683x1024.jpg\" alt=\"mobiele tuinaanleg door de eigenaar\" loading=\"lazy\">\r\n\t\t\t\t\t\t\t\t\t\t\t\t\t\t\t<\/a>\r\n\t\t\t\t\t\t<\/div>\r\n\r\n\t\t\t\t\t\t\r\n\t\t\t\t\t\t\t\t\t\t\t\t\t\t\t\t\t\r\n\t\t\t\t\t\t\r\n\t\t\t\t\t\t<div class=\"sev-diaporama-portfolio-item  limitsm btnseeall btnseeall-xl col-12 col-md  col-shrink last-visible\">\r\n\t\t\t\t\t\t\t<a href=\"https:\/\/mirabel-prairiesdelamer.com\/wp-content\/uploads\/2022\/02\/couple-famille-mobilhome_1-683x1024.jpg\" data-lightbox=\"sevgallery-1297270122\" style=\"background-image: url(https:\/\/mirabel-prairiesdelamer.com\/wp-content\/uploads\/2022\/02\/couple-famille-mobilhome_1-683x1024.jpg)\">\r\n\t\t\t\t\t\t\t\t<img decoding=\"async\" src=\"https:\/\/mirabel-prairiesdelamer.com\/wp-content\/uploads\/2022\/02\/couple-famille-mobilhome_1-683x1024.jpg\" alt=\"Koppel en gezin\" loading=\"lazy\">\r\n\t\t\t\t\t\t\t\t\t\t\t\t\t\t\t\t\t<img decoding=\"async\" src=\"https:\/\/mirabel-prairiesdelamer.com\/wp-content\/themes\/mirabel-site\/assets\/img\/voir-photos.png\" alt=\"\" \/>\r\n\t\t\t\t\t\t\t\t\t<span>Bekijk alle foto's<\/span>\r\n\t\t\t\t\t\t\t\t\t\t\t\t\t\t\t<\/a>\r\n\t\t\t\t\t\t<\/div>\r\n\r\n\t\t\t\t\t\t\r\n\t\t\t\t\t\t\t\t\t\t\t\t\t\t\t\t\t\t\t\t\t<\/div>\r\n\t\t\t<\/div>\r\n\r\n\t\t\t<script>\r\n\t\t\tjQuery(function($) {\r\n\r\n\t\t\t\tvar marginPortfolio = function() {\r\n\r\n\t\t\t\t\tvar $diapo          = $('#sevgallery-1297270122');\r\n\t\t\t\t\tvar container_width = $diapo.parent().outerWidth();\r\n\t\t\t\t\tvar side            = ( $(window).innerWidth() - container_width ) \/ 2;\r\n\r\n\t\t\t\t\t$diapo.css( {\r\n\t\t\t\t\t\t'margin-left': '-' + side + 'px',\r\n\t\t\t\t\t\t'margin-right': '-' + side + 'px',\r\n\t\t\t\t\t} );\r\n\t\t\t\t};\r\n\r\n\t\t\t\t$( window ).resize( function() {\r\n\t\t\t\t\tmarginPortfolio();\r\n\t\t\t\t} );\r\n\t\t\t\tmarginPortfolio();\r\n\t\t\t});\r\n\t\t\t<\/script>","protected":false},"excerpt":{"rendered":"<p>Votre r\u00e9sidence secondaire \u00e0 Ouistreham Riva-Bella Votre mobil-home \u00e0 l&rsquo;ann\u00e9e au Camping Mirabel Les Prairies de la Mer en Normandie [&hellip;]<\/p>\n","protected":false},"author":1,"featured_media":0,"parent":0,"menu_order":0,"comment_status":"closed","ping_status":"closed","template":"","meta":{"_seopress_robots_primary_cat":"","_seopress_titles_title":"Achat r\u00e9sidence secondaire \u00e0 Ouistreham Riva-Bella - Calvados","_seopress_titles_desc":"Achetez votre mobil-home \u00e0 Ouistreham et venez vous ressourcer dans votre nid douillet quand vous le souhaitez, sur la p\u00e9riode d\u2019ouverture du camping","_seopress_robots_index":"","footnotes":""},"class_list":["post-63","page","type-page","status-publish","hentry"],"_links":{"self":[{"href":"https:\/\/mirabel-prairiesdelamer.com\/nl\/wp-json\/wp\/v2\/pages\/63","targetHints":{"allow":["GET"]}}],"collection":[{"href":"https:\/\/mirabel-prairiesdelamer.com\/nl\/wp-json\/wp\/v2\/pages"}],"about":[{"href":"https:\/\/mirabel-prairiesdelamer.com\/nl\/wp-json\/wp\/v2\/types\/page"}],"author":[{"embeddable":true,"href":"https:\/\/mirabel-prairiesdelamer.com\/nl\/wp-json\/wp\/v2\/users\/1"}],"replies":[{"embeddable":true,"href":"https:\/\/mirabel-prairiesdelamer.com\/nl\/wp-json\/wp\/v2\/comments?post=63"}],"version-history":[{"count":36,"href":"https:\/\/mirabel-prairiesdelamer.com\/nl\/wp-json\/wp\/v2\/pages\/63\/revisions"}],"predecessor-version":[{"id":14721,"href":"https:\/\/mirabel-prairiesdelamer.com\/nl\/wp-json\/wp\/v2\/pages\/63\/revisions\/14721"}],"wp:attachment":[{"href":"https:\/\/mirabel-prairiesdelamer.com\/nl\/wp-json\/wp\/v2\/media?parent=63"}],"curies":[{"name":"wp","href":"https:\/\/api.w.org\/{rel}","templated":true}]}}