{"id":12186,"date":"2024-09-17T15:48:09","date_gmt":"2024-09-17T13:48:09","guid":{"rendered":"https:\/\/www.domaine-prairiesdelamer.com\/?page_id=12186"},"modified":"2025-09-16T15:04:54","modified_gmt":"2025-09-16T13:04:54","slug":"het-sint-jakobsschelpenfeest-in-calvados","status":"publish","type":"page","link":"https:\/\/mirabel-prairiesdelamer.com\/nl\/la-fete-de-la-coquille-saint-jacques-dans-le-calvados\/","title":{"rendered":"Het sint-jakobsschelpfestival in Calvados"},"content":{"rendered":"<h1 class=\"wp-block-heading\">Het sint-jakobsschelpfestival in Calvados<\/h1>\n\n\n\n<h2 class=\"wp-block-heading has-text-align-center\"><strong>Elk jaar keert ze terug als een ware ster in Calvados. We hebben het uiteraard over de Sint-Jakobsschelp. Van oktober tot december vieren de kuststreken van Calvados feest ter ere van het paradepaardje van de regio. Dit is ons vakantie-idee voor een gastronomisch weekend op ons Normandische grondgebied.<\/strong><\/h2>\n\n\n\n<figure class=\"wp-block-image aligncenter size-full\"><img loading=\"lazy\" decoding=\"async\" width=\"50\" height=\"8\" src=\"https:\/\/www.mirabel-prairiesdelamer.com\/wp-content\/uploads\/2023\/09\/image.png\" alt=\"\" class=\"wp-image-12144\"\/><\/figure>\n\n\n\n<div class=\"wp-block-media-text alignwide is-stacked-on-mobile\" style=\"grid-template-columns:48% auto\"><figure class=\"wp-block-media-text__media\"><img loading=\"lazy\" decoding=\"async\" width=\"800\" height=\"485\" src=\"https:\/\/www.mirabel-prairiesdelamer.com\/wp-content\/uploads\/2023\/09\/coquilles-saint-jacques-fete-de-la-coquille-2.jpg\" alt=\"Festival van de Sint-Jakobsschelp Calvados\" class=\"wp-image-12181 size-full\" srcset=\"https:\/\/mirabel-prairiesdelamer.com\/wp-content\/uploads\/2023\/09\/coquilles-saint-jacques-fete-de-la-coquille-2.jpg 800w, https:\/\/mirabel-prairiesdelamer.com\/wp-content\/uploads\/2023\/09\/coquilles-saint-jacques-fete-de-la-coquille-2-300x182.jpg 300w, https:\/\/mirabel-prairiesdelamer.com\/wp-content\/uploads\/2023\/09\/coquilles-saint-jacques-fete-de-la-coquille-2-768x466.jpg 768w\" sizes=\"auto, (max-width: 800px) 100vw, 800px\" \/><\/figure><div class=\"wp-block-media-text__content\">\n<h3 class=\"wp-block-heading\"><strong>De Sint-Jakobsschelp uit Normandi\u00eb<\/strong><\/h3>\n\n\n\n<p><\/p>\n\n\n\n<p>Waardig symbool van de regio, <strong>Sint-Jakobsschelp<\/strong> is onbetwistbaar HET nummer 1 product van de<strong> <a href=\"https:\/\/www.normandie-tourisme.fr\/partie-de-peche-a-pied-a-luc-sur-mer\/\" target=\"_blank\" rel=\"noreferrer noopener\">vissen in Normandi\u00eb<\/a><\/strong>. Zeer gereguleerd, het seizoen is <strong>opening van de 1<sup>er<\/sup> oktober tot 15 mei <\/strong>Voor visserij op blote voeten moet de wettelijke minimummaat 11 cm zijn. Elk jaar komen honderden van jullie om door te brengen <strong>jouw weekend in Calvados<\/strong> om de parel op de kroon te vinden, uitgerust met je laarzen en je regenjas. &nbsp;<strong>Sint-jakobsschelp <\/strong>fascineert en vooral, het prikkelt uw smaakpapillen. De grootste restaurateurs vechten er elk seizoen om.<\/p>\n\n\n\n<figure class=\"wp-block-image alignright size-full is-resized\"><img loading=\"lazy\" decoding=\"async\" width=\"320\" height=\"306\" src=\"https:\/\/www.mirabel-prairiesdelamer.com\/wp-content\/uploads\/2022\/01\/Coquillage-1.png\" alt=\"Schelp\" class=\"wp-image-2241\" style=\"width:122px;height:117px\" srcset=\"https:\/\/mirabel-prairiesdelamer.com\/wp-content\/uploads\/2022\/01\/Coquillage-1.png 320w, https:\/\/mirabel-prairiesdelamer.com\/wp-content\/uploads\/2022\/01\/Coquillage-1-300x287.png 300w\" sizes=\"auto, (max-width: 320px) 100vw, 320px\" \/><\/figure>\n\n\n\n<p><\/p>\n<\/div><\/div>\n\n\n\n<p><\/p>\n\n\n\n<div class=\"wp-block-media-text alignwide has-media-on-the-right is-stacked-on-mobile is-image-fill-element front-page-section grey\"><div class=\"wp-block-media-text__content\">\n<p><\/p>\n\n\n\n<h3 class=\"wp-block-heading\"><strong>Data van het Sint-Jakobsschelpenfestival in Calvados<\/strong><\/h3>\n\n\n\n<p><\/p>\n\n\n\n<p><strong>De Sint-Jakobsschelp <\/strong>lokt een zeker enthousiasme uit en van <strong>Veel gemeenten hebben besloten het te vieren <\/strong>zoals het hoort. Verkoop rechtstreeks van de producent, concerten, tentoonstellingen, lokale markten, schilwedstrijden, rondleidingen, uitzonderlijke opening van <a href=\"https:\/\/www.caenlamer-tourisme.fr\/patrimoine-culturel\/le-phare-de-ouistreham\/\" target=\"_blank\" rel=\"noreferrer noopener\">Vuurtoren van Ouistreham<\/a>, de <strong>meerdere animaties<\/strong> Verlevendig deze feesten in de 4 uithoeken van het departement. Zoom in op de data van 2025:<\/p>\n\n\n\n<ul class=\"wp-block-list\">\n<li><strong>18 en 19 oktober in Ouistreham: <\/strong>Afspraak in de haven voor de onmisbare \u00abSint-Jakobsschelpenfeest\u00bb die elk jaar duizenden bezoekers trekt.<\/li>\n\n\n\n<li><strong>Van 24 tot 26 oktober in Villers-sur-Mer:<\/strong> Het is de 30e editie. Concerten, animatie en een groot vuurwerk wachten op u!<\/li>\n\n\n\n<li><strong>8 en 9 november in Port-en-Bessin:<\/strong> \u00ab Le Go\u00fbt du Large \u00bb en het festival \u00ab Musique sous les embruns \u00bb staan in november op het programma in de buurt van Bayeux.<\/li>\n\n\n\n<li><strong>22 en 23 november in Courseulles-sur-Mer<\/strong>&nbsp;de stad viert de gastronomie elk jaar met haar traditionele \u00abFeest van de Sint-jakobsschelp, de zeevruchten en de gastronomie\u00bb gedurende 2 dagen.<\/li>\n\n\n\n<li><strong>29 en 30 november in Grandcamp-Maisy<\/strong>&nbsp;Ter gelegenheid van \u00abSaint Jacques en F\u00eate\u00bb, kom de vissers van Grandcamp-Maisy ontmoeten.<\/li>\n\n\n\n<li><strong>6 en 7 december in Trouville-sur-Mer: <\/strong>Afspraak voor de Sint-jakobsschelpenmarkt in de buurt van Deauville.<\/li>\n<\/ul>\n<\/div><figure class=\"wp-block-media-text__media\"><img loading=\"lazy\" decoding=\"async\" width=\"1024\" height=\"696\" src=\"https:\/\/mirabel-prairiesdelamer.com\/wp-content\/uploads\/2023\/09\/fete-de-la-coquille-ouistreham-1-1024x696.jpeg\" alt=\"Sint-Jakobsschelpenfeest\" class=\"wp-image-12221 size-full\" style=\"object-position:50% 50%\" srcset=\"https:\/\/mirabel-prairiesdelamer.com\/wp-content\/uploads\/2023\/09\/fete-de-la-coquille-ouistreham-1-1024x696.jpeg 1024w, https:\/\/mirabel-prairiesdelamer.com\/wp-content\/uploads\/2023\/09\/fete-de-la-coquille-ouistreham-1-300x204.jpeg 300w, https:\/\/mirabel-prairiesdelamer.com\/wp-content\/uploads\/2023\/09\/fete-de-la-coquille-ouistreham-1-768x522.jpeg 768w, https:\/\/mirabel-prairiesdelamer.com\/wp-content\/uploads\/2023\/09\/fete-de-la-coquille-ouistreham-1-1536x1044.jpeg 1536w, https:\/\/mirabel-prairiesdelamer.com\/wp-content\/uploads\/2023\/09\/fete-de-la-coquille-ouistreham-1.jpeg 2048w\" sizes=\"auto, (max-width: 1024px) 100vw, 1024px\" \/><\/figure><\/div>\n\n\n\n<p><\/p>\n\n\n\n<div class=\"wp-block-group is-vertical is-layout-flex wp-container-core-group-is-layout-fe9cc265 wp-block-group-is-layout-flex\"><\/div>\n\n\n\n<div class=\"wp-block-media-text alignwide is-stacked-on-mobile animate left\"><figure class=\"wp-block-media-text__media\"><img loading=\"lazy\" decoding=\"async\" width=\"1024\" height=\"682\" src=\"https:\/\/www.mirabel-prairiesdelamer.com\/wp-content\/uploads\/2023\/09\/plat-gastronomie-coquille-saint-jacques-1024x682.jpg\" alt=\"gastronomie plat coquille saint jacques recept\" class=\"wp-image-12192 size-full\" srcset=\"https:\/\/mirabel-prairiesdelamer.com\/wp-content\/uploads\/2023\/09\/plat-gastronomie-coquille-saint-jacques-1024x682.jpg 1024w, https:\/\/mirabel-prairiesdelamer.com\/wp-content\/uploads\/2023\/09\/plat-gastronomie-coquille-saint-jacques-300x200.jpg 300w, https:\/\/mirabel-prairiesdelamer.com\/wp-content\/uploads\/2023\/09\/plat-gastronomie-coquille-saint-jacques-768x512.jpg 768w, https:\/\/mirabel-prairiesdelamer.com\/wp-content\/uploads\/2023\/09\/plat-gastronomie-coquille-saint-jacques.jpg 1280w\" sizes=\"auto, (max-width: 1024px) 100vw, 1024px\" \/><\/figure><div class=\"wp-block-media-text__content\">\n<p><\/p>\n\n\n\n<h3 class=\"wp-block-heading\"><strong>Onze receptidee\u00ebn met Sint-Jakobsschelpen<\/strong><\/h3>\n\n\n\n<p>Nu je perfect bekend bent met de regelgeving van de <strong>Coquille vissen<\/strong> en dat u de beste producten op ons grondgebied hebt kunnen kopen, is het tijd om de keuken in te gaan! We hebben enkele voor u geselecteerd <strong>receptidee\u00ebn<\/strong> die ons hebben doen verlangen (zeker als je het recept maakt, stuur ons een foto \ud83d\ude42)<\/p>\n\n\n\n<ul class=\"wp-block-list\">\n<li><strong>Cassolette van Sint-Jakobsschelpen gratin<\/strong>&nbsp;: een eenvoudig en snel recept om te maken.<br>&gt; <a href=\"https:\/\/cuisine.journaldesfemmes.fr\/recette\/319462-cassolette-de-saint-jacques-gratinees\">https:\/\/cuisine.journaldesfemmes.fr\/recette\/319462-cassolette-de-saint-jacques-gratinees<\/a> <\/li>\n\n\n\n<li><strong>Gebakken coquilles<\/strong>&nbsp;: we zijn in Normandi\u00eb, dus we stellen dit recept met cider voor voor een maaltijd 100% lokaal! <br>&gt; <a href=\"https:\/\/cuisine.journaldesfemmes.fr\/recette\/354022-noix-de-saint-jacques-sautees-au-cidre-et-aux-endives\">https:\/\/cuisine.journaldesfemmes.fr\/recette\/354022-noix-de-saint-jacques-sautees-au-cidre-et-aux-endives<\/a><\/li>\n\n\n\n<li><strong>Sint-jakobsschelp spiesjes<\/strong>&nbsp;we verlengen de zomer met dit recept dat de zon terugbrengt op je bord. <br>&gt; <a href=\"https:\/\/cuisine.journaldesfemmes.fr\/recette\/332935-brochette-de-saint-jacques\">https:\/\/cuisine.journaldesfemmes.fr\/recette\/332935-brochette-de-saint-jacques<\/a><\/li>\n<\/ul>\n\n\n\n<p><\/p>\n<\/div><\/div>\n\n\n\n<p><\/p>\n\n\n\n<p><\/p>\n\n\n\n<div class=\"wp-block-group card card-body border border-info is-layout-constrained wp-block-group-is-layout-constrained\">\n<div class=\"wp-block-group is-layout-constrained wp-block-group-is-layout-constrained\">\n<div class=\"wp-block-group is-layout-constrained wp-block-group-is-layout-constrained\">\n<div class=\"wp-block-group is-layout-constrained wp-block-group-is-layout-constrained\">\n<div class=\"wp-block-group is-layout-constrained wp-block-group-is-layout-constrained\">\n<h2 class=\"wp-block-heading has-text-align-center\"><strong>Zoekt u een slaapplek tijdens het Sint-Jakobsschelpfeest <\/strong>in Normandi\u00eb<strong>&nbsp;?<\/strong><\/h2>\n\n\n\n<figure class=\"wp-block-image aligncenter size-full\"><img loading=\"lazy\" decoding=\"async\" width=\"50\" height=\"8\" src=\"https:\/\/www.mirabel-prairiesdelamer.com\/wp-content\/uploads\/2023\/09\/image.png\" alt=\"\" class=\"wp-image-12144\"\/><\/figure>\n<\/div>\n\n\n\n<p class=\"has-text-align-center\">Onze <strong>Camping Mirabel les Prairies de la Mer<\/strong> is open tijdens de <strong>Feest van de Sint-jakobsschelp van Ouistreham<\/strong>. Nee <strong><a href=\"https:\/\/mirabel-prairiesdelamer.com\/nl\/verhuur-stacaravan-normandie\/\" target=\"_blank\" rel=\"noreferrer noopener\">verhuur stacaravans<\/a><\/strong> volledig uitgerust zullen perfect zijn voor een weekendje weg in oktober in Normandi\u00eb! Kies de uwe en kom genieten, voor of na de gastronomische festiviteiten, van <strong><a href=\"https:\/\/mirabel-prairiesdelamer.com\/nl\/camping-normandie-ruimte-aquatique\/\" target=\"_blank\" rel=\"noreferrer noopener\">onze p<\/a><a href=\"https:\/\/mirabel-prairiesdelamer.com\/nl\/camping-normandie-ruimte-aquatique\/\" target=\"_blank\" rel=\"noreferrer noopener\">i<\/a><a href=\"https:\/\/mirabel-prairiesdelamer.com\/nl\/camping-normandie-ruimte-aquatique\/\" target=\"_blank\" rel=\"noreferrer noopener\">sc\u00e8ne ontdekt<\/a><\/strong> en verwarmde of <strong>sauna<\/strong> om te luieren.<\/p>\n\n\n\n<figure class=\"wp-block-image aligncenter size-full is-resized\"><a href=\"https:\/\/mirabel-prairiesdelamer.com\/nl\/verhuur-stacaravan-normandie\/\" target=\"_blank\" rel=\"noreferrer noopener\"><img loading=\"lazy\" decoding=\"async\" width=\"700\" height=\"467\" src=\"https:\/\/www.mirabel-prairiesdelamer.com\/wp-content\/uploads\/2023\/02\/mobil-home-location-vacances.jpg\" alt=\"verhuur van volledig uitgeruste stacaravans\" class=\"wp-image-10804\" style=\"width:504px;height:336px\" srcset=\"https:\/\/mirabel-prairiesdelamer.com\/wp-content\/uploads\/2023\/02\/mobil-home-location-vacances.jpg 700w, https:\/\/mirabel-prairiesdelamer.com\/wp-content\/uploads\/2023\/02\/mobil-home-location-vacances-300x200.jpg 300w\" sizes=\"auto, (max-width: 700px) 100vw, 700px\" \/><\/a><\/figure>\n<\/div>\n<\/div>\n<\/div>\n<\/div>","protected":false},"excerpt":{"rendered":"<p>La F\u00eate de la Coquille Saint-Jacques dans le Calvados Chaque ann\u00e9e, elle revient telle une v\u00e9ritable star dans le Calvados. [&hellip;]<\/p>\n","protected":false},"author":2,"featured_media":0,"parent":0,"menu_order":0,"comment_status":"closed","ping_status":"closed","template":"","meta":{"_seopress_robots_primary_cat":"","_seopress_titles_title":"La F\u00eate de la Coquille Saint Jacques dans le Calvados","_seopress_titles_desc":"Chaque ann\u00e9e, la star de la p\u00eache en Normandie, la Coquille Saint Jacques est de retour ! D'octobre \u00e0 mai, la saison bat son plein et de nombreuses f\u00eates sont organis\u00e9es sur les c\u00f4tes normandes et notamment la F\u00eate de la Coquille \u00e0 Ouistreham. Venez passer un week-end dans notre Camping Mirabel Les Prairies de la Mer en location de mobil-home et profitez de la f\u00eate.","_seopress_robots_index":"","footnotes":""},"class_list":["post-12186","page","type-page","status-publish","hentry"],"_links":{"self":[{"href":"https:\/\/mirabel-prairiesdelamer.com\/nl\/wp-json\/wp\/v2\/pages\/12186","targetHints":{"allow":["GET"]}}],"collection":[{"href":"https:\/\/mirabel-prairiesdelamer.com\/nl\/wp-json\/wp\/v2\/pages"}],"about":[{"href":"https:\/\/mirabel-prairiesdelamer.com\/nl\/wp-json\/wp\/v2\/types\/page"}],"author":[{"embeddable":true,"href":"https:\/\/mirabel-prairiesdelamer.com\/nl\/wp-json\/wp\/v2\/users\/2"}],"replies":[{"embeddable":true,"href":"https:\/\/mirabel-prairiesdelamer.com\/nl\/wp-json\/wp\/v2\/comments?post=12186"}],"version-history":[{"count":39,"href":"https:\/\/mirabel-prairiesdelamer.com\/nl\/wp-json\/wp\/v2\/pages\/12186\/revisions"}],"predecessor-version":[{"id":16192,"href":"https:\/\/mirabel-prairiesdelamer.com\/nl\/wp-json\/wp\/v2\/pages\/12186\/revisions\/16192"}],"wp:attachment":[{"href":"https:\/\/mirabel-prairiesdelamer.com\/nl\/wp-json\/wp\/v2\/media?parent=12186"}],"curies":[{"name":"wp","href":"https:\/\/api.w.org\/{rel}","templated":true}]}}