{"id":895,"date":"2021-12-20T11:14:26","date_gmt":"2021-12-20T10:14:26","guid":{"rendered":"https:\/\/www.campinglarenaudiere.com\/?page_id=895"},"modified":"2026-02-25T12:11:01","modified_gmt":"2026-02-25T11:11:01","slug":"tourism-culture-and-heritage","status":"publish","type":"page","link":"https:\/\/mirabel-prairiesdelamer.com\/en\/les-experiences\/tourisme-culture-et-patrimoine\/","title":{"rendered":"Medieval Experience"},"content":{"rendered":"<h1 class=\"wp-block-heading\" id=\"vivez-l-experience-du-moyen-age\"><strong>Experience the Middle Ages<\/strong> in Calvados<\/h1>\n\n\n\n<p class=\"has-text-align-center\">Following in the footsteps of William the Conqueror, step back in time and discover the medieval sites of Calvados, and other important historical figures. From Caen to Bayeux, via Falaise, there are numerous castles, abbeys and other sites to visit.&nbsp;<\/p>\n\n\n\n<figure class=\"wp-block-image aligncenter size-full\"><img decoding=\"async\" src=\"https:\/\/www.mirabel-prairiesdelamer.com\/wp-content\/uploads\/2022\/01\/barre-bleue.png\" alt=\"\" class=\"wp-image-2382\"\/><\/figure>\n\n\n\n<div class=\"wp-block-media-text alignwide is-stacked-on-mobile is-image-fill-element\"><figure class=\"wp-block-media-text__media\"><a href=\"https:\/\/mirabel-prairiesdelamer.com\/wp-content\/uploads\/2022\/02\/Chateau-Crevecoeur-medieval2-1.jpg\"><img loading=\"lazy\" decoding=\"async\" width=\"1024\" height=\"683\" src=\"https:\/\/mirabel-prairiesdelamer.com\/wp-content\/uploads\/2022\/02\/Chateau-Crevecoeur-medieval2-1-1024x683.jpg\" alt=\"chateau de Cr\u00e8vecoeur Calvados\" class=\"wp-image-5508 size-full\" style=\"object-position:50% 50%\" srcset=\"https:\/\/mirabel-prairiesdelamer.com\/wp-content\/uploads\/2022\/02\/Chateau-Crevecoeur-medieval2-1-1024x683.jpg 1024w, https:\/\/mirabel-prairiesdelamer.com\/wp-content\/uploads\/2022\/02\/Chateau-Crevecoeur-medieval2-1-300x200.jpg 300w, https:\/\/mirabel-prairiesdelamer.com\/wp-content\/uploads\/2022\/02\/Chateau-Crevecoeur-medieval2-1-768x512.jpg 768w, https:\/\/mirabel-prairiesdelamer.com\/wp-content\/uploads\/2022\/02\/Chateau-Crevecoeur-medieval2-1-1536x1024.jpg 1536w, https:\/\/mirabel-prairiesdelamer.com\/wp-content\/uploads\/2022\/02\/Chateau-Crevecoeur-medieval2-1.jpg 1920w\" sizes=\"auto, (max-width: 1024px) 100vw, 1024px\" \/><\/a><\/figure><div class=\"wp-block-media-text__content\">\n<h2 class=\"wp-block-heading has-medium-font-size\"><strong><strong>Exceptional medieval castles<\/strong><\/strong> near Caen<\/h2>\n\n\n\n<figure class=\"wp-block-image size-large\"><img decoding=\"async\" src=\"https:\/\/mirabel-prairiesdelamer.com\/wp-content\/uploads\/2022\/01\/barre-bleue.png\" alt=\"\"\/><figcaption class=\"wp-element-caption\">Numerous castles adorn the Normandy landscape, including those built in the\u2019<strong>time of William the Conqueror<\/strong>. The Ch\u00e2teau de Falaise (40 min), which bears its name, was the birthplace of the future King of England. Fully restored, it is now open to visitors, much to the delight of history buffs. You can also take a stroll along the ramparts, as well as at the <strong>Castle of <a href=\"https:\/\/mirabel-prairiesdelamer.com\/en\/camping-caen\/\" data-type=\"page\" data-id=\"69\">Caen<\/a><\/strong>, accessible free of charge. The Ch\u00e2teau Ducal, right in the center of town, was built by William the Conqueror himself in 1060 and still bears witness to his presence in Normandy. It's a must-see if you're passing through Caen.<br>&nbsp;<br>Further on, the <strong>Ch\u00e2teau de Cr\u00e8vec\u0153ur <\/strong>(40 min), dating from the 15th century, plunges you into the heart of medieval times with its pottery, dovecote, chapel and barn.&nbsp;<br>Then west of Caen, near Isigny-sur-Mer, the <strong>Colombi\u00e8res Castle<\/strong> (52 min) dating from the 14th century, was built according to the defensive architecture typical of feudal constructions. Centuries later, in June 1944, the fortress became home to the American propaganda services.<\/figcaption><\/figure>\n<\/div><\/div>\n\n\n\n<div style=\"height:40px\" aria-hidden=\"true\" class=\"wp-block-spacer\"><\/div>\n\n\n\n<div class=\"wp-block-media-text alignwide has-media-on-the-right is-stacked-on-mobile front-page-section grey animate right\"><div class=\"wp-block-media-text__content\">\n<p class=\"has-medium-font-size\"><strong><strong>The Bayeux Tapestry - The conquest of England<\/strong><\/strong><\/p>\n\n\n\n<figure class=\"wp-block-image size-large is-resized\"><img decoding=\"async\" src=\"https:\/\/mirabel-prairiesdelamer.com\/wp-content\/uploads\/2022\/01\/barre-bleue.png\" alt=\"\" style=\"aspect-ratio:1;object-fit:contain;width:67px;height:auto\"\/><figcaption class=\"wp-element-caption\">70m long, the <a rel=\"noreferrer noopener\" href=\"https:\/\/www.bayeuxmuseum.com\/la-tapisserie-de-bayeux\/\" target=\"_blank\"><strong>Bayeux Tapestry<\/strong><\/a> tells the story of the Duke of Normandy and King of England, <strong>William the Conqueror<\/strong>. This embroidered canvas plunges us into the story of 1066 and the various events leading up to the conquest of England. You'll see Drakkars crossing the sea, shields and chain mail, fantastic animals, battlefields and other references to this medieval quest. Visit <strong>audio guides<\/strong> (16 languages available), 3D scenes and a film. This place is <strong>3-step tour<\/strong> and will appeal to young and old alike.<\/figcaption><\/figure>\n<\/div><figure class=\"wp-block-media-text__media\"><a href=\"https:\/\/mirabel-prairiesdelamer.com\/wp-content\/uploads\/2022\/02\/Tapisserie_de_Bayeux-Tapisserie_de_Bayeux-1.jpg\"><img loading=\"lazy\" decoding=\"async\" width=\"1024\" height=\"788\" src=\"https:\/\/mirabel-prairiesdelamer.com\/wp-content\/uploads\/2022\/02\/Tapisserie_de_Bayeux-Tapisserie_de_Bayeux-1-1024x788.jpg\" alt=\"Bayeux tapestry museum\" class=\"wp-image-5221 size-full\" srcset=\"https:\/\/mirabel-prairiesdelamer.com\/wp-content\/uploads\/2022\/02\/Tapisserie_de_Bayeux-Tapisserie_de_Bayeux-1-1024x788.jpg 1024w, https:\/\/mirabel-prairiesdelamer.com\/wp-content\/uploads\/2022\/02\/Tapisserie_de_Bayeux-Tapisserie_de_Bayeux-1-300x231.jpg 300w, https:\/\/mirabel-prairiesdelamer.com\/wp-content\/uploads\/2022\/02\/Tapisserie_de_Bayeux-Tapisserie_de_Bayeux-1-768x591.jpg 768w, https:\/\/mirabel-prairiesdelamer.com\/wp-content\/uploads\/2022\/02\/Tapisserie_de_Bayeux-Tapisserie_de_Bayeux-1.jpg 1200w\" sizes=\"auto, (max-width: 1024px) 100vw, 1024px\" \/><\/a><\/figure><\/div>\n\n\n\n<div class=\"wp-block-media-text alignwide is-stacked-on-mobile is-image-fill-element animate left\"><figure class=\"wp-block-media-text__media\"><a href=\"https:\/\/mirabel-prairiesdelamer.com\/wp-content\/uploads\/2022\/02\/Abbaye-Longues-sur-Mer-1.jpg\"><img loading=\"lazy\" decoding=\"async\" width=\"1024\" height=\"683\" src=\"https:\/\/mirabel-prairiesdelamer.com\/wp-content\/uploads\/2022\/02\/Abbaye-Longues-sur-Mer-1-1024x683.jpg\" alt=\"abbaye de longue sur mer\" class=\"wp-image-5509 size-full\" style=\"object-position:50% 50%\" srcset=\"https:\/\/mirabel-prairiesdelamer.com\/wp-content\/uploads\/2022\/02\/Abbaye-Longues-sur-Mer-1-1024x683.jpg 1024w, https:\/\/mirabel-prairiesdelamer.com\/wp-content\/uploads\/2022\/02\/Abbaye-Longues-sur-Mer-1-300x200.jpg 300w, https:\/\/mirabel-prairiesdelamer.com\/wp-content\/uploads\/2022\/02\/Abbaye-Longues-sur-Mer-1-768x512.jpg 768w, https:\/\/mirabel-prairiesdelamer.com\/wp-content\/uploads\/2022\/02\/Abbaye-Longues-sur-Mer-1-1536x1024.jpg 1536w, https:\/\/mirabel-prairiesdelamer.com\/wp-content\/uploads\/2022\/02\/Abbaye-Longues-sur-Mer-1.jpg 1920w\" sizes=\"auto, (max-width: 1024px) 100vw, 1024px\" \/><\/a><\/figure><div class=\"wp-block-media-text__content\">\n<p class=\"has-medium-font-size\"><strong><strong><strong>The Abbeys of Calvados through the ages<\/strong><\/strong><\/strong><\/p>\n\n\n\n<figure class=\"wp-block-image size-full\"><img decoding=\"async\" src=\"https:\/\/www.mirabel-prairiesdelamer.com\/wp-content\/uploads\/2022\/01\/barre-bleue.png\" alt=\"\" class=\"wp-image-2382\"\/><figcaption class=\"wp-element-caption\">In the past, abbeys were home to communities of monks and nuns. Numerous buildings have been preserved and are still open to visitors in the vicinity of <a href=\"https:\/\/mirabel-prairiesdelamer.com\/en\/camping-ouistreham\/\" data-type=\"page\" data-id=\"67\">Ouistreham<\/a>. <strong>The two largest abbeys <\/strong>are Caen's Abbaye aux Hommes and Abbaye aux Dames, both built by William the Conqueror! Today, the Abbaye aux Hommes houses Caen's town hall and William's tomb. The Abbaye aux Dames is now the headquarters of the Normandy Regional Council. The park and its famous <strong>Cedar of Lebanon <\/strong>offers a panoramic view of the city. All year round, take advantage of our evening and theatrical tours. <br><br>Other abbeys just a short distance away are just as magnificent. <strong>Longues-sur-Mer Abbey<\/strong> (40 min), founded in the 12th century. Its gardens have been preserved and offer a lovely walk to the monks' fishpond. <strong>Demonstrations <\/strong>are organized on a regular basis, giving visitors the chance to appreciate the site from a completely different angle, to everyone's delight!<\/figcaption><\/figure>\n<\/div><\/div>\n\n\n\n<div style=\"height:40px\" aria-hidden=\"true\" class=\"wp-block-spacer\"><\/div>\n\n\n\n<figure class=\"wp-block-image aligncenter size-large is-resized mt-5\"><img decoding=\"async\" src=\"https:\/\/mirabel-prairiesdelamer.com\/wp-content\/uploads\/2022\/01\/photo-1024x84.png\" alt=\"photo gallery\"\/><\/figure>\n\n\n\t\t\t<div id=\"sevgallery-1740019105\" class=\"sev-diaporama sev-diaporama-portfolio\">\r\n\t\t\t\t<div class=\"row\">\r\n\r\n\t\t\t\t\t\r\n\t\t\t\t\t\t\r\n\t\t\t\t\t\t<div class=\"sev-diaporama-portfolio-item   btnseeall btnseeall-xl col-12 col-md  col-shrink\">\r\n\t\t\t\t\t\t\t<a href=\"https:\/\/mirabel-prairiesdelamer.com\/wp-content\/uploads\/2022\/02\/Chatea-Falaise-Guillaume-le-conquerant-1024x683.jpg\" data-lightbox=\"sevgallery-1740019105\" style=\"background-image: url(https:\/\/mirabel-prairiesdelamer.com\/wp-content\/uploads\/2022\/02\/Chatea-Falaise-Guillaume-le-conquerant-1024x683.jpg)\">\r\n\t\t\t\t\t\t\t\t<img decoding=\"async\" src=\"https:\/\/mirabel-prairiesdelamer.com\/wp-content\/uploads\/2022\/02\/Chatea-Falaise-Guillaume-le-conquerant-1024x683.jpg\" alt=\"chateau Falaise\" loading=\"lazy\">\r\n\t\t\t\t\t\t\t\t\t\t\t\t\t\t\t<\/a>\r\n\t\t\t\t\t\t<\/div>\r\n\r\n\t\t\t\t\t\t\r\n\t\t\t\t\t\t\t\t\t\t\t\t\t\t\t\t\t\r\n\t\t\t\t\t\t\r\n\t\t\t\t\t\t<div class=\"sev-diaporama-portfolio-item   btnseeall btnseeall-xl col-12 col-md  col-grow\">\r\n\t\t\t\t\t\t\t<a href=\"https:\/\/mirabel-prairiesdelamer.com\/wp-content\/uploads\/2022\/02\/visite-guidee-chateau-calvados-683x1024.jpg\" data-lightbox=\"sevgallery-1740019105\" style=\"background-image: url(https:\/\/mirabel-prairiesdelamer.com\/wp-content\/uploads\/2022\/02\/visite-guidee-chateau-calvados-683x1024.jpg)\">\r\n\t\t\t\t\t\t\t\t<img decoding=\"async\" src=\"https:\/\/mirabel-prairiesdelamer.com\/wp-content\/uploads\/2022\/02\/visite-guidee-chateau-calvados-683x1024.jpg\" alt=\"chateau calvados\" loading=\"lazy\">\r\n\t\t\t\t\t\t\t\t\t\t\t\t\t\t\t<\/a>\r\n\t\t\t\t\t\t<\/div>\r\n\r\n\t\t\t\t\t\t\r\n\t\t\t\t\t\t\t\t\t\t\t\t\t\t\t\t\t\r\n\t\t\t\t\t\t\r\n\t\t\t\t\t\t<div class=\"sev-diaporama-portfolio-item   btnseeall btnseeall-xl col-12 col-md  col-grow\">\r\n\t\t\t\t\t\t\t<a href=\"https:\/\/mirabel-prairiesdelamer.com\/wp-content\/uploads\/2022\/02\/Tapisserie-Bayeux-visite-1024x683.jpg\" data-lightbox=\"sevgallery-1740019105\" style=\"background-image: url(https:\/\/mirabel-prairiesdelamer.com\/wp-content\/uploads\/2022\/02\/Tapisserie-Bayeux-visite-1024x683.jpg)\">\r\n\t\t\t\t\t\t\t\t<img decoding=\"async\" src=\"https:\/\/mirabel-prairiesdelamer.com\/wp-content\/uploads\/2022\/02\/Tapisserie-Bayeux-visite-1024x683.jpg\" alt=\"visit tapestry of bayeu\" loading=\"lazy\">\r\n\t\t\t\t\t\t\t\t\t\t\t\t\t\t\t<\/a>\r\n\t\t\t\t\t\t<\/div>\r\n\r\n\t\t\t\t\t\t\r\n\t\t\t\t\t\t\t\t\t\t\t\t\t\t\t\t\t\r\n\t\t\t\t\t\t\r\n\t\t\t\t\t\t<div class=\"sev-diaporama-portfolio-item   btnseeall btnseeall-xl col-12 col-md  col-shrink\">\r\n\t\t\t\t\t\t\t<a href=\"https:\/\/mirabel-prairiesdelamer.com\/wp-content\/uploads\/2022\/02\/Tapisserie_de_Bayeux-Tapisserie_de_Bayeux-1024x672.jpg\" data-lightbox=\"sevgallery-1740019105\" style=\"background-image: url(https:\/\/mirabel-prairiesdelamer.com\/wp-content\/uploads\/2022\/02\/Tapisserie_de_Bayeux-Tapisserie_de_Bayeux-1024x672.jpg)\">\r\n\t\t\t\t\t\t\t\t<img decoding=\"async\" src=\"https:\/\/mirabel-prairiesdelamer.com\/wp-content\/uploads\/2022\/02\/Tapisserie_de_Bayeux-Tapisserie_de_Bayeux-1024x672.jpg\" alt=\"bayeux tapestry\" loading=\"lazy\">\r\n\t\t\t\t\t\t\t\t\t\t\t\t\t\t\t<\/a>\r\n\t\t\t\t\t\t<\/div>\r\n\r\n\t\t\t\t\t\t\t\t\t\t\t\t\t<div class=\"w-100\"><\/div>\r\n\t\t\t\t\t\t\t\t\t\t\t\t\t\r\n\t\t\t\t\t\t\t\t\t\t\t\t\t\t\t\t\t\r\n\t\t\t\t\t\t\r\n\t\t\t\t\t\t<div class=\"sev-diaporama-portfolio-item   btnseeall btnseeall-xl col-12 col-md  col-shrink\">\r\n\t\t\t\t\t\t\t<a href=\"https:\/\/mirabel-prairiesdelamer.com\/wp-content\/uploads\/2022\/02\/Chateau-Crevecoeur-medieval-1024x683.jpg\" data-lightbox=\"sevgallery-1740019105\" style=\"background-image: url(https:\/\/mirabel-prairiesdelamer.com\/wp-content\/uploads\/2022\/02\/Chateau-Crevecoeur-medieval-1024x683.jpg)\">\r\n\t\t\t\t\t\t\t\t<img decoding=\"async\" src=\"https:\/\/mirabel-prairiesdelamer.com\/wp-content\/uploads\/2022\/02\/Chateau-Crevecoeur-medieval-1024x683.jpg\" alt=\"Chateau crevecoeur\" loading=\"lazy\">\r\n\t\t\t\t\t\t\t\t\t\t\t\t\t\t\t<\/a>\r\n\t\t\t\t\t\t<\/div>\r\n\r\n\t\t\t\t\t\t\r\n\t\t\t\t\t\t\t\t\t\t\t\t\t\t\t\t\t\r\n\t\t\t\t\t\t\r\n\t\t\t\t\t\t<div class=\"sev-diaporama-portfolio-item   btnseeall btnseeall-xl col-12 col-md\">\r\n\t\t\t\t\t\t\t<a href=\"https:\/\/mirabel-prairiesdelamer.com\/wp-content\/uploads\/2022\/02\/Caen-abbaye-Dames-1024x668.jpg\" data-lightbox=\"sevgallery-1740019105\" style=\"background-image: url(https:\/\/mirabel-prairiesdelamer.com\/wp-content\/uploads\/2022\/02\/Caen-abbaye-Dames-1024x668.jpg)\">\r\n\t\t\t\t\t\t\t\t<img decoding=\"async\" src=\"https:\/\/mirabel-prairiesdelamer.com\/wp-content\/uploads\/2022\/02\/Caen-abbaye-Dames-1024x668.jpg\" alt=\"Caen Abbaye aux Dames\" loading=\"lazy\">\r\n\t\t\t\t\t\t\t\t\t\t\t\t\t\t\t<\/a>\r\n\t\t\t\t\t\t<\/div>\r\n\r\n\t\t\t\t\t\t\r\n\t\t\t\t\t\t\t\t\t\t\t\t\t\t\t\t\t\r\n\t\t\t\t\t\t\r\n\t\t\t\t\t\t<div class=\"sev-diaporama-portfolio-item   btnseeall btnseeall-xl col-12 col-md  col-shrink\">\r\n\t\t\t\t\t\t\t<a href=\"https:\/\/mirabel-prairiesdelamer.com\/wp-content\/uploads\/2022\/02\/Caen-Abbaye-aux-Hommes-1-1024x683.jpg\" data-lightbox=\"sevgallery-1740019105\" style=\"background-image: url(https:\/\/mirabel-prairiesdelamer.com\/wp-content\/uploads\/2022\/02\/Caen-Abbaye-aux-Hommes-1-1024x683.jpg)\">\r\n\t\t\t\t\t\t\t\t<img decoding=\"async\" src=\"https:\/\/mirabel-prairiesdelamer.com\/wp-content\/uploads\/2022\/02\/Caen-Abbaye-aux-Hommes-1-1024x683.jpg\" alt=\"Caen abbaye aux hommes\" loading=\"lazy\">\r\n\t\t\t\t\t\t\t\t\t\t\t\t\t\t\t<\/a>\r\n\t\t\t\t\t\t<\/div>\r\n\r\n\t\t\t\t\t\t\r\n\t\t\t\t\t\t\t\t\t\t\t\t\t\t\t\t\t\r\n\t\t\t\t\t\t\r\n\t\t\t\t\t\t<div class=\"sev-diaporama-portfolio-item  limitsm btnseeall btnseeall-xl col-12 col-md  col-shrink last-visible\">\r\n\t\t\t\t\t\t\t<a href=\"https:\/\/mirabel-prairiesdelamer.com\/en\/camping-normandie-photos\/\"  style=\"background-image: url(https:\/\/mirabel-prairiesdelamer.com\/wp-content\/uploads\/2022\/06\/suisse-normande-clecly-calvados-1024x683.jpg)\">\r\n\t\t\t\t\t\t\t\t<img decoding=\"async\" src=\"https:\/\/mirabel-prairiesdelamer.com\/wp-content\/uploads\/2022\/06\/suisse-normande-clecly-calvados-1024x683.jpg\" alt=\"Caen Abbaye aux Dames\" loading=\"lazy\">\r\n\t\t\t\t\t\t\t\t\t\t\t\t\t\t\t\t\t<img decoding=\"async\" src=\"https:\/\/mirabel-prairiesdelamer.com\/wp-content\/themes\/mirabel-site\/assets\/img\/voir-photos.png\" alt=\"\" \/>\r\n\t\t\t\t\t\t\t\t\t<span>See all photos<\/span>\r\n\t\t\t\t\t\t\t\t\t\t\t\t\t\t\t<\/a>\r\n\t\t\t\t\t\t<\/div>\r\n\r\n\t\t\t\t\t\t\t\t\t\t\t\t\t<div class=\"w-100\"><\/div>\r\n\t\t\t\t\t\t\t\t\t\t\t\t\t\r\n\t\t\t\t\t\t\t\t\t\t\t\t\t\t\t\t\t\t\t\t\t<\/div>\r\n\t\t\t<\/div>\r\n\r\n\t\t\t<script>\r\n\t\t\tjQuery(function($) {\r\n\r\n\t\t\t\tvar marginPortfolio = function() {\r\n\r\n\t\t\t\t\tvar $diapo          = $('#sevgallery-1740019105');\r\n\t\t\t\t\tvar container_width = $diapo.parent().outerWidth();\r\n\t\t\t\t\tvar side            = ( $(window).innerWidth() - container_width ) \/ 2;\r\n\r\n\t\t\t\t\t$diapo.css( {\r\n\t\t\t\t\t\t'margin-left': '-' + side + 'px',\r\n\t\t\t\t\t\t'margin-right': '-' + side + 'px',\r\n\t\t\t\t\t} );\r\n\t\t\t\t};\r\n\r\n\t\t\t\t$( window ).resize( function() {\r\n\t\t\t\t\tmarginPortfolio();\r\n\t\t\t\t} );\r\n\t\t\t\tmarginPortfolio();\r\n\t\t\t});\r\n\t\t\t<\/script>","protected":false},"excerpt":{"rendered":"<p>Vivez l\u2019exp\u00e9rience du Moyen-\u00c2ge dans le Calvados Sur les traces de Guillaume Le Conqu\u00e9rant, remontez le temps et partez \u00e0 [&hellip;]<\/p>\n","protected":false},"author":1,"featured_media":0,"parent":272,"menu_order":0,"comment_status":"closed","ping_status":"closed","template":"","meta":{"_seopress_robots_primary_cat":"","_seopress_titles_title":"Exp\u00e9rience m\u00e9di\u00e9vale : les ch\u00e2teaux et abbayes du Calvados","_seopress_titles_desc":"Sur les traces de Guillaume Le Conqu\u00e9rant, remontez le temps et partez \u00e0 la d\u00e9couverte des sites m\u00e9di\u00e9vaux du Calvados : ch\u00e2teaux, abbayes...","_seopress_robots_index":"","footnotes":""},"class_list":["post-895","page","type-page","status-publish","hentry"],"_links":{"self":[{"href":"https:\/\/mirabel-prairiesdelamer.com\/en\/wp-json\/wp\/v2\/pages\/895","targetHints":{"allow":["GET"]}}],"collection":[{"href":"https:\/\/mirabel-prairiesdelamer.com\/en\/wp-json\/wp\/v2\/pages"}],"about":[{"href":"https:\/\/mirabel-prairiesdelamer.com\/en\/wp-json\/wp\/v2\/types\/page"}],"author":[{"embeddable":true,"href":"https:\/\/mirabel-prairiesdelamer.com\/en\/wp-json\/wp\/v2\/users\/1"}],"replies":[{"embeddable":true,"href":"https:\/\/mirabel-prairiesdelamer.com\/en\/wp-json\/wp\/v2\/comments?post=895"}],"version-history":[{"count":31,"href":"https:\/\/mirabel-prairiesdelamer.com\/en\/wp-json\/wp\/v2\/pages\/895\/revisions"}],"predecessor-version":[{"id":18114,"href":"https:\/\/mirabel-prairiesdelamer.com\/en\/wp-json\/wp\/v2\/pages\/895\/revisions\/18114"}],"up":[{"embeddable":true,"href":"https:\/\/mirabel-prairiesdelamer.com\/en\/wp-json\/wp\/v2\/pages\/272"}],"wp:attachment":[{"href":"https:\/\/mirabel-prairiesdelamer.com\/en\/wp-json\/wp\/v2\/media?parent=895"}],"curies":[{"name":"wp","href":"https:\/\/api.w.org\/{rel}","templated":true}]}}