{"id":889,"date":"2021-12-20T11:10:21","date_gmt":"2021-12-20T10:10:21","guid":{"rendered":"https:\/\/www.campinglarenaudiere.com\/?page_id=889"},"modified":"2026-02-25T14:54:53","modified_gmt":"2026-02-25T13:54:53","slug":"sport-and-nature","status":"publish","type":"page","link":"https:\/\/mirabel-prairiesdelamer.com\/en\/les-experiences\/sport-et-nature\/","title":{"rendered":"Cycling Experience"},"content":{"rendered":"<h1 class=\"wp-block-heading\" id=\"decouvrez-le-calvados-a-velo-depuis-votre-camping-4-etoiles\"><strong>Discover Calvados by bike from your 4-star campsite<\/strong><\/h1>\n\n\n\n<p class=\"has-text-align-center\">Calvados is full of cycling paths for your sporty rides or family outings. Would you like to discover the Norman coast or the countryside side of the region? <br>Grab your backpack, pack your picnic, and take one of our many trails to escape wherever the wind may take you.<\/p>\n\n\n\n<figure class=\"wp-block-image aligncenter size-large\"><img decoding=\"async\" src=\"https:\/\/mirabel-prairiesdelamer.com\/wp-content\/uploads\/2022\/01\/barre-bleue.png\" alt=\"\"\/><\/figure>\n\n\n\n<div class=\"wp-block-media-text alignwide is-stacked-on-mobile is-image-fill-element\"><figure class=\"wp-block-media-text__media\"><a href=\"https:\/\/mirabel-prairiesdelamer.com\/wp-content\/uploads\/2022\/02\/velo-velomaritime-dday.jpg\"><img loading=\"lazy\" decoding=\"async\" width=\"1024\" height=\"683\" src=\"https:\/\/mirabel-prairiesdelamer.com\/wp-content\/uploads\/2022\/02\/velo-velomaritime-dday-1024x683.jpg\" alt=\"Water bike\" class=\"wp-image-5230 size-full\" style=\"object-position:50% 50%\" srcset=\"https:\/\/mirabel-prairiesdelamer.com\/wp-content\/uploads\/2022\/02\/velo-velomaritime-dday-1024x683.jpg 1024w, https:\/\/mirabel-prairiesdelamer.com\/wp-content\/uploads\/2022\/02\/velo-velomaritime-dday-300x200.jpg 300w, https:\/\/mirabel-prairiesdelamer.com\/wp-content\/uploads\/2022\/02\/velo-velomaritime-dday-768x512.jpg 768w, https:\/\/mirabel-prairiesdelamer.com\/wp-content\/uploads\/2022\/02\/velo-velomaritime-dday.jpg 1200w\" sizes=\"auto, (max-width: 1024px) 100vw, 1024px\" \/><\/a><\/figure><div class=\"wp-block-media-text__content\">\n<h2 class=\"wp-block-heading\" id=\"la-velo-maritime-longez-la-cote-normande-en-deux-roues\"><strong>The Maritime Bike Path \u2013 Cycle Along the Norman Coast<\/strong><\/h2>\n\n\n\n<figure class=\"wp-block-image size-large\"><img decoding=\"async\" src=\"https:\/\/mirabel-prairiesdelamer.com\/wp-content\/uploads\/2022\/01\/barre-bleue.png\" alt=\"\"\/><\/figure>\n\n\n\n<p>At the start of <strong>camping Les Prairies de la Mer<\/strong>, join Courseulles, Arromanches, or a bit further in the Manche department, Cherbourg, or even Mont-Saint-Michel thanks to <a href=\"https:\/\/www.lavelomaritime.fr\/itineraire\" target=\"_blank\" rel=\"noreferrer noopener\">The Maritime Bike Path<\/a>. This 1,500 km route will offer you a unique experience to discover, among other things, the <a href=\"https:\/\/mirabel-prairiesdelamer.com\/en\/remembrance-tourism\/\"><strong>D-Day Beaches<\/strong><\/a> or mythical sites of Normandy. Amateurs of <strong>gastronomy<\/strong>, ', of' <strong>cultural discovery<\/strong> and sports fans will be delighted.% continuous kilometers, stop whenever you wish to admire the scenery, take your picnic break, or have a snack, then turn back to the campsite on these safe and sometimes shared trails.<\/p>\n<\/div><\/div>\n\n\n\n<div style=\"height:40px\" aria-hidden=\"true\" class=\"wp-block-spacer\"><\/div>\n\n\n\n<div class=\"wp-block-media-text alignwide has-media-on-the-right is-stacked-on-mobile is-image-fill-element front-page-section grey\"><div class=\"wp-block-media-text__content\">\n<h2 class=\"wp-block-heading\" id=\"de-ouistreham-a-caen-par-le-canal\"><strong>From Ouistreham to Caen by Canal<\/strong><\/h2>\n\n\n\n<figure class=\"wp-block-image size-large\"><img decoding=\"async\" src=\"https:\/\/mirabel-prairiesdelamer.com\/wp-content\/uploads\/2022\/01\/barre-bleue.png\" alt=\"\"\/><\/figure>\n\n\n\n<p>Join the <strong>bike path along the sea <\/strong>from the campsite and leave <strong>Caen District<\/strong>. You will pass through the port of <a href=\"https:\/\/mirabel-prairiesdelamer.com\/en\/camping-ouistreham\/\" data-type=\"page\" data-id=\"67\">Ouistreham <\/a>where you can admire the magnificent lighthouse and the covered fish market. Continuing on your way, you will have no other choice but to follow the path along the canal, a real breath of fresh air full of calm and serenity! It will take you <strong>Cross B\u00e9nouville<\/strong>, this place steeped in history and its replica of Pegasus Bridge, visible in the distance.<\/p>\n\n\n\n<p>A few more kilometers and you'll arrive at <a href=\"https:\/\/mirabel-prairiesdelamer.com\/en\/camping-caen\/\">Caen<\/a> where many paths are possible <strong>to roam the city<\/strong> safely without having to worry about 4-wheeled vehicles. Each route will take you to discover the nooks and crannies of the city, and <strong>The must-sees<\/strong>\u00a0the castle, the\u2019<strong>City Hall<\/strong>, the Prairie, the Stade d'Ornano (home of the Caen Malherbe football club), the city center, the Colline aux Oiseaux (Bird Hill), and many others... A new way to visit the city that we invite you to try!<\/p>\n<\/div><figure class=\"wp-block-media-text__media\"><a href=\"https:\/\/mirabel-prairiesdelamer.com\/wp-content\/uploads\/2022\/02\/balade-velo-caen-.jpg\"><img loading=\"lazy\" decoding=\"async\" width=\"1024\" height=\"683\" src=\"https:\/\/mirabel-prairiesdelamer.com\/wp-content\/uploads\/2022\/02\/balade-velo-caen--1024x683.jpg\" alt=\"Bike ride in Caen\" class=\"wp-image-5514 size-full\" style=\"object-position:50% 50%\" srcset=\"https:\/\/mirabel-prairiesdelamer.com\/wp-content\/uploads\/2022\/02\/balade-velo-caen--1024x683.jpg 1024w, https:\/\/mirabel-prairiesdelamer.com\/wp-content\/uploads\/2022\/02\/balade-velo-caen--300x200.jpg 300w, https:\/\/mirabel-prairiesdelamer.com\/wp-content\/uploads\/2022\/02\/balade-velo-caen--768x512.jpg 768w, https:\/\/mirabel-prairiesdelamer.com\/wp-content\/uploads\/2022\/02\/balade-velo-caen--1536x1025.jpg 1536w, https:\/\/mirabel-prairiesdelamer.com\/wp-content\/uploads\/2022\/02\/balade-velo-caen-.jpg 1920w\" sizes=\"auto, (max-width: 1024px) 100vw, 1024px\" \/><\/a><\/figure><\/div>\n\n\n\n<div style=\"height:40px\" aria-hidden=\"true\" class=\"wp-block-spacer\"><\/div>\n\n\n\n<div class=\"wp-block-media-text alignwide is-stacked-on-mobile is-image-fill-element animate left\"><figure class=\"wp-block-media-text__media\"><img loading=\"lazy\" decoding=\"async\" width=\"1024\" height=\"708\" src=\"https:\/\/mirabel-prairiesdelamer.com\/wp-content\/uploads\/2022\/02\/balade-velo-famille-caen-1024x708.jpg\" alt=\"Family bike ride in Caen\" class=\"wp-image-5234 size-full\" style=\"object-position:50% 50%\" srcset=\"https:\/\/mirabel-prairiesdelamer.com\/wp-content\/uploads\/2022\/02\/balade-velo-famille-caen-1024x708.jpg 1024w, https:\/\/mirabel-prairiesdelamer.com\/wp-content\/uploads\/2022\/02\/balade-velo-famille-caen-300x208.jpg 300w, https:\/\/mirabel-prairiesdelamer.com\/wp-content\/uploads\/2022\/02\/balade-velo-famille-caen-768x531.jpg 768w, https:\/\/mirabel-prairiesdelamer.com\/wp-content\/uploads\/2022\/02\/balade-velo-famille-caen.jpg 1200w\" sizes=\"auto, (max-width: 1024px) 100vw, 1024px\" \/><\/figure><div class=\"wp-block-media-text__content\">\n<h2 class=\"wp-block-heading\" id=\"des-circuits-velo-accessibles-a-tous-pour-vos-balades-en-famille\"><strong>Bike routes for everyone for your family rides<\/strong><\/h2>\n\n\n\n<figure class=\"wp-block-image size-large\"><img decoding=\"async\" src=\"https:\/\/mirabel-prairiesdelamer.com\/wp-content\/uploads\/2022\/01\/barre-bleue.png\" alt=\"\"\/><\/figure>\n\n\n\n<p>There are major routes in the department, as well as smaller routes that can be done in 1 hour, half a day, or with family and small children. <strong>17 loops<\/strong> have been created between sea and countryside. From <strong>Ouistreham to Merville-Franceville<\/strong> 15 kilometers <strong>through the channel<\/strong>, along the Orne estuary, or on the other side towards Douvres-la-D\u00e9livrande (14 km). You will wander through <strong>small country roads<\/strong> where the landscape is charmed by agricultural fields, far from major roads for increased safety.\u00a0<\/p>\n\n\n\n<p>If you would like other ideas for bike loops starting from Caen, Bayeux or even <strong>Courseulles<\/strong>, go to the website <a href=\"https:\/\/www.calvados-tourisme.com\/\" target=\"_blank\" rel=\"noreferrer noopener\">Calvados Tourism<\/a>.Thematic itineraries are offered with stops, must-sees, and plenty of practical information. Many <strong>bike paths<\/strong> and greenways allow you to cycle through Calvados starting from <strong>Ouistreham Riva Bella<\/strong>, Discover them without delay!<\/p>\n<\/div><\/div>\n\n\n\n<div style=\"height:60px\" aria-hidden=\"true\" class=\"wp-block-spacer\"><\/div>\n\n\n\n<div class=\"wp-block-columns is-layout-flex wp-container-core-columns-is-layout-28f84493 wp-block-columns-is-layout-flex\">\n<div class=\"wp-block-column m-auto is-layout-flow wp-block-column-is-layout-flow\" style=\"flex-basis:60%\">\n<div class=\"wp-block-group border border-info card card-body is-layout-flow wp-block-group-is-layout-flow\">\n<p class=\"has-text-align-left\"><strong><strong>Rent your bikes easily in Ouistreham Riva-Bella<\/strong><\/strong><br>Want to explore bike routes from the campsite but don't have a bike?<\/p>\n\n\n\n<p>Many rental companies are located near your Les Prairies de la Mer campsite:<\/p>\n\n\n\n<ul class=\"wp-block-list\">\n<li>Riva Bike Rental: 81 avenue de la Mer in OUISTREHAM \u2013 06 04 15 55 69<\/li>\n\n\n\n<li>Riva Loisirs: 77 Mar\u00e9chal Foch Avenue, OUISTREHAM \u2013 02 78 84 59 37<\/li>\n\n\n\n<li>Juno Bike<em>our partner, where you get a% discount<\/em>: 20 route de Langrune in SAINT-AUBIN-SUR-MER \u2013 02 31 97 30 71<\/li>\n<\/ul>\n<\/div>\n<\/div>\n<\/div>\n\n\n\n<div style=\"height:10px\" aria-hidden=\"true\" class=\"wp-block-spacer\"><\/div>\n\n\n\n<figure class=\"wp-block-image aligncenter size-large is-resized mt-5\"><img decoding=\"async\" src=\"https:\/\/mirabel-prairiesdelamer.com\/wp-content\/uploads\/2022\/01\/photo-1024x84.png\" alt=\"photo gallery\"\/><\/figure>\n\n\n\t\t\t<div id=\"sevgallery-395346531\" class=\"sev-diaporama sev-diaporama-portfolio\">\r\n\t\t\t\t<div class=\"row\">\r\n\r\n\t\t\t\t\t\r\n\t\t\t\t\t\t\r\n\t\t\t\t\t\t<div class=\"sev-diaporama-portfolio-item   btnseeall btnseeall-xl col-12 col-md\">\r\n\t\t\t\t\t\t\t<a href=\"https:\/\/mirabel-prairiesdelamer.com\/wp-content\/uploads\/2022\/02\/Cote-Nacre-panorama-683x1024.jpg\" data-lightbox=\"sevgallery-395346531\" style=\"background-image: url(https:\/\/mirabel-prairiesdelamer.com\/wp-content\/uploads\/2022\/02\/Cote-Nacre-panorama-683x1024.jpg)\">\r\n\t\t\t\t\t\t\t\t<img decoding=\"async\" src=\"https:\/\/mirabel-prairiesdelamer.com\/wp-content\/uploads\/2022\/02\/Cote-Nacre-panorama-683x1024.jpg\" alt=\"Panorama of the C\u00f4te de Nacre in Calvados\" loading=\"lazy\">\r\n\t\t\t\t\t\t\t\t\t\t\t\t\t\t\t<\/a>\r\n\t\t\t\t\t\t<\/div>\r\n\r\n\t\t\t\t\t\t\r\n\t\t\t\t\t\t\t\t\t\t\t\t\t\t\t\t\t\r\n\t\t\t\t\t\t\r\n\t\t\t\t\t\t<div class=\"sev-diaporama-portfolio-item   btnseeall btnseeall-xl col-12 col-md  col-shrink\">\r\n\t\t\t\t\t\t\t<a href=\"https:\/\/mirabel-prairiesdelamer.com\/wp-content\/uploads\/2022\/02\/Benouville-balade-velo-canal-1024x683.jpg\" data-lightbox=\"sevgallery-395346531\" style=\"background-image: url(https:\/\/mirabel-prairiesdelamer.com\/wp-content\/uploads\/2022\/02\/Benouville-balade-velo-canal-1024x683.jpg)\">\r\n\t\t\t\t\t\t\t\t<img decoding=\"async\" src=\"https:\/\/mirabel-prairiesdelamer.com\/wp-content\/uploads\/2022\/02\/Benouville-balade-velo-canal-1024x683.jpg\" alt=\"Bike ride Benouville\" loading=\"lazy\">\r\n\t\t\t\t\t\t\t\t\t\t\t\t\t\t\t<\/a>\r\n\t\t\t\t\t\t<\/div>\r\n\r\n\t\t\t\t\t\t\r\n\t\t\t\t\t\t\t\t\t\t\t\t\t\t\t\t\t\r\n\t\t\t\t\t\t\r\n\t\t\t\t\t\t<div class=\"sev-diaporama-portfolio-item   btnseeall btnseeall-xl col-12 col-md  col-grow\">\r\n\t\t\t\t\t\t\t<a href=\"https:\/\/mirabel-prairiesdelamer.com\/wp-content\/uploads\/2022\/02\/Ouistreham-velo-paysage-1024x684.jpg\" data-lightbox=\"sevgallery-395346531\" style=\"background-image: url(https:\/\/mirabel-prairiesdelamer.com\/wp-content\/uploads\/2022\/02\/Ouistreham-velo-paysage-1024x684.jpg)\">\r\n\t\t\t\t\t\t\t\t<img decoding=\"async\" src=\"https:\/\/mirabel-prairiesdelamer.com\/wp-content\/uploads\/2022\/02\/Ouistreham-velo-paysage-1024x684.jpg\" alt=\"Ouistreham bicycle\" loading=\"lazy\">\r\n\t\t\t\t\t\t\t\t\t\t\t\t\t\t\t<\/a>\r\n\t\t\t\t\t\t<\/div>\r\n\r\n\t\t\t\t\t\t\r\n\t\t\t\t\t\t\t\t\t\t\t\t\t\t\t\t\t\r\n\t\t\t\t\t\t\r\n\t\t\t\t\t\t<div class=\"sev-diaporama-portfolio-item   btnseeall btnseeall-xl col-12 col-md\">\r\n\t\t\t\t\t\t\t<a href=\"https:\/\/mirabel-prairiesdelamer.com\/wp-content\/uploads\/2022\/02\/randonnee-velo-piste-1024x682.jpg\" data-lightbox=\"sevgallery-395346531\" style=\"background-image: url(https:\/\/mirabel-prairiesdelamer.com\/wp-content\/uploads\/2022\/02\/randonnee-velo-piste-1024x682.jpg)\">\r\n\t\t\t\t\t\t\t\t<img decoding=\"async\" src=\"https:\/\/mirabel-prairiesdelamer.com\/wp-content\/uploads\/2022\/02\/randonnee-velo-piste-1024x682.jpg\" alt=\"Bike hiking trail\" loading=\"lazy\">\r\n\t\t\t\t\t\t\t\t\t\t\t\t\t\t\t<\/a>\r\n\t\t\t\t\t\t<\/div>\r\n\r\n\t\t\t\t\t\t\t\t\t\t\t\t\t<div class=\"w-100\"><\/div>\r\n\t\t\t\t\t\t\t\t\t\t\t\t\t\r\n\t\t\t\t\t\t\t\t\t\t\t\t\t\t\t\t\t\r\n\t\t\t\t\t\t\r\n\t\t\t\t\t\t<div class=\"sev-diaporama-portfolio-item   btnseeall btnseeall-xl col-12 col-md  col-grow\">\r\n\t\t\t\t\t\t\t<a href=\"https:\/\/mirabel-prairiesdelamer.com\/wp-content\/uploads\/2022\/02\/Velo-caen-centre-ville-1024x682.jpg\" data-lightbox=\"sevgallery-395346531\" style=\"background-image: url(https:\/\/mirabel-prairiesdelamer.com\/wp-content\/uploads\/2022\/02\/Velo-caen-centre-ville-1024x682.jpg)\">\r\n\t\t\t\t\t\t\t\t<img decoding=\"async\" src=\"https:\/\/mirabel-prairiesdelamer.com\/wp-content\/uploads\/2022\/02\/Velo-caen-centre-ville-1024x682.jpg\" alt=\"Bicycle in downtown Caen\" loading=\"lazy\">\r\n\t\t\t\t\t\t\t\t\t\t\t\t\t\t\t<\/a>\r\n\t\t\t\t\t\t<\/div>\r\n\r\n\t\t\t\t\t\t\r\n\t\t\t\t\t\t\t\t\t\t\t\t\t\t\t\t\t\r\n\t\t\t\t\t\t\r\n\t\t\t\t\t\t<div class=\"sev-diaporama-portfolio-item   btnseeall btnseeall-xl col-12 col-md  col-shrink\">\r\n\t\t\t\t\t\t\t<a href=\"https:\/\/mirabel-prairiesdelamer.com\/wp-content\/uploads\/2022\/02\/balade-velo-enfant-1024x683.jpg\" data-lightbox=\"sevgallery-395346531\" style=\"background-image: url(https:\/\/mirabel-prairiesdelamer.com\/wp-content\/uploads\/2022\/02\/balade-velo-enfant-1024x683.jpg)\">\r\n\t\t\t\t\t\t\t\t<img decoding=\"async\" src=\"https:\/\/mirabel-prairiesdelamer.com\/wp-content\/uploads\/2022\/02\/balade-velo-enfant-1024x683.jpg\" alt=\"child&#039;s bike\" loading=\"lazy\">\r\n\t\t\t\t\t\t\t\t\t\t\t\t\t\t\t<\/a>\r\n\t\t\t\t\t\t<\/div>\r\n\r\n\t\t\t\t\t\t\r\n\t\t\t\t\t\t\t\t\t\t\t\t\t\t\t\t\t\r\n\t\t\t\t\t\t\r\n\t\t\t\t\t\t<div class=\"sev-diaporama-portfolio-item  limitsm btnseeall btnseeall-xl col-12 col-md  last-visible\">\r\n\t\t\t\t\t\t\t<a href=\"https:\/\/mirabel-prairiesdelamer.com\/en\/camping-normandie-photos\/\"  style=\"background-image: url(https:\/\/mirabel-prairiesdelamer.com\/wp-content\/uploads\/2022\/02\/velo-velomaritime-dday-1024x683.jpg)\">\r\n\t\t\t\t\t\t\t\t<img decoding=\"async\" src=\"https:\/\/mirabel-prairiesdelamer.com\/wp-content\/uploads\/2022\/02\/velo-velomaritime-dday-1024x683.jpg\" alt=\"Water bike\" loading=\"lazy\">\r\n\t\t\t\t\t\t\t\t\t\t\t\t\t\t\t\t\t<img decoding=\"async\" src=\"https:\/\/mirabel-prairiesdelamer.com\/wp-content\/themes\/mirabel-site\/assets\/img\/voir-photos.png\" alt=\"\" \/>\r\n\t\t\t\t\t\t\t\t\t<span>See all photos<\/span>\r\n\t\t\t\t\t\t\t\t\t\t\t\t\t\t\t<\/a>\r\n\t\t\t\t\t\t<\/div>\r\n\r\n\t\t\t\t\t\t\r\n\t\t\t\t\t\t\t\t\t\t\t\t\t\t\t\t\t\t\t\t\t<\/div>\r\n\t\t\t<\/div>\r\n\r\n\t\t\t<script>\r\n\t\t\tjQuery(function($) {\r\n\r\n\t\t\t\tvar marginPortfolio = function() {\r\n\r\n\t\t\t\t\tvar $diapo          = $('#sevgallery-395346531');\r\n\t\t\t\t\tvar container_width = $diapo.parent().outerWidth();\r\n\t\t\t\t\tvar side            = ( $(window).innerWidth() - container_width ) \/ 2;\r\n\r\n\t\t\t\t\t$diapo.css( {\r\n\t\t\t\t\t\t'margin-left': '-' + side + 'px',\r\n\t\t\t\t\t\t'margin-right': '-' + side + 'px',\r\n\t\t\t\t\t} );\r\n\t\t\t\t};\r\n\r\n\t\t\t\t$( window ).resize( function() {\r\n\t\t\t\t\tmarginPortfolio();\r\n\t\t\t\t} );\r\n\t\t\t\tmarginPortfolio();\r\n\t\t\t});\r\n\t\t\t<\/script>","protected":false},"excerpt":{"rendered":"<p>D\u00e9couvrez le Calvados \u00e0 v\u00e9lo depuis votre camping 4 \u00e9toiles Le Calvados regorge de pistes cyclables pour vos balades sportives [&hellip;]<\/p>\n","protected":false},"author":1,"featured_media":0,"parent":272,"menu_order":0,"comment_status":"closed","ping_status":"closed","template":"","meta":{"_seopress_robots_primary_cat":"","_seopress_titles_title":"La d\u00e9couverte du Calvados \u00e0 v\u00e9lo depuis votre camping 4 \u00e9toiles","_seopress_titles_desc":"Le Calvados regorge de pistes cyclables pour vos balades sportives ou en famille. Envie de d\u00e9couvrir la c\u00f4te Normande ou bien le c\u00f4t\u00e9 campagne de la r\u00e9gion\u00a0?","_seopress_robots_index":"","footnotes":""},"class_list":["post-889","page","type-page","status-publish","hentry"],"_links":{"self":[{"href":"https:\/\/mirabel-prairiesdelamer.com\/en\/wp-json\/wp\/v2\/pages\/889","targetHints":{"allow":["GET"]}}],"collection":[{"href":"https:\/\/mirabel-prairiesdelamer.com\/en\/wp-json\/wp\/v2\/pages"}],"about":[{"href":"https:\/\/mirabel-prairiesdelamer.com\/en\/wp-json\/wp\/v2\/types\/page"}],"author":[{"embeddable":true,"href":"https:\/\/mirabel-prairiesdelamer.com\/en\/wp-json\/wp\/v2\/users\/1"}],"replies":[{"embeddable":true,"href":"https:\/\/mirabel-prairiesdelamer.com\/en\/wp-json\/wp\/v2\/comments?post=889"}],"version-history":[{"count":33,"href":"https:\/\/mirabel-prairiesdelamer.com\/en\/wp-json\/wp\/v2\/pages\/889\/revisions"}],"predecessor-version":[{"id":18121,"href":"https:\/\/mirabel-prairiesdelamer.com\/en\/wp-json\/wp\/v2\/pages\/889\/revisions\/18121"}],"up":[{"embeddable":true,"href":"https:\/\/mirabel-prairiesdelamer.com\/en\/wp-json\/wp\/v2\/pages\/272"}],"wp:attachment":[{"href":"https:\/\/mirabel-prairiesdelamer.com\/en\/wp-json\/wp\/v2\/media?parent=889"}],"curies":[{"name":"wp","href":"https:\/\/api.w.org\/{rel}","templated":true}]}}