{"id":63,"date":"2021-12-10T14:23:37","date_gmt":"2021-12-10T13:23:37","guid":{"rendered":"https:\/\/www.campinglarenaudiere.com\/?page_id=63"},"modified":"2025-05-13T15:22:02","modified_gmt":"2025-05-13T13:22:02","slug":"second-home-ouistreham","status":"publish","type":"page","link":"https:\/\/mirabel-prairiesdelamer.com\/en\/residence-secondaire-ouistreham\/","title":{"rendered":"Your second home"},"content":{"rendered":"<h1 class=\"wp-block-heading\" id=\"votre-residence-secondaire-a-ouistreham-riva-bella\">Your second home <strong>in Ouistreham Riva-Bella<\/strong><\/h1>\n\n\n\n<div class=\"wp-block-group alignwide is-layout-flow wp-block-group-is-layout-flow\">\n<div class=\"wp-block-columns alignwide is-layout-flex wp-container-core-columns-is-layout-28f84493 wp-block-columns-is-layout-flex\">\n<div class=\"wp-block-column is-layout-flow wp-block-column-is-layout-flow\">\n<div class=\"wp-block-media-text alignwide has-media-on-the-right is-stacked-on-mobile is-vertically-aligned-center\"><div class=\"wp-block-media-text__content\">\n<h2 class=\"wp-block-heading\" id=\"louez-votre-parcelle-a-l-annee-au-camping-les-prairies-de-la-mer-14\"><strong><strong>Your mobile home all year round at Camping Mirabel Les Prairies de la Mer<\/strong><\/strong> in Normandy<\/h2>\n\n\n\n<figure class=\"wp-block-image size-full\"><img loading=\"lazy\" decoding=\"async\" width=\"50\" height=\"8\" src=\"https:\/\/mirabel-prairiesdelamer.com\/wp-content\/uploads\/2024\/06\/barre-bleue.png\" alt=\"\" class=\"wp-image-14200\"\/><\/figure>\n\n\n\n<p><strong>Buy your mobile home<\/strong> Les Prairies de la Mer and recharge your batteries in your own cosy nest whenever you like. Throughout the campsite's opening period, from March 15 to November 15, come and enjoy <strong>your little cocoon<\/strong>, decorated to your taste, like a <strong>second family home.<\/strong><\/p>\n\n\n\n<figure class=\"wp-block-image alignleft size-full is-resized\"><img loading=\"lazy\" decoding=\"async\" width=\"600\" height=\"535\" src=\"https:\/\/mirabel-prairiesdelamer.com\/wp-content\/uploads\/2024\/06\/Panneau-vectoriel-original.png\" alt=\"\" class=\"wp-image-14235\" style=\"width:80px;height:auto\" srcset=\"https:\/\/mirabel-prairiesdelamer.com\/wp-content\/uploads\/2024\/06\/Panneau-vectoriel-original.png 600w, https:\/\/mirabel-prairiesdelamer.com\/wp-content\/uploads\/2024\/06\/Panneau-vectoriel-original-300x268.png 300w\" sizes=\"auto, (max-width: 600px) 100vw, 600px\" \/><\/figure>\n\n\n\n<p class=\"has-text-align-left texte-rond has-orange-color has-text-color has-large-font-size\"><br>Become the owner of your own mobile home and share real moments of happiness!<\/p>\n<\/div><figure class=\"wp-block-media-text__media\"><img loading=\"lazy\" decoding=\"async\" width=\"600\" height=\"400\" src=\"https:\/\/mirabel-prairiesdelamer.com\/wp-content\/uploads\/2024\/06\/resident-mobil-home-proprietaire.jpg\" alt=\"\" class=\"wp-image-14239 size-full\" srcset=\"https:\/\/mirabel-prairiesdelamer.com\/wp-content\/uploads\/2024\/06\/resident-mobil-home-proprietaire.jpg 600w, https:\/\/mirabel-prairiesdelamer.com\/wp-content\/uploads\/2024\/06\/resident-mobil-home-proprietaire-300x200.jpg 300w\" sizes=\"auto, (max-width: 600px) 100vw, 600px\" \/><\/figure><\/div>\n<\/div>\n<\/div>\n\n\n\n<div class=\"wp-block-media-text alignwide is-stacked-on-mobile\"><figure class=\"wp-block-media-text__media\"><img loading=\"lazy\" decoding=\"async\" width=\"1024\" height=\"683\" src=\"https:\/\/mirabel-prairiesdelamer.com\/wp-content\/uploads\/2024\/06\/2-famille-petanque-jeu-1024x683.jpg\" alt=\"\" class=\"wp-image-14242 size-full\" srcset=\"https:\/\/mirabel-prairiesdelamer.com\/wp-content\/uploads\/2024\/06\/2-famille-petanque-jeu-1024x683.jpg 1024w, https:\/\/mirabel-prairiesdelamer.com\/wp-content\/uploads\/2024\/06\/2-famille-petanque-jeu-300x200.jpg 300w, https:\/\/mirabel-prairiesdelamer.com\/wp-content\/uploads\/2024\/06\/2-famille-petanque-jeu-768x512.jpg 768w, https:\/\/mirabel-prairiesdelamer.com\/wp-content\/uploads\/2024\/06\/2-famille-petanque-jeu.jpg 1200w\" sizes=\"auto, (max-width: 1024px) 100vw, 1024px\" \/><\/figure><div class=\"wp-block-media-text__content\">\n<div style=\"height:5px\" aria-hidden=\"true\" class=\"wp-block-spacer\"><\/div>\n\n\n\n<div class=\"wp-block-group card card-body border border-info h-100 has-turquoise-color has-text-color is-layout-flow wp-block-group-is-layout-flow\">\n<p class=\"has-text-align-left\"><strong>Would you like fewer constraints and more services? <\/strong><strong>Choose a second home in a campsite and :&nbsp;<\/strong><\/p>\n\n\n\n<p><strong><mark style=\"background-color:rgba(0, 0, 0, 0)\" class=\"has-inline-color has-orange-color\">\u2022<\/mark><\/strong> Enjoy a pied-\u00e0-terre 500m from the sea for 8 months of the year<\/p>\n\n\n\n<p> <strong><mark style=\"background-color:rgba(0, 0, 0, 0)\" class=\"has-inline-color has-orange-color\">\u2022<\/mark><\/strong> Treat yourself to a second home on a moderate budget<\/p>\n\n\n\n<p> <strong><mark style=\"background-color:rgba(0, 0, 0, 0)\" class=\"has-inline-color has-orange-color\">\u2022<\/mark><\/strong> Access the campsite's facilities and services: <a href=\"https:\/\/mirabel-prairiesdelamer.com\/en\/camping-normandie-espace-aquatique\/\">pools<\/a>, fitness room...<\/p>\n\n\n\n<p> <strong><mark style=\"background-color:rgba(0, 0, 0, 0)\" class=\"has-inline-color has-orange-color\">\u2022<\/mark><\/strong> Rent out your mobile home when you're not using it and reduce your annual rent<\/p>\n\n\n\n<p> <strong><mark style=\"background-color:rgba(0, 0, 0, 0)\" class=\"has-inline-color has-orange-color\">\u2022<\/mark><\/strong> No property or council tax to pay, since mobile homes are considered movable property (not real estate).<\/p>\n<\/div>\n<\/div><\/div>\n\n\n\n<div style=\"height:15px\" aria-hidden=\"true\" class=\"wp-block-spacer\"><\/div>\n\n\n\n<div class=\"wp-block-media-text alignwide has-media-on-the-right is-stacked-on-mobile front-page-section grey animate\"><div class=\"wp-block-media-text__content\">\n<h2 class=\"wp-block-heading\" id=\"le-choix-du-mobil-home\">Choosing which mobile home to buy<\/h2>\n\n\n\n<figure class=\"wp-block-image size-full\"><img decoding=\"async\" src=\"https:\/\/www.mirabel-prairiesdelamer.com\/wp-content\/uploads\/2022\/01\/barre-bleue.png\" alt=\"\" class=\"wp-image-2382\"\/><\/figure>\n\n\n\n<p>Mobile homes <strong>adapt to your needs <\/strong>to turn them into little corners of paradise!<\/p>\n\n\n\n<p>The models offered for sale by the campsite can be equipped with <strong>1, 2 or 3 bedrooms<\/strong>, be equipped with 1 or 2 bathrooms, and have a <strong>semi-covered terrace <\/strong>or covered: anything is possible! We have listed <strong>several manufacturers<\/strong> such as RAPIDHOME, IRM, RIDEAU for quality accommodation!<\/p>\n\n\n\n<p>At Les Prairies de la Mer, you'll find new and used mobile homes sold on plots of around 120m<sup>2<\/sup> 200m away<sup>2<\/sup>. Let us guide you with confidence <strong>to choose the right model, the one that's right for you<\/strong>. Have you found the mobile home of your dreams and its accessories (terrace, garden shed, etc.)? Then we'll take care of the rest: ordering, delivery, securing, connection, assembly, etc. You own the mobile home and rent the pitch. The lease is renewed every 2 years.<\/p>\n<\/div><figure class=\"wp-block-media-text__media\"><img loading=\"lazy\" decoding=\"async\" width=\"1024\" height=\"768\" src=\"https:\/\/mirabel-prairiesdelamer.com\/wp-content\/uploads\/2024\/06\/residentiel-mobil-home-neuf-1024x768.jpg\" alt=\"\" class=\"wp-image-14245 size-full\" srcset=\"https:\/\/mirabel-prairiesdelamer.com\/wp-content\/uploads\/2024\/06\/residentiel-mobil-home-neuf-1024x768.jpg 1024w, https:\/\/mirabel-prairiesdelamer.com\/wp-content\/uploads\/2024\/06\/residentiel-mobil-home-neuf-300x225.jpg 300w, https:\/\/mirabel-prairiesdelamer.com\/wp-content\/uploads\/2024\/06\/residentiel-mobil-home-neuf-768x576.jpg 768w, https:\/\/mirabel-prairiesdelamer.com\/wp-content\/uploads\/2024\/06\/residentiel-mobil-home-neuf.jpg 1200w\" sizes=\"auto, (max-width: 1024px) 100vw, 1024px\" \/><\/figure><\/div>\n\n\n\n<p class=\"has-text-align-center texte-rond has-orange-color has-text-color has-huge-font-size\">  - Classified ads -  <\/p>\n\n\n\n<div class=\"wp-block-columns is-layout-flex wp-container-core-columns-is-layout-28f84493 wp-block-columns-is-layout-flex\">\n<div class=\"wp-block-column mt-2 mb-2 ml-md-5 mr-md-5 ml-0 mr-0 is-layout-flow wp-block-column-is-layout-flow\">\n<div class=\"wp-block-group card h-100 is-layout-flow wp-block-group-is-layout-flow\">\n<figure class=\"wp-block-image size-full card-img-top\"><img loading=\"lazy\" decoding=\"async\" width=\"1024\" height=\"590\" src=\"https:\/\/mirabel-prairiesdelamer.com\/wp-content\/uploads\/2024\/06\/irm-violette1.jpg\" alt=\"\" class=\"wp-image-14248\" srcset=\"https:\/\/mirabel-prairiesdelamer.com\/wp-content\/uploads\/2024\/06\/irm-violette1.jpg 1024w, https:\/\/mirabel-prairiesdelamer.com\/wp-content\/uploads\/2024\/06\/irm-violette1-300x173.jpg 300w, https:\/\/mirabel-prairiesdelamer.com\/wp-content\/uploads\/2024\/06\/irm-violette1-768x443.jpg 768w\" sizes=\"auto, (max-width: 1024px) 100vw, 1024px\" \/><\/figure>\n\n\n\n<p class=\"has-text-align-center card-title has-orange-color has-text-color\" style=\"font-size:24px\"><strong>New mobile homes<\/strong><\/p>\n\n\n\n<div class=\"wp-block-buttons is-horizontal is-content-justification-center is-layout-flex wp-container-core-buttons-is-layout-03627597 wp-block-buttons-is-layout-flex\">\n<div class=\"wp-block-button\"><a class=\"wp-block-button__link has-white-color has-orange-background-color has-text-color has-background wp-element-button\" href=\"https:\/\/mirabel-prairiesdelamer.com\/en\/mobile-homes-for-sale-normandie\/#neuf\" style=\"border-radius:30px\">Read more<\/a><\/div>\n<\/div>\n\n\n\n<div style=\"height:10px\" aria-hidden=\"true\" class=\"wp-block-spacer\"><\/div>\n<\/div>\n<\/div>\n\n\n\n<div class=\"wp-block-column mt-2 mb-2 ml-5 mr-md-5 mr-0 is-layout-flow wp-block-column-is-layout-flow\">\n<div class=\"wp-block-group card h-100 is-layout-flow wp-block-group-is-layout-flow\">\n<figure class=\"wp-block-image size-full card-img-top\"><img loading=\"lazy\" decoding=\"async\" width=\"1024\" height=\"590\" src=\"https:\/\/mirabel-prairiesdelamer.com\/wp-content\/uploads\/2024\/06\/mh-occasion.jpg\" alt=\"\" class=\"wp-image-14251\" srcset=\"https:\/\/mirabel-prairiesdelamer.com\/wp-content\/uploads\/2024\/06\/mh-occasion.jpg 1024w, https:\/\/mirabel-prairiesdelamer.com\/wp-content\/uploads\/2024\/06\/mh-occasion-300x173.jpg 300w, https:\/\/mirabel-prairiesdelamer.com\/wp-content\/uploads\/2024\/06\/mh-occasion-768x443.jpg 768w\" sizes=\"auto, (max-width: 1024px) 100vw, 1024px\" \/><\/figure>\n\n\n\n<p class=\"has-text-align-center card-title has-orange-color has-text-color\" style=\"font-size:24px\"><strong>Second-hand mobile homes<\/strong><\/p>\n\n\n\n<div class=\"wp-block-buttons is-horizontal is-content-justification-center is-layout-flex wp-container-core-buttons-is-layout-03627597 wp-block-buttons-is-layout-flex\">\n<div class=\"wp-block-button\"><a class=\"wp-block-button__link has-white-color has-orange-background-color has-text-color has-background wp-element-button\" href=\"https:\/\/mirabel-prairiesdelamer.com\/en\/mobile-homes-for-sale-normandie\/#occasion\" style=\"border-radius:50px\">Read more<\/a><\/div>\n<\/div>\n\n\n\n<div style=\"height:10px\" aria-hidden=\"true\" class=\"wp-block-spacer\"><\/div>\n<\/div>\n<\/div>\n<\/div>\n<\/div>\n\n\n\n<div class=\"wp-block-cover alignfull is-light has-parallax h-50\"><span aria-hidden=\"true\" class=\"wp-block-cover__background has-orange-background-color has-background-dim-80 has-background-dim\"><\/span><div class=\"wp-block-cover__image-background wp-image-4976 has-parallax\" style=\"background-position:50% 50%;background-image:url(https:\/\/www.mirabel-prairiesdelamer.com\/wp-content\/uploads\/2022\/02\/fond-residence.jpg)\"><\/div><div class=\"wp-block-cover__inner-container is-layout-flow wp-block-cover-is-layout-flow\">\n<p class=\"has-text-align-center has-white-color has-text-color has-medium-font-size\"><strong>Ludivine will be delighted to show you around the campsite and show you the available plots.<\/strong><br><strong> It's up to you to choose the ideal location for your future mobile home!<\/strong><\/p>\n\n\n\n<div class=\"wp-block-buttons is-horizontal is-content-justification-center is-layout-flex wp-container-core-buttons-is-layout-03627597 wp-block-buttons-is-layout-flex\">\n<div class=\"wp-block-button has-custom-font-size aligncenter has-medium-font-size\"><a class=\"wp-block-button__link has-orange-color has-white-background-color has-text-color has-background wp-element-button\"><i class=\"fa fa-phone-alt\"><\/i> 02 31 97 61 61<\/a><\/div>\n<\/div>\n\n\n\n<p><\/p>\n\n\n\n<p class=\"has-text-align-center has-white-color has-text-color has-medium-font-size\"><strong>Delphine can help you with your new mobile home project. Book an appointment now! <\/strong><\/p>\n\n\n\n<div class=\"wp-block-buttons is-layout-flex wp-block-buttons-is-layout-flex\">\n<div class=\"wp-block-button has-custom-font-size aligncenter is-style-fill has-medium-font-size\"><a class=\"wp-block-button__link has-orange-color has-white-background-color has-text-color has-background wp-element-button\"><i class=\"fa fa-phone-alt\"> <\/i>07 88 74 48 18<\/a><\/div>\n<\/div>\n\n\n\n<div style=\"height:20px\" aria-hidden=\"true\" class=\"wp-block-spacer\"><\/div>\n\n\n\n<p class=\"has-text-align-center texte-rond has-white-color has-text-color has-huge-font-size\">Contact us today to discuss your project and make your dream come true!<\/p>\n<\/div><\/div>\n\n\n\n<div style=\"height:60px\" aria-hidden=\"true\" class=\"wp-block-spacer\"><\/div>\n\n\n\n<div class=\"wp-block-media-text alignwide is-stacked-on-mobile is-vertically-aligned-center is-image-fill animate left\"><figure class=\"wp-block-media-text__media\" style=\"background-image:url(https:\/\/mirabel-prairiesdelamer.com\/wp-content\/uploads\/2022\/06\/plage-ouistreham-coucher-soleil-1024x683.jpg);background-position:50% 50%\"><img loading=\"lazy\" decoding=\"async\" width=\"1024\" height=\"683\" src=\"https:\/\/mirabel-prairiesdelamer.com\/wp-content\/uploads\/2022\/06\/plage-ouistreham-coucher-soleil-1024x683.jpg\" alt=\"sunset in ouistreham\" class=\"wp-image-4973 size-full\" srcset=\"https:\/\/mirabel-prairiesdelamer.com\/wp-content\/uploads\/2022\/06\/plage-ouistreham-coucher-soleil-1024x683.jpg 1024w, https:\/\/mirabel-prairiesdelamer.com\/wp-content\/uploads\/2022\/06\/plage-ouistreham-coucher-soleil-300x200.jpg 300w, https:\/\/mirabel-prairiesdelamer.com\/wp-content\/uploads\/2022\/06\/plage-ouistreham-coucher-soleil-768x512.jpg 768w, https:\/\/mirabel-prairiesdelamer.com\/wp-content\/uploads\/2022\/06\/plage-ouistreham-coucher-soleil.jpg 1200w\" sizes=\"auto, (max-width: 1024px) 100vw, 1024px\" \/><\/figure><div class=\"wp-block-media-text__content\">\n<h2 class=\"wp-block-heading\" id=\"un-air-de-vacances-toute-l-annee-a-ouistreham-riva-bella\">An air of vacation all year round in Ouistreham Riva-Bella<\/h2>\n\n\n\n<figure class=\"wp-block-image size-full\"><img loading=\"lazy\" decoding=\"async\" width=\"50\" height=\"8\" src=\"https:\/\/mirabel-prairiesdelamer.com\/wp-content\/uploads\/2024\/06\/barre-bleue.png\" alt=\"\" class=\"wp-image-14200\"\/><\/figure>\n\n\n\n<figure class=\"wp-block-image alignleft size-full is-resized\"><img loading=\"lazy\" decoding=\"async\" width=\"320\" height=\"228\" src=\"https:\/\/mirabel-prairiesdelamer.com\/wp-content\/uploads\/2024\/06\/tong.png\" alt=\"\" class=\"wp-image-14257\" style=\"width:60px;height:auto\" srcset=\"https:\/\/mirabel-prairiesdelamer.com\/wp-content\/uploads\/2024\/06\/tong.png 320w, https:\/\/mirabel-prairiesdelamer.com\/wp-content\/uploads\/2024\/06\/tong-300x214.png 300w\" sizes=\"auto, (max-width: 320px) 100vw, 320px\" \/><\/figure>\n\n\n\n<p>As soon as you feel like it, join your residence on <strong>the Normandy coast<\/strong> for a weekend or a week as a couple, <strong>with friends or family<\/strong>. Your <strong>pets<\/strong> (cats and dogs not in categories 1 and 2) are welcome on our campsite.<\/p>\n\n\n\n<p>Come and discover the region and its many facets through the seasons. In spring, <a href=\"https:\/\/mirabel-prairiesdelamer.com\/en\/experiences\/sport-and-nature\/\">get on your bike<\/a> to explore the many cycle paths along the coast. In summer, take advantage of the entertainment offered by the town or the campsite. In autumn, take a breath of fresh air on the beach at <a href=\"https:\/\/mirabel-prairiesdelamer.com\/en\/camping-ouistreham\/\">Ouistreham Riva-Bella<\/a> then warm up with a cup of tea in the comfort of your mobile home.<\/p>\n\n\n\n<p>And when you're away, you can entrust the campsite <strong>rental management<\/strong> of your holiday home and reduce the cost of your annual rent. For more information on how to rent out your mobile home, please contact Les Prairies de la Mer reception.<\/p>\n\n\n\n<p><\/p>\n\n\n\n<p><\/p>\n<\/div><\/div>\n\n\n\n<figure class=\"wp-block-image aligncenter size-large is-resized mt-5\"><img loading=\"lazy\" decoding=\"async\" width=\"1024\" height=\"84\" src=\"https:\/\/mirabel-prairiesdelamer.com\/wp-content\/uploads\/2022\/01\/photo-1024x84.png\" alt=\"Photo gallery\" class=\"wp-image-2680\" srcset=\"https:\/\/mirabel-prairiesdelamer.com\/wp-content\/uploads\/2022\/01\/photo-1024x84.png 1024w, https:\/\/mirabel-prairiesdelamer.com\/wp-content\/uploads\/2022\/01\/photo-300x25.png 300w, https:\/\/mirabel-prairiesdelamer.com\/wp-content\/uploads\/2022\/01\/photo-768x63.png 768w, https:\/\/mirabel-prairiesdelamer.com\/wp-content\/uploads\/2022\/01\/photo-1536x126.png 1536w, https:\/\/mirabel-prairiesdelamer.com\/wp-content\/uploads\/2022\/01\/photo-2048x169.png 2048w\" sizes=\"auto, (max-width: 1024px) 100vw, 1024px\" \/><\/figure>\n\n\n\t\t\t<div id=\"sevgallery-55131543\" class=\"sev-diaporama sev-diaporama-portfolio\">\r\n\t\t\t\t<div class=\"row\">\r\n\r\n\t\t\t\t\t\r\n\t\t\t\t\t\t\r\n\t\t\t\t\t\t<div class=\"sev-diaporama-portfolio-item   btnseeall btnseeall-xl col-12 col-md  col-grow\">\r\n\t\t\t\t\t\t\t<a href=\"https:\/\/mirabel-prairiesdelamer.com\/wp-content\/uploads\/2023\/02\/devenir-proprietaire-mobil-home-achat.jpg\" data-lightbox=\"sevgallery-55131543\" style=\"background-image: url(https:\/\/mirabel-prairiesdelamer.com\/wp-content\/uploads\/2023\/02\/devenir-proprietaire-mobil-home-achat.jpg)\">\r\n\t\t\t\t\t\t\t\t<img decoding=\"async\" src=\"https:\/\/mirabel-prairiesdelamer.com\/wp-content\/uploads\/2023\/02\/devenir-proprietaire-mobil-home-achat.jpg\" alt=\"owners of mobile homes for vacation purchase\" loading=\"lazy\">\r\n\t\t\t\t\t\t\t\t\t\t\t\t\t\t\t<\/a>\r\n\t\t\t\t\t\t<\/div>\r\n\r\n\t\t\t\t\t\t\r\n\t\t\t\t\t\t\t\t\t\t\t\t\t\t\t\t\t\r\n\t\t\t\t\t\t\r\n\t\t\t\t\t\t<div class=\"sev-diaporama-portfolio-item   btnseeall btnseeall-xl col-12 col-md  col-shrink\">\r\n\t\t\t\t\t\t\t<a href=\"https:\/\/mirabel-prairiesdelamer.com\/wp-content\/uploads\/2022\/02\/pancarte-plage-cabanon-1024x683.jpg\" data-lightbox=\"sevgallery-55131543\" style=\"background-image: url(https:\/\/mirabel-prairiesdelamer.com\/wp-content\/uploads\/2022\/02\/pancarte-plage-cabanon-1024x683.jpg)\">\r\n\t\t\t\t\t\t\t\t<img decoding=\"async\" src=\"https:\/\/mirabel-prairiesdelamer.com\/wp-content\/uploads\/2022\/02\/pancarte-plage-cabanon-1024x683.jpg\" alt=\"riva-bella beach cabin\" loading=\"lazy\">\r\n\t\t\t\t\t\t\t\t\t\t\t\t\t\t\t<\/a>\r\n\t\t\t\t\t\t<\/div>\r\n\r\n\t\t\t\t\t\t\r\n\t\t\t\t\t\t\t\t\t\t\t\t\t\t\t\t\t\r\n\t\t\t\t\t\t\r\n\t\t\t\t\t\t<div class=\"sev-diaporama-portfolio-item   btnseeall btnseeall-xl col-12 col-md  col-grow\">\r\n\t\t\t\t\t\t\t<a href=\"https:\/\/mirabel-prairiesdelamer.com\/wp-content\/uploads\/2022\/02\/enfant-lecture-chambre_1-683x1024.jpg\" data-lightbox=\"sevgallery-55131543\" style=\"background-image: url(https:\/\/mirabel-prairiesdelamer.com\/wp-content\/uploads\/2022\/02\/enfant-lecture-chambre_1-683x1024.jpg)\">\r\n\t\t\t\t\t\t\t\t<img decoding=\"async\" src=\"https:\/\/mirabel-prairiesdelamer.com\/wp-content\/uploads\/2022\/02\/enfant-lecture-chambre_1-683x1024.jpg\" alt=\"children&#039;s bedroom mobilhome\" loading=\"lazy\">\r\n\t\t\t\t\t\t\t\t\t\t\t\t\t\t\t<\/a>\r\n\t\t\t\t\t\t<\/div>\r\n\r\n\t\t\t\t\t\t\r\n\t\t\t\t\t\t\t\t\t\t\t\t\t\t\t\t\t\r\n\t\t\t\t\t\t\r\n\t\t\t\t\t\t<div class=\"sev-diaporama-portfolio-item   btnseeall btnseeall-xl col-12 col-md\">\r\n\t\t\t\t\t\t\t<a href=\"https:\/\/mirabel-prairiesdelamer.com\/wp-content\/uploads\/2023\/02\/galerie-devenir-proprietaire.jpg\" data-lightbox=\"sevgallery-55131543\" style=\"background-image: url(https:\/\/mirabel-prairiesdelamer.com\/wp-content\/uploads\/2023\/02\/galerie-devenir-proprietaire.jpg)\">\r\n\t\t\t\t\t\t\t\t<img decoding=\"async\" src=\"https:\/\/mirabel-prairiesdelamer.com\/wp-content\/uploads\/2023\/02\/galerie-devenir-proprietaire.jpg\" alt=\"purchase mobile home second home\" loading=\"lazy\">\r\n\t\t\t\t\t\t\t\t\t\t\t\t\t\t\t<\/a>\r\n\t\t\t\t\t\t<\/div>\r\n\r\n\t\t\t\t\t\t\t\t\t\t\t\t\t<div class=\"w-100\"><\/div>\r\n\t\t\t\t\t\t\t\t\t\t\t\t\t\r\n\t\t\t\t\t\t\t\t\t\t\t\t\t\t\t\t\t\r\n\t\t\t\t\t\t\r\n\t\t\t\t\t\t<div class=\"sev-diaporama-portfolio-item   btnseeall btnseeall-xl col-12 col-md\">\r\n\t\t\t\t\t\t\t<a href=\"https:\/\/mirabel-prairiesdelamer.com\/wp-content\/uploads\/2022\/02\/famille-complicite-proprietaire_1-1024x683.jpg\" data-lightbox=\"sevgallery-55131543\" style=\"background-image: url(https:\/\/mirabel-prairiesdelamer.com\/wp-content\/uploads\/2022\/02\/famille-complicite-proprietaire_1-1024x683.jpg)\">\r\n\t\t\t\t\t\t\t\t<img decoding=\"async\" src=\"https:\/\/mirabel-prairiesdelamer.com\/wp-content\/uploads\/2022\/02\/famille-complicite-proprietaire_1-1024x683.jpg\" alt=\"mobile home owners\" loading=\"lazy\">\r\n\t\t\t\t\t\t\t\t\t\t\t\t\t\t\t<\/a>\r\n\t\t\t\t\t\t<\/div>\r\n\r\n\t\t\t\t\t\t\r\n\t\t\t\t\t\t\t\t\t\t\t\t\t\t\t\t\t\r\n\t\t\t\t\t\t\r\n\t\t\t\t\t\t<div class=\"sev-diaporama-portfolio-item   btnseeall btnseeall-xl col-12 col-md  col-grow\">\r\n\t\t\t\t\t\t\t<a href=\"https:\/\/mirabel-prairiesdelamer.com\/wp-content\/uploads\/2022\/02\/jardinage_proprietaire-mobilhome-683x1024.jpg\" data-lightbox=\"sevgallery-55131543\" style=\"background-image: url(https:\/\/mirabel-prairiesdelamer.com\/wp-content\/uploads\/2022\/02\/jardinage_proprietaire-mobilhome-683x1024.jpg)\">\r\n\t\t\t\t\t\t\t\t<img decoding=\"async\" src=\"https:\/\/mirabel-prairiesdelamer.com\/wp-content\/uploads\/2022\/02\/jardinage_proprietaire-mobilhome-683x1024.jpg\" alt=\"gardening for mobile home owners\" loading=\"lazy\">\r\n\t\t\t\t\t\t\t\t\t\t\t\t\t\t\t<\/a>\r\n\t\t\t\t\t\t<\/div>\r\n\r\n\t\t\t\t\t\t\r\n\t\t\t\t\t\t\t\t\t\t\t\t\t\t\t\t\t\r\n\t\t\t\t\t\t\r\n\t\t\t\t\t\t<div class=\"sev-diaporama-portfolio-item  limitsm btnseeall btnseeall-xl col-12 col-md  col-grow last-visible\">\r\n\t\t\t\t\t\t\t<a href=\"https:\/\/mirabel-prairiesdelamer.com\/wp-content\/uploads\/2022\/02\/couple-famille-mobilhome_1-683x1024.jpg\" data-lightbox=\"sevgallery-55131543\" style=\"background-image: url(https:\/\/mirabel-prairiesdelamer.com\/wp-content\/uploads\/2022\/02\/couple-famille-mobilhome_1-683x1024.jpg)\">\r\n\t\t\t\t\t\t\t\t<img decoding=\"async\" src=\"https:\/\/mirabel-prairiesdelamer.com\/wp-content\/uploads\/2022\/02\/couple-famille-mobilhome_1-683x1024.jpg\" alt=\"couple and family\" loading=\"lazy\">\r\n\t\t\t\t\t\t\t\t\t\t\t\t\t\t\t\t\t<img decoding=\"async\" src=\"https:\/\/mirabel-prairiesdelamer.com\/wp-content\/themes\/mirabel-site\/assets\/img\/voir-photos.png\" alt=\"\" \/>\r\n\t\t\t\t\t\t\t\t\t<span>See all photos<\/span>\r\n\t\t\t\t\t\t\t\t\t\t\t\t\t\t\t<\/a>\r\n\t\t\t\t\t\t<\/div>\r\n\r\n\t\t\t\t\t\t\r\n\t\t\t\t\t\t\t\t\t\t\t\t\t\t\t\t\t\t\t\t\t<\/div>\r\n\t\t\t<\/div>\r\n\r\n\t\t\t<script>\r\n\t\t\tjQuery(function($) {\r\n\r\n\t\t\t\tvar marginPortfolio = function() {\r\n\r\n\t\t\t\t\tvar $diapo          = $('#sevgallery-55131543');\r\n\t\t\t\t\tvar container_width = $diapo.parent().outerWidth();\r\n\t\t\t\t\tvar side            = ( $(window).innerWidth() - container_width ) \/ 2;\r\n\r\n\t\t\t\t\t$diapo.css( {\r\n\t\t\t\t\t\t'margin-left': '-' + side + 'px',\r\n\t\t\t\t\t\t'margin-right': '-' + side + 'px',\r\n\t\t\t\t\t} );\r\n\t\t\t\t};\r\n\r\n\t\t\t\t$( window ).resize( function() {\r\n\t\t\t\t\tmarginPortfolio();\r\n\t\t\t\t} );\r\n\t\t\t\tmarginPortfolio();\r\n\t\t\t});\r\n\t\t\t<\/script>","protected":false},"excerpt":{"rendered":"<p>Votre r\u00e9sidence secondaire \u00e0 Ouistreham Riva-Bella Votre mobil-home \u00e0 l&rsquo;ann\u00e9e au Camping Mirabel Les Prairies de la Mer en Normandie [&hellip;]<\/p>\n","protected":false},"author":1,"featured_media":0,"parent":0,"menu_order":0,"comment_status":"closed","ping_status":"closed","template":"","meta":{"_seopress_robots_primary_cat":"","_seopress_titles_title":"Achat r\u00e9sidence secondaire \u00e0 Ouistreham Riva-Bella - Calvados","_seopress_titles_desc":"Achetez votre mobil-home \u00e0 Ouistreham et venez vous ressourcer dans votre nid douillet quand vous le souhaitez, sur la p\u00e9riode d\u2019ouverture du camping","_seopress_robots_index":"","footnotes":""},"class_list":["post-63","page","type-page","status-publish","hentry"],"_links":{"self":[{"href":"https:\/\/mirabel-prairiesdelamer.com\/en\/wp-json\/wp\/v2\/pages\/63","targetHints":{"allow":["GET"]}}],"collection":[{"href":"https:\/\/mirabel-prairiesdelamer.com\/en\/wp-json\/wp\/v2\/pages"}],"about":[{"href":"https:\/\/mirabel-prairiesdelamer.com\/en\/wp-json\/wp\/v2\/types\/page"}],"author":[{"embeddable":true,"href":"https:\/\/mirabel-prairiesdelamer.com\/en\/wp-json\/wp\/v2\/users\/1"}],"replies":[{"embeddable":true,"href":"https:\/\/mirabel-prairiesdelamer.com\/en\/wp-json\/wp\/v2\/comments?post=63"}],"version-history":[{"count":36,"href":"https:\/\/mirabel-prairiesdelamer.com\/en\/wp-json\/wp\/v2\/pages\/63\/revisions"}],"predecessor-version":[{"id":14721,"href":"https:\/\/mirabel-prairiesdelamer.com\/en\/wp-json\/wp\/v2\/pages\/63\/revisions\/14721"}],"wp:attachment":[{"href":"https:\/\/mirabel-prairiesdelamer.com\/en\/wp-json\/wp\/v2\/media?parent=63"}],"curies":[{"name":"wp","href":"https:\/\/api.w.org\/{rel}","templated":true}]}}