{"id":9,"date":"2021-12-09T16:22:05","date_gmt":"2021-12-09T15:22:05","guid":{"rendered":"https:\/\/www.campinglarenaudiere.com\/?page_id=9"},"modified":"2026-02-25T10:16:43","modified_gmt":"2026-02-25T09:16:43","slug":"accueil","status":"publish","type":"page","link":"https:\/\/mirabel-prairiesdelamer.com\/de\/","title":{"rendered":"Startseite"},"content":{"rendered":"<div class=\"wp-block-group front-page-section grey is-layout-flow wp-block-group-is-layout-flow\">\n<p class=\"h1-like\" id=\"camping\"> Willkommen auf dem Campingplatz Mirabel Les Prairies de la Mer<\/p>\n\n\n\n<div style=\"height:11px\" aria-hidden=\"true\" class=\"wp-block-spacer\"><\/div>\n\n\n\n<div class=\"wp-block-columns is-layout-flex wp-container-core-columns-is-layout-28f84493 wp-block-columns-is-layout-flex\">\n<div class=\"wp-block-column is-layout-flow wp-block-column-is-layout-flow\">\n<div class=\"wp-block-create-block-sevgutenberg\"><aside class=\"encart-sev moyen arrondi\"><a href=\"https:\/\/mirabel-prairiesdelamer.com\/de\/camping-calvados-sportliche-aktivitaten\/\" class=\"d-flex flex-column align-items-center\"><div class=\"encart-title\"><h3>Sport und Freizeit<\/h3><\/div><div class=\"vague\"><\/div><img decoding=\"async\" src=\"https:\/\/mirabel-prairiesdelamer.com\/wp-content\/uploads\/2024\/01\/encart-sport-loisirs-camping.jpg\" alt=\"sport und freizeit 4-sterne-campingplatz ouistreham\"\/><div class=\"ligne\"><\/div><div class=\"hover\"><\/div><\/a><\/aside><\/div>\n<\/div>\n\n\n\n<div class=\"wp-block-column espaceaquatique is-layout-flow wp-block-column-is-layout-flow\">\n<div class=\"wp-block-create-block-sevgutenberg\"><aside class=\"encart-sev moyen arrondi\"><a href=\"https:\/\/mirabel-prairiesdelamer.com\/de\/campingplatz-normandie-wasserbereich\/\" class=\"d-flex flex-column align-items-center\"><div class=\"encart-title\"><h3>Wasserpark<\/h3><\/div><div class=\"vague\"><\/div><img decoding=\"async\" src=\"https:\/\/mirabel-prairiesdelamer.com\/wp-content\/uploads\/2023\/02\/espace-aquatique-piscine-baignade.jpg\" alt=\"beheizter Au\u00dfenpool Liegestuhl\"\/><div class=\"ligne\"><\/div><div class=\"hover\"><\/div><\/a><\/aside><\/div>\n<\/div>\n\n\n\n<div class=\"wp-block-column is-layout-flow wp-block-column-is-layout-flow\">\n<div class=\"wp-block-create-block-sevgutenberg\"><aside class=\"encart-sev moyen arrondi\"><a href=\"https:\/\/mirabel-prairiesdelamer.com\/de\/imbissstube\/\" class=\"d-flex flex-column align-items-center\"><div class=\"encart-title\"><h3>Snack Bar<\/h3><\/div><div class=\"vague\"><\/div><img decoding=\"async\" src=\"https:\/\/mirabel-prairiesdelamer.com\/wp-content\/uploads\/2023\/02\/IMG-20220710-WA0001.jpg\" alt=\"cocktail paillote bar snack\"\/><div class=\"ligne\"><\/div><div class=\"hover\"><\/div><\/a><\/aside><\/div>\n<\/div>\n\n\n\n<div class=\"wp-block-column is-layout-flow wp-block-column-is-layout-flow\">\n<div class=\"wp-block-create-block-sevgutenberg\"><aside class=\"encart-sev moyen arrondi\"><a href=\"https:\/\/mirabel-prairiesdelamer.com\/de\/animationen-juli-august\/\" class=\"d-flex flex-column align-items-center\"><div class=\"encart-title\"><h3>Animationen und Abendveranstaltungen<\/h3><\/div><div class=\"vague\"><\/div><img decoding=\"async\" src=\"https:\/\/mirabel-prairiesdelamer.com\/wp-content\/uploads\/2022\/02\/encart-animations-soirees.jpg\" alt=\"campingplatz Calvados mit animationen\"\/><div class=\"ligne\"><\/div><div class=\"hover\"><\/div><\/a><\/aside><\/div>\n<\/div>\n\n\n\n<div class=\"wp-block-column is-layout-flow wp-block-column-is-layout-flow\">\n<div class=\"wp-block-create-block-sevgutenberg\"><aside class=\"encart-sev moyen arrondi\"><a href=\"https:\/\/mirabel-prairiesdelamer.com\/de\/die-erfahrungen\/\" class=\"d-flex flex-column align-items-center\"><div class=\"encart-title\"><h3>Erfahrungen<\/h3><\/div><div class=\"vague\"><\/div><img decoding=\"async\" src=\"https:\/\/mirabel-prairiesdelamer.com\/wp-content\/uploads\/2022\/02\/encart-les-experiences.jpg\" alt=\"Erfahrungen in Ouistreham in Calvados\"\/><div class=\"ligne\"><\/div><div class=\"hover\"><\/div><\/a><\/aside><\/div>\n<\/div>\n<\/div>\n<\/div>\n\n\n\n<h1 class=\"wp-block-heading\" id=\"votre-camping-a-cote-de-la-plage-de-ouistreham-riva-bella\">Ihr Campingplatz neben dem Strand von Ouistreham Riva-Bella<\/h1>\n\n\n\n<div class=\"wp-block-columns is-layout-flex wp-container-core-columns-is-layout-28f84493 wp-block-columns-is-layout-flex\">\n<div class=\"wp-block-column mr-md-4 is-layout-flow wp-block-column-is-layout-flow\">\n<h2 class=\"wp-block-heading has-text-color has-medium-font-size\" id=\"un-camping-ou-tout-est-accessible-a-pied-et-a-velo\" style=\"color:#266674\">Ein Urlaub, in dem alles zu Fu\u00df oder mit dem Fahrrad erreichbar ist!<\/h2>\n\n\n\n<p>Wir begr\u00fc\u00dfen Sie im Herzen von <a href=\"https:\/\/mirabel-prairiesdelamer.com\/de\/camping-ouistreham\/\" data-type=\"page\" data-id=\"67\" target=\"_blank\" rel=\"noreferrer noopener\">Ouistreham Riva-Bella<\/a>, <strong>500 m vom Meer entfernt <\/strong>und 15 Minuten von Caen entfernt. Zu Fu\u00df erreichen Sie den gro\u00dfen wei\u00dfen Sandstrand, wo Sie Ihr Handtuch ablegen k\u00f6nnen, und finden die <strong>Gesch\u00e4fte in der Fu\u00dfg\u00e4ngerzone : <\/strong>Eisdielen, Restaurants, Souvenirl\u00e4den und vieles mehr...<br><strong>Fahren Sie mit dem Fahrrad los <\/strong>auf den Radwegen der Region und entdecken Sie die malerischen Villen der Nachbard\u00f6rfer Lion-sur-Mer oder Hermanville-sur-Mer. Schieben Sie auf der V\u00e9lomaritime noch ein St\u00fcck weiter bis nach Arromanches-les-Bains, dem symboltr\u00e4chtigen Ort der Landung der Alliierten am 6. Juni 1944, oder fahren Sie auf der anderen Seite bis ins Stadtzentrum von Caen.<\/p>\n<\/div>\n\n\n\n<div class=\"wp-block-column order-2 order-md-3 is-layout-flow wp-block-column-is-layout-flow\">\n<h2 class=\"wp-block-heading has-text-color has-medium-font-size\" id=\"un-espace-aquatique-avec-piscine-couverte-et-balneo\" style=\"color:#266674\">Ein Wasserbereich mit Hallenbad und Whirlpool<\/h2>\n\n\n\n<p>F\u00fcr Gro\u00df und Klein: Schwimmen und Rutschen in den&nbsp;<strong>2 beheizte Pools<\/strong>&nbsp;der\u2019<a href=\"https:\/\/mirabel-prairiesdelamer.com\/de\/campingplatz-normandie-wasserbereich\/\" data-type=\"page\" data-id=\"54\" target=\"_blank\" rel=\"noreferrer noopener\"><strong>Wasserraum<\/strong><\/a> bieten sich Ihnen an. Sie haben Spa\u00df im Freien mit den 3 Pisten von <strong>Rutschen<\/strong>&nbsp;und die <strong>Wasserspiele<\/strong>, Sie k\u00f6nnen sich in den Blasen des Whirlpools und in der holzigen W\u00e4rme der Sauna entspannen.<\/p>\n\n\n\n<p>Rund um die Becken ist es ein bisschen wie am Strand: Man entspannt sich auf den Liegest\u00fchlen und los geht's mit dem Lese- und Br\u00e4unungsmoment. Schl\u00fcrfen Sie ein Getr\u00e4nk in der Sonne auf der Terrasse von <strong>La Paillotte gegen\u00fcber dem Pool<\/strong>&nbsp;!<\/p>\n<\/div>\n<\/div>\n\n\n\n<div class=\"wp-block-columns is-layout-flex wp-container-core-columns-is-layout-28f84493 wp-block-columns-is-layout-flex\">\n<div class=\"wp-block-column mr-md-4 is-layout-flow wp-block-column-is-layout-flow\">\n<h2 class=\"wp-block-heading has-text-color has-medium-font-size\" id=\"votre-location-de-vacances-dans-un-camping-anime\" style=\"color:#266674\">Ihre Mobilheimmiete auf einem belebten Campingplatz<\/h2>\n\n\n\n<p>Jeden Tag im Sommer <strong><a href=\"https:\/\/mirabel-prairiesdelamer.com\/de\/imbissstube\/\" data-type=\"page\" data-id=\"40\" target=\"_blank\" rel=\"noreferrer noopener\">Imbissstube<\/a><\/strong> ist mit k\u00fchlen Getr\u00e4nken, Cr\u00eapes und Eis ge\u00f6ffnet... Unser Chefkoch bereitet leckere Gerichte, Pizzas oder Themenabende zu. W\u00e4hrend sich Ihre Kleinkinder zwischen 6 und 12 Jahren im <strong><a href=\"https:\/\/mirabel-prairiesdelamer.com\/de\/animationen-juli-august\/\" data-type=\"page\" data-id=\"46\" target=\"_blank\" rel=\"noreferrer noopener\">Kinderclub<\/a><\/strong>, Wenn du dich mit unseren Animateuren zu zahlreichen Aktivit\u00e4ten f\u00fcr Jugendliche und Erwachsene auf dem Campingplatz verabredet hast, kannst du auch Ausfl\u00fcge nach drau\u00dfen machen, z. B. zum Karting, in Freizeitparks, zum Lasergame...<\/p>\n\n\n\n<p>Der Campingplatz bietet <strong><a href=\"https:\/\/mirabel-prairiesdelamer.com\/de\/vermietung-mobilheime-normandie\/\" data-type=\"page\" data-id=\"56\" target=\"_blank\" rel=\"noreferrer noopener\">Mobilheimvermietung<\/a><\/strong> von 1 bis 3 Schlafzimmern f\u00fcr einen Urlaub mit allem Komfort! Genie\u00dfen Sie das Leben im Freien und entspannen Sie sich auf den Liegest\u00fchlen, die auf dem Stellplatz aufgestellt sind.<\/p>\n<\/div>\n\n\n\n<div class=\"wp-block-column is-layout-flow wp-block-column-is-layout-flow\">\n<h2 class=\"wp-block-heading has-text-color has-medium-font-size\" id=\"des-vacances-actives-sur-les-plages-normandes\" style=\"color:#266674\">Ein Aktivurlaub an den Str\u00e4nden der Normandie<\/h2>\n\n\n\n<p>Der Campingplatz ist so ausgestattet, dass Sie auch im Urlaub in Form bleiben k\u00f6nnen! Kommen Sie und probieren Sie die <strong>Fitnessraum<\/strong>, Sie haben die M\u00f6glichkeit, an Sportveranstaltungen teilzunehmen und gemeinsam auf dem <strong>Multisportplatz<\/strong> oder das Boulodrome! <br>Vor den Toren des Meeres, des Landes und der Stadt, tanken Sie auf.\u2019<strong><a href=\"https:\/\/mirabel-prairiesdelamer.com\/de\/die-erfahrungen\/\" data-type=\"page\" data-id=\"272\" target=\"_blank\" rel=\"noreferrer noopener\">aktivit\u00e4ten an der normannischen k\u00fcste<\/a><\/strong> : Fahrradtouren, Kajak, Strandsegeln, Drachen steigen lassen... <br>Die Ferien sind auch eine gute Gelegenheit, sich auf die Spuren der Geschichte zu begeben, entlang der zahlreichen <strong><a href=\"https:\/\/mirabel-prairiesdelamer.com\/de\/gedenktourismus\/\" data-type=\"page\" data-id=\"267\" target=\"_blank\" rel=\"noreferrer noopener\">Landungsstr\u00e4nde<\/a><\/strong> und in Museen \u00fcber den Zweiten Weltkrieg. <br>Der Campingplatz Les Prairies de la Mer ist ideal, um mit der Familie oder mit Freunden die erholsame Meeresluft zu genie\u00dfen und die Normandie zu besuchen!<\/p>\n<\/div>\n<\/div>\n\n\n\n<div class=\"wp-block-group front-page-section grey is-layout-flow wp-block-group-is-layout-flow\">\n<p class=\"h1-like-rond\">Mein gem\u00fctliches Nest!<\/p>\n\n\n\n<h2 class=\"wp-block-heading has-text-align-center has-medium-font-size\" id=\"hebergements\">Entdecken Sie alle unsere Ferienunterk\u00fcnfte in Ouistreham<\/h2>\n\n\n\n<div class=\"wp-block-columns is-layout-flex wp-container-core-columns-is-layout-28f84493 wp-block-columns-is-layout-flex\">\n<div class=\"wp-block-column is-layout-flow wp-block-column-is-layout-flow\">\n<div class=\"wp-block-create-block-sevgutenberg\"><aside class=\"encart-sev big carre\"><a href=\"https:\/\/mirabel-prairiesdelamer.com\/de\/unterkunft\/vermietung-mobilheim-1-zimmer\/\" class=\"d-flex flex-column align-items-center\"><div class=\"encart-title\"><h3>Mobilheim 1 Zimmer<\/h3><\/div><div class=\"vague\"><\/div><img decoding=\"async\" src=\"https:\/\/mirabel-prairiesdelamer.com\/wp-content\/uploads\/2022\/02\/mobil-home-1chambre.jpg\" alt=\"vermietung mobilheim 1 zimmer\"\/><div class=\"ligne\"><\/div><div class=\"hover\"><\/div><\/a><\/aside><\/div>\n<\/div>\n\n\n\n<div class=\"wp-block-column is-layout-flow wp-block-column-is-layout-flow\">\n<div class=\"wp-block-create-block-sevgutenberg\"><aside class=\"encart-sev small carre\"><a href=\"https:\/\/mirabel-prairiesdelamer.com\/de\/unterkunft\/vermietung-mobilheim-2-zimmer-weniger-als-30m-4-5p\/\" class=\"d-flex flex-column align-items-center\"><div class=\"encart-title\"><h3>Mobilheim 2 Zimmer<\/h3><\/div><div class=\"vague\"><\/div><img decoding=\"async\" src=\"https:\/\/mirabel-prairiesdelamer.com\/wp-content\/uploads\/2022\/02\/mobil-home-2chambres.jpg\" alt=\"vermietung mobilheim 2 zimmer\"\/><div class=\"ligne\"><\/div><div class=\"hover\"><\/div><\/a><\/aside><\/div>\n\n\n\n<div class=\"wp-block-create-block-sevgutenberg\"><aside class=\"encart-sev small carre\"><a href=\"https:\/\/mirabel-prairiesdelamer.com\/de\/unterkunft\/vermietung-mobilheim-3-zimmer-4-6p\/\" class=\"d-flex flex-column align-items-center\"><div class=\"encart-title\"><h3>Mobilheim 3 Zimmer<\/h3><\/div><div class=\"vague\"><\/div><img decoding=\"async\" src=\"https:\/\/mirabel-prairiesdelamer.com\/wp-content\/uploads\/2022\/02\/mobil-home-3chambres.jpg\" alt=\"vermietung mobilheim 3 zimmer\"\/><div class=\"ligne\"><\/div><div class=\"hover\"><\/div><\/a><\/aside><\/div>\n<\/div>\n\n\n\n<div class=\"wp-block-column is-layout-flow wp-block-column-is-layout-flow\">\n<div class=\"wp-block-create-block-sevgutenberg\"><aside class=\"encart-sev big carre\"><a href=\"https:\/\/mirabel-prairiesdelamer.com\/de\/unterkunft\/vermietung-mobilheim-2-zimmer-pmr-4-6p\/\" class=\"d-flex flex-column align-items-center\"><div class=\"encart-title\"><h3>Mobilheim Raum XXL<\/h3><\/div><div class=\"vague\"><\/div><img decoding=\"async\" src=\"https:\/\/mirabel-prairiesdelamer.com\/wp-content\/uploads\/2022\/02\/mobil-home-PMR.jpg\" alt=\"Vermietung Mobilheim Behindertengerecht\"\/><div class=\"ligne\"><\/div><div class=\"hover\"><\/div><\/a><\/aside><\/div>\n<\/div>\n<\/div>\n<\/div>\n\n\n\n<p class=\"h1-like-rond\"> Werden Sie Eigent\u00fcmer<\/p>\n\n\n\n<div class=\"wp-block-group front-page-section proprio mb-0 is-layout-flow wp-block-group-is-layout-flow\">\n<div class=\"wp-block-group texte-proprio is-layout-flow wp-block-group-is-layout-flow\">\n<p class=\"has-text-align-center\" style=\"font-size:28px\"><strong>Auf der Suche nach Ihrem Zweitwohnsitz?<\/strong><\/p>\n\n\n\n<p>Springen Sie \u00fcber Ihren Schatten und werden Sie Eigent\u00fcmer Ihres Mobilheims auf diesem 4-Sterne-Campingplatz Mirabel, der nur wenige Schritte vom Meer entfernt liegt.<\/p>\n\n\n\n<p>Sie haben die Wahl: Mobilheim mit 1, 2 oder 3 Schlafzimmern, 1 oder 2 Badezimmern, halboffene oder \u00fcberdachte Terrasse, Gartenhaus. R\u00fcsten Sie Ihr zweites Zuhause aus, um sich ganz wie zu Hause zu f\u00fchlen und schaffen Sie sich Ihren eigenen kleinen Familienkokon.<\/p>\n\n\n\n<figure class=\"wp-block-image size-large plus\"><a href=\"https:\/\/mirabel-prairiesdelamer.com\/de\/zweitwohnsitz-ouistreham\/\"><img decoding=\"async\" src=\"https:\/\/mirabel-prairiesdelamer.com\/wp-content\/uploads\/2022\/01\/plus-1.png\" alt=\"\"\/><\/a><\/figure>\n<\/div>\n<\/div>\n\n\n\n<div class=\"wp-block-group front-page-section grey is-layout-flow wp-block-group-is-layout-flow\">\n<p class=\"h1-like\">Nachrichten<\/p>\n\n\n\n<div class=\"wp-block-columns is-layout-flex wp-container-core-columns-is-layout-28f84493 wp-block-columns-is-layout-flex\">\n<div class=\"wp-block-column is-layout-flow wp-block-column-is-layout-flow\"><div id=\"carouselActus\" data-interval=\"6000\" data-wrap=\"true\" class=\"carousel slide\"><div class=\"carousel-inner\"><div class=\"carousel-item active\"><div class=\"actus\">\r\n<a href=\"https:\/\/mirabel-prairiesdelamer.com\/de\/2026\/04\/03\/la-piscine-est-ouverte\/\" class=\"multiple-actu\">\r\n\t<div class=\"d-flex flex-column infos\">\r\n\t\t<div class=\"date\">03\/04\/2026<\/div>\r\n\t\t<div class=\"titre\">Das Schwimmbad ist zu Ostern auf dem Campingplatz in Ouistreham ge\u00f6ffnet!<\/div>\r\n\r\n\t\t<span class=\"plus\"><img decoding=\"async\" src=\"https:\/\/mirabel-prairiesdelamer.com\/wp-content\/themes\/mirabel-site\/assets\/img\/plus.png\"><\/span>\r\n\t<\/div>\r\n\t<div class=\"img\">\r\n\t\t<img decoding=\"async\" src=\"https:\/\/mirabel-prairiesdelamer.com\/wp-content\/uploads\/2022\/04\/piscine-camping-ouverte-300x300.jpg\" alt=\"Das Schwimmbad ist zu Ostern auf dem Campingplatz in Ouistreham ge\u00f6ffnet!\" loading=\"lazy\">\r\n\t<\/div>\r\n<\/a>\r\n\r\n<a href=\"https:\/\/mirabel-prairiesdelamer.com\/de\/2026\/03\/25\/programme-des-vacances-de-paques\/\" class=\"multiple-actu\">\r\n\t<div class=\"d-flex flex-column infos\">\r\n\t\t<div class=\"date\">25\/03\/2026<\/div>\r\n\t\t<div class=\"titre\">Aktivit\u00e4ten Osterferien in Ouistreham<\/div>\r\n\r\n\t\t<span class=\"plus\"><img decoding=\"async\" src=\"https:\/\/mirabel-prairiesdelamer.com\/wp-content\/themes\/mirabel-site\/assets\/img\/plus.png\"><\/span>\r\n\t<\/div>\r\n\t<div class=\"img\">\r\n\t\t<img decoding=\"async\" src=\"https:\/\/mirabel-prairiesdelamer.com\/wp-content\/uploads\/2023\/03\/programme-vacances-paques-A-300x257.jpg\" alt=\"Aktivit\u00e4ten Osterferien in Ouistreham\" loading=\"lazy\">\r\n\t<\/div>\r\n<\/a>\r\n\r\n<a href=\"https:\/\/mirabel-prairiesdelamer.com\/de\/2026\/01\/19\/early-booking-vos-prochaine-vacances-a-prix-reduit\/\" class=\"multiple-actu\">\r\n\t<div class=\"d-flex flex-column infos\">\r\n\t\t<div class=\"date\">19\/01\/2026<\/div>\r\n\t\t<div class=\"titre\">Buchungen 2026 ge\u00f6ffnet: Ihr Urlaub in der Normandie zu reduzierten Preisen!<\/div>\r\n\r\n\t\t<span class=\"plus\"><img decoding=\"async\" src=\"https:\/\/mirabel-prairiesdelamer.com\/wp-content\/themes\/mirabel-site\/assets\/img\/plus.png\"><\/span>\r\n\t<\/div>\r\n\t<div class=\"img\">\r\n\t\t<img decoding=\"async\" src=\"https:\/\/mirabel-prairiesdelamer.com\/wp-content\/uploads\/2025\/11\/prolong-early-booking-2026-300x194.jpg\" alt=\"Buchungen 2026 ge\u00f6ffnet: Ihr Urlaub in der Normandie zu reduzierten Preisen!\" loading=\"lazy\">\r\n\t<\/div>\r\n<\/a>\r\n<\/div><\/div><div class=\"carousel-item\"><div class=\"actus\">\r\n<a href=\"https:\/\/mirabel-prairiesdelamer.com\/de\/2026\/01\/13\/on-recrute-aux-prairies-de-la-mer\/\" class=\"multiple-actu\">\r\n\t<div class=\"d-flex flex-column infos\">\r\n\t\t<div class=\"date\">13\/01\/2026<\/div>\r\n\t\t<div class=\"titre\">Stellenangebot Jahreszeiten 2026 auf dem Campingplatz Les Prairies de la Mer<\/div>\r\n\r\n\t\t<span class=\"plus\"><img decoding=\"async\" src=\"https:\/\/mirabel-prairiesdelamer.com\/wp-content\/themes\/mirabel-site\/assets\/img\/plus.png\"><\/span>\r\n\t<\/div>\r\n\t<div class=\"img\">\r\n\t\t<img decoding=\"async\" src=\"https:\/\/mirabel-prairiesdelamer.com\/wp-content\/uploads\/2025\/01\/web-saison-2026-recrutement-300x200.jpg\" alt=\"Stellenangebot Jahreszeiten 2026 auf dem Campingplatz Les Prairies de la Mer\" loading=\"lazy\">\r\n\t<\/div>\r\n<\/a>\r\n\r\n<a href=\"https:\/\/mirabel-prairiesdelamer.com\/de\/2025\/10\/02\/vacances-de-la-toussaint-au-camping-en-normandie\/\" class=\"multiple-actu\">\r\n\t<div class=\"d-flex flex-column infos\">\r\n\t\t<div class=\"date\">02\/10\/2025<\/div>\r\n\t\t<div class=\"titre\">Allerheiligenurlaub auf dem Campingplatz in der Normandie<\/div>\r\n\r\n\t\t<span class=\"plus\"><img decoding=\"async\" src=\"https:\/\/mirabel-prairiesdelamer.com\/wp-content\/themes\/mirabel-site\/assets\/img\/plus.png\"><\/span>\r\n\t<\/div>\r\n\t<div class=\"img\">\r\n\t\t<img decoding=\"async\" src=\"https:\/\/mirabel-prairiesdelamer.com\/wp-content\/uploads\/2024\/09\/animation-halloween-enfant-camping-300x171.jpg\" alt=\"Allerheiligenurlaub auf dem Campingplatz in der Normandie\" loading=\"lazy\">\r\n\t<\/div>\r\n<\/a>\r\n\r\n<a href=\"https:\/\/mirabel-prairiesdelamer.com\/de\/2025\/09\/02\/vacances-en-septembre-en-normandie\/\" class=\"multiple-actu\">\r\n\t<div class=\"d-flex flex-column infos\">\r\n\t\t<div class=\"date\">02\/09\/2025<\/div>\r\n\t\t<div class=\"titre\">Warum im September in der Normandie Urlaub machen?<\/div>\r\n\r\n\t\t<span class=\"plus\"><img decoding=\"async\" src=\"https:\/\/mirabel-prairiesdelamer.com\/wp-content\/themes\/mirabel-site\/assets\/img\/plus.png\"><\/span>\r\n\t<\/div>\r\n\t<div class=\"img\">\r\n\t\t<img decoding=\"async\" src=\"https:\/\/mirabel-prairiesdelamer.com\/wp-content\/uploads\/2024\/02\/cabine-ouistreham-plage-WEB-300x197.jpg\" alt=\"Warum im September in der Normandie Urlaub machen?\" loading=\"lazy\">\r\n\t<\/div>\r\n<\/a>\r\n<\/div><\/div><div class=\"carousel-item\"><div class=\"actus\">\r\n<a href=\"https:\/\/mirabel-prairiesdelamer.com\/de\/2025\/06\/27\/reprise-des-animations\/\" class=\"multiple-actu\">\r\n\t<div class=\"d-flex flex-column infos\">\r\n\t\t<div class=\"date\">27\/06\/2025<\/div>\r\n\t\t<div class=\"titre\">Wiederaufnahme der Animationen auf dem Campingplatz in diesem Sommer<\/div>\r\n\r\n\t\t<span class=\"plus\"><img decoding=\"async\" src=\"https:\/\/mirabel-prairiesdelamer.com\/wp-content\/themes\/mirabel-site\/assets\/img\/plus.png\"><\/span>\r\n\t<\/div>\r\n\t<div class=\"img\">\r\n\t\t<img decoding=\"async\" src=\"https:\/\/mirabel-prairiesdelamer.com\/wp-content\/uploads\/2022\/06\/ADULTES-PDM-1-5-juillet-300x212.jpg\" alt=\"Wiederaufnahme der Animationen auf dem Campingplatz in diesem Sommer\" loading=\"lazy\">\r\n\t<\/div>\r\n<\/a>\r\n\r\n<a href=\"https:\/\/mirabel-prairiesdelamer.com\/de\/2025\/06\/18\/ouverture-de-la-paillote\/\" class=\"multiple-actu\">\r\n\t<div class=\"d-flex flex-column infos\">\r\n\t\t<div class=\"date\">18\/06\/2025<\/div>\r\n\t\t<div class=\"titre\">Er\u00f6ffnung der Snackbar des Campingplatzes<\/div>\r\n\r\n\t\t<span class=\"plus\"><img decoding=\"async\" src=\"https:\/\/mirabel-prairiesdelamer.com\/wp-content\/themes\/mirabel-site\/assets\/img\/plus.png\"><\/span>\r\n\t<\/div>\r\n\t<div class=\"img\">\r\n\t\t<img decoding=\"async\" src=\"https:\/\/mirabel-prairiesdelamer.com\/wp-content\/uploads\/2025\/06\/bar-ouverture-paillote-250x300.jpg\" alt=\"Er\u00f6ffnung der Snackbar des Campingplatzes\" loading=\"lazy\">\r\n\t<\/div>\r\n<\/a>\r\n\r\n<a href=\"https:\/\/mirabel-prairiesdelamer.com\/de\/2025\/04\/02\/travaux-en-cours-a-proximite-modernisation-du-pole-raquettes\/\" class=\"multiple-actu\">\r\n\t<div class=\"d-flex flex-column infos\">\r\n\t\t<div class=\"date\">02\/04\/2025<\/div>\r\n\t\t<div class=\"titre\">Praktische Info: Arbeiten in der N\u00e4he<\/div>\r\n\r\n\t\t<span class=\"plus\"><img decoding=\"async\" src=\"https:\/\/mirabel-prairiesdelamer.com\/wp-content\/themes\/mirabel-site\/assets\/img\/plus.png\"><\/span>\r\n\t<\/div>\r\n\t<div class=\"img\">\r\n\t\t<img decoding=\"async\" src=\"https:\/\/mirabel-prairiesdelamer.com\/wp-content\/uploads\/2025\/08\/travaux-proximite-ouistreham-300x300.png\" alt=\"Praktische Info: Arbeiten in der N\u00e4he\" loading=\"lazy\">\r\n\t<\/div>\r\n<\/a>\r\n<\/div><\/div><div class=\"carousel-item\"><div class=\"actus\">\r\n<a href=\"https:\/\/mirabel-prairiesdelamer.com\/de\/2025\/04\/02\/food-truck-au-camping-dimanche-4-juin\/\" class=\"multiple-actu\">\r\n\t<div class=\"d-flex flex-column infos\">\r\n\t\t<div class=\"date\">02\/04\/2025<\/div>\r\n\t\t<div class=\"titre\">Food-Truck auf dem Campingplatz in der Nebensaison<\/div>\r\n\r\n\t\t<span class=\"plus\"><img decoding=\"async\" src=\"https:\/\/mirabel-prairiesdelamer.com\/wp-content\/themes\/mirabel-site\/assets\/img\/plus.png\"><\/span>\r\n\t<\/div>\r\n\t<div class=\"img\">\r\n\t\t<img decoding=\"async\" src=\"https:\/\/mirabel-prairiesdelamer.com\/wp-content\/uploads\/2023\/06\/Food-truck-Mirabel-V3-300x257.jpg\" alt=\"Food-Truck auf dem Campingplatz in der Nebensaison\" loading=\"lazy\">\r\n\t<\/div>\r\n<\/a>\r\n\r\n<a href=\"https:\/\/mirabel-prairiesdelamer.com\/de\/2024\/09\/23\/offre-speciale-vacances-doctobre\/\" class=\"multiple-actu\">\r\n\t<div class=\"d-flex flex-column infos\">\r\n\t\t<div class=\"date\">23\/09\/2024<\/div>\r\n\t\t<div class=\"titre\">Sonderangebot f\u00fcr die Oktoberferien!<\/div>\r\n\r\n\t\t<span class=\"plus\"><img decoding=\"async\" src=\"https:\/\/mirabel-prairiesdelamer.com\/wp-content\/themes\/mirabel-site\/assets\/img\/plus.png\"><\/span>\r\n\t<\/div>\r\n\t<div class=\"img\">\r\n\t\t<img decoding=\"async\" src=\"https:\/\/mirabel-prairiesdelamer.com\/wp-content\/uploads\/2022\/06\/Promo-octobre-2024-300x300.jpg\" alt=\"Sonderangebot f\u00fcr die Oktoberferien!\" loading=\"lazy\">\r\n\t<\/div>\r\n<\/a>\r\n\r\n<a href=\"https:\/\/mirabel-prairiesdelamer.com\/de\/2024\/05\/21\/cadeau-special-pour-les-mamans\/\" class=\"multiple-actu\">\r\n\t<div class=\"d-flex flex-column infos\">\r\n\t\t<div class=\"date\">21\/05\/2024<\/div>\r\n\t\t<div class=\"titre\">Besonderes Geschenk f\u00fcr V\u00e4ter und M\u00fctter<\/div>\r\n\r\n\t\t<span class=\"plus\"><img decoding=\"async\" src=\"https:\/\/mirabel-prairiesdelamer.com\/wp-content\/themes\/mirabel-site\/assets\/img\/plus.png\"><\/span>\r\n\t<\/div>\r\n\t<div class=\"img\">\r\n\t\t<img decoding=\"async\" src=\"https:\/\/mirabel-prairiesdelamer.com\/wp-content\/uploads\/2024\/06\/cadeau-fete-peres-PDM-300x300.jpg\" alt=\"Besonderes Geschenk f\u00fcr V\u00e4ter und M\u00fctter\" loading=\"lazy\">\r\n\t<\/div>\r\n<\/a>\r\n<\/div><\/div><div class=\"carousel-item\"><div class=\"actus\">\r\n<a href=\"https:\/\/mirabel-prairiesdelamer.com\/de\/2023\/08\/17\/votez-pour-votre-clip-de-lete-prefere\/\" class=\"multiple-actu\">\r\n\t<div class=\"d-flex flex-column infos\">\r\n\t\t<div class=\"date\">17\/08\/2023<\/div>\r\n\t\t<div class=\"titre\">Intercamping-Herausforderung: Der Clip f\u00fcr den Sommer 2023!<\/div>\r\n\r\n\t\t<span class=\"plus\"><img decoding=\"async\" src=\"https:\/\/mirabel-prairiesdelamer.com\/wp-content\/themes\/mirabel-site\/assets\/img\/plus.png\"><\/span>\r\n\t<\/div>\r\n\t<div class=\"img\">\r\n\t\t<img decoding=\"async\" src=\"https:\/\/mirabel-prairiesdelamer.com\/wp-content\/uploads\/2023\/07\/Challenge-clip-video-2023-212x300.jpg\" alt=\"Intercamping-Herausforderung: Der Clip f\u00fcr den Sommer 2023!\" loading=\"lazy\">\r\n\t<\/div>\r\n<\/a>\r\n\r\n<a href=\"https:\/\/mirabel-prairiesdelamer.com\/de\/2023\/07\/17\/defis-mirabel-inter-camping-les-animations-mirabel-au-camping-les-prairies-de-la-mer\/\" class=\"multiple-actu\">\r\n\t<div class=\"d-flex flex-column infos\">\r\n\t\t<div class=\"date\">17\/07\/2023<\/div>\r\n\t\t<div class=\"titre\">Mirabel-Herausforderungen zwischen den Campingpl\u00e4tzen - Mirabel-Animationen auf dem Campingplatz Les Prairies de la Mer!<\/div>\r\n\r\n\t\t<span class=\"plus\"><img decoding=\"async\" src=\"https:\/\/mirabel-prairiesdelamer.com\/wp-content\/themes\/mirabel-site\/assets\/img\/plus.png\"><\/span>\r\n\t<\/div>\r\n\t<div class=\"img\">\r\n\t\t<img decoding=\"async\" src=\"https:\/\/mirabel-prairiesdelamer.com\/wp-content\/uploads\/2023\/07\/WEB-Journee-deguisee-26juillet-212x300.jpg\" alt=\"Mirabel-Herausforderungen zwischen den Campingpl\u00e4tzen - Mirabel-Animationen auf dem Campingplatz Les Prairies de la Mer!\" loading=\"lazy\">\r\n\t<\/div>\r\n<\/a>\r\n\r\n<a href=\"https:\/\/mirabel-prairiesdelamer.com\/de\/2023\/04\/03\/les-longs-week-ends-du-mois-de-mai-en-normandie\/\" class=\"multiple-actu\">\r\n\t<div class=\"d-flex flex-column infos\">\r\n\t\t<div class=\"date\">03\/04\/2023<\/div>\r\n\t\t<div class=\"titre\">Die langen Wochenenden im Mai in der Normandie<\/div>\r\n\r\n\t\t<span class=\"plus\"><img decoding=\"async\" src=\"https:\/\/mirabel-prairiesdelamer.com\/wp-content\/themes\/mirabel-site\/assets\/img\/plus.png\"><\/span>\r\n\t<\/div>\r\n\t<div class=\"img\">\r\n\t\t<img decoding=\"async\" src=\"https:\/\/mirabel-prairiesdelamer.com\/wp-content\/uploads\/2023\/04\/Ponts-de-mai-Mirabel-2-300x300.jpg\" alt=\"Die langen Wochenenden im Mai in der Normandie\" loading=\"lazy\">\r\n\t<\/div>\r\n<\/a>\r\n<\/div><\/div><div class=\"carousel-item\"><div class=\"actus\">\r\n<a href=\"https:\/\/mirabel-prairiesdelamer.com\/de\/2023\/03\/24\/reouverture-du-camping-a-la-location\/\" class=\"multiple-actu\">\r\n\t<div class=\"d-flex flex-column infos\">\r\n\t\t<div class=\"date\">24\/03\/2023<\/div>\r\n\t\t<div class=\"titre\">Wiederer\u00f6ffnung des Campingplatzes zur Vermietung<\/div>\r\n\r\n\t\t<span class=\"plus\"><img decoding=\"async\" src=\"https:\/\/mirabel-prairiesdelamer.com\/wp-content\/themes\/mirabel-site\/assets\/img\/plus.png\"><\/span>\r\n\t<\/div>\r\n\t<div class=\"img\">\r\n\t\t<img decoding=\"async\" src=\"https:\/\/mirabel-prairiesdelamer.com\/wp-content\/uploads\/2023\/03\/ouverture-camping-PDM-300x300.jpg\" alt=\"Wiederer\u00f6ffnung des Campingplatzes zur Vermietung\" loading=\"lazy\">\r\n\t<\/div>\r\n<\/a>\r\n\r\n<a href=\"https:\/\/mirabel-prairiesdelamer.com\/de\/2023\/03\/08\/j-7-avant-la-reouverture\/\" class=\"multiple-actu\">\r\n\t<div class=\"d-flex flex-column infos\">\r\n\t\t<div class=\"date\">08\/03\/2023<\/div>\r\n\t\t<div class=\"titre\">7 Tage bis zur Wiederer\u00f6ffnung!<\/div>\r\n\r\n\t\t<span class=\"plus\"><img decoding=\"async\" src=\"https:\/\/mirabel-prairiesdelamer.com\/wp-content\/themes\/mirabel-site\/assets\/img\/plus.png\"><\/span>\r\n\t<\/div>\r\n\t<div class=\"img\">\r\n\t\t<img decoding=\"async\" src=\"https:\/\/mirabel-prairiesdelamer.com\/wp-content\/uploads\/2023\/03\/maison-vacances-prairies-300x300.jpg\" alt=\"7 Tage bis zur Wiederer\u00f6ffnung!\" loading=\"lazy\">\r\n\t<\/div>\r\n<\/a>\r\n\r\n<a href=\"https:\/\/mirabel-prairiesdelamer.com\/de\/2022\/11\/17\/a-lannee-prochaine\/\" class=\"multiple-actu\">\r\n\t<div class=\"d-flex flex-column infos\">\r\n\t\t<div class=\"date\">17\/11\/2022<\/div>\r\n\t\t<div class=\"titre\">Bis zum n\u00e4chsten Jahr!<\/div>\r\n\r\n\t\t<span class=\"plus\"><img decoding=\"async\" src=\"https:\/\/mirabel-prairiesdelamer.com\/wp-content\/themes\/mirabel-site\/assets\/img\/plus.png\"><\/span>\r\n\t<\/div>\r\n\t<div class=\"img\">\r\n\t\t<img decoding=\"async\" src=\"https:\/\/mirabel-prairiesdelamer.com\/wp-content\/uploads\/2022\/11\/A-bientot-fermeture-300x300.jpg\" alt=\"Bis zum n\u00e4chsten Jahr!\" loading=\"lazy\">\r\n\t<\/div>\r\n<\/a>\r\n<\/div><\/div><div class=\"carousel-item\"><div class=\"actus\">\r\n<a href=\"https:\/\/mirabel-prairiesdelamer.com\/de\/2022\/08\/30\/le-snack-a-emporter-pour-la-fin-de-saison\/\" class=\"multiple-actu\">\r\n\t<div class=\"d-flex flex-column infos\">\r\n\t\t<div class=\"date\">30\/08\/2022<\/div>\r\n\t\t<div class=\"titre\">Der Snack zum Mitnehmen zum Saisonende<\/div>\r\n\r\n\t\t<span class=\"plus\"><img decoding=\"async\" src=\"https:\/\/mirabel-prairiesdelamer.com\/wp-content\/themes\/mirabel-site\/assets\/img\/plus.png\"><\/span>\r\n\t<\/div>\r\n\t<div class=\"img\">\r\n\t\t<img decoding=\"async\" src=\"https:\/\/mirabel-prairiesdelamer.com\/wp-content\/uploads\/2022\/06\/ouverture-snack-emporter-300x300.jpg\" alt=\"Der Snack zum Mitnehmen zum Saisonende\" loading=\"lazy\">\r\n\t<\/div>\r\n<\/a>\r\n\r\n<a href=\"https:\/\/mirabel-prairiesdelamer.com\/de\/2022\/05\/18\/les-prairies-de-la-mer-recompenses\/\" class=\"multiple-actu\">\r\n\t<div class=\"d-flex flex-column infos\">\r\n\t\t<div class=\"date\">18\/05\/2022<\/div>\r\n\t\t<div class=\"titre\">Meereswiesen ausgezeichnet<\/div>\r\n\r\n\t\t<span class=\"plus\"><img decoding=\"async\" src=\"https:\/\/mirabel-prairiesdelamer.com\/wp-content\/themes\/mirabel-site\/assets\/img\/plus.png\"><\/span>\r\n\t<\/div>\r\n\t<div class=\"img\">\r\n\t\t<img decoding=\"async\" src=\"https:\/\/mirabel-prairiesdelamer.com\/wp-content\/uploads\/2022\/05\/c2beaward-2022-300x300.jpg\" alt=\"Meereswiesen ausgezeichnet\" loading=\"lazy\">\r\n\t<\/div>\r\n<\/a>\r\n\r\n<a href=\"https:\/\/mirabel-prairiesdelamer.com\/de\/2022\/03\/07\/nouvelles-couleurs-pour-le-camping-les-prairies-de-la-mer\/\" class=\"multiple-actu\">\r\n\t<div class=\"d-flex flex-column infos\">\r\n\t\t<div class=\"date\">07\/03\/2022<\/div>\r\n\t\t<div class=\"titre\">Neue Farben f\u00fcr den Campingplatz Les Prairies de la Mer<\/div>\r\n\r\n\t\t<span class=\"plus\"><img decoding=\"async\" src=\"https:\/\/mirabel-prairiesdelamer.com\/wp-content\/themes\/mirabel-site\/assets\/img\/plus.png\"><\/span>\r\n\t<\/div>\r\n\t<div class=\"img\">\r\n\t\t<img decoding=\"async\" src=\"https:\/\/mirabel-prairiesdelamer.com\/wp-content\/uploads\/2022\/03\/nouveau-site-web-Prairies-1-300x300.gif\" alt=\"Neue Farben f\u00fcr den Campingplatz Les Prairies de la Mer\" loading=\"lazy\">\r\n\t<\/div>\r\n<\/a>\r\n<\/div><\/div><\/div><div class=\"d-flex justify-content-center\"><button class=\"carousel-control carousel-control-prev\" type=\"button\" data-target=\"#carouselActus\" data-slide=\"prev\">\r\n\t\t\t\t\t<i class=\"fa fa-chevron-left\" aria-hidden=\"true\"><\/i>\r\n\t\t\t\t\t<span class=\"sr-only\">Previous<\/span>\r\n\t\t\t\t<\/button>\r\n\t\t\t\t<button class=\"carousel-control carousel-control-next\" type=\"button\" data-target=\"#carouselActus\" data-slide=\"next\">\r\n\t\t\t\t\t<i class=\"fa fa-chevron-right\" aria-hidden=\"true\"><\/i>\r\n\t\t\t\t\t<span class=\"sr-only\">Next<\/span>\r\n\t\t\t\t<\/button><\/div><\/div>\n<\/div>\n<\/div>\n<\/div>\n\n\n\n<p class=\"h1-like\">Praktische Infos<\/p>\n\n\n<div class=\"sidebar sidebar-post sidebar-post d-flex flex-wrap\">\t\t\r\n\t\t<div class=\"col-12 col-sm-12 col-md-4 col-lg-4 col-xl-4\">\r\n\r\n\t\t\t\t\t\r\n\t\t\t<aside class=\"reviews\">\r\n\r\n\t\t\t\t\t\t\t\r\n\t\t<div class=\"widget-title\">\r\n\t\t\t<span>Man spricht \u00fcber uns!<\/span>\r\n\t\t\t\r\n\t\t\t\r\n\t\t<\/div>\r\n\t\t\r\n\t\t\t\t<div class=\"content\">\r\n\r\n\t\t\t\t\t<ctv-reviews-list ><\/ctv-reviews-list>\r\n\t\t\t\t<\/div>\r\n\r\n\t\t\t<\/aside>\r\n\r\n\t\t\t\r\n\t\t<\/div>\r\n\r\n\t\t\t\t\r\n\t\t<div class=\"col-12 col-sm-12 col-md-4 col-lg-4 col-xl-4\">\r\n\r\n\t\t\t\t\t\r\n\t\t\t<aside class=\"widget encart bis\">\r\n\t\t\t\t\r\n\t\t\t\t\t\t\t\t\t\t\t\t\r\n\t\t\t\t<a href=\"https:\/\/mirabel-prairiesdelamer.com\/de\/foire-aux-questions\/\">\r\n\r\n\t\t\t\t\t\t\t\t\r\n\t\t<div class=\"widget-title\">\r\n\t\t\t<span>Antworten auf Ihre Fragen<\/span>\r\n\t\t\t\r\n\t\t\t\r\n\t\t<\/div>\r\n\t\t\r\n\t\t\t\t\t<img decoding=\"async\" src=\"https:\/\/mirabel-prairiesdelamer.com\/wp-content\/uploads\/2021\/12\/faq.png\" alt=\"\" class=\"img-responsive\">\r\n\r\n\t\t\t\t<\/a>\r\n\r\n\t\t\t<\/aside>\r\n\r\n\t\t\t\r\n\t\t<\/div>\r\n\r\n\t\t\t\t\r\n\t\t<div class=\"col-12 col-sm-12 col-md-4 col-lg-4 col-xl-4\">\r\n\r\n\t\t\t\t\t\r\n\t\t\t<aside class=\"menusev\">\r\n\r\n\t\t\t\t\t\t\t\r\n\t\t<div class=\"widget-title\">\r\n\t\t\t<span>N\u00fctzliche Dokumente<\/span>\r\n\t\t\t\r\n\t\t\t\r\n\t\t<\/div>\r\n\t\t\r\n\t\t\t\t<ul id=\"menu-menu-telechargements\" class=\"menu\"><li id=\"menu-item-4555\" class=\"menu-item menu-item-type-custom menu-item-object-custom menu-item-4555\"><a target=\"_blank\" href=\"https:\/\/www.mirabel-prairiesdelamer.com\/wp-content\/uploads\/2022\/06\/Conditions-generales-de-vente-2025.pdf\">AGB<\/a><\/li>\n<li id=\"menu-item-7962\" class=\"menu-item menu-item-type-custom menu-item-object-custom menu-item-7962\"><a target=\"_blank\" href=\"https:\/\/mirabel-prairiesdelamer.com\/wp-content\/uploads\/2024\/02\/IPIDCGA-FR_merged_compressed.pdf\">Reiser\u00fccktrittsversicherung<\/a><\/li>\n<li id=\"menu-item-4558\" class=\"menu-item menu-item-type-custom menu-item-object-custom menu-item-4558\"><a target=\"_blank\" href=\"https:\/\/www.mirabel-prairiesdelamer.com\/wp-content\/uploads\/2022\/06\/Reglement-interieur-2025-Prairies.pdf\">Gesch\u00e4ftsordnung<\/a><\/li>\n<li id=\"menu-item-4557\" class=\"menu-item menu-item-type-custom menu-item-object-custom menu-item-4557\"><a target=\"_blank\" href=\"https:\/\/mirabel-prairiesdelamer.com\/wp-content\/uploads\/2022\/06\/PLAN-PDM-2026-web.jpg\">Plan des Campingplatzes<\/a><\/li>\n<li id=\"menu-item-14362\" class=\"menu-item menu-item-type-custom menu-item-object-custom menu-item-14362\"><a target=\"_blank\" href=\"https:\/\/notre.guide\/prairiesdelamer\/#events_onsite\">Animationspl\u00e4ne f\u00fcr den Sommer<\/a><\/li>\n<li id=\"menu-item-17524\" class=\"menu-item menu-item-type-custom menu-item-object-custom menu-item-17524\"><a target=\"_blank\" href=\"https:\/\/mirabel-campings.com\/nos-offres-demploi\/\">Unsere Stellenangebote<\/a><\/li>\n<\/ul>\r\n\t\t\t<\/aside>\r\n\r\n\t\t\t\r\n\t\t<\/div>\r\n\r\n\t\t<\/div>\n\n\n\n<p class=\"h1-like\">Fotogalerie<\/p>\n\n\n\t\t\t<div id=\"sevgallery-1353077063\" class=\"sev-diaporama sev-diaporama-portfolio\">\r\n\t\t\t\t<div class=\"row\">\r\n\r\n\t\t\t\t\t\r\n\t\t\t\t\t\t\r\n\t\t\t\t\t\t<div class=\"sev-diaporama-portfolio-item   btnseeall btnseeall-sm col-12 col-md\">\r\n\t\t\t\t\t\t\t<a href=\"https:\/\/mirabel-prairiesdelamer.com\/de\/camping-normandie-photos\/\"  style=\"background-image: url(https:\/\/mirabel-prairiesdelamer.com\/wp-content\/uploads\/2022\/02\/piscine-pataugeoire-1024x676.jpg)\">\r\n\t\t\t\t\t\t\t\t<img decoding=\"async\" src=\"https:\/\/mirabel-prairiesdelamer.com\/wp-content\/uploads\/2022\/02\/piscine-pataugeoire-1024x676.jpg\" alt=\"camping mit kinderplanschbecken\" loading=\"lazy\">\r\n\t\t\t\t\t\t\t\t\t\t\t\t\t\t\t<\/a>\r\n\t\t\t\t\t\t<\/div>\r\n\r\n\t\t\t\t\t\t\r\n\t\t\t\t\t\t\t\t\t\t\t\t\t\t\t\t\t\r\n\t\t\t\t\t\t\r\n\t\t\t\t\t\t<div class=\"sev-diaporama-portfolio-item   btnseeall btnseeall-sm col-12 col-md  col-shrink\">\r\n\t\t\t\t\t\t\t<a href=\"https:\/\/mirabel-prairiesdelamer.com\/de\/camping-normandie-photos\/\"  style=\"background-image: url(https:\/\/mirabel-prairiesdelamer.com\/wp-content\/uploads\/2022\/02\/piscine-aquaforme-1024x683.jpg)\">\r\n\t\t\t\t\t\t\t\t<img decoding=\"async\" src=\"https:\/\/mirabel-prairiesdelamer.com\/wp-content\/uploads\/2022\/02\/piscine-aquaforme-1024x683.jpg\" alt=\"Campingplatz mit Hallenbad\" loading=\"lazy\">\r\n\t\t\t\t\t\t\t\t\t\t\t\t\t\t\t<\/a>\r\n\t\t\t\t\t\t<\/div>\r\n\r\n\t\t\t\t\t\t\r\n\t\t\t\t\t\t\t\t\t\t\t\t\t\t\t\t\t\r\n\t\t\t\t\t\t\r\n\t\t\t\t\t\t<div class=\"sev-diaporama-portfolio-item   btnseeall btnseeall-sm col-12 col-md  col-grow\">\r\n\t\t\t\t\t\t\t<a href=\"https:\/\/mirabel-prairiesdelamer.com\/wp-content\/uploads\/2024\/01\/piscine-exterieure-toboggan-lagon.jpg\" data-lightbox=\"sevgallery-1353077063\" style=\"background-image: url(https:\/\/mirabel-prairiesdelamer.com\/wp-content\/uploads\/2024\/01\/piscine-exterieure-toboggan-lagon.jpg)\">\r\n\t\t\t\t\t\t\t\t<img decoding=\"async\" src=\"https:\/\/mirabel-prairiesdelamer.com\/wp-content\/uploads\/2024\/01\/piscine-exterieure-toboggan-lagon.jpg\" alt=\"beheizter Au\u00dfenpool\" loading=\"lazy\">\r\n\t\t\t\t\t\t\t\t\t\t\t\t\t\t\t<\/a>\r\n\t\t\t\t\t\t<\/div>\r\n\r\n\t\t\t\t\t\t\r\n\t\t\t\t\t\t\t\t\t\t\t\t\t\t\t\t\t\r\n\t\t\t\t\t\t\r\n\t\t\t\t\t\t<div class=\"sev-diaporama-portfolio-item   btnseeall btnseeall-sm col-12 col-md  col-shrink\">\r\n\t\t\t\t\t\t\t<a href=\"https:\/\/mirabel-prairiesdelamer.com\/wp-content\/uploads\/2024\/01\/snack-bar-terrasse-piscine.jpg\" data-lightbox=\"sevgallery-1353077063\" style=\"background-image: url(https:\/\/mirabel-prairiesdelamer.com\/wp-content\/uploads\/2024\/01\/snack-bar-terrasse-piscine.jpg)\">\r\n\t\t\t\t\t\t\t\t<img decoding=\"async\" src=\"https:\/\/mirabel-prairiesdelamer.com\/wp-content\/uploads\/2024\/01\/snack-bar-terrasse-piscine.jpg\" alt=\"sommercocktail snack paillote\" loading=\"lazy\">\r\n\t\t\t\t\t\t\t\t\t\t\t\t\t\t\t<\/a>\r\n\t\t\t\t\t\t<\/div>\r\n\r\n\t\t\t\t\t\t\t\t\t\t\t\t\t<div class=\"w-100\"><\/div>\r\n\t\t\t\t\t\t\t\t\t\t\t\t\t\r\n\t\t\t\t\t\t\t\t\t\t\t\t\t\t\t\t\t\r\n\t\t\t\t\t\t\r\n\t\t\t\t\t\t<div class=\"sev-diaporama-portfolio-item  limitsm btnseeall btnseeall-sm col-12 col-md  col-grow\">\r\n\t\t\t\t\t\t\t<a href=\"https:\/\/mirabel-prairiesdelamer.com\/wp-content\/uploads\/2024\/01\/phare-Ouistreham-port-683x1024-1.jpg\" data-lightbox=\"sevgallery-1353077063\" style=\"background-image: url(https:\/\/mirabel-prairiesdelamer.com\/wp-content\/uploads\/2024\/01\/phare-Ouistreham-port-683x1024-1.jpg)\">\r\n\t\t\t\t\t\t\t\t<img decoding=\"async\" src=\"https:\/\/mirabel-prairiesdelamer.com\/wp-content\/uploads\/2024\/01\/phare-Ouistreham-port-683x1024-1.jpg\" alt=\"leuchtturm von ouistreham\" loading=\"lazy\">\r\n\t\t\t\t\t\t\t\t\t\t\t\t\t\t\t<\/a>\r\n\t\t\t\t\t\t<\/div>\r\n\r\n\t\t\t\t\t\t\r\n\t\t\t\t\t\t\t\t\t\t\t\t\t\t\t\t\t\r\n\t\t\t\t\t\t\r\n\t\t\t\t\t\t<div class=\"sev-diaporama-portfolio-item   btnseeall btnseeall-sm col-12 col-md\">\r\n\t\t\t\t\t\t\t<a href=\"https:\/\/mirabel-prairiesdelamer.com\/wp-content\/uploads\/2024\/01\/club-enfant-masques-768x1024-1.jpg\" data-lightbox=\"sevgallery-1353077063\" style=\"background-image: url(https:\/\/mirabel-prairiesdelamer.com\/wp-content\/uploads\/2024\/01\/club-enfant-masques-768x1024-1.jpg)\">\r\n\t\t\t\t\t\t\t\t<img decoding=\"async\" src=\"https:\/\/mirabel-prairiesdelamer.com\/wp-content\/uploads\/2024\/01\/club-enfant-masques-768x1024-1.jpg\" alt=\"Kinderclubbereich Campingplatz Normandie\" loading=\"lazy\">\r\n\t\t\t\t\t\t\t\t\t\t\t\t\t\t\t<\/a>\r\n\t\t\t\t\t\t<\/div>\r\n\r\n\t\t\t\t\t\t\r\n\t\t\t\t\t\t\t\t\t\t\t\t\t\t\t\t\t\r\n\t\t\t\t\t\t\r\n\t\t\t\t\t\t<div class=\"sev-diaporama-portfolio-item   btnseeall btnseeall-sm col-12 col-md  col-shrink\">\r\n\t\t\t\t\t\t\t<a href=\"https:\/\/mirabel-prairiesdelamer.com\/wp-content\/uploads\/2024\/01\/trampoline-jeux-enfants2.jpg\" data-lightbox=\"sevgallery-1353077063\" style=\"background-image: url(https:\/\/mirabel-prairiesdelamer.com\/wp-content\/uploads\/2024\/01\/trampoline-jeux-enfants2.jpg)\">\r\n\t\t\t\t\t\t\t\t<img decoding=\"async\" src=\"https:\/\/mirabel-prairiesdelamer.com\/wp-content\/uploads\/2024\/01\/trampoline-jeux-enfants2.jpg\" alt=\"Trampolin Spiele kleine M\u00e4dchen\" loading=\"lazy\">\r\n\t\t\t\t\t\t\t\t\t\t\t\t\t\t\t<\/a>\r\n\t\t\t\t\t\t<\/div>\r\n\r\n\t\t\t\t\t\t\r\n\t\t\t\t\t\t\t\t\t\t\t\t\t\t\t\t\t\r\n\t\t\t\t\t\t\r\n\t\t\t\t\t\t<div class=\"sev-diaporama-portfolio-item   btnseeall btnseeall-sm col-12 col-md  col-grow last-visible\">\r\n\t\t\t\t\t\t\t<a href=\"https:\/\/mirabel-prairiesdelamer.com\/wp-content\/uploads\/2022\/06\/club-enfant-jeu-animation-1024x767.jpg\" data-lightbox=\"sevgallery-1353077063\" style=\"background-image: url(https:\/\/mirabel-prairiesdelamer.com\/wp-content\/uploads\/2022\/06\/club-enfant-jeu-animation-1024x767.jpg)\">\r\n\t\t\t\t\t\t\t\t<img decoding=\"async\" src=\"https:\/\/mirabel-prairiesdelamer.com\/wp-content\/uploads\/2022\/06\/club-enfant-jeu-animation-1024x767.jpg\" alt=\"handwerkliche T\u00e4tigkeiten Kinderclub Campingplatz\" loading=\"lazy\">\r\n\t\t\t\t\t\t\t\t\t\t\t\t\t\t\t\t\t<img decoding=\"async\" src=\"https:\/\/mirabel-prairiesdelamer.com\/wp-content\/themes\/mirabel-site\/assets\/img\/voir-photos.png\" alt=\"\" \/>\r\n\t\t\t\t\t\t\t\t\t<span>Alle Fotos anzeigen<\/span>\r\n\t\t\t\t\t\t\t\t\t\t\t\t\t\t\t<\/a>\r\n\t\t\t\t\t\t<\/div>\r\n\r\n\t\t\t\t\t\t\t\t\t\t\t\t\t<div class=\"w-100\"><\/div>\r\n\t\t\t\t\t\t\t\t\t\t\t\t\t\r\n\t\t\t\t\t\t\t\t\t\t\t\t\t\t\t\t\t\r\n\t\t\t\t\t\t\r\n\t\t\t\t\t\t<div class=\"sev-diaporama-portfolio-item   btnseeall btnseeall-sm col-12 col-md  d-none\">\r\n\t\t\t\t\t\t\t<a href=\"https:\/\/mirabel-prairiesdelamer.com\/wp-content\/uploads\/2024\/01\/piscine-pataugeoire-bebe.jpg\" data-lightbox=\"sevgallery-1353077063\" style=\"background-image: url(https:\/\/mirabel-prairiesdelamer.com\/wp-content\/uploads\/2024\/01\/piscine-pataugeoire-bebe.jpg)\">\r\n\t\t\t\t\t\t\t\t<img decoding=\"async\" src=\"https:\/\/mirabel-prairiesdelamer.com\/wp-content\/uploads\/2024\/01\/piscine-pataugeoire-bebe.jpg\" alt=\"Planschbecken und Rutsche f\u00fcr Kinder\" loading=\"lazy\">\r\n\t\t\t\t\t\t\t\t\t\t\t\t\t\t\t<\/a>\r\n\t\t\t\t\t\t<\/div>\r\n\r\n\t\t\t\t\t\t\r\n\t\t\t\t\t\t\t\t\t\t\t\t\t\t\t\t\t\r\n\t\t\t\t\t\t\r\n\t\t\t\t\t\t<div class=\"sev-diaporama-portfolio-item   btnseeall btnseeall-sm col-12 col-md  d-none\">\r\n\t\t\t\t\t\t\t<a href=\"https:\/\/mirabel-prairiesdelamer.com\/wp-content\/uploads\/2024\/01\/62497-Char_a_voile_sur_la_plage_de_Ouistreham_Riva_Bella-Association_OCEAN-1024x768-1.jpg\" data-lightbox=\"sevgallery-1353077063\" style=\"background-image: url(https:\/\/mirabel-prairiesdelamer.com\/wp-content\/uploads\/2024\/01\/62497-Char_a_voile_sur_la_plage_de_Ouistreham_Riva_Bella-Association_OCEAN-1024x768-1.jpg)\">\r\n\t\t\t\t\t\t\t\t<img decoding=\"async\" src=\"https:\/\/mirabel-prairiesdelamer.com\/wp-content\/uploads\/2024\/01\/62497-Char_a_voile_sur_la_plage_de_Ouistreham_Riva_Bella-Association_OCEAN-1024x768-1.jpg\" alt=\"camping am meer in der normandie\" loading=\"lazy\">\r\n\t\t\t\t\t\t\t\t\t\t\t\t\t\t\t<\/a>\r\n\t\t\t\t\t\t<\/div>\r\n\r\n\t\t\t\t\t\t\r\n\t\t\t\t\t\t\t\t\t\t\t\t\t\t\t\t\t\t\t\t\t<\/div>\r\n\t\t\t<\/div>\r\n\r\n\t\t\t<script>\r\n\t\t\tjQuery(function($) {\r\n\r\n\t\t\t\tvar marginPortfolio = function() {\r\n\r\n\t\t\t\t\tvar $diapo          = $('#sevgallery-1353077063');\r\n\t\t\t\t\tvar container_width = $diapo.parent().outerWidth();\r\n\t\t\t\t\tvar side            = ( $(window).innerWidth() - container_width ) \/ 2;\r\n\r\n\t\t\t\t\t$diapo.css( {\r\n\t\t\t\t\t\t'margin-left': '-' + side + 'px',\r\n\t\t\t\t\t\t'margin-right': '-' + side + 'px',\r\n\t\t\t\t\t} );\r\n\t\t\t\t};\r\n\r\n\t\t\t\t$( window ).resize( function() {\r\n\t\t\t\t\tmarginPortfolio();\r\n\t\t\t\t} );\r\n\t\t\t\tmarginPortfolio();\r\n\t\t\t});\r\n\t\t\t<\/script>\r\n\t\t\t\n\n\n\n<p><\/p>","protected":false},"excerpt":{"rendered":"<p>Bienvenue au Camping Mirabel Les Prairies de la Mer Votre camping \u00e0 c\u00f4t\u00e9 de la plage de Ouistreham Riva-Bella Des [&hellip;]<\/p>\n","protected":false},"author":1,"featured_media":0,"parent":0,"menu_order":0,"comment_status":"closed","ping_status":"closed","template":"","meta":{"_seopress_robots_primary_cat":"","_seopress_titles_title":"Camping Ouistreham 4 \u00e9toiles bord de mer, 100% mobil-home","_seopress_titles_desc":"Camping Mirabel Les Prairies de la Mer en bord de mer avec piscine couverte \u00e0 Ouistreham propose la location et la vente de mobil-homes.","_seopress_robots_index":"","footnotes":""},"class_list":["post-9","page","type-page","status-publish","hentry"],"_links":{"self":[{"href":"https:\/\/mirabel-prairiesdelamer.com\/de\/wp-json\/wp\/v2\/pages\/9","targetHints":{"allow":["GET"]}}],"collection":[{"href":"https:\/\/mirabel-prairiesdelamer.com\/de\/wp-json\/wp\/v2\/pages"}],"about":[{"href":"https:\/\/mirabel-prairiesdelamer.com\/de\/wp-json\/wp\/v2\/types\/page"}],"author":[{"embeddable":true,"href":"https:\/\/mirabel-prairiesdelamer.com\/de\/wp-json\/wp\/v2\/users\/1"}],"replies":[{"embeddable":true,"href":"https:\/\/mirabel-prairiesdelamer.com\/de\/wp-json\/wp\/v2\/comments?post=9"}],"version-history":[{"count":39,"href":"https:\/\/mirabel-prairiesdelamer.com\/de\/wp-json\/wp\/v2\/pages\/9\/revisions"}],"predecessor-version":[{"id":18083,"href":"https:\/\/mirabel-prairiesdelamer.com\/de\/wp-json\/wp\/v2\/pages\/9\/revisions\/18083"}],"wp:attachment":[{"href":"https:\/\/mirabel-prairiesdelamer.com\/de\/wp-json\/wp\/v2\/media?parent=9"}],"curies":[{"name":"wp","href":"https:\/\/api.w.org\/{rel}","templated":true}]}}