{"id":895,"date":"2021-12-20T11:14:26","date_gmt":"2021-12-20T10:14:26","guid":{"rendered":"https:\/\/www.campinglarenaudiere.com\/?page_id=895"},"modified":"2026-02-25T12:11:01","modified_gmt":"2026-02-25T11:11:01","slug":"kultur-und-kulturerbetourismus","status":"publish","type":"page","link":"https:\/\/mirabel-prairiesdelamer.com\/de\/les-experiences\/tourisme-culture-et-patrimoine\/","title":{"rendered":"Mittelalterliche Erfahrung"},"content":{"rendered":"<h1 class=\"wp-block-heading\" id=\"vivez-l-experience-du-moyen-age\"><strong>Erleben Sie das Mittelalter<\/strong> im Calvados<\/h1>\n\n\n\n<p class=\"has-text-align-center\">Auf den Spuren Wilhelms des Eroberers reisen Sie zur\u00fcck in der Zeit und entdecken mittelalterliche St\u00e4tten des Calvados und andere wichtige Pers\u00f6nlichkeiten der Geschichte. Von Caen \u00fcber Falaise bis Bayeux gibt es zahlreiche Schl\u00f6sser, Abteien und andere Sehensw\u00fcrdigkeiten zu besichtigen.&nbsp;<\/p>\n\n\n\n<figure class=\"wp-block-image aligncenter size-full\"><img decoding=\"async\" src=\"https:\/\/www.mirabel-prairiesdelamer.com\/wp-content\/uploads\/2022\/01\/barre-bleue.png\" alt=\"\" class=\"wp-image-2382\"\/><\/figure>\n\n\n\n<div class=\"wp-block-media-text alignwide is-stacked-on-mobile is-image-fill-element\"><figure class=\"wp-block-media-text__media\"><a href=\"https:\/\/mirabel-prairiesdelamer.com\/wp-content\/uploads\/2022\/02\/Chateau-Crevecoeur-medieval2-1.jpg\"><img loading=\"lazy\" decoding=\"async\" width=\"1024\" height=\"683\" src=\"https:\/\/mirabel-prairiesdelamer.com\/wp-content\/uploads\/2022\/02\/Chateau-Crevecoeur-medieval2-1-1024x683.jpg\" alt=\"Ch\u00e2teau de Cr\u00e8vecoeur Calvados\" class=\"wp-image-5508 size-full\" style=\"object-position:50% 50%\" srcset=\"https:\/\/mirabel-prairiesdelamer.com\/wp-content\/uploads\/2022\/02\/Chateau-Crevecoeur-medieval2-1-1024x683.jpg 1024w, https:\/\/mirabel-prairiesdelamer.com\/wp-content\/uploads\/2022\/02\/Chateau-Crevecoeur-medieval2-1-300x200.jpg 300w, https:\/\/mirabel-prairiesdelamer.com\/wp-content\/uploads\/2022\/02\/Chateau-Crevecoeur-medieval2-1-768x512.jpg 768w, https:\/\/mirabel-prairiesdelamer.com\/wp-content\/uploads\/2022\/02\/Chateau-Crevecoeur-medieval2-1-1536x1024.jpg 1536w, https:\/\/mirabel-prairiesdelamer.com\/wp-content\/uploads\/2022\/02\/Chateau-Crevecoeur-medieval2-1.jpg 1920w\" sizes=\"auto, (max-width: 1024px) 100vw, 1024px\" \/><\/a><\/figure><div class=\"wp-block-media-text__content\">\n<h2 class=\"wp-block-heading has-medium-font-size\"><strong><strong>Au\u00dfergew\u00f6hnliche mittelalterliche Schl\u00f6sser<\/strong><\/strong> in der N\u00e4he von Caen<\/h2>\n\n\n\n<figure class=\"wp-block-image size-large\"><img decoding=\"async\" src=\"https:\/\/mirabel-prairiesdelamer.com\/wp-content\/uploads\/2022\/01\/barre-bleue.png\" alt=\"\"\/><figcaption class=\"wp-element-caption\">Viele Schl\u00f6sser schm\u00fccken die normannische Landschaft, darunter auch Schl\u00f6sser, die im\u2019<strong>Wilhelms des Eroberers Zeit<\/strong>. Die Burg von Falaise (40 Min.), die \u00fcbrigens seinen Namen tr\u00e4gt, ist der Geburtsort des zuk\u00fcnftigen K\u00f6nigs von England. Vollst\u00e4ndig restauriert, ist sie heute zur Freude von Geschichtsinteressierten f\u00fcr Besichtigungen ge\u00f6ffnet. Sie k\u00f6nnen auch entlang der Stadtmauern spazieren, genau wie <strong>Schloss <a href=\"https:\/\/mirabel-prairiesdelamer.com\/de\/camping-caen\/\" data-type=\"page\" data-id=\"69\">Caen<\/a><\/strong>, und kostenlos zug\u00e4nglich. Und genau das Herzogsschloss, mitten im Stadtzentrum, wurde von Wilhelm dem Eroberer selbst im Jahr 1060 erbaut und zeugt noch heute von seiner Pr\u00e4senz in der Normandie. Es ist ein Muss, wenn Sie durch Caen kommen.<br>&nbsp;<br>Weiter hinten, der <strong>Burg Cr\u00e8vec\u0153ur <\/strong>(40 Min.) aus dem 15. Jahrhundert taucht Sie ins Mittelalter ein, wo Sie T\u00f6pferei, Taubenschlag, Kapelle und Scheune entdecken.&nbsp;<br>Und westlich von Caen, nahe Isigny-sur-Mer, liegt der <strong>Schloss Colombi\u00e8res<\/strong> (52 Min) aus dem 14. Jahrhundert wurde nach der typischen Wehrarchitektur feudaler Bauten errichtet. Jahrhunderte sp\u00e4ter beherbergte die Festung im Juni 1944 die amerikanischen Propagandastellen.<\/figcaption><\/figure>\n<\/div><\/div>\n\n\n\n<div style=\"height:40px\" aria-hidden=\"true\" class=\"wp-block-spacer\"><\/div>\n\n\n\n<div class=\"wp-block-media-text alignwide has-media-on-the-right is-stacked-on-mobile front-page-section grey animate right\"><div class=\"wp-block-media-text__content\">\n<p class=\"has-medium-font-size\"><strong><strong>Der Teppich von Bayeux \u2013 Auf der Eroberung Englands<\/strong><\/strong><\/p>\n\n\n\n<figure class=\"wp-block-image size-large is-resized\"><img decoding=\"async\" src=\"https:\/\/mirabel-prairiesdelamer.com\/wp-content\/uploads\/2022\/01\/barre-bleue.png\" alt=\"\" style=\"aspect-ratio:1;object-fit:contain;width:67px;height:auto\"\/><figcaption class=\"wp-element-caption\">Mit 70m L\u00e4nge, die <a rel=\"noreferrer noopener\" href=\"https:\/\/www.bayeuxmuseum.com\/la-tapisserie-de-bayeux\/\" target=\"_blank\"><strong>Teppich von Bayeux<\/strong><\/a> Erz\u00e4hlen Sie uns von dem Epos des Herzogs von Normandie und K\u00f6nigs von England, <strong>Wilhelm der Eroberer<\/strong>. Dieses gestickte Tuch versetzt uns in die Erz\u00e4hlung von 1066 und die verschiedenen Ereignisse, die zur Eroberung Englands f\u00fchrten. Sie k\u00f6nnen dort Drakkare auf hoher See sehen, Schilde und Kettenhemden, fantastische Tiere, Schlachtfelder und andere Verweise auf diese mittelalterliche Quest. <strong>Audioguides<\/strong> Sie bei Ihrem Besuch (16 Sprachen verf\u00fcgbar), 3D-Szenen und Filmvorf\u00fchrungen begleiten. Dieser Ort l\u00e4sst <strong>Besuch in 3 Schritten<\/strong> wird Jung und Alt gleicherma\u00dfen gefallen.<\/figcaption><\/figure>\n<\/div><figure class=\"wp-block-media-text__media\"><a href=\"https:\/\/mirabel-prairiesdelamer.com\/wp-content\/uploads\/2022\/02\/Tapisserie_de_Bayeux-Tapisserie_de_Bayeux-1.jpg\"><img loading=\"lazy\" decoding=\"async\" width=\"1024\" height=\"788\" src=\"https:\/\/mirabel-prairiesdelamer.com\/wp-content\/uploads\/2022\/02\/Tapisserie_de_Bayeux-Tapisserie_de_Bayeux-1-1024x788.jpg\" alt=\"Teppich von Bayeux Museum\" class=\"wp-image-5221 size-full\" srcset=\"https:\/\/mirabel-prairiesdelamer.com\/wp-content\/uploads\/2022\/02\/Tapisserie_de_Bayeux-Tapisserie_de_Bayeux-1-1024x788.jpg 1024w, https:\/\/mirabel-prairiesdelamer.com\/wp-content\/uploads\/2022\/02\/Tapisserie_de_Bayeux-Tapisserie_de_Bayeux-1-300x231.jpg 300w, https:\/\/mirabel-prairiesdelamer.com\/wp-content\/uploads\/2022\/02\/Tapisserie_de_Bayeux-Tapisserie_de_Bayeux-1-768x591.jpg 768w, https:\/\/mirabel-prairiesdelamer.com\/wp-content\/uploads\/2022\/02\/Tapisserie_de_Bayeux-Tapisserie_de_Bayeux-1.jpg 1200w\" sizes=\"auto, (max-width: 1024px) 100vw, 1024px\" \/><\/a><\/figure><\/div>\n\n\n\n<div class=\"wp-block-media-text alignwide is-stacked-on-mobile is-image-fill-element animate left\"><figure class=\"wp-block-media-text__media\"><a href=\"https:\/\/mirabel-prairiesdelamer.com\/wp-content\/uploads\/2022\/02\/Abbaye-Longues-sur-Mer-1.jpg\"><img loading=\"lazy\" decoding=\"async\" width=\"1024\" height=\"683\" src=\"https:\/\/mirabel-prairiesdelamer.com\/wp-content\/uploads\/2022\/02\/Abbaye-Longues-sur-Mer-1-1024x683.jpg\" alt=\"Abtei von Longues-sur-Mer\" class=\"wp-image-5509 size-full\" style=\"object-position:50% 50%\" srcset=\"https:\/\/mirabel-prairiesdelamer.com\/wp-content\/uploads\/2022\/02\/Abbaye-Longues-sur-Mer-1-1024x683.jpg 1024w, https:\/\/mirabel-prairiesdelamer.com\/wp-content\/uploads\/2022\/02\/Abbaye-Longues-sur-Mer-1-300x200.jpg 300w, https:\/\/mirabel-prairiesdelamer.com\/wp-content\/uploads\/2022\/02\/Abbaye-Longues-sur-Mer-1-768x512.jpg 768w, https:\/\/mirabel-prairiesdelamer.com\/wp-content\/uploads\/2022\/02\/Abbaye-Longues-sur-Mer-1-1536x1024.jpg 1536w, https:\/\/mirabel-prairiesdelamer.com\/wp-content\/uploads\/2022\/02\/Abbaye-Longues-sur-Mer-1.jpg 1920w\" sizes=\"auto, (max-width: 1024px) 100vw, 1024px\" \/><\/a><\/figure><div class=\"wp-block-media-text__content\">\n<p class=\"has-medium-font-size\"><strong><strong><strong>Im Laufe der Zeit die Abteien im Calvados<\/strong><\/strong><\/strong><\/p>\n\n\n\n<figure class=\"wp-block-image size-full\"><img decoding=\"async\" src=\"https:\/\/www.mirabel-prairiesdelamer.com\/wp-content\/uploads\/2022\/01\/barre-bleue.png\" alt=\"\" class=\"wp-image-2382\"\/><figcaption class=\"wp-element-caption\">Einst beherbergten Abteien Gemeinschaften von M\u00f6nchen oder Nonnen. Viele Geb\u00e4ude wurden erhalten und sind noch heute in der N\u00e4he von erhalten und f\u00fcr Besichtigungen ge\u00f6ffnet <a href=\"https:\/\/mirabel-prairiesdelamer.com\/de\/camping-ouistreham\/\" data-type=\"page\" data-id=\"67\">Ouistreham<\/a>. <strong>Die beiden gr\u00f6\u00dften Abteien <\/strong>sind die Abbaye aux Hommes und die Abbaye aux Dames in Caen im Herzen der Stadt, beide erbaut von Wilhelm dem Eroberer! Die Abbaye aux Hommes beherbergt heute das Rathaus von Caen sowie das Grab Wilhelms. Die Abbaye aux Dames hingegen ist heute der Sitz der Region Normandie. Der Park und sein ber\u00fchmter <strong>Libanon-Zeder <\/strong>bietet einen Panoramablick auf die Stadt. Das ganze Jahr \u00fcber k\u00f6nnen Sie n\u00e4chtliche und theatralische F\u00fchrungen genie\u00dfen. <br><br>Weitere Abteien, kaum weiter entfernt und ebenso pr\u00e4chtig, gilt es zu entdecken. <strong>Die Abtei von Longues-sur-Mer<\/strong> (40 Min.), gegr\u00fcndet im 12. Jahrhundert. Seine G\u00e4rten sind erhalten geblieben und bieten einen sch\u00f6nen Spaziergang zum M\u00f6nchsteich. <strong>Demonstrationen <\/strong>dort regelm\u00e4\u00dfig organisiert und erm\u00f6glichen es, vor Ort in einer ganz anderen Welt zu genie\u00dfen, zum gr\u00f6\u00dften Vergn\u00fcgen aller!<\/figcaption><\/figure>\n<\/div><\/div>\n\n\n\n<div style=\"height:40px\" aria-hidden=\"true\" class=\"wp-block-spacer\"><\/div>\n\n\n\n<figure class=\"wp-block-image aligncenter size-large is-resized mt-5\"><img decoding=\"async\" src=\"https:\/\/mirabel-prairiesdelamer.com\/wp-content\/uploads\/2022\/01\/photo-1024x84.png\" alt=\"Fotogalerie\"\/><\/figure>\n\n\n\t\t\t<div id=\"sevgallery-2134041194\" class=\"sev-diaporama sev-diaporama-portfolio\">\r\n\t\t\t\t<div class=\"row\">\r\n\r\n\t\t\t\t\t\r\n\t\t\t\t\t\t\r\n\t\t\t\t\t\t<div class=\"sev-diaporama-portfolio-item   btnseeall btnseeall-xl col-12 col-md\">\r\n\t\t\t\t\t\t\t<a href=\"https:\/\/mirabel-prairiesdelamer.com\/wp-content\/uploads\/2022\/02\/Chatea-Falaise-Guillaume-le-conquerant-1024x683.jpg\" data-lightbox=\"sevgallery-2134041194\" style=\"background-image: url(https:\/\/mirabel-prairiesdelamer.com\/wp-content\/uploads\/2022\/02\/Chatea-Falaise-Guillaume-le-conquerant-1024x683.jpg)\">\r\n\t\t\t\t\t\t\t\t<img decoding=\"async\" src=\"https:\/\/mirabel-prairiesdelamer.com\/wp-content\/uploads\/2022\/02\/Chatea-Falaise-Guillaume-le-conquerant-1024x683.jpg\" alt=\"Schloss Falaise\" loading=\"lazy\">\r\n\t\t\t\t\t\t\t\t\t\t\t\t\t\t\t<\/a>\r\n\t\t\t\t\t\t<\/div>\r\n\r\n\t\t\t\t\t\t\r\n\t\t\t\t\t\t\t\t\t\t\t\t\t\t\t\t\t\r\n\t\t\t\t\t\t\r\n\t\t\t\t\t\t<div class=\"sev-diaporama-portfolio-item   btnseeall btnseeall-xl col-12 col-md  col-shrink\">\r\n\t\t\t\t\t\t\t<a href=\"https:\/\/mirabel-prairiesdelamer.com\/wp-content\/uploads\/2022\/02\/visite-guidee-chateau-calvados-683x1024.jpg\" data-lightbox=\"sevgallery-2134041194\" style=\"background-image: url(https:\/\/mirabel-prairiesdelamer.com\/wp-content\/uploads\/2022\/02\/visite-guidee-chateau-calvados-683x1024.jpg)\">\r\n\t\t\t\t\t\t\t\t<img decoding=\"async\" src=\"https:\/\/mirabel-prairiesdelamer.com\/wp-content\/uploads\/2022\/02\/visite-guidee-chateau-calvados-683x1024.jpg\" alt=\"Schloss Calvados\" loading=\"lazy\">\r\n\t\t\t\t\t\t\t\t\t\t\t\t\t\t\t<\/a>\r\n\t\t\t\t\t\t<\/div>\r\n\r\n\t\t\t\t\t\t\r\n\t\t\t\t\t\t\t\t\t\t\t\t\t\t\t\t\t\r\n\t\t\t\t\t\t\r\n\t\t\t\t\t\t<div class=\"sev-diaporama-portfolio-item   btnseeall btnseeall-xl col-12 col-md  col-shrink\">\r\n\t\t\t\t\t\t\t<a href=\"https:\/\/mirabel-prairiesdelamer.com\/wp-content\/uploads\/2022\/02\/Tapisserie-Bayeux-visite-1024x683.jpg\" data-lightbox=\"sevgallery-2134041194\" style=\"background-image: url(https:\/\/mirabel-prairiesdelamer.com\/wp-content\/uploads\/2022\/02\/Tapisserie-Bayeux-visite-1024x683.jpg)\">\r\n\t\t\t\t\t\t\t\t<img decoding=\"async\" src=\"https:\/\/mirabel-prairiesdelamer.com\/wp-content\/uploads\/2022\/02\/Tapisserie-Bayeux-visite-1024x683.jpg\" alt=\"Besuch des Teppichs von Bayeux\" loading=\"lazy\">\r\n\t\t\t\t\t\t\t\t\t\t\t\t\t\t\t<\/a>\r\n\t\t\t\t\t\t<\/div>\r\n\r\n\t\t\t\t\t\t\r\n\t\t\t\t\t\t\t\t\t\t\t\t\t\t\t\t\t\r\n\t\t\t\t\t\t\r\n\t\t\t\t\t\t<div class=\"sev-diaporama-portfolio-item   btnseeall btnseeall-xl col-12 col-md  col-shrink\">\r\n\t\t\t\t\t\t\t<a href=\"https:\/\/mirabel-prairiesdelamer.com\/wp-content\/uploads\/2022\/02\/Tapisserie_de_Bayeux-Tapisserie_de_Bayeux-1024x672.jpg\" data-lightbox=\"sevgallery-2134041194\" style=\"background-image: url(https:\/\/mirabel-prairiesdelamer.com\/wp-content\/uploads\/2022\/02\/Tapisserie_de_Bayeux-Tapisserie_de_Bayeux-1024x672.jpg)\">\r\n\t\t\t\t\t\t\t\t<img decoding=\"async\" src=\"https:\/\/mirabel-prairiesdelamer.com\/wp-content\/uploads\/2022\/02\/Tapisserie_de_Bayeux-Tapisserie_de_Bayeux-1024x672.jpg\" alt=\"Teppich von Bayeux\" loading=\"lazy\">\r\n\t\t\t\t\t\t\t\t\t\t\t\t\t\t\t<\/a>\r\n\t\t\t\t\t\t<\/div>\r\n\r\n\t\t\t\t\t\t\t\t\t\t\t\t\t<div class=\"w-100\"><\/div>\r\n\t\t\t\t\t\t\t\t\t\t\t\t\t\r\n\t\t\t\t\t\t\t\t\t\t\t\t\t\t\t\t\t\r\n\t\t\t\t\t\t\r\n\t\t\t\t\t\t<div class=\"sev-diaporama-portfolio-item   btnseeall btnseeall-xl col-12 col-md\">\r\n\t\t\t\t\t\t\t<a href=\"https:\/\/mirabel-prairiesdelamer.com\/wp-content\/uploads\/2022\/02\/Chateau-Crevecoeur-medieval-1024x683.jpg\" data-lightbox=\"sevgallery-2134041194\" style=\"background-image: url(https:\/\/mirabel-prairiesdelamer.com\/wp-content\/uploads\/2022\/02\/Chateau-Crevecoeur-medieval-1024x683.jpg)\">\r\n\t\t\t\t\t\t\t\t<img decoding=\"async\" src=\"https:\/\/mirabel-prairiesdelamer.com\/wp-content\/uploads\/2022\/02\/Chateau-Crevecoeur-medieval-1024x683.jpg\" alt=\"Ch\u00e2teau Cr\u00e8vecoeur\" loading=\"lazy\">\r\n\t\t\t\t\t\t\t\t\t\t\t\t\t\t\t<\/a>\r\n\t\t\t\t\t\t<\/div>\r\n\r\n\t\t\t\t\t\t\r\n\t\t\t\t\t\t\t\t\t\t\t\t\t\t\t\t\t\r\n\t\t\t\t\t\t\r\n\t\t\t\t\t\t<div class=\"sev-diaporama-portfolio-item   btnseeall btnseeall-xl col-12 col-md  col-shrink\">\r\n\t\t\t\t\t\t\t<a href=\"https:\/\/mirabel-prairiesdelamer.com\/wp-content\/uploads\/2022\/02\/Caen-abbaye-Dames-1024x668.jpg\" data-lightbox=\"sevgallery-2134041194\" style=\"background-image: url(https:\/\/mirabel-prairiesdelamer.com\/wp-content\/uploads\/2022\/02\/Caen-abbaye-Dames-1024x668.jpg)\">\r\n\t\t\t\t\t\t\t\t<img decoding=\"async\" src=\"https:\/\/mirabel-prairiesdelamer.com\/wp-content\/uploads\/2022\/02\/Caen-abbaye-Dames-1024x668.jpg\" alt=\"Caen Abbaye aux Dames\" loading=\"lazy\">\r\n\t\t\t\t\t\t\t\t\t\t\t\t\t\t\t<\/a>\r\n\t\t\t\t\t\t<\/div>\r\n\r\n\t\t\t\t\t\t\r\n\t\t\t\t\t\t\t\t\t\t\t\t\t\t\t\t\t\r\n\t\t\t\t\t\t\r\n\t\t\t\t\t\t<div class=\"sev-diaporama-portfolio-item   btnseeall btnseeall-xl col-12 col-md  col-grow\">\r\n\t\t\t\t\t\t\t<a href=\"https:\/\/mirabel-prairiesdelamer.com\/wp-content\/uploads\/2022\/02\/Caen-Abbaye-aux-Hommes-1-1024x683.jpg\" data-lightbox=\"sevgallery-2134041194\" style=\"background-image: url(https:\/\/mirabel-prairiesdelamer.com\/wp-content\/uploads\/2022\/02\/Caen-Abbaye-aux-Hommes-1-1024x683.jpg)\">\r\n\t\t\t\t\t\t\t\t<img decoding=\"async\" src=\"https:\/\/mirabel-prairiesdelamer.com\/wp-content\/uploads\/2022\/02\/Caen-Abbaye-aux-Hommes-1-1024x683.jpg\" alt=\"Caen Abtei der M\u00e4nner\" loading=\"lazy\">\r\n\t\t\t\t\t\t\t\t\t\t\t\t\t\t\t<\/a>\r\n\t\t\t\t\t\t<\/div>\r\n\r\n\t\t\t\t\t\t\r\n\t\t\t\t\t\t\t\t\t\t\t\t\t\t\t\t\t\r\n\t\t\t\t\t\t\r\n\t\t\t\t\t\t<div class=\"sev-diaporama-portfolio-item  limitsm btnseeall btnseeall-xl col-12 col-md  last-visible\">\r\n\t\t\t\t\t\t\t<a href=\"https:\/\/mirabel-prairiesdelamer.com\/de\/camping-normandie-photos\/\"  style=\"background-image: url(https:\/\/mirabel-prairiesdelamer.com\/wp-content\/uploads\/2022\/06\/suisse-normande-clecly-calvados-1024x683.jpg)\">\r\n\t\t\t\t\t\t\t\t<img decoding=\"async\" src=\"https:\/\/mirabel-prairiesdelamer.com\/wp-content\/uploads\/2022\/06\/suisse-normande-clecly-calvados-1024x683.jpg\" alt=\"Caen Abbaye aux Dames\" loading=\"lazy\">\r\n\t\t\t\t\t\t\t\t\t\t\t\t\t\t\t\t\t<img decoding=\"async\" src=\"https:\/\/mirabel-prairiesdelamer.com\/wp-content\/themes\/mirabel-site\/assets\/img\/voir-photos.png\" alt=\"\" \/>\r\n\t\t\t\t\t\t\t\t\t<span>Alle Fotos anzeigen<\/span>\r\n\t\t\t\t\t\t\t\t\t\t\t\t\t\t\t<\/a>\r\n\t\t\t\t\t\t<\/div>\r\n\r\n\t\t\t\t\t\t\t\t\t\t\t\t\t<div class=\"w-100\"><\/div>\r\n\t\t\t\t\t\t\t\t\t\t\t\t\t\r\n\t\t\t\t\t\t\t\t\t\t\t\t\t\t\t\t\t\t\t\t\t<\/div>\r\n\t\t\t<\/div>\r\n\r\n\t\t\t<script>\r\n\t\t\tjQuery(function($) {\r\n\r\n\t\t\t\tvar marginPortfolio = function() {\r\n\r\n\t\t\t\t\tvar $diapo          = $('#sevgallery-2134041194');\r\n\t\t\t\t\tvar container_width = $diapo.parent().outerWidth();\r\n\t\t\t\t\tvar side            = ( $(window).innerWidth() - container_width ) \/ 2;\r\n\r\n\t\t\t\t\t$diapo.css( {\r\n\t\t\t\t\t\t'margin-left': '-' + side + 'px',\r\n\t\t\t\t\t\t'margin-right': '-' + side + 'px',\r\n\t\t\t\t\t} );\r\n\t\t\t\t};\r\n\r\n\t\t\t\t$( window ).resize( function() {\r\n\t\t\t\t\tmarginPortfolio();\r\n\t\t\t\t} );\r\n\t\t\t\tmarginPortfolio();\r\n\t\t\t});\r\n\t\t\t<\/script>","protected":false},"excerpt":{"rendered":"<p>Vivez l\u2019exp\u00e9rience du Moyen-\u00c2ge dans le Calvados Sur les traces de Guillaume Le Conqu\u00e9rant, remontez le temps et partez \u00e0 [&hellip;]<\/p>\n","protected":false},"author":1,"featured_media":0,"parent":272,"menu_order":0,"comment_status":"closed","ping_status":"closed","template":"","meta":{"_seopress_robots_primary_cat":"","_seopress_titles_title":"Exp\u00e9rience m\u00e9di\u00e9vale : les ch\u00e2teaux et abbayes du Calvados","_seopress_titles_desc":"Sur les traces de Guillaume Le Conqu\u00e9rant, remontez le temps et partez \u00e0 la d\u00e9couverte des sites m\u00e9di\u00e9vaux du Calvados : ch\u00e2teaux, abbayes...","_seopress_robots_index":"","footnotes":""},"class_list":["post-895","page","type-page","status-publish","hentry"],"_links":{"self":[{"href":"https:\/\/mirabel-prairiesdelamer.com\/de\/wp-json\/wp\/v2\/pages\/895","targetHints":{"allow":["GET"]}}],"collection":[{"href":"https:\/\/mirabel-prairiesdelamer.com\/de\/wp-json\/wp\/v2\/pages"}],"about":[{"href":"https:\/\/mirabel-prairiesdelamer.com\/de\/wp-json\/wp\/v2\/types\/page"}],"author":[{"embeddable":true,"href":"https:\/\/mirabel-prairiesdelamer.com\/de\/wp-json\/wp\/v2\/users\/1"}],"replies":[{"embeddable":true,"href":"https:\/\/mirabel-prairiesdelamer.com\/de\/wp-json\/wp\/v2\/comments?post=895"}],"version-history":[{"count":31,"href":"https:\/\/mirabel-prairiesdelamer.com\/de\/wp-json\/wp\/v2\/pages\/895\/revisions"}],"predecessor-version":[{"id":18114,"href":"https:\/\/mirabel-prairiesdelamer.com\/de\/wp-json\/wp\/v2\/pages\/895\/revisions\/18114"}],"up":[{"embeddable":true,"href":"https:\/\/mirabel-prairiesdelamer.com\/de\/wp-json\/wp\/v2\/pages\/272"}],"wp:attachment":[{"href":"https:\/\/mirabel-prairiesdelamer.com\/de\/wp-json\/wp\/v2\/media?parent=895"}],"curies":[{"name":"wp","href":"https:\/\/api.w.org\/{rel}","templated":true}]}}