{"id":83,"date":"2021-12-10T14:30:08","date_gmt":"2021-12-10T13:30:08","guid":{"rendered":"https:\/\/www.campinglarenaudiere.com\/?page_id=83"},"modified":"2026-02-25T15:00:52","modified_gmt":"2026-02-25T14:00:52","slug":"haufig-gestellte-fragen","status":"publish","type":"page","link":"https:\/\/mirabel-prairiesdelamer.com\/de\/foire-aux-questions\/","title":{"rendered":"FAQ"},"content":{"rendered":"<h1 class=\"wp-block-heading\" id=\"faq-trouvez-la-reponse-a-vos-questions-sur-vos-vacances-au-camping-les-prairies-de-la-mer\">FAQ - Finden Sie Antworten auf Ihre Fragen zum Campingurlaub <strong>Die Wiesen des Meeres<\/strong><\/h1>\n\n\n\n<p class=\"has-text-align-center\">Der Campingplatz Les Prairies de la Mer beantwortet alle Ihre Fragen zu Ihrem Aufenthalt\u00a0<strong>um Ihnen einen sicheren Aufenthalt zu garantieren.<\/strong>\u00a0Denken Sie daran, diese H\u00e4ufig gestellten Fragen regelm\u00e4\u00dfig zu lesen, und z\u00f6gern Sie nicht, uns zu kontaktieren, wenn Sie weitere Informationen ben\u00f6tigen.<\/p>\n\n\n\n<figure class=\"wp-block-image aligncenter size-full\"><img decoding=\"async\" src=\"https:\/\/www.mirabel-prairiesdelamer.com\/wp-content\/uploads\/2022\/01\/barre-bleue.png\" alt=\"\" class=\"wp-image-2382\"\/><\/figure>\n\n\n\n<h2 class=\"wp-block-heading\" id=\"votre-reservation\">Ihre Buchung<\/h2>\n\n\n\n<figure class=\"wp-block-image size-full\"><img decoding=\"async\" src=\"https:\/\/www.mirabel-prairiesdelamer.com\/wp-content\/uploads\/2022\/01\/barre-bleue.png\" alt=\"\" class=\"wp-image-2382\"\/><\/figure>\n\n\n\n<div class=\"wp-block-create-block-sev-faq\"><div class=\"card sev-faq\"><a class=\"card-header d-flex\" href=\"#comment-reserver-un-sejour\" data-toggle=\"collapse\" role=\"button\" aria-expanded=\"false\" aria-controls=\"comment-reserver-un-sejour\"><div class=\"faq-question\">Wie buche ich einen Aufenthalt?<\/div><i class=\"fa fa-chevron-down\" aria-hidden=\"true\"><\/i><\/a><div class=\"card-body collapse multi-collapse\" id=\"comment-reserver-un-sejour\"><div class=\"faq-reponse\">- Online: W\u00e4hlen Sie auf unserer Website Ihre Unterkunft und\/oder Ihre Aufenthaltsdaten aus, um die Verf\u00fcgbarkeit zu erfahren.  <strong><mark style=\"background-color:rgba(0, 0, 0, 0)\" class=\"has-inline-color has-turquoise-color\"><a href=\"https:\/\/bookingpremium.secureholiday.net\/FR\/3216\/search\/\" target=\"_blank\" rel=\"noreferrer noopener\">Reservierung<\/a><\/mark><\/strong><br>- Per Telefon, indem Sie die Rezeption unter 02 31 97 61 61 anrufen (sichere Zahlung per Kreditkarte).<br>- Per E-Mail an die Adresse <a href=\"mailto:prairies@mirabel-campings.com\">prairies@mirabel-campings.com<\/a><br><br>Die Reservierung wird nach Erhalt einer Anzahlung von 30% + 20\u20ac Reservierungsgeb\u00fchr wirksam und verbindlich. Weitere Einzelheiten finden Sie in den&nbsp;<a href=\"https:\/\/mirabel-prairiesdelamer.com\/wp-content\/uploads\/2022\/06\/Conditions-generales-de-vente-2025.pdf\" target=\"_blank\" rel=\"noreferrer noopener\">Allgemeine Verkaufsbedingungen<\/a>.<\/div><\/div><\/div><\/div>\n\n\n\n<div class=\"wp-block-create-block-sev-faq\"><div class=\"card sev-faq\"><a class=\"card-header d-flex\" href=\"#comment-obtenir-un-devis-\" data-toggle=\"collapse\" role=\"button\" aria-expanded=\"false\" aria-controls=\"comment-obtenir-un-devis-\"><div class=\"faq-question\">Wie erhalte ich einen Kostenvoranschlag?<\/div><i class=\"fa fa-chevron-down\" aria-hidden=\"true\"><\/i><\/a><div class=\"card-body collapse multi-collapse\" id=\"comment-obtenir-un-devis-\"><div class=\"faq-reponse\">Besuchen Sie unseren <a href=\"https:\/\/bookingpremium.secureholiday.net\/FR\/3216\/search\">Online-Buchung<\/a> oder kontaktieren Sie uns telefonisch, um sich \u00fcber die Verf\u00fcgbarkeit zu informieren und einen Preis f\u00fcr Ihren Aufenthalt zu erhalten.<\/div><\/div><\/div><\/div>\n\n\n\n<div class=\"wp-block-create-block-sev-faq\"><div class=\"card sev-faq\"><a class=\"card-header d-flex\" href=\"#puis-je-choisir-mon-emplacement-\" data-toggle=\"collapse\" role=\"button\" aria-expanded=\"false\" aria-controls=\"puis-je-choisir-mon-emplacement-\"><div class=\"faq-question\">Kann ich meinen Standort w\u00e4hlen?<\/div><i class=\"fa fa-chevron-down\" aria-hidden=\"true\"><\/i><\/a><div class=\"card-body collapse multi-collapse\" id=\"puis-je-choisir-mon-emplacement-\"><div class=\"faq-reponse\">&nbsp;Ja, je nach Verf\u00fcgbarkeit und auf Anfrage zum Zeitpunkt Ihrer Buchung.<\/div><\/div><\/div><\/div>\n\n\n\n<div class=\"wp-block-create-block-sev-faq\"><div class=\"card sev-faq\"><a class=\"card-header d-flex\" href=\"#comment-annuler-ou-modifier-ma-reservation-\" data-toggle=\"collapse\" role=\"button\" aria-expanded=\"false\" aria-controls=\"comment-annuler-ou-modifier-ma-reservation-\"><div class=\"faq-question\">Wie kann ich meine Buchung stornieren oder \u00e4ndern?<\/div><i class=\"fa fa-chevron-down\" aria-hidden=\"true\"><\/i><\/a><div class=\"card-body collapse multi-collapse\" id=\"comment-annuler-ou-modifier-ma-reservation-\"><div class=\"faq-reponse\">Wir laden Sie ein, uns direkt unter 02 31 97 61 61 zu kontaktieren oder uns zu schreiben an <a href=\"mailto:info@mirabel-prairiesdelamer.com\"><\/a><a href=\"mailto:prairies@mirabel-campings.com\">prairies@mirabel-campings.com<\/a><\/div><\/div><\/div><\/div>\n\n\n\n<div class=\"wp-block-create-block-sev-faq\"><div class=\"card sev-faq\"><a class=\"card-header d-flex\" href=\"#comment-puis-je-regler-mon-sejour-\" data-toggle=\"collapse\" role=\"button\" aria-expanded=\"false\" aria-controls=\"comment-puis-je-regler-mon-sejour-\"><div class=\"faq-question\">Wie kann ich meinen Aufenthalt bezahlen?<\/div><i class=\"fa fa-chevron-down\" aria-hidden=\"true\"><\/i><\/a><div class=\"card-body collapse multi-collapse\" id=\"comment-puis-je-regler-mon-sejour-\"><div class=\"faq-reponse\">Wir akzeptieren die folgenden Zahlungen: CB, Scheck, ANCV, Bargeld und \u00dcberweisung.<\/div><\/div><\/div><\/div>\n\n\n\n<div style=\"height:60px\" aria-hidden=\"true\" class=\"wp-block-spacer\"><\/div>\n\n\n\n<h2 class=\"wp-block-heading\" id=\"votre-residence-secondaire\">Ihr Zweitwohnsitz<\/h2>\n\n\n\n<figure class=\"wp-block-image size-full\"><img decoding=\"async\" src=\"https:\/\/www.mirabel-prairiesdelamer.com\/wp-content\/uploads\/2022\/01\/barre-bleue.png\" alt=\"\" class=\"wp-image-2382\"\/><\/figure>\n\n\n\n<div class=\"wp-block-create-block-sev-faq\"><div class=\"card sev-faq\"><a class=\"card-header d-flex\" href=\"#comment-acheter-un-mobil-home-au-camping-\" data-toggle=\"collapse\" role=\"button\" aria-expanded=\"false\" aria-controls=\"comment-acheter-un-mobil-home-au-camping-\"><div class=\"faq-question\">Wie kaufe ich ein Mobilheim auf dem Campingplatz?<\/div><i class=\"fa fa-chevron-down\" aria-hidden=\"true\"><\/i><\/a><div class=\"card-body collapse multi-collapse\" id=\"comment-acheter-un-mobil-home-au-camping-\"><div class=\"faq-reponse\">Kontaktieren Sie unsere Verwaltungsleiterin telefonisch unter 02 31 97 61 61, um mehr zu erfahren und gebrauchte Mobilheime zu entdecken, die zum Verkauf stehen.<br>Wenn Sie ein neues Mobilheim kaufen m\u00f6chten, wenden Sie sich bitte an Delphine unter 07 88 74 48 18 oder per E-Mail: commercial@mirabel-campings.com<br><\/div><\/div><\/div><\/div>\n\n\n\n<div class=\"wp-block-create-block-sev-faq\"><div class=\"card sev-faq\"><a class=\"card-header d-flex\" href=\"#choisir-son-mobil-home-neuf-ou-occasion-\" data-toggle=\"collapse\" role=\"button\" aria-expanded=\"false\" aria-controls=\"choisir-son-mobil-home-neuf-ou-occasion-\"><div class=\"faq-question\">Die Wahl des Mobilheims: Neu oder gebraucht?<\/div><i class=\"fa fa-chevron-down\" aria-hidden=\"true\"><\/i><\/a><div class=\"card-body collapse multi-collapse\" id=\"choisir-son-mobil-home-neuf-ou-occasion-\"><div class=\"faq-reponse\">Durchsuchen Sie <a href=\"https:\/\/mirabel-prairiesdelamer.com\/de\/verkauf-von-mobilheimen-normandie\/\">unsere Anzeigen<\/a> um die Preise der Mobilheime zu erfahren, die auf unserem Campingplatz zum Verkauf stehen. Je nach Ihrem Budget k\u00f6nnen Sie sich f\u00fcr einen Neu- oder Gebrauchtkauf entscheiden. <br><a href=\"https:\/\/mirabel-prairiesdelamer.com\/de\/camping-kontakt\/\" data-type=\"page\" data-id=\"75\">Kontaktieren Sie uns f\u00fcr weitere Informationen.<\/a><\/div><\/div><\/div><\/div>\n\n\n\n<div class=\"wp-block-create-block-sev-faq\"><div class=\"card sev-faq\"><a class=\"card-header d-flex\" href=\"#comment-choisir-sa-parcelle-\" data-toggle=\"collapse\" role=\"button\" aria-expanded=\"false\" aria-controls=\"comment-choisir-sa-parcelle-\"><div class=\"faq-question\">Wie w\u00e4hlt man seine Parzelle aus?<\/div><i class=\"fa fa-chevron-down\" aria-hidden=\"true\"><\/i><\/a><div class=\"card-body collapse multi-collapse\" id=\"comment-choisir-sa-parcelle-\"><div class=\"faq-reponse\">Wenn Sie ein neues Mobilheim kaufen, k\u00f6nnen Sie den Stellplatz bei der Bestellung ausw\u00e4hlen. Der Kauf eines gebrauchten Mobilheims erfolgt auf einem Stellplatz, es kann nicht verschoben werden.<\/div><\/div><\/div><\/div>\n\n\n\n<div class=\"wp-block-create-block-sev-faq\"><div class=\"card sev-faq\"><a class=\"card-header d-flex\" href=\"#puis-je-rester-toute-lannee-au-camping-\" data-toggle=\"collapse\" role=\"button\" aria-expanded=\"false\" aria-controls=\"puis-je-rester-toute-lannee-au-camping-\"><div class=\"faq-question\">Kann ich das ganze Jahr \u00fcber auf dem Campingplatz bleiben?<\/div><i class=\"fa fa-chevron-down\" aria-hidden=\"true\"><\/i><\/a><div class=\"card-body collapse multi-collapse\" id=\"puis-je-rester-toute-lannee-au-camping-\"><div class=\"faq-reponse\">Der Campingplatz Les Prairies de la Mer ist kein Wohnpark f\u00fcr Freizeitaktivit\u00e4ten (Parc R\u00e9sidentiel de Loisirs, PRL) und daher nicht das ganze Jahr \u00fcber ge\u00f6ffnet. Sie k\u00f6nnen also w\u00e4hrend der gesamten \u00d6ffnungszeiten, d. h. vom 15. M\u00e4rz bis zum 15. November, auf dem Campingplatz wohnen.<\/div><\/div><\/div><\/div>\n\n\n\n<div class=\"wp-block-create-block-sev-faq\"><div class=\"card sev-faq\"><a class=\"card-header d-flex\" href=\"#puis-je-louer-mon-mobil-home-sur-certaines-periodes-\" data-toggle=\"collapse\" role=\"button\" aria-expanded=\"false\" aria-controls=\"puis-je-louer-mon-mobil-home-sur-certaines-periodes-\"><div class=\"faq-question\">Kann ich mein Mobilheim zu bestimmten Zeiten vermieten?<\/div><i class=\"fa fa-chevron-down\" aria-hidden=\"true\"><\/i><\/a><div class=\"card-body collapse multi-collapse\" id=\"puis-je-louer-mon-mobil-home-sur-certaines-periodes-\"><div class=\"faq-reponse\">Sie sind Eigent\u00fcmer Ihres Mobilheims und haben die M\u00f6glichkeit, es w\u00e4hrend der Zeit, in der Sie nicht anwesend sind, zu vermieten. Es ist ganz einfach, wir k\u00fcmmern uns um alles: Sie teilen uns die Buchungsdaten mit und der Campingplatz k\u00fcmmert sich um die verschiedenen Zahlungseing\u00e4nge und die \u00dcbergabe der Schl\u00fcssel an Ihre Mieter. Das ist eine gro\u00dfartige Gelegenheit, Ihre Jahresmiete zu senken! <em>(Vermietung m\u00f6glich f\u00fcr Mobilheime, die maximal 10 Jahre alt sind)<\/em><br>Wenn Ihr Mobilheim \u00e4lter als 10 Jahre ist, k\u00f6nnen Sie es auf eigene Faust vermieten. Sie m\u00fcssen dann die Kontaktdaten der Mieter an die Rezeption weitergeben und eine Geb\u00fchr von 5\u20ac pro Tag und Person ab 18 Jahren an den Campingplatz entrichten.<\/div><\/div><\/div><\/div>\n\n\n\n<div style=\"height:60px\" aria-hidden=\"true\" class=\"wp-block-spacer\"><\/div>\n\n\n\n<h2 class=\"wp-block-heading\" id=\"sur-place\">Vor Ort<\/h2>\n\n\n\n<figure class=\"wp-block-image size-full\"><img decoding=\"async\" src=\"https:\/\/www.mirabel-prairiesdelamer.com\/wp-content\/uploads\/2022\/01\/barre-bleue.png\" alt=\"\" class=\"wp-image-2382\"\/><\/figure>\n\n\n\n<div class=\"wp-block-create-block-sev-faq\"><div class=\"card sev-faq\"><a class=\"card-header d-flex\" href=\"#quelles-sont-les-dates-douverture-du-camping-\" data-toggle=\"collapse\" role=\"button\" aria-expanded=\"false\" aria-controls=\"quelles-sont-les-dates-douverture-du-camping-\"><div class=\"faq-question\">An welchen Tagen ist der Campingplatz ge\u00f6ffnet?<\/div><i class=\"fa fa-chevron-down\" aria-hidden=\"true\"><\/i><\/a><div class=\"card-body collapse multi-collapse\" id=\"quelles-sont-les-dates-douverture-du-camping-\"><div class=\"faq-reponse\">Der Campingplatz Les Prairies de la Mer ist vom 15. M\u00e4rz bis zum 15. November f\u00fcr Residenten und von April bis Ende Oktober f\u00fcr Mietunterk\u00fcnfte ge\u00f6ffnet.<\/div><\/div><\/div><\/div>\n\n\n\n<div class=\"wp-block-create-block-sev-faq\"><div class=\"card sev-faq\"><a class=\"card-header d-flex\" href=\"#quand-la-piscine-est-elle-ouverte-\" data-toggle=\"collapse\" role=\"button\" aria-expanded=\"false\" aria-controls=\"quand-la-piscine-est-elle-ouverte-\"><div class=\"faq-question\">Wann ist der Pool ge\u00f6ffnet?<\/div><i class=\"fa fa-chevron-down\" aria-hidden=\"true\"><\/i><\/a><div class=\"card-body collapse multi-collapse\" id=\"quand-la-piscine-est-elle-ouverte-\"><div class=\"faq-reponse\">Das Hallenbad mit Whirlpool und Jacuzzi k\u00f6nnen Sie von April bis Oktober nutzen. Das Au\u00dfenbecken \u00f6ffnet von Anfang Juli bis Ende August und die Wasserrutschen \u00f6ffnen von Juni bis September (je nach Wetterlage kann die \u00d6ffnungszeit verl\u00e4ngert werden). Von 10:00 bis 19:00 Uhr.<br><a href=\"https:\/\/mirabel-prairiesdelamer.com\/de\/campingplatz-normandie-wasserbereich\/\" data-type=\"page\" data-id=\"54\">Entdecken Sie den Wasserbereich<\/a><\/div><\/div><\/div><\/div>\n\n\n\n<div class=\"wp-block-create-block-sev-faq\"><div class=\"card sev-faq\"><a class=\"card-header d-flex\" href=\"#quand-le-sauna-est-il-ouvert-\" data-toggle=\"collapse\" role=\"button\" aria-expanded=\"false\" aria-controls=\"quand-le-sauna-est-il-ouvert-\"><div class=\"faq-question\">Wann ist die Sauna ge\u00f6ffnet?<\/div><i class=\"fa fa-chevron-down\" aria-hidden=\"true\"><\/i><\/a><div class=\"card-body collapse multi-collapse\" id=\"quand-le-sauna-est-il-ouvert-\"><div class=\"faq-reponse\">In der Sauna k\u00f6nnen Sie von April bis Oktober von 9:00 bis 12:00 Uhr entspannen.<br><a href=\"https:\/\/mirabel-prairiesdelamer.com\/de\/campingplatz-normandie-wasserbereich\/\" data-type=\"page\" data-id=\"54\">Entdecken Sie den Wasserbereich<\/a><\/div><\/div><\/div><\/div>\n\n\n\n<div class=\"wp-block-create-block-sev-faq\"><div class=\"card sev-faq\"><a class=\"card-header d-flex\" href=\"#quand-la-salle-de-fitness-est-elle-ouverte-\" data-toggle=\"collapse\" role=\"button\" aria-expanded=\"false\" aria-controls=\"quand-la-salle-de-fitness-est-elle-ouverte-\"><div class=\"faq-question\">Wann ist der Fitnessraum ge\u00f6ffnet?<\/div><i class=\"fa fa-chevron-down\" aria-hidden=\"true\"><\/i><\/a><div class=\"card-body collapse multi-collapse\" id=\"quand-la-salle-de-fitness-est-elle-ouverte-\"><div class=\"faq-reponse\">Im Fitnessraum k\u00f6nnen Sie sich von April bis Oktober von 9:00 bis 19:00 Uhr in Form bringen.<\/div><\/div><\/div><\/div>\n\n\n\n<div class=\"wp-block-create-block-sev-faq\"><div class=\"card sev-faq\"><a class=\"card-header d-flex\" href=\"#dois-je-apporter-les-draps-\" data-toggle=\"collapse\" role=\"button\" aria-expanded=\"false\" aria-controls=\"dois-je-apporter-les-draps-\"><div class=\"faq-question\">Muss ich die Bettw\u00e4sche mitbringen?<\/div><i class=\"fa fa-chevron-down\" aria-hidden=\"true\"><\/i><\/a><div class=\"card-body collapse multi-collapse\" id=\"dois-je-apporter-les-draps-\"><div class=\"faq-reponse\">Sie k\u00f6nnen Ihre eigene Bettw\u00e4sche mitbringen oder diese bei der Buchung ausleihen.  <a href=\"https:\/\/mirabel-prairiesdelamer.com\/de\/vermietung-mobilheime-normandie\/#options\">Siehe Preise<\/a><\/div><\/div><\/div><\/div>\n\n\n\n<div class=\"wp-block-create-block-sev-faq\"><div class=\"card sev-faq\"><a class=\"card-header d-flex\" href=\"#les-animaux-sont-ils-acceptes-au-camping-\" data-toggle=\"collapse\" role=\"button\" aria-expanded=\"false\" aria-controls=\"les-animaux-sont-ils-acceptes-au-camping-\"><div class=\"faq-question\">Sind Tiere auf dem Campingplatz erlaubt? <\/div><i class=\"fa fa-chevron-down\" aria-hidden=\"true\"><\/i><\/a><div class=\"card-body collapse multi-collapse\" id=\"les-animaux-sont-ils-acceptes-au-camping-\"><div class=\"faq-reponse\">Ja, wir wissen nur zu gut, dass es schwer ist, sich von seinen Haustieren zu trennen. Deshalb sind Tiere auf unserem Campingplatz herzlich willkommen: Wir akzeptieren Hunde und Katzen (au\u00dfer 1<sup>e<\/sup> und 2. Kategorie und maximal 2 pro Unterkunft)<br> <em>Geb\u00fchr: 5\u20ac pro Nacht und Tier.<\/em><\/div><\/div><\/div><\/div>\n\n\n\n<div class=\"wp-block-create-block-sev-faq\"><div class=\"card sev-faq\"><a class=\"card-header d-flex\" href=\"#a-quelle-heure-puis-je-arriver-au-camping-\" data-toggle=\"collapse\" role=\"button\" aria-expanded=\"false\" aria-controls=\"a-quelle-heure-puis-je-arriver-au-camping-\"><div class=\"faq-question\">Um wie viel Uhr kann ich auf dem Campingplatz ankommen?<\/div><i class=\"fa fa-chevron-down\" aria-hidden=\"true\"><\/i><\/a><div class=\"card-body collapse multi-collapse\" id=\"a-quelle-heure-puis-je-arriver-au-camping-\"><div class=\"faq-reponse\">Die Anreise erfolgt ab 15 Uhr und die Abreise bis 10 Uhr.<\/div><\/div><\/div><\/div>\n\n\n\n<div class=\"wp-block-create-block-sev-faq\"><div class=\"card sev-faq\"><a class=\"card-header d-flex\" href=\"#quelles-sont-les-dates-douverture-du-club-enfants-\" data-toggle=\"collapse\" role=\"button\" aria-expanded=\"false\" aria-controls=\"quelles-sont-les-dates-douverture-du-club-enfants-\"><div class=\"faq-question\">An welchen Tagen ist der Kinderclub ge\u00f6ffnet? <\/div><i class=\"fa fa-chevron-down\" aria-hidden=\"true\"><\/i><\/a><div class=\"card-body collapse multi-collapse\" id=\"quelles-sont-les-dates-douverture-du-club-enfants-\"><div class=\"faq-reponse\">Die Betreuer des Kinderclubs sind den ganzen Sommer \u00fcber (Juli und August) f\u00fcr Kinder von 6 bis 12 Jahren da. Der Kinderclub ist von Montag bis Freitag von 10:00 bis 12:00 Uhr und von 14:00 bis 17:00 Uhr ge\u00f6ffnet.<\/div><\/div><\/div><\/div>\n\n\n\n<div class=\"wp-block-create-block-sev-faq\"><div class=\"card sev-faq\"><a class=\"card-header d-flex\" href=\"#le-camping-organise-t-il-des-animations-ados-adultes-\" data-toggle=\"collapse\" role=\"button\" aria-expanded=\"false\" aria-controls=\"le-camping-organise-t-il-des-animations-ados-adultes-\"><div class=\"faq-question\">Organisiert der Campingplatz Animationen f\u00fcr Jugendliche\/Erwachsene? <\/div><i class=\"fa fa-chevron-down\" aria-hidden=\"true\"><\/i><\/a><div class=\"card-body collapse multi-collapse\" id=\"le-camping-organise-t-il-des-animations-ados-adultes-\"><div class=\"faq-reponse\">Ja, im Juli und August ist von Montag bis Freitag ein Animateur anwesend, der Ihnen auf dem Campingplatz oder au\u00dferhalb des Campingplatzes Animationen f\u00fcr Jugendliche\/Erwachsene anbietet.&nbsp;<\/div><\/div><\/div><\/div>\n\n\n\n<div class=\"wp-block-create-block-sev-faq\"><div class=\"card sev-faq\"><a class=\"card-header d-flex\" href=\"#ou-sortir-pendant-vos-vacances-a-ouistreham-\" data-toggle=\"collapse\" role=\"button\" aria-expanded=\"false\" aria-controls=\"ou-sortir-pendant-vos-vacances-a-ouistreham-\"><div class=\"faq-question\">Wo kann man w\u00e4hrend seines Urlaubs in Ouistreham ausgehen?<\/div><i class=\"fa fa-chevron-down\" aria-hidden=\"true\"><\/i><\/a><div class=\"card-body collapse multi-collapse\" id=\"ou-sortir-pendant-vos-vacances-a-ouistreham-\"><div class=\"faq-reponse\">Sie finden zahlreiche <a href=\"https:\/\/mirabel-prairiesdelamer.com\/de\/freizeit-mit-kindern\/\">Tourismusaktivit\u00e4ten<\/a>, In Ouistreham und in der N\u00e4he des Campingplatzes gibt es zahlreiche Sport- und Freizeitm\u00f6glichkeiten. Zahlreiche Bars und Restaurants sind ebenfalls vom Campingplatz aus oder in der n\u00e4heren Umgebung in Caen, Bayeux, etc. erreichbar. <a href=\"https:\/\/mirabel-prairiesdelamer.com\/de\/camping-ouistreham\/\" data-type=\"page\" data-id=\"67\">Str\u00e4nde<\/a>, <a href=\"https:\/\/mirabel-prairiesdelamer.com\/de\/camping-caen\/\" data-type=\"page\" data-id=\"69\">Caen<\/a>, <a href=\"https:\/\/mirabel-prairiesdelamer.com\/de\/die-erfahrungen\/kultur-und-kulturerbetourismus\/\" data-type=\"page\" data-id=\"895\">Bayeux<\/a><\/div><\/div><\/div><\/div>","protected":false},"excerpt":{"rendered":"<p>FAQ &#8211; Trouvez les r\u00e9ponses \u00e0 vos questions sur vos vacances au camping Les Prairies de la Mer Le camping [&hellip;]<\/p>\n","protected":false},"author":1,"featured_media":0,"parent":0,"menu_order":0,"comment_status":"closed","ping_status":"closed","template":"","meta":{"_seopress_robots_primary_cat":"","_seopress_titles_title":"Foire aux questions du camping Les Prairies de la Mer Ouistreham","_seopress_titles_desc":"Foire aux questions diverses sur le camping 4 \u00e9toiles Les Prairies de la Mer \u00e0 Ouistreham : ouverture, COVID 19, locations, pass sanitaire...","_seopress_robots_index":"","footnotes":""},"class_list":["post-83","page","type-page","status-publish","hentry"],"_links":{"self":[{"href":"https:\/\/mirabel-prairiesdelamer.com\/de\/wp-json\/wp\/v2\/pages\/83","targetHints":{"allow":["GET"]}}],"collection":[{"href":"https:\/\/mirabel-prairiesdelamer.com\/de\/wp-json\/wp\/v2\/pages"}],"about":[{"href":"https:\/\/mirabel-prairiesdelamer.com\/de\/wp-json\/wp\/v2\/types\/page"}],"author":[{"embeddable":true,"href":"https:\/\/mirabel-prairiesdelamer.com\/de\/wp-json\/wp\/v2\/users\/1"}],"replies":[{"embeddable":true,"href":"https:\/\/mirabel-prairiesdelamer.com\/de\/wp-json\/wp\/v2\/comments?post=83"}],"version-history":[{"count":21,"href":"https:\/\/mirabel-prairiesdelamer.com\/de\/wp-json\/wp\/v2\/pages\/83\/revisions"}],"predecessor-version":[{"id":18124,"href":"https:\/\/mirabel-prairiesdelamer.com\/de\/wp-json\/wp\/v2\/pages\/83\/revisions\/18124"}],"wp:attachment":[{"href":"https:\/\/mirabel-prairiesdelamer.com\/de\/wp-json\/wp\/v2\/media?parent=83"}],"curies":[{"name":"wp","href":"https:\/\/api.w.org\/{rel}","templated":true}]}}