{"id":67,"date":"2021-12-10T14:24:37","date_gmt":"2021-12-10T13:24:37","guid":{"rendered":"https:\/\/www.campinglarenaudiere.com\/?page_id=67"},"modified":"2025-04-07T11:06:23","modified_gmt":"2025-04-07T09:06:23","slug":"camping-ouistreham","status":"publish","type":"page","link":"https:\/\/mirabel-prairiesdelamer.com\/de\/camping-ouistreham\/","title":{"rendered":"Ouistreham"},"content":{"rendered":"<h1 class=\"wp-block-heading\" id=\"ouistreham-riva-bella\">Der Badeort Ouistreham Riva-Bella in der Normandie<\/h1>\n\n\n\n<p class=\"has-text-align-center\">Destination Ouistreham: Entdecken Sie die Perle der C\u00f4te de Nacre im Calvados, nur wenige Minuten von Caen entfernt. Ein Badeort, in dem es sich gut leben l\u00e4sst!<\/p>\n\n\n\n<figure class=\"wp-block-image aligncenter size-full\"><img decoding=\"async\" src=\"https:\/\/www.mirabel-prairiesdelamer.com\/wp-content\/uploads\/2022\/01\/barre-bleue.png\" alt=\"\" class=\"wp-image-2382\"\/><\/figure>\n\n\n\n<div class=\"wp-block-media-text alignwide has-media-on-the-right is-stacked-on-mobile is-vertically-aligned-center is-style-default\"><div class=\"wp-block-media-text__content\">\n<h2 class=\"wp-block-heading\" id=\"ouistreham-riva-bella-entre-terre-et-mer\">Was kann man im Urlaub in Ouistreham Riva-Bella unternehmen?<\/h2>\n\n\n\n<figure class=\"wp-block-image size-full\"><img loading=\"lazy\" decoding=\"async\" width=\"50\" height=\"8\" src=\"https:\/\/mirabel-prairiesdelamer.com\/wp-content\/uploads\/2024\/06\/barre-bleue.png\" alt=\"\" class=\"wp-image-14200\"\/><\/figure>\n\n\n\n<figure class=\"wp-block-image alignright size-full is-resized\"><img loading=\"lazy\" decoding=\"async\" width=\"320\" height=\"228\" src=\"https:\/\/mirabel-prairiesdelamer.com\/wp-content\/uploads\/2024\/06\/tong.png\" alt=\"\" class=\"wp-image-14257\" style=\"width:73px;height:auto\" srcset=\"https:\/\/mirabel-prairiesdelamer.com\/wp-content\/uploads\/2024\/06\/tong.png 320w, https:\/\/mirabel-prairiesdelamer.com\/wp-content\/uploads\/2024\/06\/tong-300x214.png 300w\" sizes=\"auto, (max-width: 320px) 100vw, 320px\" \/><\/figure>\n\n\n\n<p>Die <strong>Campingplatz Mirabel Les Prairies de la Mer<\/strong> liegt 500 m von der gro\u00dfen und sch\u00f6nen <strong>Strand von Ouistreham<\/strong> Riva-Bella. Also schnappen Sie sich Ihre Tasche und legen Sie Ihr Handtuch auf den Strand. <strong>wei\u00dfer Sand<\/strong>. Vertiefen Sie sich in Ihren Roman oder lassen Sie sich vom Rauschen der Wellen in den Schlaf wiegen, w\u00e4hrend die Kinder sich mit dem Bau von <strong>Sandburgen<\/strong> und h\u00fcbsche <strong>Muscheln<\/strong> die sie als Andenken wertvoll aufbewahren werden. Der Wind kommt auf? Prima, dann ist es Zeit, Ihren Drachen zu z\u00fccken!<\/p>\n\n\n\n<p>Lieben Sie die Natur und die Weite der Landschaft? Dann wird Sie der Ort Pointe du Si\u00e8ge in <strong>die M\u00fcndung der Orne<\/strong>, Das Gebiet ist wegen seines ornithologischen und landschaftlichen Reichtums gesch\u00fctzt. 3 km vom Campingplatz entfernt befindet sich der <strong>Bois du Caprice <\/strong>l\u00e4dt Sie zu sch\u00f6nen Spazierg\u00e4ngen mit der Familie in einer gesch\u00fctzten Natur ein, bevor Sie die Ruhe von <a href=\"https:\/\/mirabel-prairiesdelamer.com\/de\/vermietung-mobilheime-normandie\/\">Ihrem Mobilheim.<\/a><\/p>\n<\/div><figure class=\"wp-block-media-text__media\"><img loading=\"lazy\" decoding=\"async\" width=\"1024\" height=\"683\" src=\"https:\/\/mirabel-prairiesdelamer.com\/wp-content\/uploads\/2024\/06\/plage-enfant-jeux-1024x683.jpg\" alt=\"\" class=\"wp-image-14269 size-full\" srcset=\"https:\/\/mirabel-prairiesdelamer.com\/wp-content\/uploads\/2024\/06\/plage-enfant-jeux-1024x683.jpg 1024w, https:\/\/mirabel-prairiesdelamer.com\/wp-content\/uploads\/2024\/06\/plage-enfant-jeux-300x200.jpg 300w, https:\/\/mirabel-prairiesdelamer.com\/wp-content\/uploads\/2024\/06\/plage-enfant-jeux-768x512.jpg 768w, https:\/\/mirabel-prairiesdelamer.com\/wp-content\/uploads\/2024\/06\/plage-enfant-jeux.jpg 1200w\" sizes=\"auto, (max-width: 1024px) 100vw, 1024px\" \/><\/figure><\/div>\n\n\n\n<div style=\"height:20px\" aria-hidden=\"true\" class=\"wp-block-spacer\"><\/div>\n\n\n\n<div class=\"wp-block-media-text alignwide is-stacked-on-mobile is-vertically-aligned-center is-image-fill-element animate left\"><figure class=\"wp-block-media-text__media\"><img loading=\"lazy\" decoding=\"async\" width=\"769\" height=\"1024\" src=\"https:\/\/mirabel-prairiesdelamer.com\/wp-content\/uploads\/2024\/01\/rue-de-la-mer-shopping-ouistreham-1-769x1024.jpg\" alt=\"einkaufsstra\u00dfe ouistreham rue de la mer\" class=\"wp-image-13016 size-full\" style=\"object-position:50% 50%\" srcset=\"https:\/\/mirabel-prairiesdelamer.com\/wp-content\/uploads\/2024\/01\/rue-de-la-mer-shopping-ouistreham-1-769x1024.jpg 769w, https:\/\/mirabel-prairiesdelamer.com\/wp-content\/uploads\/2024\/01\/rue-de-la-mer-shopping-ouistreham-1-225x300.jpg 225w, https:\/\/mirabel-prairiesdelamer.com\/wp-content\/uploads\/2024\/01\/rue-de-la-mer-shopping-ouistreham-1-768x1023.jpg 768w, https:\/\/mirabel-prairiesdelamer.com\/wp-content\/uploads\/2024\/01\/rue-de-la-mer-shopping-ouistreham-1.jpg 901w\" sizes=\"auto, (max-width: 769px) 100vw, 769px\" \/><\/figure><div class=\"wp-block-media-text__content\">\n<h2 class=\"wp-block-heading\" id=\"une-ville-animee-et-conviviale\">Veranstaltungen das ganze Jahr \u00fcber in Ouistreham in der Normandie<\/h2>\n\n\n\n<figure class=\"wp-block-image size-full\"><img loading=\"lazy\" decoding=\"async\" width=\"50\" height=\"8\" src=\"https:\/\/mirabel-prairiesdelamer.com\/wp-content\/uploads\/2024\/06\/barre-bleue.png\" alt=\"\" class=\"wp-image-14200\"\/><\/figure>\n\n\n\n<p>Schlendern Sie durch die Stra\u00dfen von Ouistreham Riva-Bella und machen Sie eine Zeitreise in die Vergangenheit, indem Sie die zahlreichen <strong>Belle-Epoque-Villen<\/strong>. Setzen Sie Ihren Weg in Richtung des Hafens und seines <strong>Fischmarkt<\/strong>. Die Mutigsten werden die 171 Wendeltreppen des <strong>Leuchtturm<\/strong>&nbsp;und genie\u00dfen einen atemberaubenden Blick auf die Stadt und das endlose Meer (im Juli und August jedes Wochenende zur Besichtigung ge\u00f6ffnet).<\/p>\n\n\n\n<p>Emotionen graben sich ein! Was f\u00fcr ein Gl\u00fcck, dass es in der Avenue de la Mer viele gute Adressen gibt, um Ihren Gaumen zu befriedigen: hausgemachtes Eis, Cr\u00eape, Waffel - Sie haben die Qual der Wahl! Und jetzt Platz f\u00fcr <strong>Shopping<\/strong> in den h\u00fcbschen Gesch\u00e4ften im Stadtzentrum. Wie w\u00e4re es, wenn wir eine kleine Postkarte f\u00fcr Opa und Oma kaufen?<\/p>\n\n\n\n<div style=\"height:20px\" aria-hidden=\"true\" class=\"wp-block-spacer\"><\/div>\n\n\n\n<div class=\"wp-block-group card card-body border border-info is-layout-flow wp-block-group-is-layout-flow\">\n<p><strong>Auf der Agenda notieren<\/strong> !<\/p>\n\n\n\n<ul class=\"wp-block-list\">\n<li>Das ganze Jahr \u00fcber: Jeden Freitagmorgen finden Sie auf dem Markt von Ouistreham Obst, Gem\u00fcse und andere frische Produkte auf dem Marktplatz in der Avenue Pasteur!<\/li>\n\n\n\n<li>Von April bis Oktober: Zus\u00e4tzlicher Markt am Sonntag, ebenfalls Marktplatz<\/li>\n\n\n\n<li>Im Juli und August: zahlreiche Veranstaltungen wie das Feuerwerk am 14. Juli und 15. August, die M\u00e4rkte der Kunsthandwerker usw., die Sie auf dem <a href=\"https:\/\/ouistreham-rivabella.fr\/sortir\/agenda-des-sorties\/\" target=\"_blank\" rel=\"noreferrer noopener\">Stadtseite<\/a>.<\/li>\n<\/ul>\n<\/div>\n<\/div><\/div>\n\n\n\n<div style=\"height:30px\" aria-hidden=\"true\" class=\"wp-block-spacer\"><\/div>\n\n\n\n<p><\/p>\n\n\n\n<div class=\"wp-block-media-text alignwide has-media-on-the-right is-stacked-on-mobile is-vertically-aligned-center is-style-default front-page-section grey animate right\"><div class=\"wp-block-media-text__content\">\n<h2 class=\"wp-block-heading\" id=\"des-activites-culturelles-et-de-loisirs-tout-pres-de-caen\">Kultur- und Freizeitaktivit\u00e4ten ganz in der N\u00e4he von Caen<\/h2>\n\n\n\n<figure class=\"wp-block-image size-full\"><img loading=\"lazy\" decoding=\"async\" width=\"50\" height=\"8\" src=\"https:\/\/mirabel-prairiesdelamer.com\/wp-content\/uploads\/2024\/06\/barre-bleue.png\" alt=\"\" class=\"wp-image-14200\"\/><figcaption class=\"wp-element-caption\">Ouistreham Riva-Bella steht auch f\u00fcr eine gro\u00dfe Auswahl an Sport-, Kultur- und Freizeitaktivit\u00e4ten. Machen Sie sich auf zum Paddeln oder Strandsegeln mit der <strong><u>Wassersportbasis OCEAN<\/u><\/strong> oder machen Sie einen Ausritt mit dem <strong><u>Reitzentrum<\/u><\/strong> und entdecken Sie den Badeort auf andere Weise. Fahrradliebhaber werden die zahlreichen <strong><u>Fahrradwege<\/u><\/strong> um zu erreichen <strong>Cabourg<\/strong>, Caen oder Courseulles-sur-Mer. Was die Kinobesucher betrifft, so werden sie herzlich vom Team des <strong>Kino Le Cabieu<\/strong>. Zahlreiche Auff\u00fchrungen werden vom <strong>Dansoir von Karine Saporta<\/strong>. Und jedes Jahr organisiert die Stadt festliche Veranstaltungen, die Sie nicht verpassen sollten (F\u00eate de la Coquille, Festival Tous en Sc\u00e8ne, das Normandy Beach Race...).<\/figcaption><\/figure>\n\n\n\n<div class=\"wp-block-buttons is-content-justification-center is-layout-flex wp-container-core-buttons-is-layout-a89b3969 wp-block-buttons-is-layout-flex\">\n<div class=\"wp-block-button\"><a class=\"wp-block-button__link has-turquoise-background-color has-background wp-element-button\" href=\"https:\/\/mirabel-prairiesdelamer.com\/de\/freizeit-mit-kindern\/\">Alle Aktivit\u00e4ten in der Umgebung<\/a><\/div>\n<\/div>\n<\/div><figure class=\"wp-block-media-text__media\"><img loading=\"lazy\" decoding=\"async\" width=\"1024\" height=\"770\" src=\"https:\/\/mirabel-prairiesdelamer.com\/wp-content\/uploads\/2024\/06\/equitation-voile-riva-bella-1-@elo-1024x770.jpg\" alt=\"\" class=\"wp-image-14273 size-full\" srcset=\"https:\/\/mirabel-prairiesdelamer.com\/wp-content\/uploads\/2024\/06\/equitation-voile-riva-bella-1-@elo-1024x770.jpg 1024w, https:\/\/mirabel-prairiesdelamer.com\/wp-content\/uploads\/2024\/06\/equitation-voile-riva-bella-1-@elo-300x226.jpg 300w, https:\/\/mirabel-prairiesdelamer.com\/wp-content\/uploads\/2024\/06\/equitation-voile-riva-bella-1-@elo-768x577.jpg 768w, https:\/\/mirabel-prairiesdelamer.com\/wp-content\/uploads\/2024\/06\/equitation-voile-riva-bella-1-@elo.jpg 1200w\" sizes=\"auto, (max-width: 1024px) 100vw, 1024px\" \/><\/figure><\/div>\n\n\n\n<div class=\"wp-block-media-text is-stacked-on-mobile\"><figure class=\"wp-block-media-text__media\"><a href=\"https:\/\/ouistreham-rivabella.fr\/la-navette-electrique-de-ouistreham-riva-bella-des-le-2-avril-2025\/?fbclid=IwY2xjawJgc2ZleHRuA2FlbQIxMAABHmGi9pne0AaoiNJisMhvricuIAVjb8XAI-mSCxs-YjCaTRUGp6u9J_uAB-Wz_aem_lP8IcZpfwZlLXo513wY77g\" target=\"_blank\" rel=\" noreferrer noopener\"><img loading=\"lazy\" decoding=\"async\" width=\"600\" height=\"400\" src=\"https:\/\/mirabel-prairiesdelamer.com\/wp-content\/uploads\/2025\/04\/navette-electrique-gratuite-ouistreham.jpg\" alt=\"kostenloser elektrischer shuttle ouistreham\" class=\"wp-image-14860 size-full\" srcset=\"https:\/\/mirabel-prairiesdelamer.com\/wp-content\/uploads\/2025\/04\/navette-electrique-gratuite-ouistreham.jpg 600w, https:\/\/mirabel-prairiesdelamer.com\/wp-content\/uploads\/2025\/04\/navette-electrique-gratuite-ouistreham-300x200.jpg 300w\" sizes=\"auto, (max-width: 600px) 100vw, 600px\" \/><\/a><\/figure><div class=\"wp-block-media-text__content\">\n<h3 class=\"wp-block-heading\">Kostenloser Pendelbus nach Ouistreham am Morgen<\/h3>\n\n\n\n<p>Seit April 2025 ist eine <a href=\"https:\/\/ouistreham-rivabella.fr\/la-navette-electrique-de-ouistreham-riva-bella-des-le-2-avril-2025\/?fbclid=IwY2xjawJgc2ZleHRuA2FlbQIxMAABHmGi9pne0AaoiNJisMhvricuIAVjb8XAI-mSCxs-YjCaTRUGp6u9J_uAB-Wz_aem_lP8IcZpfwZlLXo513wY77g\" target=\"_blank\" rel=\"noreferrer noopener\"><strong>Elektro-Shuttle<\/strong> <\/a>wurde von der Stadt eingerichtet. Dieser Pendelbus f\u00e4hrt alle vier Ecken von Ouistreham an und macht es Ihnen leicht, die Stadt zu durchqueren. <strong>Insgesamt etwa 30 Haltestellen<\/strong> vom Strand bis zum Kino, durch das St\u00e4dtchen, den Hafen, den Marktplatz, das Gesundheitspol oder auch das <strong>Einkaufszentrum von Carrefour<\/strong>. Eine sch\u00f6ne Initiative, die die Dienstleistungen und Gesch\u00e4fte von Ouistreham f\u00fcr alle zug\u00e4nglich macht. Eine Rampe erm\u00f6glicht es auch Personen mit eingeschr\u00e4nkter Mobilit\u00e4t, den Zugang zu nutzen.<\/p>\n\n\n\n<p><strong>Praktisch : <\/strong><\/p>\n\n\n\n<ul class=\"wp-block-list\">\n<li>Dienstag bis Samstag (f\u00e4hrt nicht an Feiertagen)<\/li>\n\n\n\n<li>Von 8 Uhr bis 12.30 Uhr<\/li>\n\n\n\n<li>Die Haltestellen sind mit roten B\u00e4nken markiert<\/li>\n\n\n\n<li>100% kostenlos (und elektrisch, gut f\u00fcr unseren Planeten)<\/li>\n\n\n\n<li>1 Haltestelle, die sich nur wenige Meter vom Campingplatz entfernt befindet (<em>avenue du Colonel Dawson<\/em>)<\/li>\n\n\n\n<li><a href=\"https:\/\/ouistreham-rivabella.fr\/wp-content\/uploads\/2025\/03\/planNavette-scaled.jpg?fbclid=IwY2xjawJgcmRleHRuA2FlbQIxMAABHriYC11sxk13DmbLba547ws8X0D2ksTiyK9v2RTvrTCdJRv43YK8A2TGIArK_aem_r2b8KtmYl5Nif3Pnv2H06A\" target=\"_blank\" rel=\"noreferrer noopener\"><strong>Siehe die Tour<\/strong><\/a><\/li>\n<\/ul>\n\n\n\n<p><\/p>\n<\/div><\/div>\n\n\n\n<div style=\"height:10px\" aria-hidden=\"true\" class=\"wp-block-spacer\"><\/div>\n\n\n\n<p class=\"has-text-align-center texte-rond mt-5 has-large-font-size\">Was es auf dem Campingplatz zu entdecken gibt<\/p>\n\n\n\n<div class=\"wp-block-columns front-page-section grey is-layout-flex wp-container-core-columns-is-layout-28f84493 wp-block-columns-is-layout-flex\">\n<div class=\"wp-block-column is-layout-flow wp-block-column-is-layout-flow\"><\/div>\n\n\n\n<div class=\"wp-block-column is-layout-flow wp-block-column-is-layout-flow\">\n<div class=\"wp-block-create-block-sevgutenberg-navigation\"><aside class=\"encart-sev-navigation small carre\"><a href=\"https:\/\/mirabel-prairiesdelamer.com\/de\/imbissstube\/\" class=\"d-flex flex-column align-items-center\"><div class=\"encart-title\"><span>Die Snackbar<\/span><\/div><div class=\"vague\"><\/div><img decoding=\"async\" src=\"https:\/\/mirabel-prairiesdelamer.com\/wp-content\/uploads\/2023\/02\/snack-bar-cocktail.jpg\" alt=\"Cocktail Snackbar Strohh\u00fctte Sommer\"\/><div class=\"ligne\"><\/div><div class=\"hover\"><\/div><\/a><\/aside><\/div>\n<\/div>\n\n\n\n<div class=\"wp-block-column is-vertically-aligned-center is-layout-flow wp-block-column-is-layout-flow\">\n<div class=\"wp-block-create-block-sevgutenberg-navigation\"><aside class=\"encart-sev-navigation small carre\"><a href=\"https:\/\/mirabel-prairiesdelamer.com\/de\/animationen-juli-august\/\" class=\"d-flex flex-column align-items-center\"><div class=\"encart-title\"><span>Animationen<\/span><\/div><div class=\"vague\"><\/div><img decoding=\"async\" src=\"https:\/\/mirabel-prairiesdelamer.com\/wp-content\/uploads\/2023\/02\/danse-camping-piscine-animation.jpg\" alt=\"tanzanimation des campingplatzes sommer\"\/><div class=\"ligne\"><\/div><div class=\"hover\"><\/div><\/a><\/aside><\/div>\n<\/div>\n\n\n\n<div class=\"wp-block-column is-layout-flow wp-block-column-is-layout-flow\">\n<div class=\"wp-block-create-block-sevgutenberg-navigation\"><aside class=\"encart-sev-navigation small carre\"><a href=\"https:\/\/mirabel-prairiesdelamer.com\/de\/camping-calvados-services\/\" class=\"d-flex flex-column align-items-center\"><div class=\"encart-title\"><span>Unsere Dienstleistungen<\/span><\/div><div class=\"vague\"><\/div><img decoding=\"async\" src=\"https:\/\/mirabel-prairiesdelamer.com\/wp-content\/uploads\/2022\/02\/accueil-reception-carte.jpg\" alt=\"Rezeption des Campingplatzes\"\/><div class=\"ligne\"><\/div><div class=\"hover\"><\/div><\/a><\/aside><\/div>\n<\/div>\n\n\n\n<div class=\"wp-block-column is-layout-flow wp-block-column-is-layout-flow\"><\/div>\n<\/div>\n\n\n\n<figure class=\"wp-block-image aligncenter size-large is-resized mt-5\"><img decoding=\"async\" src=\"https:\/\/mirabel-prairiesdelamer.com\/wp-content\/uploads\/2022\/01\/photo-1024x84.png\" alt=\"Fotogalerie\"\/><\/figure>\n\n\n\t\t\t<div id=\"sevgallery-365704055\" class=\"sev-diaporama sev-diaporama-portfolio\">\r\n\t\t\t\t<div class=\"row\">\r\n\r\n\t\t\t\t\t\r\n\t\t\t\t\t\t\r\n\t\t\t\t\t\t<div class=\"sev-diaporama-portfolio-item   btnseeall btnseeall-xl col-12 col-md  col-shrink\">\r\n\t\t\t\t\t\t\t<a href=\"https:\/\/mirabel-prairiesdelamer.com\/wp-content\/uploads\/2024\/01\/ouistreham-cabine-grande-roue.jpg\" data-lightbox=\"sevgallery-365704055\" style=\"background-image: url(https:\/\/mirabel-prairiesdelamer.com\/wp-content\/uploads\/2024\/01\/ouistreham-cabine-grande-roue.jpg)\">\r\n\t\t\t\t\t\t\t\t<img decoding=\"async\" src=\"https:\/\/mirabel-prairiesdelamer.com\/wp-content\/uploads\/2024\/01\/ouistreham-cabine-grande-roue.jpg\" alt=\"Riesenrad Strand ouistreham\" loading=\"lazy\">\r\n\t\t\t\t\t\t\t\t\t\t\t\t\t\t\t<\/a>\r\n\t\t\t\t\t\t<\/div>\r\n\r\n\t\t\t\t\t\t\r\n\t\t\t\t\t\t\t\t\t\t\t\t\t\t\t\t\t\r\n\t\t\t\t\t\t\r\n\t\t\t\t\t\t<div class=\"sev-diaporama-portfolio-item   btnseeall btnseeall-xl col-12 col-md  col-grow\">\r\n\t\t\t\t\t\t\t<a href=\"https:\/\/mirabel-prairiesdelamer.com\/wp-content\/uploads\/2022\/02\/62497-Char_a_voile_sur_la_plage_de_Ouistreham_Riva_Bella-Association_OCEAN-1024x768.jpg\" data-lightbox=\"sevgallery-365704055\" style=\"background-image: url(https:\/\/mirabel-prairiesdelamer.com\/wp-content\/uploads\/2022\/02\/62497-Char_a_voile_sur_la_plage_de_Ouistreham_Riva_Bella-Association_OCEAN-1024x768.jpg)\">\r\n\t\t\t\t\t\t\t\t<img decoding=\"async\" src=\"https:\/\/mirabel-prairiesdelamer.com\/wp-content\/uploads\/2022\/02\/62497-Char_a_voile_sur_la_plage_de_Ouistreham_Riva_Bella-Association_OCEAN-1024x768.jpg\" alt=\"Strandsegeln in Ouistreham\" loading=\"lazy\">\r\n\t\t\t\t\t\t\t\t\t\t\t\t\t\t\t<\/a>\r\n\t\t\t\t\t\t<\/div>\r\n\r\n\t\t\t\t\t\t\r\n\t\t\t\t\t\t\t\t\t\t\t\t\t\t\t\t\t\r\n\t\t\t\t\t\t\r\n\t\t\t\t\t\t<div class=\"sev-diaporama-portfolio-item   btnseeall btnseeall-xl col-12 col-md  col-shrink\">\r\n\t\t\t\t\t\t\t<a href=\"https:\/\/mirabel-prairiesdelamer.com\/wp-content\/uploads\/2024\/01\/bourg-ouistreham-commerce-marche.jpg\" data-lightbox=\"sevgallery-365704055\" style=\"background-image: url(https:\/\/mirabel-prairiesdelamer.com\/wp-content\/uploads\/2024\/01\/bourg-ouistreham-commerce-marche.jpg)\">\r\n\t\t\t\t\t\t\t\t<img decoding=\"async\" src=\"https:\/\/mirabel-prairiesdelamer.com\/wp-content\/uploads\/2024\/01\/bourg-ouistreham-commerce-marche.jpg\" alt=\"bourg ouistreham einkaufsstra\u00dfe\" loading=\"lazy\">\r\n\t\t\t\t\t\t\t\t\t\t\t\t\t\t\t<\/a>\r\n\t\t\t\t\t\t<\/div>\r\n\r\n\t\t\t\t\t\t\r\n\t\t\t\t\t\t\t\t\t\t\t\t\t\t\t\t\t\r\n\t\t\t\t\t\t\r\n\t\t\t\t\t\t<div class=\"sev-diaporama-portfolio-item   btnseeall btnseeall-xl col-12 col-md\">\r\n\t\t\t\t\t\t\t<a href=\"https:\/\/mirabel-prairiesdelamer.com\/wp-content\/uploads\/2022\/02\/plage-enfants-1024x683.jpg\" data-lightbox=\"sevgallery-365704055\" style=\"background-image: url(https:\/\/mirabel-prairiesdelamer.com\/wp-content\/uploads\/2022\/02\/plage-enfants-1024x683.jpg)\">\r\n\t\t\t\t\t\t\t\t<img decoding=\"async\" src=\"https:\/\/mirabel-prairiesdelamer.com\/wp-content\/uploads\/2022\/02\/plage-enfants-1024x683.jpg\" alt=\"Kinder am Strand in Ouistreham\" loading=\"lazy\">\r\n\t\t\t\t\t\t\t\t\t\t\t\t\t\t\t<\/a>\r\n\t\t\t\t\t\t<\/div>\r\n\r\n\t\t\t\t\t\t\t\t\t\t\t\t\t<div class=\"w-100\"><\/div>\r\n\t\t\t\t\t\t\t\t\t\t\t\t\t\r\n\t\t\t\t\t\t\t\t\t\t\t\t\t\t\t\t\t\r\n\t\t\t\t\t\t\r\n\t\t\t\t\t\t<div class=\"sev-diaporama-portfolio-item   btnseeall btnseeall-xl col-12 col-md\">\r\n\t\t\t\t\t\t\t<a href=\"https:\/\/mirabel-prairiesdelamer.com\/wp-content\/uploads\/2022\/02\/equitation-voile-riva-bella-@elo-1024x770.jpg\" data-lightbox=\"sevgallery-365704055\" style=\"background-image: url(https:\/\/mirabel-prairiesdelamer.com\/wp-content\/uploads\/2022\/02\/equitation-voile-riva-bella-@elo-1024x770.jpg)\">\r\n\t\t\t\t\t\t\t\t<img decoding=\"async\" src=\"https:\/\/mirabel-prairiesdelamer.com\/wp-content\/uploads\/2022\/02\/equitation-voile-riva-bella-@elo-1024x770.jpg\" alt=\"Reiten Ouistreham\" loading=\"lazy\">\r\n\t\t\t\t\t\t\t\t\t\t\t\t\t\t\t<\/a>\r\n\t\t\t\t\t\t<\/div>\r\n\r\n\t\t\t\t\t\t\r\n\t\t\t\t\t\t\t\t\t\t\t\t\t\t\t\t\t\r\n\t\t\t\t\t\t\r\n\t\t\t\t\t\t<div class=\"sev-diaporama-portfolio-item   btnseeall btnseeall-xl col-12 col-md  col-shrink\">\r\n\t\t\t\t\t\t\t<a href=\"https:\/\/mirabel-prairiesdelamer.com\/de\/camping-normandie-photos\/\"  style=\"background-image: url(https:\/\/mirabel-prairiesdelamer.com\/wp-content\/uploads\/2022\/02\/plage-enfant-jeux-1024x683.jpg)\">\r\n\t\t\t\t\t\t\t\t<img decoding=\"async\" src=\"https:\/\/mirabel-prairiesdelamer.com\/wp-content\/uploads\/2022\/02\/plage-enfant-jeux-1024x683.jpg\" alt=\"Strand von Ouistreham riva bella\" loading=\"lazy\">\r\n\t\t\t\t\t\t\t\t\t\t\t\t\t\t\t<\/a>\r\n\t\t\t\t\t\t<\/div>\r\n\r\n\t\t\t\t\t\t\r\n\t\t\t\t\t\t\t\t\t\t\t\t\t\t\t\t\t\r\n\t\t\t\t\t\t\r\n\t\t\t\t\t\t<div class=\"sev-diaporama-portfolio-item   btnseeall btnseeall-xl col-12 col-md  col-shrink\">\r\n\t\t\t\t\t\t\t<a href=\"https:\/\/mirabel-prairiesdelamer.com\/wp-content\/uploads\/2024\/01\/ete-marche-createur.jpg\" data-lightbox=\"sevgallery-365704055\" style=\"background-image: url(https:\/\/mirabel-prairiesdelamer.com\/wp-content\/uploads\/2024\/01\/ete-marche-createur.jpg)\">\r\n\t\t\t\t\t\t\t\t<img decoding=\"async\" src=\"https:\/\/mirabel-prairiesdelamer.com\/wp-content\/uploads\/2024\/01\/ete-marche-createur.jpg\" alt=\"markt der kreateure ouistreham\" loading=\"lazy\">\r\n\t\t\t\t\t\t\t\t\t\t\t\t\t\t\t<\/a>\r\n\t\t\t\t\t\t<\/div>\r\n\r\n\t\t\t\t\t\t\r\n\t\t\t\t\t\t\t\t\t\t\t\t\t\t\t\t\t\r\n\t\t\t\t\t\t\r\n\t\t\t\t\t\t<div class=\"sev-diaporama-portfolio-item  limitsm btnseeall btnseeall-xl col-12 col-md  col-shrink last-visible\">\r\n\t\t\t\t\t\t\t<a href=\"https:\/\/mirabel-prairiesdelamer.com\/wp-content\/uploads\/2024\/01\/plage-automne-ouistreham.jpg\" data-lightbox=\"sevgallery-365704055\" style=\"background-image: url(https:\/\/mirabel-prairiesdelamer.com\/wp-content\/uploads\/2024\/01\/plage-automne-ouistreham.jpg)\">\r\n\t\t\t\t\t\t\t\t<img decoding=\"async\" src=\"https:\/\/mirabel-prairiesdelamer.com\/wp-content\/uploads\/2024\/01\/plage-automne-ouistreham.jpg\" alt=\"strand ouistreham herbst normandie\" loading=\"lazy\">\r\n\t\t\t\t\t\t\t\t\t\t\t\t\t\t\t\t\t<img decoding=\"async\" src=\"https:\/\/mirabel-prairiesdelamer.com\/wp-content\/themes\/mirabel-site\/assets\/img\/voir-photos.png\" alt=\"\" \/>\r\n\t\t\t\t\t\t\t\t\t<span>Alle Fotos anzeigen<\/span>\r\n\t\t\t\t\t\t\t\t\t\t\t\t\t\t\t<\/a>\r\n\t\t\t\t\t\t<\/div>\r\n\r\n\t\t\t\t\t\t\t\t\t\t\t\t\t<div class=\"w-100\"><\/div>\r\n\t\t\t\t\t\t\t\t\t\t\t\t\t\r\n\t\t\t\t\t\t\t\t\t\t\t\t\t\t\t\t\t\t\t\t\t<\/div>\r\n\t\t\t<\/div>\r\n\r\n\t\t\t<script>\r\n\t\t\tjQuery(function($) {\r\n\r\n\t\t\t\tvar marginPortfolio = function() {\r\n\r\n\t\t\t\t\tvar $diapo          = $('#sevgallery-365704055');\r\n\t\t\t\t\tvar container_width = $diapo.parent().outerWidth();\r\n\t\t\t\t\tvar side            = ( $(window).innerWidth() - container_width ) \/ 2;\r\n\r\n\t\t\t\t\t$diapo.css( {\r\n\t\t\t\t\t\t'margin-left': '-' + side + 'px',\r\n\t\t\t\t\t\t'margin-right': '-' + side + 'px',\r\n\t\t\t\t\t} );\r\n\t\t\t\t};\r\n\r\n\t\t\t\t$( window ).resize( function() {\r\n\t\t\t\t\tmarginPortfolio();\r\n\t\t\t\t} );\r\n\t\t\t\tmarginPortfolio();\r\n\t\t\t});\r\n\t\t\t<\/script>","protected":false},"excerpt":{"rendered":"<p>La station baln\u00e9aire de Ouistreham Riva-Bella en Normandie Destination Ouistreham&nbsp;: d\u00e9couvrez la perle de la C\u00f4te de Nacre dans le [&hellip;]<\/p>\n","protected":false},"author":1,"featured_media":0,"parent":0,"menu_order":0,"comment_status":"closed","ping_status":"closed","template":"","meta":{"_seopress_robots_primary_cat":"","_seopress_titles_title":"Ouistreham Riva-Bella - camping Les Prairies de la Mer","_seopress_titles_desc":"Le camping 4 \u00e9toiles Les Prairies de la Mer se situe \u00e0 500m de la grande et belle plage de Ouistreham Riva-Bella. D\u00e9couvrez la Perle de la C\u00f4te de Nacre","_seopress_robots_index":"","footnotes":""},"class_list":["post-67","page","type-page","status-publish","hentry"],"_links":{"self":[{"href":"https:\/\/mirabel-prairiesdelamer.com\/de\/wp-json\/wp\/v2\/pages\/67","targetHints":{"allow":["GET"]}}],"collection":[{"href":"https:\/\/mirabel-prairiesdelamer.com\/de\/wp-json\/wp\/v2\/pages"}],"about":[{"href":"https:\/\/mirabel-prairiesdelamer.com\/de\/wp-json\/wp\/v2\/types\/page"}],"author":[{"embeddable":true,"href":"https:\/\/mirabel-prairiesdelamer.com\/de\/wp-json\/wp\/v2\/users\/1"}],"replies":[{"embeddable":true,"href":"https:\/\/mirabel-prairiesdelamer.com\/de\/wp-json\/wp\/v2\/comments?post=67"}],"version-history":[{"count":71,"href":"https:\/\/mirabel-prairiesdelamer.com\/de\/wp-json\/wp\/v2\/pages\/67\/revisions"}],"predecessor-version":[{"id":14868,"href":"https:\/\/mirabel-prairiesdelamer.com\/de\/wp-json\/wp\/v2\/pages\/67\/revisions\/14868"}],"wp:attachment":[{"href":"https:\/\/mirabel-prairiesdelamer.com\/de\/wp-json\/wp\/v2\/media?parent=67"}],"curies":[{"name":"wp","href":"https:\/\/api.w.org\/{rel}","templated":true}]}}