{"id":65,"date":"2021-12-10T14:24:06","date_gmt":"2021-12-10T13:24:06","guid":{"rendered":"https:\/\/www.campinglarenaudiere.com\/?page_id=65"},"modified":"2024-06-06T15:11:16","modified_gmt":"2024-06-06T13:11:16","slug":"verkauf-von-mobilheimen-normandie","status":"publish","type":"page","link":"https:\/\/mirabel-prairiesdelamer.com\/de\/vente-mobil-homes-normandie\/","title":{"rendered":"Verkauf von neuen und gebrauchten Mobilheimen"},"content":{"rendered":"<h1 class=\"wp-block-heading\" id=\"achetez-votre-mobil-home-neuf-ou-d-occasion-au-camping-les-prairies-de-la-mer-a-ouistreham-riva-bella\"><strong>Kaufen Sie Ihr neues oder gebrauchtes Mobilheim im Camping Mirabel Les Prairies de la Mer in Ouistreham<\/strong><\/h1>\n\n\n\n<p class=\"has-text-align-center\">Wir bieten Ihnen ein Ferienhaus in der Normandie, 500 m vom Strand von Ouistreham Riva-Bella und in der N\u00e4he aller Gesch\u00e4fte. Egal, ob Sie auf der Suche nach einem neuen oder gebrauchten Mobilheim sind und welches Budget Sie auch haben, Sie werden Ihr Gl\u00fcck finden!  <br>Sie z\u00f6gern noch? Verbringen Sie ein Wochenende in unserem Campingplatz, um sich in das Traumleben des Besitzers einzutauchen und die Antworten auf Ihre Fragen zu finden.&nbsp;<\/p>\n\n\n\n<figure class=\"wp-block-image aligncenter size-full\"><img loading=\"lazy\" decoding=\"async\" width=\"50\" height=\"8\" src=\"https:\/\/mirabel-prairiesdelamer.com\/wp-content\/uploads\/2023\/09\/image.png\" alt=\"\" class=\"wp-image-12144\"\/><\/figure>\n\n\n\n<div style=\"height:32px\" aria-hidden=\"true\" class=\"wp-block-spacer\"><\/div>\n\n\n\n<div class=\"wp-block-group is-layout-constrained wp-block-group-is-layout-constrained\">\n<div class=\"wp-block-media-text alignwide is-stacked-on-mobile\" style=\"grid-template-columns:31% auto\"><figure class=\"wp-block-media-text__media\"><img loading=\"lazy\" decoding=\"async\" width=\"600\" height=\"592\" src=\"https:\/\/www.mirabel-prairiesdelamer.com\/wp-content\/uploads\/2022\/07\/Ddelphine-responsable-vente-mobil-home.png\" alt=\"Delphine verkauft ein neues Mobilheim\" class=\"wp-image-8822 size-full\" srcset=\"https:\/\/mirabel-prairiesdelamer.com\/wp-content\/uploads\/2022\/07\/Ddelphine-responsable-vente-mobil-home.png 600w, https:\/\/mirabel-prairiesdelamer.com\/wp-content\/uploads\/2022\/07\/Ddelphine-responsable-vente-mobil-home-300x296.png 300w\" sizes=\"auto, (max-width: 600px) 100vw, 600px\" \/><\/figure><div class=\"wp-block-media-text__content\">\n<h3 class=\"wp-block-heading has-medium-font-size\"><\/h3>\n\n\n\n<p class=\"has-white-color has-orange-background-color has-text-color has-background has-medium-font-size\">Delphine, die Spezialistin f\u00fcr neue Mobilheime bei Mirabel, ist das ganze Jahr \u00fcber f\u00fcr Sie da, um Ihre Fragen zu beantworten. Sie kann Ihnen sogar unsere Ausstellungsmodelle zeigen. Vereinbaren Sie jetzt einen Termin!<\/p>\n\n\n\n<p>Um alles \u00fcber neue Mobilheime zu erfahren: Modelle, Ausstattungen, Optionen... kontaktieren Sie Delphine, unsere Verkaufsleiterin:<\/p>\n\n\n\n<div class=\"wp-block-buttons is-content-justification-center is-layout-flex wp-container-core-buttons-is-layout-a89b3969 wp-block-buttons-is-layout-flex\">\n<div class=\"wp-block-button\"><a class=\"wp-block-button__link has-orange-background-color has-background wp-element-button\" href=\"tel:07 88 74 48 18\">07 88 74 48 18<\/a><\/div>\n\n\n\n<div class=\"wp-block-button\"><a class=\"wp-block-button__link has-orange-background-color has-background wp-element-button\" href=\"mailto:commercial@mirabel-campings.com\">commercial@mirabel-campings.com<\/a><\/div>\n<\/div>\n<\/div><\/div>\n<\/div>\n\n\n\n<div class=\"wp-block-columns is-layout-flex wp-container-core-columns-is-layout-28f84493 wp-block-columns-is-layout-flex\"><\/div>\n\n\n\n<div style=\"height:1px\" aria-hidden=\"true\" class=\"wp-block-spacer\"><\/div>\n\n\n\n<p><\/p>\n\n\n\n<div class=\"wp-block-columns is-layout-flex wp-container-core-columns-is-layout-28f84493 wp-block-columns-is-layout-flex\">\n<div class=\"wp-block-column is-layout-flow wp-block-column-is-layout-flow\" style=\"flex-basis:66.66%\">\n<h2 class=\"wp-block-heading\"><strong>Unsere neuen Mobilheime <\/strong><\/h2>\n\n\n\n<figure class=\"wp-block-image size-large\"><img decoding=\"async\" src=\"https:\/\/mirabel-prairiesdelamer.com\/wp-content\/uploads\/2023\/09\/image.png\" alt=\"\"\/><\/figure>\n\n\n\n<p>W\u00e4hlen Sie Ihr Mobilheim aus den Modellen, die von den verschiedenen Marken, mit denen wir arbeiten, angeboten werden, und entscheiden Sie sich f\u00fcr dasjenige, dessen Stil, Fl\u00e4che und Ausstattung am besten zu Ihnen passt. Die Mobilheime werden komplett ausgestattet verkauft: K\u00fcche, Bad, M\u00f6bel, Wohnzimmer \u2026<\/p>\n<\/div>\n\n\n\n<div class=\"wp-block-column is-layout-flow wp-block-column-is-layout-flow\" style=\"flex-basis:33.33%\">\n<div class=\"wp-block-group is-layout-constrained wp-block-group-is-layout-constrained\">\n<div class=\"wp-block-group card card-body border border-info m-auto p-4 has-turquoise-color has-text-color is-layout-flow wp-block-group-is-layout-flow\">\n<p class=\"has-text-align-center texte-rond has-orange-color has-text-color has-large-font-size\">Die Konstrukteure:<br> <img decoding=\"async\" class=\"wp-image-2357\" style=\"width: 50px;\" src=\"https:\/\/www.mirabel-prairiesdelamer.com\/wp-content\/uploads\/2022\/01\/barre-orange.png\" alt=\"\"> <\/p>\n\n\n\n<p class=\"pl-5\"><mark style=\"background-color:rgba(0, 0, 0, 0)\" class=\"has-inline-color has-orange-color\"><strong>\u2022<\/strong><\/mark> <a href=\"https:\/\/www.mobilhome-rideau.com\/\" target=\"_blank\" rel=\"noreferrer noopener\">Vorhang<\/a><br><mark style=\"background-color:rgba(0, 0, 0, 0)\" class=\"has-inline-color has-orange-color\"><strong>\u2022<\/strong><\/mark> <a href=\"https:\/\/www.rapidhome.fr\/\" target=\"_blank\" rel=\"noreferrer noopener\">RAPIDHOME<\/a> <br><mark style=\"background-color:rgba(0, 0, 0, 0)\" class=\"has-inline-color has-orange-color\"><strong>\u2022<\/strong><\/mark> <a href=\"https:\/\/www.mobil-home.com\/fr\/particulier\/mobil-home\/\" target=\"_blank\" rel=\"noreferrer noopener\">IRM<\/a><\/p>\n<\/div>\n<\/div>\n<\/div>\n<\/div>\n\n\n<div class=\"multiple-ventes\">\r\n<article class=\"multiple-vente clearfix\">\r\n\t<div class=\"d-flex multiple-vente-container\">\r\n\t\t\r\n\t\t<div class=\"multiple-vente-photo\">\r\n\t\t\t\t\t\t\t\t\t\t\t\t\r\n\t\t\t\t\t\t\t\t\t\t\t<a href=\"https:\/\/mirabel-prairiesdelamer.com\/wp-content\/uploads\/2024\/02\/vente-mobil-home-neuf-BAHIA87.2-768x1024.jpeg\" data-lightbox=\"vente-13309\" title=\"Vergr\u00f6\u00dfern\"   class=\"first\" >\r\n\t\t\t\t\t\t\t\t\t\t\r\n\t\t\t\t\t\t<img decoding=\"async\" src=\"https:\/\/mirabel-prairiesdelamer.com\/wp-content\/uploads\/2024\/02\/vente-mobil-home-neuf-BAHIA87.2-768x1024.jpeg\" alt=\"SCHIEBEGARDINE \u2013 BAHIA 87.2\"   >\r\n\t\t\t\t\t\r\n\t\t\t\t\t\r\n\t\t\t\t\t\t\t\t\t\t\t\t\t\t\t<img decoding=\"async\" src=\"https:\/\/mirabel-prairiesdelamer.com\/wp-content\/themes\/mirabel-site\/assets\/css\/images\/prev.png\" class=\"prev\">\r\n\t\t\t\t\t\t\t\t<img decoding=\"async\" src=\"https:\/\/mirabel-prairiesdelamer.com\/wp-content\/themes\/mirabel-site\/assets\/css\/images\/next.png\" class=\"next\">\r\n\t\t\t\t\t\t\t\t\t\t\t\t\t<\/a>\r\n\t\t\t\t\t\r\n\t\t\t\t\t\t\t\t\t\r\n\t\t\t\t\t\t\t\t\t\t\t<a href=\"https:\/\/mirabel-prairiesdelamer.com\/wp-content\/uploads\/2024\/02\/vente-mobil-home-neug-BAHIA-768x1024.jpeg\" data-lightbox=\"vente-13309\" title=\"Vergr\u00f6\u00dfern\"  class=\"d-none\" >\r\n\t\t\t\t\t\t\t\t\t\t\r\n\t\t\t\t\t\t<img decoding=\"async\" src=\"https:\/\/mirabel-prairiesdelamer.com\/wp-content\/uploads\/2024\/02\/vente-mobil-home-neug-BAHIA-768x1024.jpeg\" alt=\"SCHIEBEGARDINE \u2013 BAHIA 87.2\"  class=\"d-none\" >\r\n\t\t\t\t\t\r\n\t\t\t\t\t\r\n\t\t\t\t\t\t\t\t\t\t\t\t\t<\/a>\r\n\t\t\t\t\t\r\n\t\t\t\t\t\t\t\t\t\r\n\t\t\t\t\t\t\t\t\t\t\t<a href=\"https:\/\/mirabel-prairiesdelamer.com\/wp-content\/uploads\/2024\/02\/vente-mobil-home-sejour-salon-768x1024.jpeg\" data-lightbox=\"vente-13309\" title=\"Vergr\u00f6\u00dfern\"  class=\"d-none\" >\r\n\t\t\t\t\t\t\t\t\t\t\r\n\t\t\t\t\t\t<img decoding=\"async\" src=\"https:\/\/mirabel-prairiesdelamer.com\/wp-content\/uploads\/2024\/02\/vente-mobil-home-sejour-salon-768x1024.jpeg\" alt=\"SCHIEBEGARDINE \u2013 BAHIA 87.2\"  class=\"d-none\" >\r\n\t\t\t\t\t\r\n\t\t\t\t\t\r\n\t\t\t\t\t\t\t\t\t\t\t\t\t<\/a>\r\n\t\t\t\t\t\r\n\t\t\t\t\t\t\t\t\t\r\n\t\t\t\t\t\t\t\t\t\t\t<a href=\"https:\/\/mirabel-prairiesdelamer.com\/wp-content\/uploads\/2024\/02\/vente-mobil-home-salle-sejour-768x1024.jpeg\" data-lightbox=\"vente-13309\" title=\"Vergr\u00f6\u00dfern\"  class=\"d-none\" >\r\n\t\t\t\t\t\t\t\t\t\t\r\n\t\t\t\t\t\t<img decoding=\"async\" src=\"https:\/\/mirabel-prairiesdelamer.com\/wp-content\/uploads\/2024\/02\/vente-mobil-home-salle-sejour-768x1024.jpeg\" alt=\"SCHIEBEGARDINE \u2013 BAHIA 87.2\"  class=\"d-none\" >\r\n\t\t\t\t\t\r\n\t\t\t\t\t\r\n\t\t\t\t\t\t\t\t\t\t\t\t\t<\/a>\r\n\t\t\t\t\t\r\n\t\t\t\t\t\t\t\t\t\r\n\t\t\t\t\t\t\t\t\t\t\t<a href=\"https:\/\/mirabel-prairiesdelamer.com\/wp-content\/uploads\/2024\/02\/vente-mobil-home-salle-eau-768x1024.jpeg\" data-lightbox=\"vente-13309\" title=\"Vergr\u00f6\u00dfern\"  class=\"d-none\" >\r\n\t\t\t\t\t\t\t\t\t\t\r\n\t\t\t\t\t\t<img decoding=\"async\" src=\"https:\/\/mirabel-prairiesdelamer.com\/wp-content\/uploads\/2024\/02\/vente-mobil-home-salle-eau-768x1024.jpeg\" alt=\"SCHIEBEGARDINE \u2013 BAHIA 87.2\"  class=\"d-none\" >\r\n\t\t\t\t\t\r\n\t\t\t\t\t\r\n\t\t\t\t\t\t\t\t\t\t\t\t\t<\/a>\r\n\t\t\t\t\t\r\n\t\t\t\t\r\n\t\t\t\t\t\t\t\t\t<div class=\"photo-apartirde\">ab <span>43 500 \u20ac<\/span><\/div>\r\n\t\t\t\t\t\t\t\t\t<\/div>\r\n\r\n\t\t<div class=\"multiple-vente-desc\">\r\n\t\t\t<div class=\"multiple-vente-titre\">\r\n\t\t\t\tSCHIEBEGARDINE \u2013 BAHIA 87.2 \r\n\t\t\t<\/div>\r\n\t\t\t\r\n\t\t\t<div class=\"multiple-vente-champs\">\r\n\t\t\t\t\t\t\t\t\t\t\t\t\t\t<div class=\"multiple-vente-nbchambres multiple-vente-champ\">\r\n\t\t\t\t\t\t<span class=\"val\">2<\/span>&nbsp;\r\n\t\t\t\t\t\t<span class=\"lbl\">ch<\/span>\r\n\t\t\t\t\t<\/div>\r\n\t\t\t\t\r\n\t\t\t\t\t\t\t\t\t\t\t\t\t\t<div class=\"multiple-vente-nbpersonnes multiple-vente-champ\">\r\n\t\t\t\t\t\t<span class=\"val\">4<\/span>&nbsp;\r\n\t\t\t\t\t\t<span class=\"lbl\"><i class=\"fas fa-male\"><\/i><\/span>\r\n\t\t\t\t\t<\/div>\r\n\t\t\t\t\r\n\r\n\t\t\t\t\t\t\t\t\t<div class=\"multiple-vente-surface multiple-vente-champ\">\r\n\t\t\t\t\t\t<span class=\"val\">33<\/span>&nbsp;m\u00b2\r\n\t\t\t\t\t<\/div>\r\n\t\t\t\t\r\n\t\t\t\t\t\t\t<\/div>\r\n\r\n\t\t\t<div class=\"multiple-vente-description\">Wundersch\u00f6nes neues Mobilheim mit:<br \/>\r\n<br \/>\r\n2 Schlafzimmer mit Einbauschr\u00e4nken<br \/>\r\n1 Duschbad, separates WC<br \/>\r\n1 helle und lebenslustige Einbauk\u00fcche mit mehreren Arbeitsplatten und viel Stauraum<br \/>\r\nMehrere \u00d6ffnungsvarianten f\u00fcr die Innen-Au\u00dfen-Nutzung (2 feste Nischen).<br \/>\r\nKomfortpaket inklusive<br \/>\r\n<br \/>\r\n33m\u00b2<br \/>\r\n4 Personen<br \/>\r\n<br \/>\r\n<a href=\"https:\/\/www.mobilhome-rideau.com\/professionnel\/nos-mobil-homes\/nos-mobil-homes\/2-chambres\/1480-bahia872.html\" target=\"_blank\" rel=\"noopener\">Kleines Vorstellungsvideo gleich hier\u00a0<\/a><\/div>\r\n\r\n\t\t\t\r\n\r\n\r\n\t\t\t\t\t\t<\/div>\r\n\r\n\t<\/div>\r\n<\/article>\r\n<article class=\"multiple-vente clearfix\">\r\n\t<div class=\"d-flex multiple-vente-container\">\r\n\t\t\r\n\t\t<div class=\"multiple-vente-photo\">\r\n\t\t\t\t\t\t\t\t\t\t\t\t\r\n\t\t\t\t\t\t\t\t\t\t\t<a href=\"https:\/\/mirabel-prairiesdelamer.com\/wp-content\/uploads\/2023\/09\/mobil-home-a-vendre-lodge872-salon-1024x568.jpeg\" data-lightbox=\"vente-12111\" title=\"Vergr\u00f6\u00dfern\"   class=\"first\" >\r\n\t\t\t\t\t\t\t\t\t\t\r\n\t\t\t\t\t\t<img decoding=\"async\" src=\"https:\/\/mirabel-prairiesdelamer.com\/wp-content\/uploads\/2023\/09\/mobil-home-a-vendre-lodge872-salon-1024x568.jpeg\" alt=\"Rapidhome \u2013 Lodge 872\"   >\r\n\t\t\t\t\t\r\n\t\t\t\t\t\r\n\t\t\t\t\t\t\t\t\t\t\t\t\t\t\t<img decoding=\"async\" src=\"https:\/\/mirabel-prairiesdelamer.com\/wp-content\/themes\/mirabel-site\/assets\/css\/images\/prev.png\" class=\"prev\">\r\n\t\t\t\t\t\t\t\t<img decoding=\"async\" src=\"https:\/\/mirabel-prairiesdelamer.com\/wp-content\/themes\/mirabel-site\/assets\/css\/images\/next.png\" class=\"next\">\r\n\t\t\t\t\t\t\t\t\t\t\t\t\t<\/a>\r\n\t\t\t\t\t\r\n\t\t\t\t\t\t\t\t\t\r\n\t\t\t\t\t\t\t\t\t\t\t<a href=\"https:\/\/mirabel-prairiesdelamer.com\/wp-content\/uploads\/2023\/09\/mobil-home-neuf-lodge872-chambre-1024x568.jpeg\" data-lightbox=\"vente-12111\" title=\"Vergr\u00f6\u00dfern\"  class=\"d-none\" >\r\n\t\t\t\t\t\t\t\t\t\t\r\n\t\t\t\t\t\t<img decoding=\"async\" src=\"https:\/\/mirabel-prairiesdelamer.com\/wp-content\/uploads\/2023\/09\/mobil-home-neuf-lodge872-chambre-1024x568.jpeg\" alt=\"Rapidhome \u2013 Lodge 872\"  class=\"d-none\" >\r\n\t\t\t\t\t\r\n\t\t\t\t\t\r\n\t\t\t\t\t\t\t\t\t\t\t\t\t<\/a>\r\n\t\t\t\t\t\r\n\t\t\t\t\t\t\t\t\t\r\n\t\t\t\t\t\t\t\t\t\t\t<a href=\"https:\/\/mirabel-prairiesdelamer.com\/wp-content\/uploads\/2023\/09\/mobil-home-neuf-lodge872-chambre-dressing-1024x568.jpeg\" data-lightbox=\"vente-12111\" title=\"Vergr\u00f6\u00dfern\"  class=\"d-none\" >\r\n\t\t\t\t\t\t\t\t\t\t\r\n\t\t\t\t\t\t<img decoding=\"async\" src=\"https:\/\/mirabel-prairiesdelamer.com\/wp-content\/uploads\/2023\/09\/mobil-home-neuf-lodge872-chambre-dressing-1024x568.jpeg\" alt=\"Rapidhome \u2013 Lodge 872\"  class=\"d-none\" >\r\n\t\t\t\t\t\r\n\t\t\t\t\t\r\n\t\t\t\t\t\t\t\t\t\t\t\t\t<\/a>\r\n\t\t\t\t\t\r\n\t\t\t\t\t\t\t\t\t\r\n\t\t\t\t\t\t\t\t\t\t\t<a href=\"https:\/\/mirabel-prairiesdelamer.com\/wp-content\/uploads\/2023\/09\/implantation-cotes-lodge-lo872-1024x464.jpeg\" data-lightbox=\"vente-12111\" title=\"Vergr\u00f6\u00dfern\"  class=\"d-none\" >\r\n\t\t\t\t\t\t\t\t\t\t\r\n\t\t\t\t\t\t<img decoding=\"async\" src=\"https:\/\/mirabel-prairiesdelamer.com\/wp-content\/uploads\/2023\/09\/implantation-cotes-lodge-lo872-1024x464.jpeg\" alt=\"Rapidhome \u2013 Lodge 872\"  class=\"d-none\" >\r\n\t\t\t\t\t\r\n\t\t\t\t\t\r\n\t\t\t\t\t\t\t\t\t\t\t\t\t<\/a>\r\n\t\t\t\t\t\r\n\t\t\t\t\r\n\t\t\t\t\t\t\t\t\t<div class=\"photo-apartirde\">ab <span>43 500 \u20ac<\/span><\/div>\r\n\t\t\t\t\t\t\t\t\t<\/div>\r\n\r\n\t\t<div class=\"multiple-vente-desc\">\r\n\t\t\t<div class=\"multiple-vente-titre\">\r\n\t\t\t\tRapidhome \u2013 Lodge 872 \r\n\t\t\t<\/div>\r\n\t\t\t\r\n\t\t\t<div class=\"multiple-vente-champs\">\r\n\t\t\t\t\t\t\t\t\t\t\t\t\t\t<div class=\"multiple-vente-nbchambres multiple-vente-champ\">\r\n\t\t\t\t\t\t<span class=\"val\">2<\/span>&nbsp;\r\n\t\t\t\t\t\t<span class=\"lbl\">ch<\/span>\r\n\t\t\t\t\t<\/div>\r\n\t\t\t\t\r\n\t\t\t\t\t\t\t\t\t\t\t\t\t\t<div class=\"multiple-vente-nbpersonnes multiple-vente-champ\">\r\n\t\t\t\t\t\t<span class=\"val\">4\/6<\/span>&nbsp;\r\n\t\t\t\t\t\t<span class=\"lbl\"><i class=\"fas fa-male\"><\/i><\/span>\r\n\t\t\t\t\t<\/div>\r\n\t\t\t\t\r\n\r\n\t\t\t\t\t\t\t\t\t<div class=\"multiple-vente-surface multiple-vente-champ\">\r\n\t\t\t\t\t\t<span class=\"val\">32<\/span>&nbsp;m\u00b2\r\n\t\t\t\t\t<\/div>\r\n\t\t\t\t\r\n\t\t\t\t\t\t\t<\/div>\r\n\r\n\t\t\t<div class=\"multiple-vente-description\"><p><strong>Mobilheim mit allem Komfort f\u00fcr Ihren Urlaub<\/strong><br \/>\n2 Schlafzimmer<br \/>\nGro\u00dfe Ankleide<br \/>\nEinbauk\u00fcche mit Ger\u00e4ten<\/p>\n<p><a href=\"https:\/\/www.rapidhome.fr\/mobilhome_lodge_872.php\" target=\"_blank\" rel=\"noopener\">Einzelheiten zum Mobilheim Lodge<\/a><\/p>\n<\/div>\r\n\r\n\t\t\t\r\n\r\n\r\n\t\t\t\t\t\t<\/div>\r\n\r\n\t<\/div>\r\n<\/article>\r\n<article class=\"multiple-vente clearfix\">\r\n\t<div class=\"d-flex multiple-vente-container\">\r\n\t\t\r\n\t\t<div class=\"multiple-vente-photo\">\r\n\t\t\t\t\t\t\t\t\t\t\t\t\r\n\t\t\t\t\t\t\t\t\t\t\t<a href=\"https:\/\/mirabel-prairiesdelamer.com\/wp-content\/uploads\/2023\/01\/ambiance-cuisine-elite-1024x529-1.jpeg\" data-lightbox=\"vente-10348\" title=\"Vergr\u00f6\u00dfern\"   class=\"first\" >\r\n\t\t\t\t\t\t\t\t\t\t\r\n\t\t\t\t\t\t<img decoding=\"async\" src=\"https:\/\/mirabel-prairiesdelamer.com\/wp-content\/uploads\/2023\/01\/ambiance-cuisine-elite-1024x529-1.jpeg\" alt=\"RAPIDHOME Elite 1040\"   >\r\n\t\t\t\t\t\r\n\t\t\t\t\t\r\n\t\t\t\t\t\t\t\t\t\t\t\t\t\t\t<img decoding=\"async\" src=\"https:\/\/mirabel-prairiesdelamer.com\/wp-content\/themes\/mirabel-site\/assets\/css\/images\/prev.png\" class=\"prev\">\r\n\t\t\t\t\t\t\t\t<img decoding=\"async\" src=\"https:\/\/mirabel-prairiesdelamer.com\/wp-content\/themes\/mirabel-site\/assets\/css\/images\/next.png\" class=\"next\">\r\n\t\t\t\t\t\t\t\t\t\t\t\t\t<\/a>\r\n\t\t\t\t\t\r\n\t\t\t\t\t\t\t\t\t\r\n\t\t\t\t\t\t\t\t\t\t\t<a href=\"https:\/\/mirabel-prairiesdelamer.com\/wp-content\/uploads\/2023\/01\/elite1040-chambre-1024x568-1.jpeg\" data-lightbox=\"vente-10348\" title=\"Vergr\u00f6\u00dfern\"  class=\"d-none\" >\r\n\t\t\t\t\t\t\t\t\t\t\r\n\t\t\t\t\t\t<img decoding=\"async\" src=\"https:\/\/mirabel-prairiesdelamer.com\/wp-content\/uploads\/2023\/01\/elite1040-chambre-1024x568-1.jpeg\" alt=\"RAPIDHOME Elite 1040\"  class=\"d-none\" >\r\n\t\t\t\t\t\r\n\t\t\t\t\t\r\n\t\t\t\t\t\t\t\t\t\t\t\t\t<\/a>\r\n\t\t\t\t\t\r\n\t\t\t\t\t\t\t\t\t\r\n\t\t\t\t\t\t\t\t\t\t\t<a href=\"https:\/\/mirabel-prairiesdelamer.com\/wp-content\/uploads\/2023\/01\/elite1040-chambre-enfants-1024x568-1.jpeg\" data-lightbox=\"vente-10348\" title=\"Vergr\u00f6\u00dfern\"  class=\"d-none\" >\r\n\t\t\t\t\t\t\t\t\t\t\r\n\t\t\t\t\t\t<img decoding=\"async\" src=\"https:\/\/mirabel-prairiesdelamer.com\/wp-content\/uploads\/2023\/01\/elite1040-chambre-enfants-1024x568-1.jpeg\" alt=\"RAPIDHOME Elite 1040\"  class=\"d-none\" >\r\n\t\t\t\t\t\r\n\t\t\t\t\t\r\n\t\t\t\t\t\t\t\t\t\t\t\t\t<\/a>\r\n\t\t\t\t\t\r\n\t\t\t\t\t\t\t\t\t\r\n\t\t\t\t\t\t\t\t\t\t\t<a href=\"https:\/\/mirabel-prairiesdelamer.com\/wp-content\/uploads\/2023\/01\/elite1040-salon-1024x568-1.jpeg\" data-lightbox=\"vente-10348\" title=\"Vergr\u00f6\u00dfern\"  class=\"d-none\" >\r\n\t\t\t\t\t\t\t\t\t\t\r\n\t\t\t\t\t\t<img decoding=\"async\" src=\"https:\/\/mirabel-prairiesdelamer.com\/wp-content\/uploads\/2023\/01\/elite1040-salon-1024x568-1.jpeg\" alt=\"RAPIDHOME Elite 1040\"  class=\"d-none\" >\r\n\t\t\t\t\t\r\n\t\t\t\t\t\r\n\t\t\t\t\t\t\t\t\t\t\t\t\t<\/a>\r\n\t\t\t\t\t\r\n\t\t\t\t\t\t\t\t\t\r\n\t\t\t\t\t\t\t\t\t\t\t<a href=\"https:\/\/mirabel-prairiesdelamer.com\/wp-content\/uploads\/2023\/01\/implantation-cotes-elite-el1040d-1024x464-1.jpeg\" data-lightbox=\"vente-10348\" title=\"Vergr\u00f6\u00dfern\"  class=\"d-none\" >\r\n\t\t\t\t\t\t\t\t\t\t\r\n\t\t\t\t\t\t<img decoding=\"async\" src=\"https:\/\/mirabel-prairiesdelamer.com\/wp-content\/uploads\/2023\/01\/implantation-cotes-elite-el1040d-1024x464-1.jpeg\" alt=\"RAPIDHOME Elite 1040\"  class=\"d-none\" >\r\n\t\t\t\t\t\r\n\t\t\t\t\t\r\n\t\t\t\t\t\t\t\t\t\t\t\t\t<\/a>\r\n\t\t\t\t\t\r\n\t\t\t\t\r\n\t\t\t\t\t\t\t\t\t<div class=\"photo-apartirde\">ab <span>56 500 \u20ac<\/span><\/div>\r\n\t\t\t\t\t\t\t\t\t<\/div>\r\n\r\n\t\t<div class=\"multiple-vente-desc\">\r\n\t\t\t<div class=\"multiple-vente-titre\">\r\n\t\t\t\tRAPIDHOME Elite 1040 \r\n\t\t\t<\/div>\r\n\t\t\t\r\n\t\t\t<div class=\"multiple-vente-champs\">\r\n\t\t\t\t\t\t\t\t\t\t\t\t\t\t<div class=\"multiple-vente-nbchambres multiple-vente-champ\">\r\n\t\t\t\t\t\t<span class=\"val\">3<\/span>&nbsp;\r\n\t\t\t\t\t\t<span class=\"lbl\">ch<\/span>\r\n\t\t\t\t\t<\/div>\r\n\t\t\t\t\r\n\t\t\t\t\t\t\t\t\t\t\t\t\t\t<div class=\"multiple-vente-nbpersonnes multiple-vente-champ\">\r\n\t\t\t\t\t\t<span class=\"val\">8<\/span>&nbsp;\r\n\t\t\t\t\t\t<span class=\"lbl\"><i class=\"fas fa-male\"><\/i><\/span>\r\n\t\t\t\t\t<\/div>\r\n\t\t\t\t\r\n\r\n\t\t\t\t\t\t\t\t\t<div class=\"multiple-vente-surface multiple-vente-champ\">\r\n\t\t\t\t\t\t<span class=\"val\">38<\/span>&nbsp;m\u00b2\r\n\t\t\t\t\t<\/div>\r\n\t\t\t\t\r\n\t\t\t\t\t\t\t<\/div>\r\n\r\n\t\t\t<div class=\"multiple-vente-description\"><p><strong>Ihr Mobilheim wie zu Hause\u00a0<\/strong><\/p>\n<p>3 Zimmer, darunter eine gro\u00dfe Mastersuite<br \/>\n1 Dressing<br \/>\nEin gro\u00dfer Wohn-\/Essbereich<br \/>\n2 Badezimmer<br \/>\nSeparates WC<\/p>\n<\/div>\r\n\r\n\t\t\t\r\n\r\n\r\n\t\t\t\t\t\t<\/div>\r\n\r\n\t<\/div>\r\n<\/article>\r\n<article class=\"multiple-vente clearfix vendu\">\r\n\t<div class=\"d-flex multiple-vente-container\">\r\n\t\t\r\n\t\t<div class=\"multiple-vente-photo\">\r\n\t\t\t\t\t\t\t\t\t\t\t\t\r\n\t\t\t\t\t\t\t\t\t\t\r\n\t\t\t\t\t\t<img decoding=\"async\" src=\"https:\/\/mirabel-prairiesdelamer.com\/wp-content\/uploads\/2023\/01\/galerie-bahia-873-2.jpeg\" alt=\"RIDEAU \u2013 Bahia 87.3\"   >\r\n\t\t\t\t\t\r\n\t\t\t\t\t\r\n\t\t\t\t\t\t\t\t\t\r\n\t\t\t\t\t\t\t\t\t\t\r\n\t\t\t\t\t\t<img decoding=\"async\" src=\"https:\/\/mirabel-prairiesdelamer.com\/wp-content\/uploads\/2023\/01\/vente-mobil-home-BAHIA-873-grand-espace-vie.jpg\" alt=\"RIDEAU \u2013 Bahia 87.3\"  class=\"d-none\" >\r\n\t\t\t\t\t\r\n\t\t\t\t\t\r\n\t\t\t\t\t\t\t\t\t\r\n\t\t\t\t\t\t\t\t\t\t\r\n\t\t\t\t\t\t<img decoding=\"async\" src=\"https:\/\/mirabel-prairiesdelamer.com\/wp-content\/uploads\/2023\/01\/BAHIA-873-mobilhome-neuf-chambre.jpg\" alt=\"RIDEAU \u2013 Bahia 87.3\"  class=\"d-none\" >\r\n\t\t\t\t\t\r\n\t\t\t\t\t\r\n\t\t\t\t\t\t\t\t\t\r\n\t\t\t\t\t\t\t\t\t\t\r\n\t\t\t\t\t\t<img decoding=\"async\" src=\"https:\/\/mirabel-prairiesdelamer.com\/wp-content\/uploads\/2023\/01\/BAHIA-873-mobilhome-neuf-SDB.jpg\" alt=\"RIDEAU \u2013 Bahia 87.3\"  class=\"d-none\" >\r\n\t\t\t\t\t\r\n\t\t\t\t\t\r\n\t\t\t\t\t\t\t\t\t\r\n\t\t\t\t\t\t\t\t\t\t\r\n\t\t\t\t\t\t<img decoding=\"async\" src=\"https:\/\/mirabel-prairiesdelamer.com\/wp-content\/uploads\/2023\/01\/BAHIA-873-mobilhome-neuf-cuisine.jpg\" alt=\"RIDEAU \u2013 Bahia 87.3\"  class=\"d-none\" >\r\n\t\t\t\t\t\r\n\t\t\t\t\t\r\n\t\t\t\t\t\t\t\t\t\r\n\t\t\t\t\t\t\t\t\t\t\r\n\t\t\t\t\t\t<img decoding=\"async\" src=\"https:\/\/mirabel-prairiesdelamer.com\/wp-content\/uploads\/2023\/01\/BAHIA-873-mobilhome-neuf-mirabel-salon.jpg\" alt=\"RIDEAU \u2013 Bahia 87.3\"  class=\"d-none\" >\r\n\t\t\t\t\t\r\n\t\t\t\t\t\r\n\t\t\t\t\t\t\t\t\t\r\n\t\t\t\t\t\t\t\t\t\t\r\n\t\t\t\t\t\t<img decoding=\"async\" src=\"https:\/\/mirabel-prairiesdelamer.com\/wp-content\/uploads\/2023\/01\/vente-mobil-home-BAHIA-873-piece-lumineuse.jpg\" alt=\"RIDEAU \u2013 Bahia 87.3\"  class=\"d-none\" >\r\n\t\t\t\t\t\r\n\t\t\t\t\t\r\n\t\t\t\t\t\t\t\t\t\r\n\t\t\t\t\t\t\t\t\t\t\r\n\t\t\t\t\t\t<img decoding=\"async\" src=\"https:\/\/mirabel-prairiesdelamer.com\/wp-content\/uploads\/2023\/01\/galerie-bahia-873.jpeg\" alt=\"RIDEAU \u2013 Bahia 87.3\"  class=\"d-none\" >\r\n\t\t\t\t\t\r\n\t\t\t\t\t\r\n\t\t\t\t\t\t\t\t\t\r\n\t\t\t\t\t\t\t\t\t\t\r\n\t\t\t\t\t\t<img decoding=\"async\" src=\"https:\/\/mirabel-prairiesdelamer.com\/wp-content\/uploads\/2023\/01\/plan-bahia-873-1.jpeg\" alt=\"RIDEAU \u2013 Bahia 87.3\"  class=\"d-none\" >\r\n\t\t\t\t\t\r\n\t\t\t\t\t\r\n\t\t\t\t\r\n\t\t\t\t\t\t\t\t\t<div class=\"photo-vendu\">Verkauft<\/div>\r\n\t\t\t\t\t\t\t\t\t<\/div>\r\n\r\n\t\t<div class=\"multiple-vente-desc\">\r\n\t\t\t<div class=\"multiple-vente-titre\">\r\n\t\t\t\tRIDEAU \u2013 Bahia 87.3 \r\n\t\t\t<\/div>\r\n\t\t\t\r\n\t\t\t<div class=\"multiple-vente-champs\">\r\n\t\t\t\t\t\t\t\t\t\t\t\t\t\t<div class=\"multiple-vente-nbchambres multiple-vente-champ\">\r\n\t\t\t\t\t\t<span class=\"val\">3<\/span>&nbsp;\r\n\t\t\t\t\t\t<span class=\"lbl\">ch<\/span>\r\n\t\t\t\t\t<\/div>\r\n\t\t\t\t\r\n\t\t\t\t\t\t\t\t\t\t\t\t\t\t<div class=\"multiple-vente-nbpersonnes multiple-vente-champ\">\r\n\t\t\t\t\t\t<span class=\"val\">8<\/span>&nbsp;\r\n\t\t\t\t\t\t<span class=\"lbl\"><i class=\"fas fa-male\"><\/i><\/span>\r\n\t\t\t\t\t<\/div>\r\n\t\t\t\t\r\n\r\n\t\t\t\t\t\t\t\t\t<div class=\"multiple-vente-surface multiple-vente-champ\">\r\n\t\t\t\t\t\t<span class=\"val\">33<\/span>&nbsp;m\u00b2\r\n\t\t\t\t\t<\/div>\r\n\t\t\t\t\r\n\t\t\t\t\t\t\t\t\t<div class=\"multiple-vente-age multiple-vente-champ\">\r\n\t\t\t\t\t\t<span class=\"val\">2023<\/span>\r\n\t\t\t\t\t<\/div>\r\n\t\t\t\t\t\t\t<\/div>\r\n\r\n\t\t\t<div class=\"multiple-vente-description\"><p><strong>Ein heller Wohnraum mit Zugang zur Terrasse:<\/strong><\/p>\n<p>3 Zimmer<br \/>\n1 Duschbad<br \/>\nWC separat<br \/>\nPanoramische Sommerk\u00fcche<br \/>\nLichte R\u00e4ume<br \/>\nInklusive Komfortpaket: Premium-Sofa, Konvektoren f\u00fcr Schlafzimmer und Badezimmer<\/p>\n<\/div>\r\n\r\n\t\t\t\r\n\r\n\r\n\t\t\t\t\t\t<\/div>\r\n\r\n\t<\/div>\r\n<\/article>\r\n<article class=\"multiple-vente clearfix\">\r\n\t<div class=\"d-flex multiple-vente-container\">\r\n\t\t\r\n\t\t<div class=\"multiple-vente-photo\">\r\n\t\t\t\t\t\t\t\t\t\t\t\t\r\n\t\t\t\t\t\t\t\t\t\t\t<a href=\"https:\/\/mirabel-prairiesdelamer.com\/wp-content\/uploads\/2023\/01\/TOSCANE-812-mobilhome-neuf-SALON.jpg\" data-lightbox=\"vente-10322\" title=\"Vergr\u00f6\u00dfern\"   class=\"first\" >\r\n\t\t\t\t\t\t\t\t\t\t\r\n\t\t\t\t\t\t<img decoding=\"async\" src=\"https:\/\/mirabel-prairiesdelamer.com\/wp-content\/uploads\/2023\/01\/TOSCANE-812-mobilhome-neuf-SALON.jpg\" alt=\"RIDEAU \u2013 Toskana 81.2\"   >\r\n\t\t\t\t\t\r\n\t\t\t\t\t\r\n\t\t\t\t\t\t\t\t\t\t\t\t\t\t\t<img decoding=\"async\" src=\"https:\/\/mirabel-prairiesdelamer.com\/wp-content\/themes\/mirabel-site\/assets\/css\/images\/prev.png\" class=\"prev\">\r\n\t\t\t\t\t\t\t\t<img decoding=\"async\" src=\"https:\/\/mirabel-prairiesdelamer.com\/wp-content\/themes\/mirabel-site\/assets\/css\/images\/next.png\" class=\"next\">\r\n\t\t\t\t\t\t\t\t\t\t\t\t\t<\/a>\r\n\t\t\t\t\t\r\n\t\t\t\t\t\t\t\t\t\r\n\t\t\t\t\t\t\t\t\t\t\t<a href=\"https:\/\/mirabel-prairiesdelamer.com\/wp-content\/uploads\/2023\/01\/TOSCANE-812-mobilhome-neuf-CUISINE.jpg\" data-lightbox=\"vente-10322\" title=\"Vergr\u00f6\u00dfern\"  class=\"d-none\" >\r\n\t\t\t\t\t\t\t\t\t\t\r\n\t\t\t\t\t\t<img decoding=\"async\" src=\"https:\/\/mirabel-prairiesdelamer.com\/wp-content\/uploads\/2023\/01\/TOSCANE-812-mobilhome-neuf-CUISINE.jpg\" alt=\"RIDEAU \u2013 Toskana 81.2\"  class=\"d-none\" >\r\n\t\t\t\t\t\r\n\t\t\t\t\t\r\n\t\t\t\t\t\t\t\t\t\t\t\t\t<\/a>\r\n\t\t\t\t\t\r\n\t\t\t\t\t\t\t\t\t\r\n\t\t\t\t\t\t\t\t\t\t\t<a href=\"https:\/\/mirabel-prairiesdelamer.com\/wp-content\/uploads\/2023\/01\/TOSCANE-812-mobilhome-neuf-SDB.jpg\" data-lightbox=\"vente-10322\" title=\"Vergr\u00f6\u00dfern\"  class=\"d-none\" >\r\n\t\t\t\t\t\t\t\t\t\t\r\n\t\t\t\t\t\t<img decoding=\"async\" src=\"https:\/\/mirabel-prairiesdelamer.com\/wp-content\/uploads\/2023\/01\/TOSCANE-812-mobilhome-neuf-SDB.jpg\" alt=\"RIDEAU \u2013 Toskana 81.2\"  class=\"d-none\" >\r\n\t\t\t\t\t\r\n\t\t\t\t\t\r\n\t\t\t\t\t\t\t\t\t\t\t\t\t<\/a>\r\n\t\t\t\t\t\r\n\t\t\t\t\t\t\t\t\t\r\n\t\t\t\t\t\t\t\t\t\t\t<a href=\"https:\/\/mirabel-prairiesdelamer.com\/wp-content\/uploads\/2023\/01\/TOSCANE-812-vente-mobilhome-chambre-double.jpg\" data-lightbox=\"vente-10322\" title=\"Vergr\u00f6\u00dfern\"  class=\"d-none\" >\r\n\t\t\t\t\t\t\t\t\t\t\r\n\t\t\t\t\t\t<img decoding=\"async\" src=\"https:\/\/mirabel-prairiesdelamer.com\/wp-content\/uploads\/2023\/01\/TOSCANE-812-vente-mobilhome-chambre-double.jpg\" alt=\"RIDEAU \u2013 Toskana 81.2\"  class=\"d-none\" >\r\n\t\t\t\t\t\r\n\t\t\t\t\t\r\n\t\t\t\t\t\t\t\t\t\t\t\t\t<\/a>\r\n\t\t\t\t\t\r\n\t\t\t\t\t\t\t\t\t\r\n\t\t\t\t\t\t\t\t\t\t\t<a href=\"https:\/\/mirabel-prairiesdelamer.com\/wp-content\/uploads\/2023\/01\/TOSCANE-812-vente-mobilhome-CHB.jpg\" data-lightbox=\"vente-10322\" title=\"Vergr\u00f6\u00dfern\"  class=\"d-none\" >\r\n\t\t\t\t\t\t\t\t\t\t\r\n\t\t\t\t\t\t<img decoding=\"async\" src=\"https:\/\/mirabel-prairiesdelamer.com\/wp-content\/uploads\/2023\/01\/TOSCANE-812-vente-mobilhome-CHB.jpg\" alt=\"RIDEAU \u2013 Toskana 81.2\"  class=\"d-none\" >\r\n\t\t\t\t\t\r\n\t\t\t\t\t\r\n\t\t\t\t\t\t\t\t\t\t\t\t\t<\/a>\r\n\t\t\t\t\t\r\n\t\t\t\t\t\t\t\t\t\r\n\t\t\t\t\t\t\t\t\t\t\t<a href=\"https:\/\/mirabel-prairiesdelamer.com\/wp-content\/uploads\/2023\/01\/TOSCANE-812-vente-mobilhome-SALON.jpg\" data-lightbox=\"vente-10322\" title=\"Vergr\u00f6\u00dfern\"  class=\"d-none\" >\r\n\t\t\t\t\t\t\t\t\t\t\r\n\t\t\t\t\t\t<img decoding=\"async\" src=\"https:\/\/mirabel-prairiesdelamer.com\/wp-content\/uploads\/2023\/01\/TOSCANE-812-vente-mobilhome-SALON.jpg\" alt=\"RIDEAU \u2013 Toskana 81.2\"  class=\"d-none\" >\r\n\t\t\t\t\t\r\n\t\t\t\t\t\r\n\t\t\t\t\t\t\t\t\t\t\t\t\t<\/a>\r\n\t\t\t\t\t\r\n\t\t\t\t\t\t\t\t\t\r\n\t\t\t\t\t\t\t\t\t\t\t<a href=\"https:\/\/mirabel-prairiesdelamer.com\/wp-content\/uploads\/2023\/01\/gallerie-toscane-812.jpeg\" data-lightbox=\"vente-10322\" title=\"Vergr\u00f6\u00dfern\"  class=\"d-none\" >\r\n\t\t\t\t\t\t\t\t\t\t\r\n\t\t\t\t\t\t<img decoding=\"async\" src=\"https:\/\/mirabel-prairiesdelamer.com\/wp-content\/uploads\/2023\/01\/gallerie-toscane-812.jpeg\" alt=\"RIDEAU \u2013 Toskana 81.2\"  class=\"d-none\" >\r\n\t\t\t\t\t\r\n\t\t\t\t\t\r\n\t\t\t\t\t\t\t\t\t\t\t\t\t<\/a>\r\n\t\t\t\t\t\r\n\t\t\t\t\t\t\t\t\t\r\n\t\t\t\t\t\t\t\t\t\t\t<a href=\"https:\/\/mirabel-prairiesdelamer.com\/wp-content\/uploads\/2023\/01\/gallerie-toscane-8122.jpeg\" data-lightbox=\"vente-10322\" title=\"Vergr\u00f6\u00dfern\"  class=\"d-none\" >\r\n\t\t\t\t\t\t\t\t\t\t\r\n\t\t\t\t\t\t<img decoding=\"async\" src=\"https:\/\/mirabel-prairiesdelamer.com\/wp-content\/uploads\/2023\/01\/gallerie-toscane-8122.jpeg\" alt=\"RIDEAU \u2013 Toskana 81.2\"  class=\"d-none\" >\r\n\t\t\t\t\t\r\n\t\t\t\t\t\r\n\t\t\t\t\t\t\t\t\t\t\t\t\t<\/a>\r\n\t\t\t\t\t\r\n\t\t\t\t\r\n\t\t\t\t\t\t\t\t\t<div class=\"photo-apartirde\">ab <span>41 900 \u20ac<\/span><\/div>\r\n\t\t\t\t\t\t\t\t\t<\/div>\r\n\r\n\t\t<div class=\"multiple-vente-desc\">\r\n\t\t\t<div class=\"multiple-vente-titre\">\r\n\t\t\t\tRIDEAU \u2013 Toskana 81.2 \r\n\t\t\t<\/div>\r\n\t\t\t\r\n\t\t\t<div class=\"multiple-vente-champs\">\r\n\t\t\t\t\t\t\t\t\t\t\t\t\t\t<div class=\"multiple-vente-nbchambres multiple-vente-champ\">\r\n\t\t\t\t\t\t<span class=\"val\">2<\/span>&nbsp;\r\n\t\t\t\t\t\t<span class=\"lbl\">ch<\/span>\r\n\t\t\t\t\t<\/div>\r\n\t\t\t\t\r\n\t\t\t\t\t\t\t\t\t\t\t\t\t\t<div class=\"multiple-vente-nbpersonnes multiple-vente-champ\">\r\n\t\t\t\t\t\t<span class=\"val\">6<\/span>&nbsp;\r\n\t\t\t\t\t\t<span class=\"lbl\"><i class=\"fas fa-male\"><\/i><\/span>\r\n\t\t\t\t\t<\/div>\r\n\t\t\t\t\r\n\r\n\t\t\t\t\t\t\t\t\t<div class=\"multiple-vente-surface multiple-vente-champ\">\r\n\t\t\t\t\t\t<span class=\"val\">31<\/span>&nbsp;m\u00b2\r\n\t\t\t\t\t<\/div>\r\n\t\t\t\t\r\n\t\t\t\t\t\t\t\t\t<div class=\"multiple-vente-age multiple-vente-champ\">\r\n\t\t\t\t\t\t<span class=\"val\">2023<\/span>\r\n\t\t\t\t\t<\/div>\r\n\t\t\t\t\t\t\t<\/div>\r\n\r\n\t\t\t<div class=\"multiple-vente-description\"><p><strong>Das Modell mit 2 Schlafzimmern:<\/strong><\/p>\n<p>2 Schlafzimmer<br \/>\n1 ger\u00e4umiges Duschbad<br \/>\nWC separat<br \/>\nGro\u00dfes helles Wohnzimmer<br \/>\nInklusive Komfortpaket: Premium-Sofa, Konvektoren f\u00fcr Schlafzimmer und Badezimmer<\/p>\n<\/div>\r\n\r\n\t\t\t\r\n\r\n\r\n\t\t\t\t\t\t<\/div>\r\n\r\n\t<\/div>\r\n<\/article>\r\n<article class=\"multiple-vente clearfix vendu\">\r\n\t<div class=\"d-flex multiple-vente-container\">\r\n\t\t\r\n\t\t<div class=\"multiple-vente-photo\">\r\n\t\t\t\t\t\t\t\t\t\t\t\t\r\n\t\t\t\t\t\t\t\t\t\t\r\n\t\t\t\t\t\t<img decoding=\"async\" src=\"https:\/\/mirabel-prairiesdelamer.com\/wp-content\/uploads\/2023\/01\/galerie-toscane-873.jpeg\" alt=\"RIDEAU \u2013 Toskana 87.3\"   >\r\n\t\t\t\t\t\r\n\t\t\t\t\t\r\n\t\t\t\t\t\t\t\t\t\r\n\t\t\t\t\t\t\t\t\t\t\r\n\t\t\t\t\t\t<img decoding=\"async\" src=\"https:\/\/mirabel-prairiesdelamer.com\/wp-content\/uploads\/2023\/01\/galerie-toscane-8732.jpeg\" alt=\"RIDEAU \u2013 Toskana 87.3\"  class=\"d-none\" >\r\n\t\t\t\t\t\r\n\t\t\t\t\t\r\n\t\t\t\t\t\t\t\t\t\r\n\t\t\t\t\t\t\t\t\t\t\r\n\t\t\t\t\t\t<img decoding=\"async\" src=\"https:\/\/mirabel-prairiesdelamer.com\/wp-content\/uploads\/2023\/01\/galerie-toscane-8733.jpeg\" alt=\"RIDEAU \u2013 Toskana 87.3\"  class=\"d-none\" >\r\n\t\t\t\t\t\r\n\t\t\t\t\t\r\n\t\t\t\t\t\t\t\t\t\r\n\t\t\t\t\t\t\t\t\t\t\r\n\t\t\t\t\t\t<img decoding=\"async\" src=\"https:\/\/mirabel-prairiesdelamer.com\/wp-content\/uploads\/2023\/01\/galerie-toscane-8734.jpeg\" alt=\"RIDEAU \u2013 Toskana 87.3\"  class=\"d-none\" >\r\n\t\t\t\t\t\r\n\t\t\t\t\t\r\n\t\t\t\t\t\t\t\t\t\r\n\t\t\t\t\t\t\t\t\t\t\r\n\t\t\t\t\t\t<img decoding=\"async\" src=\"https:\/\/mirabel-prairiesdelamer.com\/wp-content\/uploads\/2023\/01\/galerie-toscane-8735.jpeg\" alt=\"RIDEAU \u2013 Toskana 87.3\"  class=\"d-none\" >\r\n\t\t\t\t\t\r\n\t\t\t\t\t\r\n\t\t\t\t\t\t\t\t\t\r\n\t\t\t\t\t\t\t\t\t\t\r\n\t\t\t\t\t\t<img decoding=\"async\" src=\"https:\/\/mirabel-prairiesdelamer.com\/wp-content\/uploads\/2023\/01\/galerie-toscane-8736.jpeg\" alt=\"RIDEAU \u2013 Toskana 87.3\"  class=\"d-none\" >\r\n\t\t\t\t\t\r\n\t\t\t\t\t\r\n\t\t\t\t\r\n\t\t\t\t\t\t\t\t\t<div class=\"photo-vendu\">Verkauft<\/div>\r\n\t\t\t\t\t\t\t\t\t<\/div>\r\n\r\n\t\t<div class=\"multiple-vente-desc\">\r\n\t\t\t<div class=\"multiple-vente-titre\">\r\n\t\t\t\tRIDEAU \u2013 Toskana 87.3 \r\n\t\t\t<\/div>\r\n\t\t\t\r\n\t\t\t<div class=\"multiple-vente-champs\">\r\n\t\t\t\t\t\t\t\t\t\t\t\t\t\t<div class=\"multiple-vente-nbchambres multiple-vente-champ\">\r\n\t\t\t\t\t\t<span class=\"val\">3<\/span>&nbsp;\r\n\t\t\t\t\t\t<span class=\"lbl\">ch<\/span>\r\n\t\t\t\t\t<\/div>\r\n\t\t\t\t\r\n\t\t\t\t\t\t\t\t\t\t\t\t\t\t<div class=\"multiple-vente-nbpersonnes multiple-vente-champ\">\r\n\t\t\t\t\t\t<span class=\"val\">8<\/span>&nbsp;\r\n\t\t\t\t\t\t<span class=\"lbl\"><i class=\"fas fa-male\"><\/i><\/span>\r\n\t\t\t\t\t<\/div>\r\n\t\t\t\t\r\n\r\n\t\t\t\t\t\t\t\t\t<div class=\"multiple-vente-surface multiple-vente-champ\">\r\n\t\t\t\t\t\t<span class=\"val\">33<\/span>&nbsp;m\u00b2\r\n\t\t\t\t\t<\/div>\r\n\t\t\t\t\r\n\t\t\t\t\t\t\t\t\t<div class=\"multiple-vente-age multiple-vente-champ\">\r\n\t\t\t\t\t\t<span class=\"val\">2023<\/span>\r\n\t\t\t\t\t<\/div>\r\n\t\t\t\t\t\t\t<\/div>\r\n\r\n\t\t\t<div class=\"multiple-vente-description\"><p><strong>Ein unvergleichliches, ger\u00e4umiges Mobilheim.<\/strong><\/p>\n<p>3 Zimmer<br \/>\n1 Duschbad<br \/>\nWC separat<br \/>\nEinbauk\u00fcche<br \/>\nLichte R\u00e4ume<br \/>\nInklusive Komfortpaket: Premium-Sofa, Konvektoren f\u00fcr Schlafzimmer und Badezimmer<\/p>\n<\/div>\r\n\r\n\t\t\t\r\n\r\n\r\n\t\t\t\t\t\t<\/div>\r\n\r\n\t<\/div>\r\n<\/article>\r\n<article class=\"multiple-vente clearfix vendu\">\r\n\t<div class=\"d-flex multiple-vente-container\">\r\n\t\t\r\n\t\t<div class=\"multiple-vente-photo\">\r\n\t\t\t\t\t\t\t\t\t\t\t\t\r\n\t\t\t\t\t\t\t\t\t\t\r\n\t\t\t\t\t\t<img decoding=\"async\" src=\"https:\/\/mirabel-prairiesdelamer.com\/wp-content\/uploads\/2023\/01\/plan-3d-mobil-home-vente-1024x563.jpeg\" alt=\"IRM Capucine\"   >\r\n\t\t\t\t\t\r\n\t\t\t\t\t\r\n\t\t\t\t\t\t\t\t\t\r\n\t\t\t\t\t\t\t\t\t\t\r\n\t\t\t\t\t\t<img decoding=\"async\" src=\"https:\/\/mirabel-prairiesdelamer.com\/wp-content\/uploads\/2023\/01\/chambre-enfant-vente-mobil-home-1024x683.jpeg\" alt=\"IRM Capucine\"  class=\"d-none\" >\r\n\t\t\t\t\t\r\n\t\t\t\t\t\r\n\t\t\t\t\t\t\t\t\t\r\n\t\t\t\t\t\t\t\t\t\t\r\n\t\t\t\t\t\t<img decoding=\"async\" src=\"https:\/\/mirabel-prairiesdelamer.com\/wp-content\/uploads\/2023\/01\/chambre-parentale-vente-mobil-home-1024x683.jpeg\" alt=\"IRM Capucine\"  class=\"d-none\" >\r\n\t\t\t\t\t\r\n\t\t\t\t\t\r\n\t\t\t\t\t\t\t\t\t\r\n\t\t\t\t\t\t\t\t\t\t\r\n\t\t\t\t\t\t<img decoding=\"async\" src=\"https:\/\/mirabel-prairiesdelamer.com\/wp-content\/uploads\/2023\/01\/sejour-mobil-home-vente-683x1024.jpeg\" alt=\"IRM Capucine\"  class=\"d-none\" >\r\n\t\t\t\t\t\r\n\t\t\t\t\t\r\n\t\t\t\t\r\n\t\t\t\t\t\t\t\t\t<div class=\"photo-vendu\">Verkauft<\/div>\r\n\t\t\t\t\t\t\t\t\t<\/div>\r\n\r\n\t\t<div class=\"multiple-vente-desc\">\r\n\t\t\t<div class=\"multiple-vente-titre\">\r\n\t\t\t\tIRM Capucine \r\n\t\t\t<\/div>\r\n\t\t\t\r\n\t\t\t<div class=\"multiple-vente-champs\">\r\n\t\t\t\t\t\t\t\t\t\t\t\t\t\t<div class=\"multiple-vente-nbchambres multiple-vente-champ\">\r\n\t\t\t\t\t\t<span class=\"val\">2<\/span>&nbsp;\r\n\t\t\t\t\t\t<span class=\"lbl\">ch<\/span>\r\n\t\t\t\t\t<\/div>\r\n\t\t\t\t\r\n\t\t\t\t\t\t\t\t\t\t\t\t\t\t<div class=\"multiple-vente-nbpersonnes multiple-vente-champ\">\r\n\t\t\t\t\t\t<span class=\"val\">6<\/span>&nbsp;\r\n\t\t\t\t\t\t<span class=\"lbl\"><i class=\"fas fa-male\"><\/i><\/span>\r\n\t\t\t\t\t<\/div>\r\n\t\t\t\t\r\n\r\n\t\t\t\t\t\t\t\t\t<div class=\"multiple-vente-surface multiple-vente-champ\">\r\n\t\t\t\t\t\t<span class=\"val\">36,4<\/span>&nbsp;m\u00b2\r\n\t\t\t\t\t<\/div>\r\n\t\t\t\t\r\n\t\t\t\t\t\t\t\t\t<div class=\"multiple-vente-age multiple-vente-champ\">\r\n\t\t\t\t\t\t<span class=\"val\">2023<\/span>\r\n\t\t\t\t\t<\/div>\r\n\t\t\t\t\t\t\t<\/div>\r\n\r\n\t\t\t<div class=\"multiple-vente-description\"><p><strong>Helles Mobilheim bestehend aus:<\/strong><\/p>\n<p>2 Schlafzimmer<br \/>\n1 Ankleideraum im Elternschlafzimmer<br \/>\n1 Duschbad<br \/>\nEinbauk\u00fcche<br \/>\nEingangsm\u00f6bel mit Vorkehrungen<br \/>\nWaschmaschine<\/p>\n<\/div>\r\n\r\n\t\t\t\r\n\r\n\r\n\t\t\t\t\t\t<\/div>\r\n\r\n\t<\/div>\r\n<\/article>\r\n<article class=\"multiple-vente clearfix vendu\">\r\n\t<div class=\"d-flex multiple-vente-container\">\r\n\t\t\r\n\t\t<div class=\"multiple-vente-photo\">\r\n\t\t\t\t\t\t\t\t\t\t\t\t\r\n\t\t\t\t\t\t\t\t\t\t\r\n\t\t\t\t\t\t<img decoding=\"async\" src=\"https:\/\/mirabel-prairiesdelamer.com\/wp-content\/uploads\/2022\/02\/irm-violette1.jpg\" alt=\"IRM Violette Reichweite\"   >\r\n\t\t\t\t\t\r\n\t\t\t\t\t\r\n\t\t\t\t\t\t\t\t\t\r\n\t\t\t\t\t\t\t\t\t\t\r\n\t\t\t\t\t\t<img decoding=\"async\" src=\"https:\/\/mirabel-prairiesdelamer.com\/wp-content\/uploads\/2022\/02\/irm-violette2.jpg\" alt=\"IRM Violette Reichweite\"  class=\"d-none\" >\r\n\t\t\t\t\t\r\n\t\t\t\t\t\r\n\t\t\t\t\r\n\t\t\t\t\t\t\t\t\t<div class=\"photo-vendu\">Verkauft<\/div>\r\n\t\t\t\t\t\t\t\t\t<\/div>\r\n\r\n\t\t<div class=\"multiple-vente-desc\">\r\n\t\t\t<div class=\"multiple-vente-titre\">\r\n\t\t\t\tIRM Violette Reichweite \r\n\t\t\t<\/div>\r\n\t\t\t\r\n\t\t\t<div class=\"multiple-vente-champs\">\r\n\t\t\t\t\t\t\t\t\t\t\t\t\t\t<div class=\"multiple-vente-nbchambres multiple-vente-champ\">\r\n\t\t\t\t\t\t<span class=\"val\">3<\/span>&nbsp;\r\n\t\t\t\t\t\t<span class=\"lbl\">ch<\/span>\r\n\t\t\t\t\t<\/div>\r\n\t\t\t\t\r\n\t\t\t\t\t\t\t\t\t\t\t\t\t\t<div class=\"multiple-vente-nbpersonnes multiple-vente-champ\">\r\n\t\t\t\t\t\t<span class=\"val\">6\/8<\/span>&nbsp;\r\n\t\t\t\t\t\t<span class=\"lbl\"><i class=\"fas fa-male\"><\/i><\/span>\r\n\t\t\t\t\t<\/div>\r\n\t\t\t\t\r\n\r\n\t\t\t\t\t\t\t\t\t<div class=\"multiple-vente-surface multiple-vente-champ\">\r\n\t\t\t\t\t\t<span class=\"val\">38,4<\/span>&nbsp;m\u00b2\r\n\t\t\t\t\t<\/div>\r\n\t\t\t\t\r\n\t\t\t\t\t\t\t<\/div>\r\n\r\n\t\t\t<div class=\"multiple-vente-description\"><p><strong>Ein ger\u00e4umiges Mobilheim, komplett m\u00f6bliert verkauft!<br \/>\n<\/strong>Ein sehr heller Essbereich<br \/>\n2 Duschb\u00e4der<br \/>\nEin Master-Schlafzimmer mit einem gro\u00dfen Bett von 160 x 200 cm<br \/>\nEin gro\u00dfes M\u00f6bel f\u00fcr den Eingangsbereich<\/p>\n<p><a href=\"https:\/\/www.mobil-home.com\/fr\/particulier\/mobil-home\/10-gamme-classique\/136-viol3c-1\/\" target=\"_blank\" rel=\"noopener\">Irmentscheid Haus-Detail<\/a><\/p>\n<\/div>\r\n\r\n\t\t\t\r\n\r\n\r\n\t\t\t\t\t\t<\/div>\r\n\r\n\t<\/div>\r\n<\/article><\/div>\n\n\n\n<div style=\"height:23px\" aria-hidden=\"true\" class=\"wp-block-spacer\"><\/div>\n\n\n\n<div class=\"wp-block-buttons is-horizontal is-content-justification-center is-layout-flex wp-container-core-buttons-is-layout-03627597 wp-block-buttons-is-layout-flex\">\n<div class=\"wp-block-button\"><a class=\"wp-block-button__link has-turquoise-background-color has-background wp-element-button\" href=\"https:\/\/mirabel-prairiesdelamer.com\/de\/camping-kontakt\/\"><strong>Kontaktieren Sie uns f\u00fcr eine Besichtigung vor Ort<\/strong><\/a><\/div>\n<\/div>\n\n\n\n<div style=\"height:23px\" aria-hidden=\"true\" class=\"wp-block-spacer\"><\/div>\n\n\n\n<p>Beim Kauf eines neuen Mobilheims k\u00f6nnen Sie Ihren Stellplatz nach den verf\u00fcgbaren Parzellen und deren Gr\u00f6\u00dfe (von 120 bis 200 m\u00b2 f\u00fcr eine Miete ab 3.000 \u20ac\/Jahr) ausw\u00e4hlen.<\/p>\n\n\n\n<div style=\"height:23px\" aria-hidden=\"true\" class=\"wp-block-spacer\"><\/div>\n\n\n\n<h2 class=\"wp-block-heading\" id=\"occasion\">Unsere gebrauchten Mobilheime<\/h2>\n\n\n\n<figure class=\"wp-block-image size-full\"><img decoding=\"async\" src=\"https:\/\/www.mirabel-prairiesdelamer.com\/wp-content\/uploads\/2022\/01\/barre-bleue.png\" alt=\"\" class=\"wp-image-2382\"\/><\/figure>\n\n\n\n<p>Occasion-Mobilheime werden auf Stellpl\u00e4tzen verkauft. Hier finden Sie unsere Angebote:<\/p>\n\n\n<div class=\"multiple-ventes\">\r\n<article class=\"multiple-vente clearfix vendu\">\r\n\t<div class=\"d-flex multiple-vente-container\">\r\n\t\t\r\n\t\t<div class=\"multiple-vente-photo\">\r\n\t\t\t\t\t\t\t\t\t\t\t\t\r\n\t\t\t\t\t\t\t\t\t\t\r\n\t\t\t\t\t\t<img decoding=\"async\" src=\"https:\/\/mirabel-prairiesdelamer.com\/wp-content\/uploads\/2023\/10\/mobil-home-vente-sejour.jpg\" alt=\"Ferienhaus mit \u00fcberdachter Terrasse und Gartenhaus\"   >\r\n\t\t\t\t\t\r\n\t\t\t\t\t\r\n\t\t\t\t\t\t\t\t\t\r\n\t\t\t\t\t\t\t\t\t\t\r\n\t\t\t\t\t\t<img decoding=\"async\" src=\"https:\/\/mirabel-prairiesdelamer.com\/wp-content\/uploads\/2023\/10\/mobil-home-occasion-vente.jpg\" alt=\"Ferienhaus mit \u00fcberdachter Terrasse und Gartenhaus\"  class=\"d-none\" >\r\n\t\t\t\t\t\r\n\t\t\t\t\t\r\n\t\t\t\t\t\t\t\t\t\r\n\t\t\t\t\t\t\t\t\t\t\r\n\t\t\t\t\t\t<img decoding=\"async\" src=\"https:\/\/mirabel-prairiesdelamer.com\/wp-content\/uploads\/2023\/10\/mobil-home-sejour-cuisine.jpg\" alt=\"Ferienhaus mit \u00fcberdachter Terrasse und Gartenhaus\"  class=\"d-none\" >\r\n\t\t\t\t\t\r\n\t\t\t\t\t\r\n\t\t\t\t\t\t\t\t\t\r\n\t\t\t\t\t\t\t\t\t\t\r\n\t\t\t\t\t\t<img decoding=\"async\" src=\"https:\/\/mirabel-prairiesdelamer.com\/wp-content\/uploads\/2023\/10\/mobil-home-vente-salle-eau-461x1024.jpg\" alt=\"Ferienhaus mit \u00fcberdachter Terrasse und Gartenhaus\"  class=\"d-none\" >\r\n\t\t\t\t\t\r\n\t\t\t\t\t\r\n\t\t\t\t\t\t\t\t\t\r\n\t\t\t\t\t\t\t\t\t\t\r\n\t\t\t\t\t\t<img decoding=\"async\" src=\"https:\/\/mirabel-prairiesdelamer.com\/wp-content\/uploads\/2023\/10\/vente-mobil-home-occasion-parcelle.jpg\" alt=\"Ferienhaus mit \u00fcberdachter Terrasse und Gartenhaus\"  class=\"d-none\" >\r\n\t\t\t\t\t\r\n\t\t\t\t\t\r\n\t\t\t\t\t\t\t\t\t\r\n\t\t\t\t\t\t\t\t\t\t\r\n\t\t\t\t\t\t<img decoding=\"async\" src=\"https:\/\/mirabel-prairiesdelamer.com\/wp-content\/uploads\/2023\/10\/vente-mobil-home-terrasse-1024x461.jpg\" alt=\"Ferienhaus mit \u00fcberdachter Terrasse und Gartenhaus\"  class=\"d-none\" >\r\n\t\t\t\t\t\r\n\t\t\t\t\t\r\n\t\t\t\t\r\n\t\t\t\t\t\t\t\t\t<div class=\"photo-vendu\">Verkauft<\/div>\r\n\t\t\t\t\t\t\t\t\t<\/div>\r\n\r\n\t\t<div class=\"multiple-vente-desc\">\r\n\t\t\t<div class=\"multiple-vente-titre\">\r\n\t\t\t\tFerienhaus mit \u00fcberdachter Terrasse und Gartenhaus \r\n\t\t\t<\/div>\r\n\t\t\t\r\n\t\t\t<div class=\"multiple-vente-champs\">\r\n\t\t\t\t\t\t\t\t\t\t\t\t\t\t<div class=\"multiple-vente-nbchambres multiple-vente-champ\">\r\n\t\t\t\t\t\t<span class=\"val\">3<\/span>&nbsp;\r\n\t\t\t\t\t\t<span class=\"lbl\">ch<\/span>\r\n\t\t\t\t\t<\/div>\r\n\t\t\t\t\r\n\t\t\t\t\t\t\t\t\t\t\t\t\t\t<div class=\"multiple-vente-nbpersonnes multiple-vente-champ\">\r\n\t\t\t\t\t\t<span class=\"val\">6<\/span>&nbsp;\r\n\t\t\t\t\t\t<span class=\"lbl\"><i class=\"fas fa-male\"><\/i><\/span>\r\n\t\t\t\t\t<\/div>\r\n\t\t\t\t\r\n\r\n\t\t\t\t\t\t\t\t\t<div class=\"multiple-vente-surface multiple-vente-champ\">\r\n\t\t\t\t\t\t<span class=\"val\">38,40<\/span>&nbsp;m\u00b2\r\n\t\t\t\t\t<\/div>\r\n\t\t\t\t\r\n\t\t\t\t\t\t\t\t\t<div class=\"multiple-vente-age multiple-vente-champ\">\r\n\t\t\t\t\t\t<span class=\"val\">2023<\/span>\r\n\t\t\t\t\t<\/div>\r\n\t\t\t\t\t\t\t<\/div>\r\n\r\n\t\t\t<div class=\"multiple-vente-description\"><p>Charmantes, ger\u00e4umiges Mobilheim in Ouistreham:<\/p>\n<p>3 Zimmer<br \/>\n2 Duschb\u00e4der<br \/>\nWC separat<br \/>\nEinbauk\u00fcche mit Ger\u00e4ten<br \/>\nKomplett \u00fcberdachte und geschlossene Terrasse<br \/>\nGartenhaus<\/p>\n<\/div>\r\n\r\n\t\t\t\t\t\t\t<div class=\"multiple-vente-prix\">\r\n\t\t\t\t\t<span>73 000 \u20ac<\/span>\r\n\t\t\t\t<\/div>\r\n\t\t\t\r\n\r\n\r\n\t\t\t\t\t\t<\/div>\r\n\r\n\t<\/div>\r\n<\/article>\r\n<article class=\"multiple-vente clearfix vendu\">\r\n\t<div class=\"d-flex multiple-vente-container\">\r\n\t\t\r\n\t\t<div class=\"multiple-vente-photo\">\r\n\t\t\t\t\t\t\t\t\t\t\t\t\r\n\t\t\t\t\t\t\t\t\t\t\r\n\t\t\t\t\t\t<img decoding=\"async\" src=\"https:\/\/mirabel-prairiesdelamer.com\/wp-content\/uploads\/2022\/02\/rapidhome-elite.jpg\" alt=\"RAPIDHOME ELITE 97 \/ 2012\"   >\r\n\t\t\t\t\t\r\n\t\t\t\t\t\r\n\t\t\t\t\r\n\t\t\t\t\t\t\t\t\t<div class=\"photo-vendu\">Verkauft<\/div>\r\n\t\t\t\t\t\t\t\t\t<\/div>\r\n\r\n\t\t<div class=\"multiple-vente-desc\">\r\n\t\t\t<div class=\"multiple-vente-titre\">\r\n\t\t\t\tRAPIDHOME ELITE 97 \/ 2012 \r\n\t\t\t<\/div>\r\n\t\t\t\r\n\t\t\t<div class=\"multiple-vente-champs\">\r\n\t\t\t\t\t\t\t\t\t\t\t\t\t\t<div class=\"multiple-vente-nbchambres multiple-vente-champ\">\r\n\t\t\t\t\t\t<span class=\"val\">2<\/span>&nbsp;\r\n\t\t\t\t\t\t<span class=\"lbl\">ch<\/span>\r\n\t\t\t\t\t<\/div>\r\n\t\t\t\t\r\n\t\t\t\t\r\n\r\n\t\t\t\t\r\n\t\t\t\t\t\t\t\t\t<div class=\"multiple-vente-age multiple-vente-champ\">\r\n\t\t\t\t\t\t<span class=\"val\">2012<\/span>\r\n\t\t\t\t\t<\/div>\r\n\t\t\t\t\t\t\t<\/div>\r\n\r\n\t\t\t<div class=\"multiple-vente-description\"><p>Ref: 259<\/p>\n<p>9,40 x 4,00m<br \/>\nterrasse von 7,50m x 2,50m \u00fcberdacht auf 3,00m<\/p>\n<\/div>\r\n\r\n\t\t\t\t\t\t\t<div class=\"multiple-vente-prix\">\r\n\t\t\t\t\t<span>17 500 \u20ac<\/span>\r\n\t\t\t\t<\/div>\r\n\t\t\t\r\n\r\n\r\n\t\t\t\t\t\t<\/div>\r\n\r\n\t<\/div>\r\n<\/article><\/div>\n\n\n\n<p class=\"has-text-align-center texte-rond mt-5 has-large-font-size\">Was es auf dem Campingplatz zu entdecken gibt<\/p>\n\n\n\n<div class=\"wp-block-columns h-20 front-page-section grey is-layout-flex wp-container-core-columns-is-layout-28f84493 wp-block-columns-is-layout-flex\">\n<div class=\"wp-block-column is-layout-flow wp-block-column-is-layout-flow\"><\/div>\n\n\n\n<div class=\"wp-block-column is-vertically-aligned-center is-layout-flow wp-block-column-is-layout-flow\">\n<div class=\"wp-block-create-block-sevgutenberg-navigation\"><aside class=\"encart-sev-navigation small carre\"><a href=\"https:\/\/mirabel-prairiesdelamer.com\/de\/zweitwohnsitz-ouistreham\/\" class=\"d-flex flex-column align-items-center\"><div class=\"encart-title\"><span>Zweitwohnsitz<\/span><\/div><div class=\"vague\"><\/div><img decoding=\"async\" src=\"https:\/\/mirabel-prairiesdelamer.com\/wp-content\/uploads\/2022\/02\/maison-secondaire-camping-residentiel.jpg\" alt=\"Zweithaus in einem Wohncampingplatz\"\/><div class=\"ligne\"><\/div><div class=\"hover\"><\/div><\/a><\/aside><\/div>\n<\/div>\n\n\n\n<div class=\"wp-block-column is-layout-flow wp-block-column-is-layout-flow\">\n<div class=\"wp-block-create-block-sevgutenberg-navigation\"><aside class=\"encart-sev-navigation small carre\"><a href=\"https:\/\/mirabel-prairiesdelamer.com\/de\/camping-ouistreham\/\" class=\"d-flex flex-column align-items-center\"><div class=\"encart-title\"><span>Ouistreham<\/span><\/div><div class=\"vague\"><\/div><img decoding=\"async\" src=\"https:\/\/mirabel-prairiesdelamer.com\/wp-content\/uploads\/2022\/02\/plag-ouistreham-cabines.jpg\" alt=\"Strand von Ouistreham\"\/><div class=\"ligne\"><\/div><div class=\"hover\"><\/div><\/a><\/aside><\/div>\n<\/div>\n\n\n\n<div class=\"wp-block-column is-layout-flow wp-block-column-is-layout-flow\">\n<div class=\"wp-block-create-block-sevgutenberg-navigation\"><aside class=\"encart-sev-navigation small carre\"><a href=\"https:\/\/mirabel-prairiesdelamer.com\/de\/camping-calvados-services\/\" class=\"d-flex flex-column align-items-center\"><div class=\"encart-title\"><span>Dienste<\/span><\/div><div class=\"vague\"><\/div><img decoding=\"async\" src=\"https:\/\/mirabel-prairiesdelamer.com\/wp-content\/uploads\/2022\/02\/accueil-reception-carte.jpg\" alt=\"Rezeption des Campingplatzes\"\/><div class=\"ligne\"><\/div><div class=\"hover\"><\/div><\/a><\/aside><\/div>\n<\/div>\n\n\n\n<div class=\"wp-block-column is-layout-flow wp-block-column-is-layout-flow\"><\/div>\n<\/div>","protected":false},"excerpt":{"rendered":"<p>Achetez votre mobil-home neuf ou d\u2019occasion au Camping Mirabel Les Prairies de la Mer \u00e0 Ouistreham Offrez-vous une r\u00e9sidence secondaire [&hellip;]<\/p>\n","protected":false},"author":1,"featured_media":0,"parent":0,"menu_order":0,"comment_status":"closed","ping_status":"closed","template":"","meta":{"_seopress_robots_primary_cat":"","_seopress_titles_title":"Achat mobil-home neuf ou d\u2019occasion \u00e0 Ouistreham Riva-Bella","_seopress_titles_desc":"Offrez-vous une r\u00e9sidence secondaire en Normandie, \u00e0 500m de la plage de Ouistreham Riva-Bella et proche de tous commerces.  Achetez votre mobil-home !","_seopress_robots_index":"","footnotes":""},"class_list":["post-65","page","type-page","status-publish","hentry"],"_links":{"self":[{"href":"https:\/\/mirabel-prairiesdelamer.com\/de\/wp-json\/wp\/v2\/pages\/65","targetHints":{"allow":["GET"]}}],"collection":[{"href":"https:\/\/mirabel-prairiesdelamer.com\/de\/wp-json\/wp\/v2\/pages"}],"about":[{"href":"https:\/\/mirabel-prairiesdelamer.com\/de\/wp-json\/wp\/v2\/types\/page"}],"author":[{"embeddable":true,"href":"https:\/\/mirabel-prairiesdelamer.com\/de\/wp-json\/wp\/v2\/users\/1"}],"replies":[{"embeddable":true,"href":"https:\/\/mirabel-prairiesdelamer.com\/de\/wp-json\/wp\/v2\/comments?post=65"}],"version-history":[{"count":38,"href":"https:\/\/mirabel-prairiesdelamer.com\/de\/wp-json\/wp\/v2\/pages\/65\/revisions"}],"predecessor-version":[{"id":14148,"href":"https:\/\/mirabel-prairiesdelamer.com\/de\/wp-json\/wp\/v2\/pages\/65\/revisions\/14148"}],"wp:attachment":[{"href":"https:\/\/mirabel-prairiesdelamer.com\/de\/wp-json\/wp\/v2\/media?parent=65"}],"curies":[{"name":"wp","href":"https:\/\/api.w.org\/{rel}","templated":true}]}}