{"id":63,"date":"2021-12-10T14:23:37","date_gmt":"2021-12-10T13:23:37","guid":{"rendered":"https:\/\/www.campinglarenaudiere.com\/?page_id=63"},"modified":"2025-05-13T15:22:02","modified_gmt":"2025-05-13T13:22:02","slug":"zweitwohnsitz-ouistreham","status":"publish","type":"page","link":"https:\/\/mirabel-prairiesdelamer.com\/de\/residence-secondaire-ouistreham\/","title":{"rendered":"Ihr Zweitwohnsitz"},"content":{"rendered":"<h1 class=\"wp-block-heading\" id=\"votre-residence-secondaire-a-ouistreham-riva-bella\">Ihr Zweitwohnsitz <strong>in Ouistreham Riva-Bella<\/strong><\/h1>\n\n\n\n<div class=\"wp-block-group alignwide is-layout-flow wp-block-group-is-layout-flow\">\n<div class=\"wp-block-columns alignwide is-layout-flex wp-container-core-columns-is-layout-28f84493 wp-block-columns-is-layout-flex\">\n<div class=\"wp-block-column is-layout-flow wp-block-column-is-layout-flow\">\n<div class=\"wp-block-media-text alignwide has-media-on-the-right is-stacked-on-mobile is-vertically-aligned-center\"><div class=\"wp-block-media-text__content\">\n<h2 class=\"wp-block-heading\" id=\"louez-votre-parcelle-a-l-annee-au-camping-les-prairies-de-la-mer-14\"><strong><strong>Ihr Mobilheim das ganze Jahr \u00fcber auf dem Campingplatz Mirabel Les Prairies de la Mer<\/strong><\/strong> in der Normandie<\/h2>\n\n\n\n<figure class=\"wp-block-image size-full\"><img loading=\"lazy\" decoding=\"async\" width=\"50\" height=\"8\" src=\"https:\/\/mirabel-prairiesdelamer.com\/wp-content\/uploads\/2024\/06\/barre-bleue.png\" alt=\"\" class=\"wp-image-14200\"\/><\/figure>\n\n\n\n<p><strong>Kaufen Sie Ihr Mobilheim<\/strong> aux Prairies de la Mer und erholen Sie sich in Ihrem gem\u00fctlichen Nest, wann immer Sie wollen. W\u00e4hrend der gesamten \u00d6ffnungszeiten des Campingplatzes, d. h. vom 15. M\u00e4rz bis zum 15. November, profitieren Sie von <strong>Ihr kleiner Kokon<\/strong>, dekoriert nach Ihrem Geschmack, wie eine <strong>zweites Familienhaus.<\/strong><\/p>\n\n\n\n<figure class=\"wp-block-image alignleft size-full is-resized\"><img loading=\"lazy\" decoding=\"async\" width=\"600\" height=\"535\" src=\"https:\/\/mirabel-prairiesdelamer.com\/wp-content\/uploads\/2024\/06\/Panneau-vectoriel-original.png\" alt=\"\" class=\"wp-image-14235\" style=\"width:80px;height:auto\" srcset=\"https:\/\/mirabel-prairiesdelamer.com\/wp-content\/uploads\/2024\/06\/Panneau-vectoriel-original.png 600w, https:\/\/mirabel-prairiesdelamer.com\/wp-content\/uploads\/2024\/06\/Panneau-vectoriel-original-300x268.png 300w\" sizes=\"auto, (max-width: 600px) 100vw, 600px\" \/><\/figure>\n\n\n\n<p class=\"has-text-align-left texte-rond has-orange-color has-text-color has-large-font-size\"><br>Werden Sie Eigent\u00fcmer Ihres Mobilheims und teilen Sie echte Gl\u00fccksmomente!<\/p>\n<\/div><figure class=\"wp-block-media-text__media\"><img loading=\"lazy\" decoding=\"async\" width=\"600\" height=\"400\" src=\"https:\/\/mirabel-prairiesdelamer.com\/wp-content\/uploads\/2024\/06\/resident-mobil-home-proprietaire.jpg\" alt=\"\" class=\"wp-image-14239 size-full\" srcset=\"https:\/\/mirabel-prairiesdelamer.com\/wp-content\/uploads\/2024\/06\/resident-mobil-home-proprietaire.jpg 600w, https:\/\/mirabel-prairiesdelamer.com\/wp-content\/uploads\/2024\/06\/resident-mobil-home-proprietaire-300x200.jpg 300w\" sizes=\"auto, (max-width: 600px) 100vw, 600px\" \/><\/figure><\/div>\n<\/div>\n<\/div>\n\n\n\n<div class=\"wp-block-media-text alignwide is-stacked-on-mobile\"><figure class=\"wp-block-media-text__media\"><img loading=\"lazy\" decoding=\"async\" width=\"1024\" height=\"683\" src=\"https:\/\/mirabel-prairiesdelamer.com\/wp-content\/uploads\/2024\/06\/2-famille-petanque-jeu-1024x683.jpg\" alt=\"\" class=\"wp-image-14242 size-full\" srcset=\"https:\/\/mirabel-prairiesdelamer.com\/wp-content\/uploads\/2024\/06\/2-famille-petanque-jeu-1024x683.jpg 1024w, https:\/\/mirabel-prairiesdelamer.com\/wp-content\/uploads\/2024\/06\/2-famille-petanque-jeu-300x200.jpg 300w, https:\/\/mirabel-prairiesdelamer.com\/wp-content\/uploads\/2024\/06\/2-famille-petanque-jeu-768x512.jpg 768w, https:\/\/mirabel-prairiesdelamer.com\/wp-content\/uploads\/2024\/06\/2-famille-petanque-jeu.jpg 1200w\" sizes=\"auto, (max-width: 1024px) 100vw, 1024px\" \/><\/figure><div class=\"wp-block-media-text__content\">\n<div style=\"height:5px\" aria-hidden=\"true\" class=\"wp-block-spacer\"><\/div>\n\n\n\n<div class=\"wp-block-group card card-body border border-info h-100 has-turquoise-color has-text-color is-layout-flow wp-block-group-is-layout-flow\">\n<p class=\"has-text-align-left\"><strong>M\u00f6chten Sie weniger Einschr\u00e4nkungen und mehr Dienstleistungen? <\/strong><strong>Entscheiden Sie sich f\u00fcr einen Zweitwohnsitz auf einem Campingplatz und :&nbsp;<\/strong><\/p>\n\n\n\n<p><strong><mark style=\"background-color:rgba(0, 0, 0, 0)\" class=\"has-inline-color has-orange-color\">\u2022<\/mark><\/strong> Genie\u00dfen Sie 8 Monate im Jahr einen Fu\u00df in der T\u00fcr, 500 m vom Meer entfernt.<\/p>\n\n\n\n<p> <strong><mark style=\"background-color:rgba(0, 0, 0, 0)\" class=\"has-inline-color has-orange-color\">\u2022<\/mark><\/strong> G\u00f6nnen Sie sich ein zweites Zuhause f\u00fcr ein moderates Budget<\/p>\n\n\n\n<p> <strong><mark style=\"background-color:rgba(0, 0, 0, 0)\" class=\"has-inline-color has-orange-color\">\u2022<\/mark><\/strong> Zugang zu den Bereichen und Dienstleistungen des Campingplatzes : <a href=\"https:\/\/mirabel-prairiesdelamer.com\/de\/campingplatz-normandie-wasserbereich\/\">Schwimmb\u00e4der<\/a>, Fitnessraum...<\/p>\n\n\n\n<p> <strong><mark style=\"background-color:rgba(0, 0, 0, 0)\" class=\"has-inline-color has-orange-color\">\u2022<\/mark><\/strong> Vermieten Sie Ihr Mobilheim, wenn Sie es nicht selbst nutzen, und entlasten Sie so Ihre Jahresmiete.<\/p>\n\n\n\n<p> <strong><mark style=\"background-color:rgba(0, 0, 0, 0)\" class=\"has-inline-color has-orange-color\">\u2022<\/mark><\/strong> Keine Wohn- oder Grundsteuer zu zahlen, da das Mobilheim als bewegliches Gut (und nicht als Immobilie) betrachtet wird.<\/p>\n<\/div>\n<\/div><\/div>\n\n\n\n<div style=\"height:15px\" aria-hidden=\"true\" class=\"wp-block-spacer\"><\/div>\n\n\n\n<div class=\"wp-block-media-text alignwide has-media-on-the-right is-stacked-on-mobile front-page-section grey animate\"><div class=\"wp-block-media-text__content\">\n<h2 class=\"wp-block-heading\" id=\"le-choix-du-mobil-home\">Die Wahl des zu kaufenden Mobilheims<\/h2>\n\n\n\n<figure class=\"wp-block-image size-full\"><img decoding=\"async\" src=\"https:\/\/www.mirabel-prairiesdelamer.com\/wp-content\/uploads\/2022\/01\/barre-bleue.png\" alt=\"\" class=\"wp-image-2382\"\/><\/figure>\n\n\n\n<p>Die Mobilheime <strong>passen sich Ihren W\u00fcnschen an <\/strong>um sie zu wahren kleinen Paradiesecken zu machen!<\/p>\n\n\n\n<p>Die vom Campingplatz zum Verkauf angebotenen Modelle k\u00f6nnen ausgestattet sein mit <strong>1, 2 oder 3 Zimmer<\/strong>, Sie m\u00fcssen mit einem oder zwei Badezimmern ausgestattet sein und \u00fcber ein eigenes Badezimmer verf\u00fcgen. <strong>halb\u00fcberdachte Terrasse <\/strong>oder \u00fcberdacht: Alles ist m\u00f6glich! Wir haben referenziert <strong>mehrere Hersteller<\/strong> wie RAPIDHOME, IRM, RIDEAU f\u00fcr qualitativ hochwertige Unterk\u00fcnfte!<\/p>\n\n\n\n<p>In Les Prairies de la Mer finden Sie neue und gebrauchte Mobilheime, die auf Parzellen von ca. 120m\u00b2 verkauft werden.<sup>2<\/sup> in 200m<sup>2<\/sup>. Lassen Sie sich vertrauensvoll f\u00fchren <strong>um das richtige Modell zu w\u00e4hlen, das Ihnen \u00e4hnlich sieht<\/strong>. Sie haben das Mobilheim Ihrer Tr\u00e4ume und sein Zubeh\u00f6r (Terrasse, Gartenhaus ...) gefunden? Dann k\u00fcmmern wir uns um den Rest: Bestellung, Lieferung, Verkeilung, Anschluss, Montage, ... Sie sind Eigent\u00fcmer des Mobilheims und Mieter des Stellplatzes. Der Mietvertrag wird alle zwei Jahre verl\u00e4ngert.<\/p>\n<\/div><figure class=\"wp-block-media-text__media\"><img loading=\"lazy\" decoding=\"async\" width=\"1024\" height=\"768\" src=\"https:\/\/mirabel-prairiesdelamer.com\/wp-content\/uploads\/2024\/06\/residentiel-mobil-home-neuf-1024x768.jpg\" alt=\"\" class=\"wp-image-14245 size-full\" srcset=\"https:\/\/mirabel-prairiesdelamer.com\/wp-content\/uploads\/2024\/06\/residentiel-mobil-home-neuf-1024x768.jpg 1024w, https:\/\/mirabel-prairiesdelamer.com\/wp-content\/uploads\/2024\/06\/residentiel-mobil-home-neuf-300x225.jpg 300w, https:\/\/mirabel-prairiesdelamer.com\/wp-content\/uploads\/2024\/06\/residentiel-mobil-home-neuf-768x576.jpg 768w, https:\/\/mirabel-prairiesdelamer.com\/wp-content\/uploads\/2024\/06\/residentiel-mobil-home-neuf.jpg 1200w\" sizes=\"auto, (max-width: 1024px) 100vw, 1024px\" \/><\/figure><\/div>\n\n\n\n<p class=\"has-text-align-center texte-rond has-orange-color has-text-color has-huge-font-size\">  - Kleinanzeigen -  <\/p>\n\n\n\n<div class=\"wp-block-columns is-layout-flex wp-container-core-columns-is-layout-28f84493 wp-block-columns-is-layout-flex\">\n<div class=\"wp-block-column mt-2 mb-2 ml-md-5 mr-md-5 ml-0 mr-0 is-layout-flow wp-block-column-is-layout-flow\">\n<div class=\"wp-block-group card h-100 is-layout-flow wp-block-group-is-layout-flow\">\n<figure class=\"wp-block-image size-full card-img-top\"><img loading=\"lazy\" decoding=\"async\" width=\"1024\" height=\"590\" src=\"https:\/\/mirabel-prairiesdelamer.com\/wp-content\/uploads\/2024\/06\/irm-violette1.jpg\" alt=\"\" class=\"wp-image-14248\" srcset=\"https:\/\/mirabel-prairiesdelamer.com\/wp-content\/uploads\/2024\/06\/irm-violette1.jpg 1024w, https:\/\/mirabel-prairiesdelamer.com\/wp-content\/uploads\/2024\/06\/irm-violette1-300x173.jpg 300w, https:\/\/mirabel-prairiesdelamer.com\/wp-content\/uploads\/2024\/06\/irm-violette1-768x443.jpg 768w\" sizes=\"auto, (max-width: 1024px) 100vw, 1024px\" \/><\/figure>\n\n\n\n<p class=\"has-text-align-center card-title has-orange-color has-text-color\" style=\"font-size:24px\"><strong>Neue Mobilheime<\/strong><\/p>\n\n\n\n<div class=\"wp-block-buttons is-horizontal is-content-justification-center is-layout-flex wp-container-core-buttons-is-layout-03627597 wp-block-buttons-is-layout-flex\">\n<div class=\"wp-block-button\"><a class=\"wp-block-button__link has-white-color has-orange-background-color has-text-color has-background wp-element-button\" href=\"https:\/\/mirabel-prairiesdelamer.com\/de\/verkauf-von-mobilheimen-normandie\/#neuf\" style=\"border-radius:30px\">Mehr erfahren<\/a><\/div>\n<\/div>\n\n\n\n<div style=\"height:10px\" aria-hidden=\"true\" class=\"wp-block-spacer\"><\/div>\n<\/div>\n<\/div>\n\n\n\n<div class=\"wp-block-column mt-2 mb-2 ml-5 mr-md-5 mr-0 is-layout-flow wp-block-column-is-layout-flow\">\n<div class=\"wp-block-group card h-100 is-layout-flow wp-block-group-is-layout-flow\">\n<figure class=\"wp-block-image size-full card-img-top\"><img loading=\"lazy\" decoding=\"async\" width=\"1024\" height=\"590\" src=\"https:\/\/mirabel-prairiesdelamer.com\/wp-content\/uploads\/2024\/06\/mh-occasion.jpg\" alt=\"\" class=\"wp-image-14251\" srcset=\"https:\/\/mirabel-prairiesdelamer.com\/wp-content\/uploads\/2024\/06\/mh-occasion.jpg 1024w, https:\/\/mirabel-prairiesdelamer.com\/wp-content\/uploads\/2024\/06\/mh-occasion-300x173.jpg 300w, https:\/\/mirabel-prairiesdelamer.com\/wp-content\/uploads\/2024\/06\/mh-occasion-768x443.jpg 768w\" sizes=\"auto, (max-width: 1024px) 100vw, 1024px\" \/><\/figure>\n\n\n\n<p class=\"has-text-align-center card-title has-orange-color has-text-color\" style=\"font-size:24px\"><strong>Gebrauchte Mobilheime<\/strong><\/p>\n\n\n\n<div class=\"wp-block-buttons is-horizontal is-content-justification-center is-layout-flex wp-container-core-buttons-is-layout-03627597 wp-block-buttons-is-layout-flex\">\n<div class=\"wp-block-button\"><a class=\"wp-block-button__link has-white-color has-orange-background-color has-text-color has-background wp-element-button\" href=\"https:\/\/mirabel-prairiesdelamer.com\/de\/verkauf-von-mobilheimen-normandie\/#occasion\" style=\"border-radius:50px\">Mehr erfahren<\/a><\/div>\n<\/div>\n\n\n\n<div style=\"height:10px\" aria-hidden=\"true\" class=\"wp-block-spacer\"><\/div>\n<\/div>\n<\/div>\n<\/div>\n<\/div>\n\n\n\n<div class=\"wp-block-cover alignfull is-light has-parallax h-50\"><span aria-hidden=\"true\" class=\"wp-block-cover__background has-orange-background-color has-background-dim-80 has-background-dim\"><\/span><div class=\"wp-block-cover__image-background wp-image-4976 has-parallax\" style=\"background-position:50% 50%;background-image:url(https:\/\/www.mirabel-prairiesdelamer.com\/wp-content\/uploads\/2022\/02\/fond-residence.jpg)\"><\/div><div class=\"wp-block-cover__inner-container is-layout-flow wp-block-cover-is-layout-flow\">\n<p class=\"has-text-align-center has-white-color has-text-color has-medium-font-size\"><strong>Ludivine f\u00fchrt Sie gerne \u00fcber den Campingplatz und zeigt Ihnen die verf\u00fcgbaren Parzellen.<\/strong><br><strong> Es liegt an Ihnen, den perfekten Ort f\u00fcr Ihr zuk\u00fcnftiges Mobilheim zu w\u00e4hlen!<\/strong><\/p>\n\n\n\n<div class=\"wp-block-buttons is-horizontal is-content-justification-center is-layout-flex wp-container-core-buttons-is-layout-03627597 wp-block-buttons-is-layout-flex\">\n<div class=\"wp-block-button has-custom-font-size aligncenter has-medium-font-size\"><a class=\"wp-block-button__link has-orange-color has-white-background-color has-text-color has-background wp-element-button\"><i class=\"fa fa-phone-alt\"><\/i> 02 31 97 61 61<\/a><\/div>\n<\/div>\n\n\n\n<p><\/p>\n\n\n\n<p class=\"has-text-align-center has-white-color has-text-color has-medium-font-size\"><strong>Delphine begleitet Sie bei Ihrem Vorhaben, ein neues Mobilheim zu kaufen. Vereinbaren Sie einen Termin! <\/strong><\/p>\n\n\n\n<div class=\"wp-block-buttons is-layout-flex wp-block-buttons-is-layout-flex\">\n<div class=\"wp-block-button has-custom-font-size aligncenter is-style-fill has-medium-font-size\"><a class=\"wp-block-button__link has-orange-color has-white-background-color has-text-color has-background wp-element-button\"><i class=\"fa fa-phone-alt\"> <\/i>07 88 74 48 18<\/a><\/div>\n<\/div>\n\n\n\n<div style=\"height:20px\" aria-hidden=\"true\" class=\"wp-block-spacer\"><\/div>\n\n\n\n<p class=\"has-text-align-center texte-rond has-white-color has-text-color has-huge-font-size\">Kontaktieren Sie uns schnell, um Ihr Projekt zu besprechen und Ihren Traum zu verwirklichen!<\/p>\n<\/div><\/div>\n\n\n\n<div style=\"height:60px\" aria-hidden=\"true\" class=\"wp-block-spacer\"><\/div>\n\n\n\n<div class=\"wp-block-media-text alignwide is-stacked-on-mobile is-vertically-aligned-center is-image-fill animate left\"><figure class=\"wp-block-media-text__media\" style=\"background-image:url(https:\/\/mirabel-prairiesdelamer.com\/wp-content\/uploads\/2022\/06\/plage-ouistreham-coucher-soleil-1024x683.jpg);background-position:50% 50%\"><img loading=\"lazy\" decoding=\"async\" width=\"1024\" height=\"683\" src=\"https:\/\/mirabel-prairiesdelamer.com\/wp-content\/uploads\/2022\/06\/plage-ouistreham-coucher-soleil-1024x683.jpg\" alt=\"sonnenuntergang in ouistreham\" class=\"wp-image-4973 size-full\" srcset=\"https:\/\/mirabel-prairiesdelamer.com\/wp-content\/uploads\/2022\/06\/plage-ouistreham-coucher-soleil-1024x683.jpg 1024w, https:\/\/mirabel-prairiesdelamer.com\/wp-content\/uploads\/2022\/06\/plage-ouistreham-coucher-soleil-300x200.jpg 300w, https:\/\/mirabel-prairiesdelamer.com\/wp-content\/uploads\/2022\/06\/plage-ouistreham-coucher-soleil-768x512.jpg 768w, https:\/\/mirabel-prairiesdelamer.com\/wp-content\/uploads\/2022\/06\/plage-ouistreham-coucher-soleil.jpg 1200w\" sizes=\"auto, (max-width: 1024px) 100vw, 1024px\" \/><\/figure><div class=\"wp-block-media-text__content\">\n<h2 class=\"wp-block-heading\" id=\"un-air-de-vacances-toute-l-annee-a-ouistreham-riva-bella\">Das ganze Jahr \u00fcber Urlaubsfeeling in Ouistreham Riva-Bella<\/h2>\n\n\n\n<figure class=\"wp-block-image size-full\"><img loading=\"lazy\" decoding=\"async\" width=\"50\" height=\"8\" src=\"https:\/\/mirabel-prairiesdelamer.com\/wp-content\/uploads\/2024\/06\/barre-bleue.png\" alt=\"\" class=\"wp-image-14200\"\/><\/figure>\n\n\n\n<figure class=\"wp-block-image alignleft size-full is-resized\"><img loading=\"lazy\" decoding=\"async\" width=\"320\" height=\"228\" src=\"https:\/\/mirabel-prairiesdelamer.com\/wp-content\/uploads\/2024\/06\/tong.png\" alt=\"\" class=\"wp-image-14257\" style=\"width:60px;height:auto\" srcset=\"https:\/\/mirabel-prairiesdelamer.com\/wp-content\/uploads\/2024\/06\/tong.png 320w, https:\/\/mirabel-prairiesdelamer.com\/wp-content\/uploads\/2024\/06\/tong-300x214.png 300w\" sizes=\"auto, (max-width: 320px) 100vw, 320px\" \/><\/figure>\n\n\n\n<p>Sobald Sie Lust haben, melden Sie sich in Ihrem Wohnheim auf <strong>die K\u00fcste der Normandie<\/strong> f\u00fcr ein Wochenende oder eine Woche zu zweit, <strong>unter Freunden oder mit der Familie<\/strong>. Ihre <strong>Haustiere<\/strong> (Katze und Hund au\u00dferhalb der Kategorie 1 und 2) sind auf unserem Campingplatz willkommen.<\/p>\n\n\n\n<p>Entdecken Sie die Region und ihre verschiedenen Facetten im Laufe der Jahreszeiten. Im Fr\u00fchling, <a href=\"https:\/\/mirabel-prairiesdelamer.com\/de\/die-erfahrungen\/sport-und-natur\/\">schwingen Sie sich auf Ihr Fahrrad<\/a> um die zahlreichen Radwege entlang der K\u00fcste zu befahren. Im Sommer k\u00f6nnen Sie die von der Stadt oder dem Campingplatz angebotenen Animationen nutzen. Im Herbst k\u00f6nnen Sie sich an der frischen Luft am Strand von <a href=\"https:\/\/mirabel-prairiesdelamer.com\/de\/camping-ouistreham\/\">Ouistreham Riva-Bella<\/a> und w\u00e4rmen Sie sich dann bei einer Tasse Tee auf, w\u00e4hrend Sie es sich in Ihrem Mobilheim gem\u00fctlich machen.<\/p>\n\n\n\n<p>Und wenn Sie weg sind, k\u00f6nnen Sie dem Campingplatz anvertrauen <strong>die Mietverwaltung<\/strong> Ihres Zweitwohnsitzes zu nutzen und so die Kosten f\u00fcr Ihre Jahresmiete zu senken. Besuchen Sie die Rezeption von Les Prairies de la Mer, wenn Sie weitere Informationen \u00fcber die Bedingungen f\u00fcr die Vermietung Ihres Mobilheims w\u00fcnschen.<\/p>\n\n\n\n<p><\/p>\n\n\n\n<p><\/p>\n<\/div><\/div>\n\n\n\n<figure class=\"wp-block-image aligncenter size-large is-resized mt-5\"><img loading=\"lazy\" decoding=\"async\" width=\"1024\" height=\"84\" src=\"https:\/\/mirabel-prairiesdelamer.com\/wp-content\/uploads\/2022\/01\/photo-1024x84.png\" alt=\"Fotogalerie\" class=\"wp-image-2680\" srcset=\"https:\/\/mirabel-prairiesdelamer.com\/wp-content\/uploads\/2022\/01\/photo-1024x84.png 1024w, https:\/\/mirabel-prairiesdelamer.com\/wp-content\/uploads\/2022\/01\/photo-300x25.png 300w, https:\/\/mirabel-prairiesdelamer.com\/wp-content\/uploads\/2022\/01\/photo-768x63.png 768w, https:\/\/mirabel-prairiesdelamer.com\/wp-content\/uploads\/2022\/01\/photo-1536x126.png 1536w, https:\/\/mirabel-prairiesdelamer.com\/wp-content\/uploads\/2022\/01\/photo-2048x169.png 2048w\" sizes=\"auto, (max-width: 1024px) 100vw, 1024px\" \/><\/figure>\n\n\n\t\t\t<div id=\"sevgallery-448210475\" class=\"sev-diaporama sev-diaporama-portfolio\">\r\n\t\t\t\t<div class=\"row\">\r\n\r\n\t\t\t\t\t\r\n\t\t\t\t\t\t\r\n\t\t\t\t\t\t<div class=\"sev-diaporama-portfolio-item   btnseeall btnseeall-xl col-12 col-md\">\r\n\t\t\t\t\t\t\t<a href=\"https:\/\/mirabel-prairiesdelamer.com\/wp-content\/uploads\/2023\/02\/devenir-proprietaire-mobil-home-achat.jpg\" data-lightbox=\"sevgallery-448210475\" style=\"background-image: url(https:\/\/mirabel-prairiesdelamer.com\/wp-content\/uploads\/2023\/02\/devenir-proprietaire-mobil-home-achat.jpg)\">\r\n\t\t\t\t\t\t\t\t<img decoding=\"async\" src=\"https:\/\/mirabel-prairiesdelamer.com\/wp-content\/uploads\/2023\/02\/devenir-proprietaire-mobil-home-achat.jpg\" alt=\"proriet\u00e4re Mobilheime Urlaub Kauf\" loading=\"lazy\">\r\n\t\t\t\t\t\t\t\t\t\t\t\t\t\t\t<\/a>\r\n\t\t\t\t\t\t<\/div>\r\n\r\n\t\t\t\t\t\t\r\n\t\t\t\t\t\t\t\t\t\t\t\t\t\t\t\t\t\r\n\t\t\t\t\t\t\r\n\t\t\t\t\t\t<div class=\"sev-diaporama-portfolio-item   btnseeall btnseeall-xl col-12 col-md  col-grow\">\r\n\t\t\t\t\t\t\t<a href=\"https:\/\/mirabel-prairiesdelamer.com\/wp-content\/uploads\/2022\/02\/pancarte-plage-cabanon-1024x683.jpg\" data-lightbox=\"sevgallery-448210475\" style=\"background-image: url(https:\/\/mirabel-prairiesdelamer.com\/wp-content\/uploads\/2022\/02\/pancarte-plage-cabanon-1024x683.jpg)\">\r\n\t\t\t\t\t\t\t\t<img decoding=\"async\" src=\"https:\/\/mirabel-prairiesdelamer.com\/wp-content\/uploads\/2022\/02\/pancarte-plage-cabanon-1024x683.jpg\" alt=\"strandh\u00fctte riva-bella\" loading=\"lazy\">\r\n\t\t\t\t\t\t\t\t\t\t\t\t\t\t\t<\/a>\r\n\t\t\t\t\t\t<\/div>\r\n\r\n\t\t\t\t\t\t\r\n\t\t\t\t\t\t\t\t\t\t\t\t\t\t\t\t\t\r\n\t\t\t\t\t\t\r\n\t\t\t\t\t\t<div class=\"sev-diaporama-portfolio-item   btnseeall btnseeall-xl col-12 col-md\">\r\n\t\t\t\t\t\t\t<a href=\"https:\/\/mirabel-prairiesdelamer.com\/wp-content\/uploads\/2022\/02\/enfant-lecture-chambre_1-683x1024.jpg\" data-lightbox=\"sevgallery-448210475\" style=\"background-image: url(https:\/\/mirabel-prairiesdelamer.com\/wp-content\/uploads\/2022\/02\/enfant-lecture-chambre_1-683x1024.jpg)\">\r\n\t\t\t\t\t\t\t\t<img decoding=\"async\" src=\"https:\/\/mirabel-prairiesdelamer.com\/wp-content\/uploads\/2022\/02\/enfant-lecture-chambre_1-683x1024.jpg\" alt=\"Kinderzimmer mobilhome\" loading=\"lazy\">\r\n\t\t\t\t\t\t\t\t\t\t\t\t\t\t\t<\/a>\r\n\t\t\t\t\t\t<\/div>\r\n\r\n\t\t\t\t\t\t\r\n\t\t\t\t\t\t\t\t\t\t\t\t\t\t\t\t\t\r\n\t\t\t\t\t\t\r\n\t\t\t\t\t\t<div class=\"sev-diaporama-portfolio-item   btnseeall btnseeall-xl col-12 col-md  col-grow\">\r\n\t\t\t\t\t\t\t<a href=\"https:\/\/mirabel-prairiesdelamer.com\/wp-content\/uploads\/2023\/02\/galerie-devenir-proprietaire.jpg\" data-lightbox=\"sevgallery-448210475\" style=\"background-image: url(https:\/\/mirabel-prairiesdelamer.com\/wp-content\/uploads\/2023\/02\/galerie-devenir-proprietaire.jpg)\">\r\n\t\t\t\t\t\t\t\t<img decoding=\"async\" src=\"https:\/\/mirabel-prairiesdelamer.com\/wp-content\/uploads\/2023\/02\/galerie-devenir-proprietaire.jpg\" alt=\"kauf mobilheim zweitwohnsitz\" loading=\"lazy\">\r\n\t\t\t\t\t\t\t\t\t\t\t\t\t\t\t<\/a>\r\n\t\t\t\t\t\t<\/div>\r\n\r\n\t\t\t\t\t\t\t\t\t\t\t\t\t<div class=\"w-100\"><\/div>\r\n\t\t\t\t\t\t\t\t\t\t\t\t\t\r\n\t\t\t\t\t\t\t\t\t\t\t\t\t\t\t\t\t\r\n\t\t\t\t\t\t\r\n\t\t\t\t\t\t<div class=\"sev-diaporama-portfolio-item   btnseeall btnseeall-xl col-12 col-md  col-shrink\">\r\n\t\t\t\t\t\t\t<a href=\"https:\/\/mirabel-prairiesdelamer.com\/wp-content\/uploads\/2022\/02\/famille-complicite-proprietaire_1-1024x683.jpg\" data-lightbox=\"sevgallery-448210475\" style=\"background-image: url(https:\/\/mirabel-prairiesdelamer.com\/wp-content\/uploads\/2022\/02\/famille-complicite-proprietaire_1-1024x683.jpg)\">\r\n\t\t\t\t\t\t\t\t<img decoding=\"async\" src=\"https:\/\/mirabel-prairiesdelamer.com\/wp-content\/uploads\/2022\/02\/famille-complicite-proprietaire_1-1024x683.jpg\" alt=\"Mobilheimbesitzer\" loading=\"lazy\">\r\n\t\t\t\t\t\t\t\t\t\t\t\t\t\t\t<\/a>\r\n\t\t\t\t\t\t<\/div>\r\n\r\n\t\t\t\t\t\t\r\n\t\t\t\t\t\t\t\t\t\t\t\t\t\t\t\t\t\r\n\t\t\t\t\t\t\r\n\t\t\t\t\t\t<div class=\"sev-diaporama-portfolio-item   btnseeall btnseeall-xl col-12 col-md\">\r\n\t\t\t\t\t\t\t<a href=\"https:\/\/mirabel-prairiesdelamer.com\/wp-content\/uploads\/2022\/02\/jardinage_proprietaire-mobilhome-683x1024.jpg\" data-lightbox=\"sevgallery-448210475\" style=\"background-image: url(https:\/\/mirabel-prairiesdelamer.com\/wp-content\/uploads\/2022\/02\/jardinage_proprietaire-mobilhome-683x1024.jpg)\">\r\n\t\t\t\t\t\t\t\t<img decoding=\"async\" src=\"https:\/\/mirabel-prairiesdelamer.com\/wp-content\/uploads\/2022\/02\/jardinage_proprietaire-mobilhome-683x1024.jpg\" alt=\"Gartenarbeit eines Mobilheimbesitzers\" loading=\"lazy\">\r\n\t\t\t\t\t\t\t\t\t\t\t\t\t\t\t<\/a>\r\n\t\t\t\t\t\t<\/div>\r\n\r\n\t\t\t\t\t\t\r\n\t\t\t\t\t\t\t\t\t\t\t\t\t\t\t\t\t\r\n\t\t\t\t\t\t\r\n\t\t\t\t\t\t<div class=\"sev-diaporama-portfolio-item  limitsm btnseeall btnseeall-xl col-12 col-md  last-visible\">\r\n\t\t\t\t\t\t\t<a href=\"https:\/\/mirabel-prairiesdelamer.com\/wp-content\/uploads\/2022\/02\/couple-famille-mobilhome_1-683x1024.jpg\" data-lightbox=\"sevgallery-448210475\" style=\"background-image: url(https:\/\/mirabel-prairiesdelamer.com\/wp-content\/uploads\/2022\/02\/couple-famille-mobilhome_1-683x1024.jpg)\">\r\n\t\t\t\t\t\t\t\t<img decoding=\"async\" src=\"https:\/\/mirabel-prairiesdelamer.com\/wp-content\/uploads\/2022\/02\/couple-famille-mobilhome_1-683x1024.jpg\" alt=\"Paar in Familie\" loading=\"lazy\">\r\n\t\t\t\t\t\t\t\t\t\t\t\t\t\t\t\t\t<img decoding=\"async\" src=\"https:\/\/mirabel-prairiesdelamer.com\/wp-content\/themes\/mirabel-site\/assets\/img\/voir-photos.png\" alt=\"\" \/>\r\n\t\t\t\t\t\t\t\t\t<span>Alle Fotos anzeigen<\/span>\r\n\t\t\t\t\t\t\t\t\t\t\t\t\t\t\t<\/a>\r\n\t\t\t\t\t\t<\/div>\r\n\r\n\t\t\t\t\t\t\r\n\t\t\t\t\t\t\t\t\t\t\t\t\t\t\t\t\t\t\t\t\t<\/div>\r\n\t\t\t<\/div>\r\n\r\n\t\t\t<script>\r\n\t\t\tjQuery(function($) {\r\n\r\n\t\t\t\tvar marginPortfolio = function() {\r\n\r\n\t\t\t\t\tvar $diapo          = $('#sevgallery-448210475');\r\n\t\t\t\t\tvar container_width = $diapo.parent().outerWidth();\r\n\t\t\t\t\tvar side            = ( $(window).innerWidth() - container_width ) \/ 2;\r\n\r\n\t\t\t\t\t$diapo.css( {\r\n\t\t\t\t\t\t'margin-left': '-' + side + 'px',\r\n\t\t\t\t\t\t'margin-right': '-' + side + 'px',\r\n\t\t\t\t\t} );\r\n\t\t\t\t};\r\n\r\n\t\t\t\t$( window ).resize( function() {\r\n\t\t\t\t\tmarginPortfolio();\r\n\t\t\t\t} );\r\n\t\t\t\tmarginPortfolio();\r\n\t\t\t});\r\n\t\t\t<\/script>","protected":false},"excerpt":{"rendered":"<p>Votre r\u00e9sidence secondaire \u00e0 Ouistreham Riva-Bella Votre mobil-home \u00e0 l&rsquo;ann\u00e9e au Camping Mirabel Les Prairies de la Mer en Normandie [&hellip;]<\/p>\n","protected":false},"author":1,"featured_media":0,"parent":0,"menu_order":0,"comment_status":"closed","ping_status":"closed","template":"","meta":{"_seopress_robots_primary_cat":"","_seopress_titles_title":"Achat r\u00e9sidence secondaire \u00e0 Ouistreham Riva-Bella - Calvados","_seopress_titles_desc":"Achetez votre mobil-home \u00e0 Ouistreham et venez vous ressourcer dans votre nid douillet quand vous le souhaitez, sur la p\u00e9riode d\u2019ouverture du camping","_seopress_robots_index":"","footnotes":""},"class_list":["post-63","page","type-page","status-publish","hentry"],"_links":{"self":[{"href":"https:\/\/mirabel-prairiesdelamer.com\/de\/wp-json\/wp\/v2\/pages\/63","targetHints":{"allow":["GET"]}}],"collection":[{"href":"https:\/\/mirabel-prairiesdelamer.com\/de\/wp-json\/wp\/v2\/pages"}],"about":[{"href":"https:\/\/mirabel-prairiesdelamer.com\/de\/wp-json\/wp\/v2\/types\/page"}],"author":[{"embeddable":true,"href":"https:\/\/mirabel-prairiesdelamer.com\/de\/wp-json\/wp\/v2\/users\/1"}],"replies":[{"embeddable":true,"href":"https:\/\/mirabel-prairiesdelamer.com\/de\/wp-json\/wp\/v2\/comments?post=63"}],"version-history":[{"count":36,"href":"https:\/\/mirabel-prairiesdelamer.com\/de\/wp-json\/wp\/v2\/pages\/63\/revisions"}],"predecessor-version":[{"id":14721,"href":"https:\/\/mirabel-prairiesdelamer.com\/de\/wp-json\/wp\/v2\/pages\/63\/revisions\/14721"}],"wp:attachment":[{"href":"https:\/\/mirabel-prairiesdelamer.com\/de\/wp-json\/wp\/v2\/media?parent=63"}],"curies":[{"name":"wp","href":"https:\/\/api.w.org\/{rel}","templated":true}]}}