{"id":56,"date":"2021-12-10T14:21:02","date_gmt":"2021-12-10T13:21:02","guid":{"rendered":"https:\/\/www.campinglarenaudiere.com\/?page_id=56"},"modified":"2025-02-10T14:01:18","modified_gmt":"2025-02-10T13:01:18","slug":"vermietung-mobilheime-normandie","status":"publish","type":"page","link":"https:\/\/mirabel-prairiesdelamer.com\/de\/location-mobil-homes-normandie\/","title":{"rendered":"Vermietungen"},"content":{"rendered":"<h1 class=\"wp-block-heading\" id=\"location-de-vacances-a-ouistreham\"><strong>Vermietung von Mobilheimen auf einem Campingplatz in Ouistreham<\/strong><\/h1>\n\n\n\n<div class=\"wp-block-columns is-layout-flex wp-container-core-columns-is-layout-28f84493 wp-block-columns-is-layout-flex\">\n<div class=\"wp-block-column is-layout-flow wp-block-column-is-layout-flow\">\n<p class=\"has-text-align-center\">F\u00fcr Ihren Aufenthalt in&nbsp;<a href=\"https:\/\/mirabel-prairiesdelamer.com\/de\/\"><strong>4-Sterne-Campingplatz in der Normandie<\/strong><\/a>, Wir bieten Ihnen eine breite Palette an<strong> von Mobilheimen<\/strong>. <br>Mietunterk\u00fcnfte f\u00fcr 2 bis 6 Personen, voll ausgestattet, ger\u00e4umig und komfortabel.<\/p>\n\n\n\n<figure class=\"wp-block-image aligncenter size-full\"><img decoding=\"async\" src=\"https:\/\/www.mirabel-prairiesdelamer.com\/wp-content\/uploads\/2022\/01\/barre-bleue.png\" alt=\"\" class=\"wp-image-2382\"\/><\/figure>\n\n\n\n<div class=\"wp-block-media-text alignwide has-media-on-the-right is-stacked-on-mobile\"><div class=\"wp-block-media-text__content\">\n<h2 class=\"wp-block-heading\" id=\"les-mobil-homes-du-camping-les-prairies-de-la-mer\">Die Mobilheime auf dem Campingplatz Mirabel Les Prairies de la Mer<\/h2>\n\n\n\n<figure class=\"wp-block-image size-full\"><img decoding=\"async\" src=\"https:\/\/www.mirabel-prairiesdelamer.com\/wp-content\/uploads\/2022\/01\/barre-bleue.png\" alt=\"\" class=\"wp-image-2382\"\/><\/figure>\n\n\n\n<p>Sie haben Lust, ein paar Tage oder sogar einige <strong>Ferienwochen <\/strong>\u00fcber die <strong>Str\u00e4nde im Calvados<\/strong>&nbsp;?<br>Stellen Sie Ihre Koffer in einem von <strong>unsere Mobilheime<\/strong> komplett ausgestattet: Einbauk\u00fcche, Fernseher, K\u00fchlschrank mit Gefrierteil, Heizung f\u00fcr k\u00fchlere Tage. <br>Im Urlaub liebt man es, drau\u00dfen zu leben, wenn die Sonne scheint. Deshalb stellen wir Ihnen einen <strong>Gartenm\u00f6bel<\/strong> und Liegest\u00fchle zur Verf\u00fcgung. Machen Sie es sich auf Ihrem <strong>Privatterrasse<\/strong> und genie\u00dfen Sie eine wohlverdiente Ruhepause!<\/p>\n\n\n\n<p>Selbstverst\u00e4ndlich haben Sie kostenlosen Zugang zu allen Einrichtungen des Campingplatzes: dem Schwimmbad, <a href=\"https:\/\/mirabel-prairiesdelamer.com\/de\/camping-calvados-sportliche-aktivitaten\/\" target=\"_blank\" rel=\"noreferrer noopener\">die Sporthalle<\/a>, ..., die Sauna, ... <\/p>\n\n\n\n<p><em>nicht vertragliche Fotos<\/em>s<\/p>\n<\/div><figure class=\"wp-block-media-text__media\"><img loading=\"lazy\" decoding=\"async\" width=\"700\" height=\"467\" src=\"https:\/\/mirabel-prairiesdelamer.com\/wp-content\/uploads\/2023\/02\/mobil-home-location-vacances.jpg\" alt=\"vermietung von ferien mobilheim voll ausgestattet\" class=\"wp-image-10804 size-full\" srcset=\"https:\/\/mirabel-prairiesdelamer.com\/wp-content\/uploads\/2023\/02\/mobil-home-location-vacances.jpg 700w, https:\/\/mirabel-prairiesdelamer.com\/wp-content\/uploads\/2023\/02\/mobil-home-location-vacances-300x200.jpg 300w\" sizes=\"auto, (max-width: 700px) 100vw, 700px\" \/><\/figure><\/div>\n\n\n<div class=\"multiple-hebergements\">\n\n\n<article class=\"multiple-item clearfix\">\n\n<a href=\"https:\/\/mirabel-prairiesdelamer.com\/de\/hebergement\/location-mobil-home-1-ch\/\">\n\n\t<div class=\"d-flex flex-column\">\n\n\t\t\n\n\t\t<div class=\"multiple-item-photo\">\n\n\t\t\t<img decoding=\"async\" src=\"https:\/\/mirabel-prairiesdelamer.com\/wp-content\/uploads\/2022\/02\/mobil-home-1chambre-1024x768.jpg\" alt=\"Mobilheim 1 Zimmer\">\n\n\t\t<\/div>\n\n\n\n\t\t<div class=\"multiple-item-titre\">\n\n\t\t\tMobilheim 1 Zimmer \n\n\n\n\t\t\t\n\t\t\t\t\n\t\t\t\n\t\t<\/div>\n\n\t\t\n\n\t\t<div class=\"multiple-item-desc\">\n\n\t\t\t\n\t\t\t\t\n\t\t\t\t<div class=\"multiple-item-nbchambres multiple-item-champ\">\n\n\t\t\t\t\t<span class=\"val\">1<\/span>&nbsp;\n\n\t\t\t\t\t<span class=\"lbl\">ch<\/span>\n\n\t\t\t\t<\/div>\n\n\t\t\t\n\n\n\t\t\t\n\t\t\t\t\n\t\t\t\t<div class=\"multiple-item-nbpersonnes multiple-item-champ\">\n\n\t\t\t\t\t<span class=\"val\">2\/3<\/span>&nbsp;\n\n\t\t\t\t\t<span class=\"lbl\"><i class=\"fas fa-male\"><\/i><\/span>\n\n\t\t\t\t<\/div>\n\n\t\t\t\n\n\n\t\t\t\n\n\t\t\t\n\n\n\n\t\t\t\n\n\n\t\t\t\n\n\n\n\n\t\t\t\n\n\n\n\n\t\t\t\n\t\t<\/div>\n\n\n\n\n\n\t\t<button class=\"plus\">\n\n\t\t\tMehr dazu +\n\t\t<\/button>\n\n\n\n\t<\/div>\n\n<\/a>\n\n<\/article>\n\n\n\n\n\n<article class=\"multiple-item clearfix\">\n\n<a href=\"https:\/\/mirabel-prairiesdelamer.com\/de\/hebergement\/location-mobil-home-2-ch-moins30m-4-5p\/\">\n\n\t<div class=\"d-flex flex-column\">\n\n\t\t\n\n\t\t<div class=\"multiple-item-photo\">\n\n\t\t\t<img decoding=\"async\" src=\"https:\/\/mirabel-prairiesdelamer.com\/wp-content\/uploads\/2022\/02\/mobil-home-2chambres-1024x768.jpg\" alt=\"Mobilheim 2 Zimmer\">\n\n\t\t<\/div>\n\n\n\n\t\t<div class=\"multiple-item-titre\">\n\n\t\t\tMobilheim 2 Zimmer \n\n\n\n\t\t\t\n\t\t\t\t\n\t\t\t\n\t\t<\/div>\n\n\t\t\n\n\t\t<div class=\"multiple-item-desc\">\n\n\t\t\t\n\t\t\t\t\n\t\t\t\t<div class=\"multiple-item-nbchambres multiple-item-champ\">\n\n\t\t\t\t\t<span class=\"val\">2<\/span>&nbsp;\n\n\t\t\t\t\t<span class=\"lbl\">ch<\/span>\n\n\t\t\t\t<\/div>\n\n\t\t\t\n\n\n\t\t\t\n\t\t\t\t\n\t\t\t\t<div class=\"multiple-item-nbpersonnes multiple-item-champ\">\n\n\t\t\t\t\t<span class=\"val\">4\/5<\/span>&nbsp;\n\n\t\t\t\t\t<span class=\"lbl\"><i class=\"fas fa-male\"><\/i><\/span>\n\n\t\t\t\t<\/div>\n\n\t\t\t\n\n\n\t\t\t\n\n\t\t\t\n\n\n\n\t\t\t\n\n\n\t\t\t\n\n\n\n\n\t\t\t\n\n\n\n\n\t\t\t\n\t\t<\/div>\n\n\n\n\n\n\t\t<button class=\"plus\">\n\n\t\t\tMehr dazu +\n\t\t<\/button>\n\n\n\n\t<\/div>\n\n<\/a>\n\n<\/article>\n\n\n\n\n\n<article class=\"multiple-item clearfix\">\n\n<a href=\"https:\/\/mirabel-prairiesdelamer.com\/de\/hebergement\/location-mobil-home-2-ch-pmr-4-6p\/\">\n\n\t<div class=\"d-flex flex-column\">\n\n\t\t\n\n\t\t<div class=\"multiple-item-photo\">\n\n\t\t\t<img decoding=\"async\" src=\"https:\/\/mirabel-prairiesdelamer.com\/wp-content\/uploads\/2022\/02\/mobil-home-PMR.jpg\" alt=\"Mobilheim 2 Zimmer Raum XXL\">\n\n\t\t<\/div>\n\n\n\n\t\t<div class=\"multiple-item-titre\">\n\n\t\t\tMobilheim 2 Zimmer Raum XXL \n\n\n\n\t\t\t\n\t\t\t\t\n\t\t\t\n\t\t<\/div>\n\n\t\t\n\n\t\t<div class=\"multiple-item-desc\">\n\n\t\t\t\n\t\t\t\t\n\t\t\t\t<div class=\"multiple-item-nbchambres multiple-item-champ\">\n\n\t\t\t\t\t<span class=\"val\">2<\/span>&nbsp;\n\n\t\t\t\t\t<span class=\"lbl\">ch<\/span>\n\n\t\t\t\t<\/div>\n\n\t\t\t\n\n\n\t\t\t\n\t\t\t\t\n\t\t\t\t<div class=\"multiple-item-nbpersonnes multiple-item-champ\">\n\n\t\t\t\t\t<span class=\"val\">4<\/span>&nbsp;\n\n\t\t\t\t\t<span class=\"lbl\"><i class=\"fas fa-male\"><\/i><\/span>\n\n\t\t\t\t<\/div>\n\n\t\t\t\n\n\n\t\t\t\n\n\t\t\t\n\n\n\n\t\t\t\n\n\n\t\t\t\n\n\n\n\n\t\t\t\n\n\n\n\n\t\t\t\n\t\t\t\t<div class=\"multiple-item-champ multiple-item-pmr\"><i class=\"fa fa-wheelchair\" aria-hidden=\"true\"><\/i><\/div>\n\n\t\t\t\n\t\t<\/div>\n\n\n\n\n\n\t\t<button class=\"plus\">\n\n\t\t\tMehr dazu +\n\t\t<\/button>\n\n\n\n\t<\/div>\n\n<\/a>\n\n<\/article>\n\n\n\n\n\n<article class=\"multiple-item clearfix\">\n\n<a href=\"https:\/\/mirabel-prairiesdelamer.com\/de\/hebergement\/location-mobil-home-3-ch-4-6p\/\">\n\n\t<div class=\"d-flex flex-column\">\n\n\t\t\n\n\t\t<div class=\"multiple-item-photo\">\n\n\t\t\t<img decoding=\"async\" src=\"https:\/\/mirabel-prairiesdelamer.com\/wp-content\/uploads\/2022\/02\/mobil-home-3chambres-1024x683.jpg\" alt=\"Mobilheim 3 Zimmer\">\n\n\t\t<\/div>\n\n\n\n\t\t<div class=\"multiple-item-titre\">\n\n\t\t\tMobilheim 3 Zimmer \n\n\n\n\t\t\t\n\t\t\t\t\n\t\t\t\n\t\t<\/div>\n\n\t\t\n\n\t\t<div class=\"multiple-item-desc\">\n\n\t\t\t\n\t\t\t\t\n\t\t\t\t<div class=\"multiple-item-nbchambres multiple-item-champ\">\n\n\t\t\t\t\t<span class=\"val\">3<\/span>&nbsp;\n\n\t\t\t\t\t<span class=\"lbl\">ch<\/span>\n\n\t\t\t\t<\/div>\n\n\t\t\t\n\n\n\t\t\t\n\t\t\t\t\n\t\t\t\t<div class=\"multiple-item-nbpersonnes multiple-item-champ\">\n\n\t\t\t\t\t<span class=\"val\">4\/6<\/span>&nbsp;\n\n\t\t\t\t\t<span class=\"lbl\"><i class=\"fas fa-male\"><\/i><\/span>\n\n\t\t\t\t<\/div>\n\n\t\t\t\n\n\n\t\t\t\n\n\t\t\t\n\n\n\n\t\t\t\n\n\n\t\t\t\n\n\n\n\n\t\t\t\n\n\n\n\n\t\t\t\n\t\t<\/div>\n\n\n\n\n\n\t\t<button class=\"plus\">\n\n\t\t\tMehr dazu +\n\t\t<\/button>\n\n\n\n\t<\/div>\n\n<\/a>\n\n<\/article>\n\n\n\n\n\n<article class=\"multiple-item clearfix\">\n\n<a href=\"https:\/\/mirabel-prairiesdelamer.com\/de\/hebergement\/mobil-home-3-chambres-plus\/\">\n\n\t<div class=\"d-flex flex-column\">\n\n\t\t\n\n\t\t<div class=\"multiple-item-photo\">\n\n\t\t\t<img decoding=\"async\" src=\"https:\/\/mirabel-prairiesdelamer.com\/wp-content\/uploads\/2025\/02\/lo83-chambre-location.jpg\" alt=\"Mobilheim 3 Zimmer plus\">\n\n\t\t<\/div>\n\n\n\n\t\t<div class=\"multiple-item-titre\">\n\n\t\t\tMobilheim 3 Zimmer plus \n\n\n\n\t\t\t\n\t\t\t\t\n\t\t\t\n\t\t<\/div>\n\n\t\t\n\n\t\t<div class=\"multiple-item-desc\">\n\n\t\t\t\n\t\t\t\t\n\t\t\t\t<div class=\"multiple-item-nbchambres multiple-item-champ\">\n\n\t\t\t\t\t<span class=\"val\">3<\/span>&nbsp;\n\n\t\t\t\t\t<span class=\"lbl\">ch<\/span>\n\n\t\t\t\t<\/div>\n\n\t\t\t\n\n\n\t\t\t\n\t\t\t\t\n\t\t\t\t<div class=\"multiple-item-nbpersonnes multiple-item-champ\">\n\n\t\t\t\t\t<span class=\"val\">4\/6<\/span>&nbsp;\n\n\t\t\t\t\t<span class=\"lbl\"><i class=\"fas fa-male\"><\/i><\/span>\n\n\t\t\t\t<\/div>\n\n\t\t\t\n\n\n\t\t\t\n\n\t\t\t\t\t\t\t<div class=\"multiple-item-nbsdb multiple-item-champ\">\n\n\t\t\t\t\t<span class=\"val\">+<\/span>\n\n\t\t\t\t\t<span style=\"margin-top: -3px;\"><img decoding=\"async\" src=\"https:\/\/mirabel-prairiesdelamer.com\/wp-content\/uploads\/2025\/02\/lave-vaisselle-mini.png\" alt=\"Geschirrsp\u00fcler\" title=\"Geschirrsp\u00fcler\" \/><\/span>\n\n\t\t\t\t<\/div>\n\t\t\t\n\n\n\n\t\t\t\n\n\n\t\t\t\n\n\n\n\n\t\t\t\n\n\n\n\n\t\t\t\n\t\t<\/div>\n\n\n\n\n\n\t\t<button class=\"plus\">\n\n\t\t\tMehr dazu +\n\t\t<\/button>\n\n\n\n\t<\/div>\n\n<\/a>\n\n<\/article>\n\n\n<\/div>\n<\/div>\n<\/div>\n\n\n\n<div class=\"wp-block-columns is-layout-flex wp-container-core-columns-is-layout-28f84493 wp-block-columns-is-layout-flex\">\n<div class=\"wp-block-column has-white-color has-text-color is-layout-flow wp-block-column-is-layout-flow\" id=\"options\">\n<div class=\"wp-block-group card h-100 pl-4 pr-4 pt-4 rounded-lg border border-info is-layout-flow wp-block-group-is-layout-flow\">\n<p class=\"has-text-align-left has-turquoise-color has-text-color has-medium-font-size\"><img loading=\"lazy\" decoding=\"async\" width=\"50\" height=\"51\" class=\"wp-image-1933\" style=\"width: 50px;\" src=\"https:\/\/www.mirabel-prairiesdelamer.com\/wp-content\/uploads\/2021\/12\/etoile.png\" alt=\"Stern\" srcset=\"https:\/\/mirabel-prairiesdelamer.com\/wp-content\/uploads\/2021\/12\/etoile.png 320w, https:\/\/mirabel-prairiesdelamer.com\/wp-content\/uploads\/2021\/12\/etoile-292x300.png 292w, https:\/\/mirabel-prairiesdelamer.com\/wp-content\/uploads\/2021\/12\/etoile-150x150.png 150w\" sizes=\"auto, (max-width: 50px) 100vw, 50px\" \/>   &nbsp;      <strong>OPTIONAL<\/strong><\/p>\n\n\n\n<figure id=\"table-tarifs\" class=\"wp-block-table text-left is-style-regular table-tarifs\"><table class=\"has-turquoise-color has-text-color\"><tbody><tr><td><strong><mark style=\"background-color:rgba(0, 0, 0, 0)\" class=\"has-inline-color has-orange-color\">\u2022<\/mark> <\/strong><strong>Vermietung von Bettw\u00e4sche<\/strong><\/td><td class=\"has-text-align-left\" data-align=\"left\"><strong>12\u20ac\/15\u20ac<\/strong><\/td><\/tr><tr><td><strong> <mark style=\"background-color:rgba(0, 0, 0, 0)\" class=\"has-inline-color has-orange-color\">\u2022<\/mark> <\/strong><strong>Verleih von Babyausstattungen<br><\/strong><em>(Kinderbett und Hochstuhl) <\/em><\/td><td class=\"has-text-align-left\" data-align=\"left\"><strong>3\u20ac\/Tag <\/strong><\/td><\/tr><tr><td><strong><mark style=\"background-color:rgba(0, 0, 0, 0)\" class=\"has-inline-color has-orange-color\">\u2022<\/mark> <\/strong><strong>Plancha mieten<\/strong><\/td><td class=\"has-text-align-left\" data-align=\"left\"><strong> 5\u20ac\/Tag<\/strong><\/td><\/tr><tr><td><strong> <mark style=\"background-color:rgba(0, 0, 0, 0)\" class=\"has-inline-color has-orange-color\">\u2022<\/mark> <\/strong><strong>W\u00e4scherei <br><\/strong><em><em>(Waschmaschine 5 \u20ac, Waschmittel 1\u20ac, W\u00e4schetrockner 2,50 \u20ac)<\/em><\/em><\/td><td class=\"has-text-align-left\" data-align=\"left\"><strong> 2.5\u20ac\/5\u20ac <\/strong><\/td><\/tr><tr><td><strong> <mark style=\"background-color:rgba(0, 0, 0, 0)\" class=\"has-inline-color has-orange-color\">\u2022<\/mark> <\/strong><strong>WIFI<br><\/strong><em><em>(stundenweise oder pauschal<\/em> - 1 kostenlose Verbindung pro Miete)<\/em><\/td><td class=\"has-text-align-left\" data-align=\"left\"><strong>3\u20ac\/30\u20ac<\/strong><\/td><\/tr><tr><td><strong> <mark style=\"background-color:rgba(0, 0, 0, 0)\" class=\"has-inline-color has-orange-color\">\u2022<\/mark> <\/strong><strong>Haustiere akzeptiert  <em><br><\/em><\/strong><em>(Katze und Hunde, au\u00dfer Kat 1 und 2, <\/em><br><em>maximal 2 pro Vermietung)<\/em><\/td><td class=\"has-text-align-left\" data-align=\"left\"><strong>5\u20ac\/Nacht<\/strong><\/td><\/tr><\/tbody><\/table><\/figure>\n<\/div>\n<\/div>\n\n\n\n<div class=\"wp-block-column is-vertically-aligned-top has-orange-color has-white-color has-text-color is-layout-flow wp-block-column-is-layout-flow\">\n<div class=\"wp-block-cover aligncenter card h-100 pl-4 pr-4 pt-4 rounded-lg border border-info\"><span aria-hidden=\"true\" class=\"wp-block-cover__background has-turquoise-background-color has-background-dim-80 has-background-dim\"><\/span><img loading=\"lazy\" decoding=\"async\" width=\"1920\" height=\"1173\" class=\"wp-block-cover__image-background wp-image-4773\" alt=\"Dienstleistungen des Campingplatzes in Ouistreham\" src=\"https:\/\/www.mirabel-prairiesdelamer.com\/wp-content\/uploads\/2022\/02\/header-services-cle.jpg\" style=\"object-position:48% 48%\" data-object-fit=\"cover\" data-object-position=\"48% 48%\" srcset=\"https:\/\/mirabel-prairiesdelamer.com\/wp-content\/uploads\/2022\/02\/header-services-cle.jpg 1920w, https:\/\/mirabel-prairiesdelamer.com\/wp-content\/uploads\/2022\/02\/header-services-cle-300x183.jpg 300w, https:\/\/mirabel-prairiesdelamer.com\/wp-content\/uploads\/2022\/02\/header-services-cle-1024x626.jpg 1024w, https:\/\/mirabel-prairiesdelamer.com\/wp-content\/uploads\/2022\/02\/header-services-cle-768x469.jpg 768w, https:\/\/mirabel-prairiesdelamer.com\/wp-content\/uploads\/2022\/02\/header-services-cle-1536x938.jpg 1536w\" sizes=\"auto, (max-width: 1920px) 100vw, 1920px\" \/><div class=\"wp-block-cover__inner-container is-layout-flow wp-block-cover-is-layout-flow\">\n<p class=\"has-medium-font-size\"><img loading=\"lazy\" decoding=\"async\" width=\"70\" height=\"47\" class=\"wp-image-1977\" style=\"width: 70px;\" src=\"https:\/\/www.mirabel-prairiesdelamer.com\/wp-content\/uploads\/2021\/12\/smile-blanc.png\" alt=\"\" srcset=\"https:\/\/mirabel-prairiesdelamer.com\/wp-content\/uploads\/2021\/12\/smile-blanc.png 320w, https:\/\/mirabel-prairiesdelamer.com\/wp-content\/uploads\/2021\/12\/smile-blanc-300x201.png 300w\" sizes=\"auto, (max-width: 70px) 100vw, 70px\" \/>    &nbsp;  <strong>PRAXIS<\/strong><\/p>\n\n\n\n<div style=\"height:18px\" aria-hidden=\"true\" class=\"wp-block-spacer\"><\/div>\n\n\n\n<p class=\"wp-block-sev-picto-text\"><i class=\"fa fa-calendar-alt\"><\/i><span>Reservierung f\u00fcr mindestens 2 N\u00e4chte in der Nebensaison, im Juli und August mindestens 7 N\u00e4chte mit m\u00f6glicher An- und Abreise am Mittwoch oder Samstag.<\/span><\/p>\n\n\n\n<p class=\"wp-block-sev-picto-text\"><i class=\"fa fa-clock\"><\/i><span>&nbsp;Ankunft ab 15 Uhr und Abreise bis 10 Uhr<\/span><\/p>\n\n\n\n<p class=\"wp-block-sev-picto-text\"><i class=\"fa fa-calendar-alt\"><\/i><span>TV in allen Mobilheimen<\/span><\/p>\n\n\n\n<p class=\"wp-block-sev-picto-text\"><i class=\"fas fa-wifi\"><\/i><span>Wifi - <em>1 kostenloser Anschluss pro Vermietung<\/em> (f\u00fcr weitere Verbindungen Tickets an der Rezeption erh\u00e4ltlich)<\/span><\/p>\n\n\n\n<div style=\"height:60px\" aria-hidden=\"true\" class=\"wp-block-spacer\"><\/div>\n\n\n\n<p class=\"has-text-align-center\"><strong>\u00d6ffnungszeiten der Rezeption<\/strong><\/p>\n\n\n\n<p class=\"has-text-align-center\">9h - 12h und 14h - 18h<br><em>sonntags geschlossen<\/em><\/p>\n\n\n\n<div style=\"height:93px\" aria-hidden=\"true\" class=\"wp-block-spacer\"><\/div>\n<\/div><\/div>\n<\/div>\n<\/div>\n\n\n\n<p><\/p>\n\n\n\n<p class=\"has-text-align-center texte-rond mt-5 has-large-font-size\">Was es auf dem Campingplatz zu entdecken gibt<\/p>\n\n\n\n<div class=\"wp-block-columns are-vertically-aligned-center h-20 front-page-section grey is-layout-flex wp-container-core-columns-is-layout-28f84493 wp-block-columns-is-layout-flex\">\n<div class=\"wp-block-column is-layout-flow wp-block-column-is-layout-flow\"><\/div>\n\n\n\n<div class=\"wp-block-column is-vertically-aligned-center is-layout-flow wp-block-column-is-layout-flow\">\n<div class=\"wp-block-create-block-sevgutenberg-navigation\"><aside class=\"encart-sev-navigation small carre\"><a href=\"https:\/\/mirabel-prairiesdelamer.com\/de\/zweitwohnsitz-ouistreham\/\" class=\"d-flex flex-column align-items-center\"><div class=\"encart-title\"><span>Werden Sie Eigent\u00fcmer<\/span><\/div><div class=\"vague\"><\/div><img decoding=\"async\" src=\"https:\/\/mirabel-prairiesdelamer.com\/wp-content\/uploads\/2022\/02\/maison-secondaire-camping-residentiel.jpg\" alt=\"Zweithaus in einem Wohncampingplatz\"\/><div class=\"ligne\"><\/div><div class=\"hover\"><\/div><\/a><\/aside><\/div>\n<\/div>\n\n\n\n<div class=\"wp-block-column is-layout-flow wp-block-column-is-layout-flow\">\n<div class=\"wp-block-create-block-sevgutenberg-navigation\"><aside class=\"encart-sev-navigation small carre\"><a href=\"https:\/\/mirabel-prairiesdelamer.com\/de\/camping-calvados-services\/\" class=\"d-flex flex-column align-items-center\"><div class=\"encart-title\"><span>Unsere Dienstleistungen<\/span><\/div><div class=\"vague\"><\/div><img decoding=\"async\" src=\"https:\/\/mirabel-prairiesdelamer.com\/wp-content\/uploads\/2022\/02\/accueil-reception-carte.jpg\" alt=\"Rezeption des Campingplatzes\"\/><div class=\"ligne\"><\/div><div class=\"hover\"><\/div><\/a><\/aside><\/div>\n<\/div>\n\n\n\n<div class=\"wp-block-column is-vertically-aligned-center is-layout-flow wp-block-column-is-layout-flow\">\n<div class=\"wp-block-create-block-sevgutenberg-navigation\"><aside class=\"encart-sev-navigation small carre\"><a href=\"https:\/\/mirabel-prairiesdelamer.com\/de\/campingplatz-normandie-wasserbereich\/\" class=\"d-flex flex-column align-items-center\"><div class=\"encart-title\"><span>Wasserpark<\/span><\/div><div class=\"vague\"><\/div><img decoding=\"async\" src=\"https:\/\/mirabel-prairiesdelamer.com\/wp-content\/uploads\/2022\/02\/piscine-espace-pataugeoire.jpg\" alt=\"der Wasserbereich\"\/><div class=\"ligne\"><\/div><div class=\"hover\"><\/div><\/a><\/aside><\/div>\n<\/div>\n\n\n\n<div class=\"wp-block-column is-layout-flow wp-block-column-is-layout-flow\"><\/div>\n<\/div>","protected":false},"excerpt":{"rendered":"<p>Location de mobil-homes en camping \u00e0 Ouistreham Pour votre s\u00e9jour en&nbsp;camping 4 \u00e9toiles en Normandie, nous vous proposons toute une [&hellip;]<\/p>\n","protected":false},"author":1,"featured_media":0,"parent":0,"menu_order":0,"comment_status":"closed","ping_status":"closed","template":"","meta":{"_seopress_robots_primary_cat":"","_seopress_titles_title":"Location de vacances en camping 4 \u00e9toiles \u00e0 Ouistreham","_seopress_titles_desc":"Pour votre s\u00e9jour en\u00a0camping 4 \u00e9toiles en Normandie, nous vous proposons toute une gamme de mobil-homes. D\u00e9couvrez votre location de vacances \u00e0 Ouistreham.","_seopress_robots_index":"","footnotes":""},"class_list":["post-56","page","type-page","status-publish","hentry"],"_links":{"self":[{"href":"https:\/\/mirabel-prairiesdelamer.com\/de\/wp-json\/wp\/v2\/pages\/56","targetHints":{"allow":["GET"]}}],"collection":[{"href":"https:\/\/mirabel-prairiesdelamer.com\/de\/wp-json\/wp\/v2\/pages"}],"about":[{"href":"https:\/\/mirabel-prairiesdelamer.com\/de\/wp-json\/wp\/v2\/types\/page"}],"author":[{"embeddable":true,"href":"https:\/\/mirabel-prairiesdelamer.com\/de\/wp-json\/wp\/v2\/users\/1"}],"replies":[{"embeddable":true,"href":"https:\/\/mirabel-prairiesdelamer.com\/de\/wp-json\/wp\/v2\/comments?post=56"}],"version-history":[{"count":63,"href":"https:\/\/mirabel-prairiesdelamer.com\/de\/wp-json\/wp\/v2\/pages\/56\/revisions"}],"predecessor-version":[{"id":14808,"href":"https:\/\/mirabel-prairiesdelamer.com\/de\/wp-json\/wp\/v2\/pages\/56\/revisions\/14808"}],"wp:attachment":[{"href":"https:\/\/mirabel-prairiesdelamer.com\/de\/wp-json\/wp\/v2\/media?parent=56"}],"curies":[{"name":"wp","href":"https:\/\/api.w.org\/{rel}","templated":true}]}}