{"id":272,"date":"2021-12-14T14:59:02","date_gmt":"2021-12-14T13:59:02","guid":{"rendered":"https:\/\/www.campinglarenaudiere.com\/?page_id=272"},"modified":"2024-06-06T14:52:07","modified_gmt":"2024-06-06T12:52:07","slug":"die-erfahrungen","status":"publish","type":"page","link":"https:\/\/mirabel-prairiesdelamer.com\/de\/les-experiences\/","title":{"rendered":"Erfahrungen"},"content":{"rendered":"<h1 class=\"wp-block-heading\" id=\"les-experiences\">Erlebnisse und Urlaubsideen in Calvados<\/h1>\n\n\n\n<p>Urlaub mit der Familie oder mit Freunden auf unserem 4-Sterne-Campingplatz in Ouistreham: In der N\u00e4he k\u00f6nnen Sie zahlreiche Freizeitaktivit\u00e4ten und Entdeckungsm\u00f6glichkeiten nutzen. Hier sind einige Ideen, die wir f\u00fcr Sie ausgew\u00e4hlt haben.<\/p>\n\n\n\n<div class=\"wp-block-columns is-layout-flex wp-container-core-columns-is-layout-28f84493 wp-block-columns-is-layout-flex\">\n<div class=\"wp-block-column card is-layout-flow wp-block-column-is-layout-flow\">\n<figure class=\"wp-block-image size-full card-img-top\"><a href=\"https:\/\/mirabel-prairiesdelamer.com\/de\/die-erfahrungen\/kultur-und-kulturerbetourismus\/\"><img loading=\"lazy\" decoding=\"async\" width=\"800\" height=\"485\" src=\"https:\/\/www.mirabel-prairiesdelamer.com\/wp-content\/uploads\/2022\/02\/experience-medievale.jpg\" alt=\"mittelalterliche Erfahrung in der Normandie\" class=\"wp-image-5249\" srcset=\"https:\/\/mirabel-prairiesdelamer.com\/wp-content\/uploads\/2022\/02\/experience-medievale.jpg 800w, https:\/\/mirabel-prairiesdelamer.com\/wp-content\/uploads\/2022\/02\/experience-medievale-300x182.jpg 300w, https:\/\/mirabel-prairiesdelamer.com\/wp-content\/uploads\/2022\/02\/experience-medievale-768x466.jpg 768w\" sizes=\"auto, (max-width: 800px) 100vw, 800px\" \/><\/a><\/figure>\n\n\n\n<p class=\"has-text-align-center texte-rond card-title has-large-font-size\">Erleben Sie<br>des Mittelalters!<\/p>\n\n\n\n<figure class=\"wp-block-image aligncenter size-large pluspetit\"><a href=\"https:\/\/mirabel-prairiesdelamer.com\/de\/die-erfahrungen\/kultur-und-kulturerbetourismus\/\"><img decoding=\"async\" src=\"https:\/\/mirabel-prairiesdelamer.com\/wp-content\/uploads\/2022\/01\/plus-1.png\" alt=\"\"\/><\/a><\/figure>\n<\/div>\n\n\n\n<div class=\"wp-block-column card is-layout-flow wp-block-column-is-layout-flow\">\n<figure class=\"wp-block-image size-full card-img-top\"><a href=\"https:\/\/mirabel-prairiesdelamer.com\/de\/die-erfahrungen\/sport-und-natur\/\"><img loading=\"lazy\" decoding=\"async\" width=\"800\" height=\"485\" src=\"https:\/\/www.mirabel-prairiesdelamer.com\/wp-content\/uploads\/2022\/02\/experience-velo.jpg\" alt=\"Calvados-Erfahrung mit dem Fahrrad\" class=\"wp-image-5248\" srcset=\"https:\/\/mirabel-prairiesdelamer.com\/wp-content\/uploads\/2022\/02\/experience-velo.jpg 800w, https:\/\/mirabel-prairiesdelamer.com\/wp-content\/uploads\/2022\/02\/experience-velo-300x182.jpg 300w, https:\/\/mirabel-prairiesdelamer.com\/wp-content\/uploads\/2022\/02\/experience-velo-768x466.jpg 768w\" sizes=\"auto, (max-width: 800px) 100vw, 800px\" \/><\/a><\/figure>\n\n\n\n<p class=\"has-text-align-center texte-rond card-title has-large-font-size\">Entdecken Sie den<br>Calvados auf dem Fahrrad!<\/p>\n\n\n\n<figure class=\"wp-block-image aligncenter size-large pluspetit\"><a href=\"https:\/\/mirabel-prairiesdelamer.com\/de\/die-erfahrungen\/sport-und-natur\/\"><img decoding=\"async\" src=\"https:\/\/mirabel-prairiesdelamer.com\/wp-content\/uploads\/2022\/01\/plus-1.png\" alt=\"\"\/><\/a><\/figure>\n<\/div>\n\n\n\n<div class=\"wp-block-column card is-layout-flow wp-block-column-is-layout-flow\">\n<figure class=\"wp-block-image size-full card-img-top\"><a href=\"https:\/\/mirabel-prairiesdelamer.com\/de\/das-jakobsmuschelfest-im-calvados\/\"><img loading=\"lazy\" decoding=\"async\" width=\"800\" height=\"485\" src=\"https:\/\/www.mirabel-prairiesdelamer.com\/wp-content\/uploads\/2023\/09\/coquilles-saint-jacques-fete-de-la-coquille-2.jpg\" alt=\"fete de la coquille saint jacques dans le calvados ouistreham\" class=\"wp-image-12181\" srcset=\"https:\/\/mirabel-prairiesdelamer.com\/wp-content\/uploads\/2023\/09\/coquilles-saint-jacques-fete-de-la-coquille-2.jpg 800w, https:\/\/mirabel-prairiesdelamer.com\/wp-content\/uploads\/2023\/09\/coquilles-saint-jacques-fete-de-la-coquille-2-300x182.jpg 300w, https:\/\/mirabel-prairiesdelamer.com\/wp-content\/uploads\/2023\/09\/coquilles-saint-jacques-fete-de-la-coquille-2-768x466.jpg 768w\" sizes=\"auto, (max-width: 800px) 100vw, 800px\" \/><\/a><\/figure>\n\n\n\n<p class=\"has-text-align-center texte-rond card-title has-large-font-size\">Das Fest der Jakobsmuschel im Calvados<\/p>\n\n\n\n<figure class=\"wp-block-image aligncenter size-large pluspetit\"><a href=\"https:\/\/mirabel-prairiesdelamer.com\/de\/das-jakobsmuschelfest-im-calvados\/\"><img decoding=\"async\" src=\"https:\/\/mirabel-prairiesdelamer.com\/wp-content\/uploads\/2022\/01\/plus-1.png\" alt=\"\"\/><\/a><\/figure>\n<\/div>\n\n\n\n<div class=\"wp-block-column card is-layout-flow wp-block-column-is-layout-flow\">\n<figure class=\"wp-block-image size-full card-img-top\"><a href=\"\/de\/mit-dem-hund-in-die-normandie-in-den-urlaub-fahren\/\" target=\"_blank\" rel=\"noreferrer noopener\"><img loading=\"lazy\" decoding=\"async\" width=\"800\" height=\"485\" src=\"https:\/\/mirabel-prairiesdelamer.com\/wp-content\/uploads\/2024\/02\/encart-experience-chien-promenade-laisse-camping.jpg\" alt=\"\" class=\"wp-image-13446\" srcset=\"https:\/\/mirabel-prairiesdelamer.com\/wp-content\/uploads\/2024\/02\/encart-experience-chien-promenade-laisse-camping.jpg 800w, https:\/\/mirabel-prairiesdelamer.com\/wp-content\/uploads\/2024\/02\/encart-experience-chien-promenade-laisse-camping-300x182.jpg 300w, https:\/\/mirabel-prairiesdelamer.com\/wp-content\/uploads\/2024\/02\/encart-experience-chien-promenade-laisse-camping-768x466.jpg 768w\" sizes=\"auto, (max-width: 800px) 100vw, 800px\" \/><\/a><\/figure>\n\n\n\n<p class=\"has-text-align-center texte-rond card-title has-large-font-size\">Mit dem Hund in den Urlaub fahren<\/p>\n\n\n\n<figure class=\"wp-block-image aligncenter size-large pluspetit\"><a href=\"\/de\/mit-dem-hund-in-die-normandie-in-den-urlaub-fahren\/\" target=\"_blank\" rel=\"noreferrer noopener\"><img decoding=\"async\" src=\"https:\/\/mirabel-prairiesdelamer.com\/wp-content\/uploads\/2022\/01\/plus-1.png\" alt=\"\"\/><\/a><\/figure>\n<\/div>\n<\/div>\n\n\n\n<p><\/p>","protected":false},"excerpt":{"rendered":"<p>Des exp\u00e9riences et des id\u00e9es vacances dans le Calvados Vacances en famille ou avec vos amis dans notre camping 4 [&hellip;]<\/p>\n","protected":false},"author":1,"featured_media":0,"parent":0,"menu_order":0,"comment_status":"closed","ping_status":"closed","template":"","meta":{"_seopress_robots_primary_cat":"","_seopress_titles_title":"Les exp\u00e9riences en famille ou entre amis en Calvados","_seopress_titles_desc":"D\u00e9couvrez les exp\u00e9riences de loisir \u00e0 effectuer pr\u00e8s de Ouistreham pour votre s\u00e9jour au camping 4 \u00e9toiles dans le Calvados.","_seopress_robots_index":"","footnotes":""},"class_list":["post-272","page","type-page","status-publish","hentry"],"_links":{"self":[{"href":"https:\/\/mirabel-prairiesdelamer.com\/de\/wp-json\/wp\/v2\/pages\/272","targetHints":{"allow":["GET"]}}],"collection":[{"href":"https:\/\/mirabel-prairiesdelamer.com\/de\/wp-json\/wp\/v2\/pages"}],"about":[{"href":"https:\/\/mirabel-prairiesdelamer.com\/de\/wp-json\/wp\/v2\/types\/page"}],"author":[{"embeddable":true,"href":"https:\/\/mirabel-prairiesdelamer.com\/de\/wp-json\/wp\/v2\/users\/1"}],"replies":[{"embeddable":true,"href":"https:\/\/mirabel-prairiesdelamer.com\/de\/wp-json\/wp\/v2\/comments?post=272"}],"version-history":[{"count":20,"href":"https:\/\/mirabel-prairiesdelamer.com\/de\/wp-json\/wp\/v2\/pages\/272\/revisions"}],"predecessor-version":[{"id":14123,"href":"https:\/\/mirabel-prairiesdelamer.com\/de\/wp-json\/wp\/v2\/pages\/272\/revisions\/14123"}],"wp:attachment":[{"href":"https:\/\/mirabel-prairiesdelamer.com\/de\/wp-json\/wp\/v2\/media?parent=272"}],"curies":[{"name":"wp","href":"https:\/\/api.w.org\/{rel}","templated":true}]}}