{"id":267,"date":"2022-02-02T10:04:00","date_gmt":"2022-02-02T09:04:00","guid":{"rendered":"https:\/\/www.campinglarenaudiere.com\/?page_id=267"},"modified":"2026-02-25T12:08:26","modified_gmt":"2026-02-25T11:08:26","slug":"gedenktourismus","status":"publish","type":"page","link":"https:\/\/mirabel-prairiesdelamer.com\/de\/tourisme-de-memoire\/","title":{"rendered":"Die Landungsstr\u00e4nde"},"content":{"rendered":"<h1 class=\"wp-block-heading\" id=\"les-plages-du-debarquement-en-normandie-terre-de-liberte\"><strong>Die D-Day-Str\u00e4nde in der Normandie - Land der Freiheit!<\/strong><\/h1>\n\n\n\n<div class=\"wp-block-group is-layout-flow wp-block-group-is-layout-flow\">\n<p class=\"has-text-align-center\">Die Normandie und insbesondere das Calvados sind die Wiege der Geschichte und waren am 6. Juni 1944 Schauplatz der Landung der alliierten Streitkr\u00e4fte, die zur Befreiung Frankreichs im Zweiten Weltkrieg f\u00fchrte. Zahlreiche Relikte, Museen und Gedenkst\u00e4tten erinnern an das Opfer dieser M\u00e4nner und Frauen.<\/p>\n\n\n\n<figure class=\"wp-block-image aligncenter size-full is-resized\"><img decoding=\"async\" src=\"https:\/\/www.mirabel-prairiesdelamer.com\/wp-content\/uploads\/2022\/01\/barre-bleue.png\" alt=\"\" class=\"wp-image-2382\" style=\"width:50px;height:8px\"\/><\/figure>\n<\/div>\n\n\n\n<div class=\"wp-block-media-text alignwide has-media-on-the-right is-stacked-on-mobile is-vertically-aligned-center is-style-default\"><div class=\"wp-block-media-text__content\">\n<p class=\"texte-rond has-orange-color has-text-color has-large-font-size\" id=\"de-belles-histoires-a-vous-raconter\">Wo die Geschichte lebendig wird!<\/p>\n\n\n\n<h2 class=\"wp-block-heading\" id=\"une-ville-active-pour-vos-achats-et-vos-sorties\"><strong><strong>Die Museen der Landung der Alliierten von Ouistreham bis Arromanches<\/strong><\/strong><\/h2>\n\n\n\n<figure class=\"wp-block-image size-full\"><img decoding=\"async\" src=\"https:\/\/www.mirabel-prairiesdelamer.com\/wp-content\/uploads\/2022\/01\/barre-bleue.png\" alt=\"\" class=\"wp-image-2382\"\/><\/figure>\n\n\n\n<p>Zahlreiche Museen s\u00e4umen die normannische K\u00fcste und erz\u00e4hlen von den Abenteuern der <strong>Zweiter Weltkrieg<\/strong>. A <a href=\"https:\/\/mirabel-prairiesdelamer.com\/de\/camping-ouistreham\/\" data-type=\"page\" data-id=\"67\">Ouistreham<\/a>, In Ouistreham k\u00f6nnen Sie das Mus\u00e9e du D\u00e9barquement n\u00b04 Commando besuchen, das einzige franz\u00f6sische Kommando, das am 6. Juni landete und f\u00fcr die Befreiung von Ouistreham verantwortlich war. Ebenfalls sehenswert ist der Grand Bunker, ein \u00dcberbleibsel des Atlantikwalls und ehemaliger zentraler Kommandoposten der feindlichen Armeen.<\/p>\n\n\n\n<p>In B\u00e9nouville (10 min) findet man den <strong>Pegasus Bridge Memorial<\/strong> ist den Soldaten der British Airborne Division gewidmet. Sie waren die ersten Befreier, die ihren Fu\u00df auf normannischen Boden setzten. Verpassen Sie nicht den <strong><a rel=\"noreferrer noopener\" href=\"https:\/\/www.memorial-caen.fr\/\" target=\"_blank\">Gedenkst\u00e4tte von Caen<\/a><\/strong> die erz\u00e4hlt, was die schreckliche Geschichte des 20. Jahrhunderts war, von den Urspr\u00fcngen der 2.<sup>und<\/sup> Weltkrieg bis zum Ende des Kalten Krieges. <\/p>\n\n\n\n<p>Halten Sie in Courseulles-sur-Mer am <strong>Juno Beach Center<\/strong> in diesem Museum, das die 45 000 kanadischen Soldaten ehrt. Dann, ein St\u00fcck weiter, das <strong>Ringkino Arromanches <\/strong>360\u00b0 und dem Mus\u00e9e du D\u00e9barquement d'Arromanches erfahren Sie mehr \u00fcber den k\u00fcnstlichen Hafen von seiner Planung bis zu seiner Einrichtung am Tag der Landung.<\/p>\n\n\n\n<p>Entdecken Sie alle D-Day-St\u00e4tten auf&nbsp;<strong><a rel=\"noreferrer noopener\" href=\"https:\/\/www.normandie-tourisme.fr\/decouverte\/histoire\/d-day-et-bataille-de-normandie\/les-incontournables-du-d-day\/\" target=\"_blank\">Normandie Tourismus<\/a>.<\/strong><\/p>\n<\/div><figure class=\"wp-block-media-text__media\"><img loading=\"lazy\" decoding=\"async\" width=\"1920\" height=\"1277\" src=\"https:\/\/www.mirabel-prairiesdelamer.com\/wp-content\/uploads\/2022\/02\/musee-grand-bunker-ouistreham.jpg\" alt=\"museum grand bunker\" class=\"wp-image-5485 size-full\" srcset=\"https:\/\/mirabel-prairiesdelamer.com\/wp-content\/uploads\/2022\/02\/musee-grand-bunker-ouistreham.jpg 1920w, https:\/\/mirabel-prairiesdelamer.com\/wp-content\/uploads\/2022\/02\/musee-grand-bunker-ouistreham-300x200.jpg 300w, https:\/\/mirabel-prairiesdelamer.com\/wp-content\/uploads\/2022\/02\/musee-grand-bunker-ouistreham-1024x681.jpg 1024w, https:\/\/mirabel-prairiesdelamer.com\/wp-content\/uploads\/2022\/02\/musee-grand-bunker-ouistreham-768x511.jpg 768w, https:\/\/mirabel-prairiesdelamer.com\/wp-content\/uploads\/2022\/02\/musee-grand-bunker-ouistreham-1536x1022.jpg 1536w\" sizes=\"auto, (max-width: 1920px) 100vw, 1920px\" \/><\/figure><\/div>\n\n\n\n<div style=\"height:40px\" aria-hidden=\"true\" class=\"wp-block-spacer\"><\/div>\n\n\n\n<div class=\"wp-block-media-text alignwide is-stacked-on-mobile is-vertically-aligned-center animate front-page-section grey\"><figure class=\"wp-block-media-text__media\"><img loading=\"lazy\" decoding=\"async\" width=\"1920\" height=\"1283\" src=\"https:\/\/www.mirabel-prairiesdelamer.com\/wp-content\/uploads\/2022\/02\/arromanches-port-debarquement-1.jpg\" alt=\"Landungshafen von Arromanches\" class=\"wp-image-5486 size-full\" srcset=\"https:\/\/mirabel-prairiesdelamer.com\/wp-content\/uploads\/2022\/02\/arromanches-port-debarquement-1.jpg 1920w, https:\/\/mirabel-prairiesdelamer.com\/wp-content\/uploads\/2022\/02\/arromanches-port-debarquement-1-300x200.jpg 300w, https:\/\/mirabel-prairiesdelamer.com\/wp-content\/uploads\/2022\/02\/arromanches-port-debarquement-1-1024x684.jpg 1024w, https:\/\/mirabel-prairiesdelamer.com\/wp-content\/uploads\/2022\/02\/arromanches-port-debarquement-1-768x513.jpg 768w, https:\/\/mirabel-prairiesdelamer.com\/wp-content\/uploads\/2022\/02\/arromanches-port-debarquement-1-1536x1026.jpg 1536w\" sizes=\"auto, (max-width: 1920px) 100vw, 1920px\" \/><\/figure><div class=\"wp-block-media-text__content\">\n<h2 class=\"wp-block-heading\" id=\"une-ville-active-pour-vos-achats-et-vos-sorties\">Die f\u00fcnf gro\u00dfen D-Day-Str\u00e4nde in der Normandie<\/h2>\n\n\n\n<figure class=\"wp-block-image size-full\"><img decoding=\"async\" src=\"https:\/\/www.mirabel-prairiesdelamer.com\/wp-content\/uploads\/2022\/01\/barre-bleue.png\" alt=\"\" class=\"wp-image-2382\"\/><\/figure>\n\n\n\n<p>Die gr\u00f6\u00dfte amphibische und luftgest\u00fctzte Operation der Geschichte fand hier in der Normandie statt. Die Str\u00e4nde sind heute bekannt und werden jedes Jahr von Millionen von Menschen besucht, und ihre Namen ehren die Nationalit\u00e4ten der Soldaten, die dort gelandet sind. Es werden 5 gro\u00dfe Bereiche abgegrenzt:<\/p>\n\n\n\n<ul class=\"wp-block-list\">\n<li><strong>Sword Beach<\/strong>&nbsp;: Dieser Codename wird dem Strand in den Gemeinden Hermanville, Colleville-Montgomery und Ouistreham gegeben und entspricht dem <strong>britisch-franz\u00f6sischer Sektor<\/strong><\/li>\n\n\n\n<li><strong>Juno Beach&nbsp;<\/strong>: Dieser kanadische Sektor erstreckt sich von Berni\u00e8res-sur-Mer bis Courseulles-sur-Mer, wo die <strong>3<sup>\u00e8me<\/sup> Kanadische Division<\/strong> an Land gegangen ist.<\/li>\n\n\n\n<li><strong>Gold Beach&nbsp;<\/strong>Dieser Strand sah die Landung der <strong>50<sup>\u00e8me<\/sup> britische Division<\/strong>, In dieser Zeit wurde der Mulberry, ein k\u00fcnstlicher Hafen, gebaut. Sie erstreckt sich von Asnelles bis Ver-sur-Mer. <\/li>\n\n\n\n<li><strong>Utah Beach und Omaha Beach<\/strong>&nbsp;: Dieser Bereich ist <strong>am weitesten <\/strong>der 5 Landungsstr\u00e4nde, da es sich um den <strong>US-Sektor<\/strong> der in Colleville-sur-Mer beginnt und sich bis in das Departement Manche in Sainte-Marie-du-Mont in Quin\u00e9ville fortsetzt.<\/li>\n<\/ul>\n<\/div><\/div>\n\n\n\n<div class=\"wp-block-media-text alignwide has-media-on-the-right is-stacked-on-mobile is-vertically-aligned-center is-style-default\"><div class=\"wp-block-media-text__content\">\n<h2 class=\"wp-block-heading\" id=\"les-cimetieres-en-hommage-a-nos-liberateurs\"><strong><strong>Friedh\u00f6fe als Hommage an unsere Befreier!<\/strong><\/strong><\/h2>\n\n\n\n<figure class=\"wp-block-image size-full\"><img decoding=\"async\" src=\"https:\/\/www.mirabel-prairiesdelamer.com\/wp-content\/uploads\/2022\/01\/barre-bleue.png\" alt=\"\" class=\"wp-image-2382\"\/><\/figure>\n\n\n\n<p>Weil wir alle einen <strong>Erinnerungspflicht <\/strong>F\u00fcr diese Soldaten wurden in den letzten 60 Jahren zahlreiche Gedenkst\u00e4tten errichtet, um ihrer zu gedenken und sie zu ehren.<strong> huldigen<\/strong> ein letztes Mal. <\/p>\n\n\n\n<p>Der bekannteste ist nat\u00fcrlich der <strong>amerikanischer Friedhof in Colleville-sur-Mer<\/strong> 1h15 von <a href=\"https:\/\/mirabel-prairiesdelamer.com\/de\/\" data-type=\"page\" data-id=\"9\">Campingplatz Les Prairies de la Mer<\/a>, Mit Blick auf den Strand von\u2019<strong>Omaha Beach<\/strong>. Diese geschichtstr\u00e4chtige St\u00e4tte ist auch heute noch die meistbesuchte. Die perfekt ausgerichteten wei\u00dfen Kreuze, die Gedenkst\u00e4tte, der Garten der Vermissten und das endlose Meer machen diesen Ort einzigartig und emotional.<\/p>\n\n\n\n<p>In Ver-sur-Mer, auf dem <strong>britischer Sektor<\/strong>, Sie finden den <strong><a href=\"https:\/\/www.britishnormandymemorial.org\/\" target=\"_blank\" rel=\"noreferrer noopener\">British Normandy Memorial<\/a><\/strong>. Das 2021 eingeweihte Denkmal ehrt die britische Armee und die normannischen Zivilisten, die w\u00e4hrend der Konfrontation gefallen sind.  Insgesamt sind \u00fcber 22.000 Namen von Soldaten auf den S\u00e4ulen des Bauwerks eingraviert, gegen\u00fcber von <strong>Gold Beach.<\/strong><\/p>\n\n\n\n<p>Es gibt noch weitere Friedh\u00f6fe, die sehr unterschiedlich, aber ebenso interessant sind und die es zu entdecken gilt. Erkundigen Sie sich bei der<strong>\u2018<a rel=\"noreferrer noopener\" href=\"https:\/\/www.caenlamer-tourisme.fr\/loisirs\/office-de-tourisme-et-des-congres-de-caen-la-mer-normandie-bureau-dinformations-touristiques-de-ouistreham-riva-bella\/\" target=\"_blank\">Tourismusb\u00fcro.<\/a><\/strong><\/p>\n<\/div><figure class=\"wp-block-media-text__media\"><img loading=\"lazy\" decoding=\"async\" width=\"1920\" height=\"1280\" src=\"https:\/\/www.mirabel-prairiesdelamer.com\/wp-content\/uploads\/2022\/02\/cimetiere-americain-colleville-2-1.jpg\" alt=\"Amerikanischer Friedhof in Colleville\" class=\"wp-image-5488 size-full\" srcset=\"https:\/\/mirabel-prairiesdelamer.com\/wp-content\/uploads\/2022\/02\/cimetiere-americain-colleville-2-1.jpg 1920w, https:\/\/mirabel-prairiesdelamer.com\/wp-content\/uploads\/2022\/02\/cimetiere-americain-colleville-2-1-300x200.jpg 300w, https:\/\/mirabel-prairiesdelamer.com\/wp-content\/uploads\/2022\/02\/cimetiere-americain-colleville-2-1-1024x683.jpg 1024w, https:\/\/mirabel-prairiesdelamer.com\/wp-content\/uploads\/2022\/02\/cimetiere-americain-colleville-2-1-768x512.jpg 768w, https:\/\/mirabel-prairiesdelamer.com\/wp-content\/uploads\/2022\/02\/cimetiere-americain-colleville-2-1-1536x1024.jpg 1536w\" sizes=\"auto, (max-width: 1920px) 100vw, 1920px\" \/><\/figure><\/div>\n\n\n\n<p class=\"has-text-align-center texte-rond mt-5 has-large-font-size\">Was es auf dem Campingplatz zu entdecken gibt<\/p>\n\n\n\n<div class=\"wp-block-columns front-page-section grey is-layout-flex wp-container-core-columns-is-layout-28f84493 wp-block-columns-is-layout-flex\">\n<div class=\"wp-block-column is-layout-flow wp-block-column-is-layout-flow\"><\/div>\n\n\n\n<div class=\"wp-block-column is-vertically-aligned-center is-layout-flow wp-block-column-is-layout-flow\">\n<div class=\"wp-block-create-block-sevgutenberg-navigation\"><aside class=\"encart-sev-navigation small carre\"><a href=\"https:\/\/mirabel-prairiesdelamer.com\/de\/animationen-juli-august\/\" class=\"d-flex flex-column align-items-center\"><div class=\"encart-title\"><span>Animationen<\/span><\/div><div class=\"vague\"><\/div><img decoding=\"async\" src=\"https:\/\/mirabel-prairiesdelamer.com\/wp-content\/uploads\/2023\/02\/danse-camping-piscine-animation.jpg\" alt=\"tanzanimation des campingplatzes sommer\"\/><div class=\"ligne\"><\/div><div class=\"hover\"><\/div><\/a><\/aside><\/div>\n<\/div>\n\n\n\n<div class=\"wp-block-column is-layout-flow wp-block-column-is-layout-flow\">\n<div class=\"wp-block-create-block-sevgutenberg-navigation\"><aside class=\"encart-sev-navigation small carre\"><a href=\"https:\/\/mirabel-prairiesdelamer.com\/de\/imbissstube\/\" class=\"d-flex flex-column align-items-center\"><div class=\"encart-title\"><span>Die Snackbar<\/span><\/div><div class=\"vague\"><\/div><img decoding=\"async\" src=\"https:\/\/mirabel-prairiesdelamer.com\/wp-content\/uploads\/2023\/02\/snack-bar-cocktail.jpg\" alt=\"Cocktail Snackbar Strohh\u00fctte Sommer\"\/><div class=\"ligne\"><\/div><div class=\"hover\"><\/div><\/a><\/aside><\/div>\n<\/div>\n\n\n\n<div class=\"wp-block-column is-layout-flow wp-block-column-is-layout-flow\">\n<div class=\"wp-block-create-block-sevgutenberg-navigation\"><aside class=\"encart-sev-navigation small carre\"><a href=\"https:\/\/mirabel-prairiesdelamer.com\/de\/camping-calvados-services\/\" class=\"d-flex flex-column align-items-center\"><div class=\"encart-title\"><span>Unsere Dienstleistungen<\/span><\/div><div class=\"vague\"><\/div><img decoding=\"async\" src=\"https:\/\/mirabel-prairiesdelamer.com\/wp-content\/uploads\/2022\/02\/accueil-reception-carte.jpg\" alt=\"Rezeption des Campingplatzes\"\/><div class=\"ligne\"><\/div><div class=\"hover\"><\/div><\/a><\/aside><\/div>\n<\/div>\n\n\n\n<div class=\"wp-block-column is-layout-flow wp-block-column-is-layout-flow\"><\/div>\n<\/div>\n\n\n\n<figure class=\"wp-block-image aligncenter size-large is-resized mt-5\"><img decoding=\"async\" src=\"https:\/\/www.mirabel-prairiesdelamer.com\/wp-content\/uploads\/2022\/01\/photo-1024x84.png\" alt=\"Fotogalerie\" class=\"wp-image-2371\" style=\"width:768px;height:63px\"\/><\/figure>\n\n\n\t\t\t<div id=\"sevgallery-1607144209\" class=\"sev-diaporama sev-diaporama-portfolio\">\r\n\t\t\t\t<div class=\"row\">\r\n\r\n\t\t\t\t\t\r\n\t\t\t\t\t\t\r\n\t\t\t\t\t\t<div class=\"sev-diaporama-portfolio-item   btnseeall btnseeall-xl col-12 col-md  col-shrink\">\r\n\t\t\t\t\t\t\t<a href=\"https:\/\/mirabel-prairiesdelamer.com\/wp-content\/uploads\/2022\/02\/ouistreham-musee-bunker-1024x683.jpg\" data-lightbox=\"sevgallery-1607144209\" style=\"background-image: url(https:\/\/mirabel-prairiesdelamer.com\/wp-content\/uploads\/2022\/02\/ouistreham-musee-bunker-1024x683.jpg)\">\r\n\t\t\t\t\t\t\t\t<img decoding=\"async\" src=\"https:\/\/mirabel-prairiesdelamer.com\/wp-content\/uploads\/2022\/02\/ouistreham-musee-bunker-1024x683.jpg\" alt=\"bunkermuseum ouistreham\" loading=\"lazy\">\r\n\t\t\t\t\t\t\t\t\t\t\t\t\t\t\t<\/a>\r\n\t\t\t\t\t\t<\/div>\r\n\r\n\t\t\t\t\t\t\r\n\t\t\t\t\t\t\t\t\t\t\t\t\t\t\t\t\t\r\n\t\t\t\t\t\t\r\n\t\t\t\t\t\t<div class=\"sev-diaporama-portfolio-item   btnseeall btnseeall-xl col-12 col-md\">\r\n\t\t\t\t\t\t\t<a href=\"https:\/\/mirabel-prairiesdelamer.com\/wp-content\/uploads\/2022\/02\/pont-pegasus-benouville-1024x465.jpg\" data-lightbox=\"sevgallery-1607144209\" style=\"background-image: url(https:\/\/mirabel-prairiesdelamer.com\/wp-content\/uploads\/2022\/02\/pont-pegasus-benouville-1024x465.jpg)\">\r\n\t\t\t\t\t\t\t\t<img decoding=\"async\" src=\"https:\/\/mirabel-prairiesdelamer.com\/wp-content\/uploads\/2022\/02\/pont-pegasus-benouville-1024x465.jpg\" alt=\"Denkmal von Caen Museum\" loading=\"lazy\">\r\n\t\t\t\t\t\t\t\t\t\t\t\t\t\t\t<\/a>\r\n\t\t\t\t\t\t<\/div>\r\n\r\n\t\t\t\t\t\t\r\n\t\t\t\t\t\t\t\t\t\t\t\t\t\t\t\t\t\r\n\t\t\t\t\t\t\r\n\t\t\t\t\t\t<div class=\"sev-diaporama-portfolio-item   btnseeall btnseeall-xl col-12 col-md  col-grow\">\r\n\t\t\t\t\t\t\t<a href=\"https:\/\/mirabel-prairiesdelamer.com\/wp-content\/uploads\/2022\/02\/Commemorations_au_Centre_Juno_Beach_-_S-1024x576.jpg\" data-lightbox=\"sevgallery-1607144209\" style=\"background-image: url(https:\/\/mirabel-prairiesdelamer.com\/wp-content\/uploads\/2022\/02\/Commemorations_au_Centre_Juno_Beach_-_S-1024x576.jpg)\">\r\n\t\t\t\t\t\t\t\t<img decoding=\"async\" src=\"https:\/\/mirabel-prairiesdelamer.com\/wp-content\/uploads\/2022\/02\/Commemorations_au_Centre_Juno_Beach_-_S-1024x576.jpg\" alt=\"juno beach center\" loading=\"lazy\">\r\n\t\t\t\t\t\t\t\t\t\t\t\t\t\t\t<\/a>\r\n\t\t\t\t\t\t<\/div>\r\n\r\n\t\t\t\t\t\t\r\n\t\t\t\t\t\t\t\t\t\t\t\t\t\t\t\t\t\r\n\t\t\t\t\t\t\r\n\t\t\t\t\t\t<div class=\"sev-diaporama-portfolio-item   btnseeall btnseeall-xl col-12 col-md  col-shrink\">\r\n\t\t\t\t\t\t\t<a href=\"https:\/\/mirabel-prairiesdelamer.com\/wp-content\/uploads\/2022\/02\/Cimetiere-americain-Colleville-1024x683.jpg\" data-lightbox=\"sevgallery-1607144209\" style=\"background-image: url(https:\/\/mirabel-prairiesdelamer.com\/wp-content\/uploads\/2022\/02\/Cimetiere-americain-Colleville-1024x683.jpg)\">\r\n\t\t\t\t\t\t\t\t<img decoding=\"async\" src=\"https:\/\/mirabel-prairiesdelamer.com\/wp-content\/uploads\/2022\/02\/Cimetiere-americain-Colleville-1024x683.jpg\" alt=\"amerikanischer Friedhof Colleville\" loading=\"lazy\">\r\n\t\t\t\t\t\t\t\t\t\t\t\t\t\t\t<\/a>\r\n\t\t\t\t\t\t<\/div>\r\n\r\n\t\t\t\t\t\t\t\t\t\t\t\t\t<div class=\"w-100\"><\/div>\r\n\t\t\t\t\t\t\t\t\t\t\t\t\t\r\n\t\t\t\t\t\t\t\t\t\t\t\t\t\t\t\t\t\r\n\t\t\t\t\t\t\r\n\t\t\t\t\t\t<div class=\"sev-diaporama-portfolio-item   btnseeall btnseeall-xl col-12 col-md  col-shrink\">\r\n\t\t\t\t\t\t\t<a href=\"https:\/\/mirabel-prairiesdelamer.com\/wp-content\/uploads\/2022\/02\/Cimetiere-allemand-normandie-1024x683.jpg\" data-lightbox=\"sevgallery-1607144209\" style=\"background-image: url(https:\/\/mirabel-prairiesdelamer.com\/wp-content\/uploads\/2022\/02\/Cimetiere-allemand-normandie-1024x683.jpg)\">\r\n\t\t\t\t\t\t\t\t<img decoding=\"async\" src=\"https:\/\/mirabel-prairiesdelamer.com\/wp-content\/uploads\/2022\/02\/Cimetiere-allemand-normandie-1024x683.jpg\" alt=\"deutscher Friedhof in der Normandie\" loading=\"lazy\">\r\n\t\t\t\t\t\t\t\t\t\t\t\t\t\t\t<\/a>\r\n\t\t\t\t\t\t<\/div>\r\n\r\n\t\t\t\t\t\t\r\n\t\t\t\t\t\t\t\t\t\t\t\t\t\t\t\t\t\r\n\t\t\t\t\t\t\r\n\t\t\t\t\t\t<div class=\"sev-diaporama-portfolio-item   btnseeall btnseeall-xl col-12 col-md  col-grow\">\r\n\t\t\t\t\t\t\t<a href=\"https:\/\/mirabel-prairiesdelamer.com\/wp-content\/uploads\/2022\/02\/batterie-merville-debarquement-1024x683.jpg\" data-lightbox=\"sevgallery-1607144209\" style=\"background-image: url(https:\/\/mirabel-prairiesdelamer.com\/wp-content\/uploads\/2022\/02\/batterie-merville-debarquement-1024x683.jpg)\">\r\n\t\t\t\t\t\t\t\t<img decoding=\"async\" src=\"https:\/\/mirabel-prairiesdelamer.com\/wp-content\/uploads\/2022\/02\/batterie-merville-debarquement-1024x683.jpg\" alt=\"Landungsbatterie Merville\" loading=\"lazy\">\r\n\t\t\t\t\t\t\t\t\t\t\t\t\t\t\t<\/a>\r\n\t\t\t\t\t\t<\/div>\r\n\r\n\t\t\t\t\t\t\r\n\t\t\t\t\t\t\t\t\t\t\t\t\t\t\t\t\t\r\n\t\t\t\t\t\t\r\n\t\t\t\t\t\t<div class=\"sev-diaporama-portfolio-item  limitsm btnseeall btnseeall-xl col-12 col-md  col-grow last-visible\">\r\n\t\t\t\t\t\t\t<a href=\"https:\/\/mirabel-prairiesdelamer.com\/de\/camping-normandie-photos\/\"  style=\"background-image: url(https:\/\/mirabel-prairiesdelamer.com\/wp-content\/uploads\/2022\/02\/arromanches-port-debarquement-1024x684.jpg)\">\r\n\t\t\t\t\t\t\t\t<img decoding=\"async\" src=\"https:\/\/mirabel-prairiesdelamer.com\/wp-content\/uploads\/2022\/02\/arromanches-port-debarquement-1024x684.jpg\" alt=\"arromanches strand landung\" loading=\"lazy\">\r\n\t\t\t\t\t\t\t\t\t\t\t\t\t\t\t\t\t<img decoding=\"async\" src=\"https:\/\/mirabel-prairiesdelamer.com\/wp-content\/themes\/mirabel-site\/assets\/img\/voir-photos.png\" alt=\"\" \/>\r\n\t\t\t\t\t\t\t\t\t<span>Alle Fotos anzeigen<\/span>\r\n\t\t\t\t\t\t\t\t\t\t\t\t\t\t\t<\/a>\r\n\t\t\t\t\t\t<\/div>\r\n\r\n\t\t\t\t\t\t\r\n\t\t\t\t\t\t\t\t\t\t\t\t\t\t\t\t\t\t\t\t\t<\/div>\r\n\t\t\t<\/div>\r\n\r\n\t\t\t<script>\r\n\t\t\tjQuery(function($) {\r\n\r\n\t\t\t\tvar marginPortfolio = function() {\r\n\r\n\t\t\t\t\tvar $diapo          = $('#sevgallery-1607144209');\r\n\t\t\t\t\tvar container_width = $diapo.parent().outerWidth();\r\n\t\t\t\t\tvar side            = ( $(window).innerWidth() - container_width ) \/ 2;\r\n\r\n\t\t\t\t\t$diapo.css( {\r\n\t\t\t\t\t\t'margin-left': '-' + side + 'px',\r\n\t\t\t\t\t\t'margin-right': '-' + side + 'px',\r\n\t\t\t\t\t} );\r\n\t\t\t\t};\r\n\r\n\t\t\t\t$( window ).resize( function() {\r\n\t\t\t\t\tmarginPortfolio();\r\n\t\t\t\t} );\r\n\t\t\t\tmarginPortfolio();\r\n\t\t\t});\r\n\t\t\t<\/script>","protected":false},"excerpt":{"rendered":"<p>Les Plages du D\u00e9barquement en Normandie \u2013 Terre de libert\u00e9&nbsp;! Berceau de l\u2019Histoire, la Normandie et plus pr\u00e9cis\u00e9ment le Calvados [&hellip;]<\/p>\n","protected":false},"author":1,"featured_media":0,"parent":0,"menu_order":0,"comment_status":"closed","ping_status":"closed","template":"","meta":{"_seopress_robots_primary_cat":"","_seopress_titles_title":"Camping proche des plages du d\u00e9barquement en Normandie","_seopress_titles_desc":"D\u00e9couvrez les plages du d\u00e9barquement, les mus\u00e9es, bunkers et cimeti\u00e8res - t\u00e9moignages de la secondaire guerre mondiale en Normandie.","_seopress_robots_index":"","footnotes":""},"class_list":["post-267","page","type-page","status-publish","hentry"],"_links":{"self":[{"href":"https:\/\/mirabel-prairiesdelamer.com\/de\/wp-json\/wp\/v2\/pages\/267","targetHints":{"allow":["GET"]}}],"collection":[{"href":"https:\/\/mirabel-prairiesdelamer.com\/de\/wp-json\/wp\/v2\/pages"}],"about":[{"href":"https:\/\/mirabel-prairiesdelamer.com\/de\/wp-json\/wp\/v2\/types\/page"}],"author":[{"embeddable":true,"href":"https:\/\/mirabel-prairiesdelamer.com\/de\/wp-json\/wp\/v2\/users\/1"}],"replies":[{"embeddable":true,"href":"https:\/\/mirabel-prairiesdelamer.com\/de\/wp-json\/wp\/v2\/comments?post=267"}],"version-history":[{"count":44,"href":"https:\/\/mirabel-prairiesdelamer.com\/de\/wp-json\/wp\/v2\/pages\/267\/revisions"}],"predecessor-version":[{"id":18109,"href":"https:\/\/mirabel-prairiesdelamer.com\/de\/wp-json\/wp\/v2\/pages\/267\/revisions\/18109"}],"wp:attachment":[{"href":"https:\/\/mirabel-prairiesdelamer.com\/de\/wp-json\/wp\/v2\/media?parent=267"}],"curies":[{"name":"wp","href":"https:\/\/api.w.org\/{rel}","templated":true}]}}