{"id":16634,"date":"2025-10-22T12:43:27","date_gmt":"2025-10-22T10:43:27","guid":{"rendered":"https:\/\/mirabel-prairiesdelamer.com\/?page_id=16634"},"modified":"2026-02-25T10:34:31","modified_gmt":"2026-02-25T09:34:31","slug":"umweltbewusster-campingplatz","status":"publish","type":"page","link":"https:\/\/mirabel-prairiesdelamer.com\/de\/camping-ecoresponsable\/","title":{"rendered":"Umweltbewusster Campingplatz"},"content":{"rendered":"<h1 class=\"wp-block-heading\">Der Campingplatz nimmt 2024 eine \u00f6kologische Wende<\/h1>\n\n\n\n<div class=\"wp-block-group is-layout-flow wp-block-group-is-layout-flow\">\n<p class=\"has-text-align-center\"><\/p>\n\n\n\n<p class=\"has-text-align-center\"><strong>Ouistreham, Januar 2024<\/strong> - Der <strong>Campingplatz Les Prairies de la Mer<\/strong> macht einen weiteren Schritt in seinem \u00f6kologischen Wandel. Dank des <strong>Unterst\u00fctzung durch den Fonds f\u00fcr nachhaltigen Tourismus der ADEME<\/strong>, Im Rahmen des Projekts \"Umwelt\" ergreifen wir eine Reihe konkreter Ma\u00dfnahmen, um unsere Auswirkungen auf die Umwelt zu verringern und Sie zu einem verantwortungsvolleren Verhalten zu ermutigen.<br>Eine Initiative, die v\u00f6llig im Einklang mit der <strong>Nachhaltiges Tourismuskonzept der Familiengruppe Mirabel<\/strong>, dem wir angeh\u00f6ren.<\/p>\n\n\n\n<figure class=\"wp-block-image aligncenter size-large is-resized\"><img decoding=\"async\" src=\"https:\/\/mirabel-prairiesdelamer.com\/wp-content\/uploads\/2022\/01\/barre-bleue.png\" alt=\"\"\/><\/figure>\n<\/div>\n\n\n\n<div style=\"height:19px\" aria-hidden=\"true\" class=\"wp-block-spacer\"><\/div>\n\n\n\n<div class=\"wp-block-media-text is-stacked-on-mobile is-vertically-aligned-center is-image-fill-element front-page-section grey\"><figure class=\"wp-block-media-text__media\"><img loading=\"lazy\" decoding=\"async\" width=\"600\" height=\"450\" src=\"https:\/\/mirabel-prairiesdelamer.com\/wp-content\/uploads\/2025\/10\/kit-accueil-camping-ecoresponsable.jpg\" alt=\"Mirabel Engagierter Camper Kit: \u00d6ko-Label-Produkte, die in jedem Mobilheim bereitgestellt werden, ein kostenloser lokaler Apfelsaft und alles, was Sie brauchen, um Ihren M\u00fcll w\u00e4hrend Ihres Urlaubs in Ouistrheam, Normandie, zu trennen.\" class=\"wp-image-16675 size-full\" style=\"object-position:50% 50%\" srcset=\"https:\/\/mirabel-prairiesdelamer.com\/wp-content\/uploads\/2025\/10\/kit-accueil-camping-ecoresponsable.jpg 600w, https:\/\/mirabel-prairiesdelamer.com\/wp-content\/uploads\/2025\/10\/kit-accueil-camping-ecoresponsable-300x225.jpg 300w\" sizes=\"auto, (max-width: 600px) 100vw, 600px\" \/><\/figure><div class=\"wp-block-media-text__content\">\n<h2 class=\"wp-block-heading\" id=\"a-l-exterieur-on-s-amuse-dans-les-toboggans-et-les-jeux-d-eau\">Konkrete Ma\u00dfnahmen f\u00fcr einen verantwortungsvollen Tourismus<\/h2>\n\n\n\n<h3 class=\"wp-block-heading\"><strong>Kit des engagierten Campers<\/strong><\/h3>\n\n\n\n<p>Jeder Urlauber erh\u00e4lt bei seiner Ankunft ein Willkommenspaket mit :<br>- des <strong>nachf\u00fcllbare Haushaltsprodukte<\/strong>,<br>- eine <strong>Sp\u00fclb\u00fcrste<\/strong>,<br>- des <strong>M\u00fclltonnen f\u00fcr die M\u00fclltrennung<\/strong>,<br>- und ein <strong>lokales Produkt angeboten<\/strong>, Eine Flasche Apfelsaft, um die kurzen Wege und die Produzenten der Region aufzuwerten.<\/p>\n\n\n\n<h3 class=\"wp-block-heading\"><strong>Waschbarer Bettwarenschutz<\/strong><\/h3>\n\n\n\n<p>Wegwerfbare Schutzvorrichtungen haben Platz gemacht f\u00fcr <strong>wiederverwendbare H\u00fcllen<\/strong>, Das bedeutet, dass die Abfallmenge, die von den Unterk\u00fcnften erzeugt wird, reduziert wird.<\/p>\n\n\n\n<h3 class=\"wp-block-heading\"><strong>M\u00fclltrennung und Wiederverwertung<\/strong><\/h3>\n\n\n\n<p>Neue, besser gekennzeichnete und zug\u00e4ngliche Sortierzonen begleiten die Urlauber in der <strong>gute Verwaltung ihres Abfalls<\/strong>.<\/p>\n\n\n\n<p><\/p>\n<\/div><\/div>\n\n\n\n<div class=\"wp-block-media-text alignwide has-media-on-the-right is-stacked-on-mobile is-vertically-aligned-center is-image-fill-element is-style-default animate right\"><div class=\"wp-block-media-text__content\">\n<h2 class=\"wp-block-heading has-text-align-left pt-4\" id=\"sauna-et-jacuzzi\">Die<strong>nergie: Fortschritte auf dem Weg zu einem Campingplatz mit geringen Auswirkungen<\/strong><\/h2>\n\n\n\n<figure class=\"wp-block-image alignleft size-large is-resized\"><img decoding=\"async\" src=\"https:\/\/mirabel-prairiesdelamer.com\/wp-content\/uploads\/2022\/01\/Smile.png\" alt=\"Gl\u00fcck am Pool\" style=\"width:57px;height:auto\"\/><\/figure>\n\n\n\n<p>Die Senkung des Energieverbrauchs und das Umdenken bei der t\u00e4glichen Fortbewegung stehen im Mittelpunkt des \u00f6kologischen Wandels der <strong>Seegraswiesen<\/strong>. <\/p>\n\n\n\n<h3 class=\"wp-block-heading\"><strong>LED- und Solarbeleuchtung<\/strong><\/h3>\n\n\n\n<p>Alle Lichtpunkte auf dem Campingplatz wurden durch LED-Lampen ersetzt, die eine <strong>deutliche Reduzierung des Stromverbrauchs<\/strong> des Campingplatzes. Wenn es m\u00f6glich ist, setzen wir Bewegungsmelder ein, das verhindert, dass du das Licht ausschaltest. <\/p>\n\n\n\n<p><\/p>\n\n\n\n<div class=\"wp-block-group card card-body border border-info is-layout-flow wp-block-group-is-layout-flow\">\n<p class=\"texte-rond has-orange-color has-text-color has-link-color has-large-font-size wp-elements-b05eb6647f7b1322140667502ebe6775\"><strong>Wussten Sie schon?<\/strong> <br><\/p>\n\n\n\n<p style=\"font-size:16px\">Gro\u00dfe Neuheit: die\u2019<strong>Die Beleuchtung der Wege ist nun solar und autonom<\/strong>. <\/p>\n\n\n\n<p class=\"mb-0\" style=\"font-size:0.9rem\"><em>Und ja, das ist sogar in der Normandie m\u00f6glich! <\/em><\/p>\n\n\n\n<p class=\"mb-0\" style=\"font-size:0.9rem\">Wir haben die alten \u201cKugel\u201d-Stra\u00dfenlampen, die sehr energieintensiv und sch\u00e4dlich f\u00fcr die Nachtfauna sind, durch Lichtzellen ersetzt, die nur auf den Boden gerichtet sind und jeweils mit einem <strong>integriertes Photovoltaik-Panel<\/strong>. Um <strong>die \u00f6kologischen Auswirkungen und die Kosten der Bauarbeiten begrenzen<\/strong>, Die vorhandenen Pfosten wurden beibehalten.<br>Jetzt ist die Beleuchtung sanfter, besser ausgerichtet und wird nur dann intensiviert, wenn ein Spazierg\u00e4nger vorbeikommt, dank eines <strong>Pr\u00e4senzmelder<\/strong> : n\u00fctzliches Licht, das die Natur und den Sternenhimmel respektiert!<\/p>\n<\/div>\n\n\n\n<h3 class=\"wp-block-heading\"><strong>Elektrische Fahrzeuge<\/strong> : sanfte Mobilit\u00e4t im Alltag<\/h3>\n\n\n\n<p>Auf dem Campingplatz sind die technischen Teams jeden Tag unterwegs, um die Fl\u00e4chen zu pflegen, den Komfort der Urlauber zu gew\u00e4hrleisten und das Leben auf dem Gel\u00e4nde am Laufen zu halten. Schon seit mehreren Jahren haben die <strong>Elektrokarren<\/strong> sind ein wesentlicher Bestandteil der \u00abCamping- und Outdoor\u00bb-Atmosph\u00e4re.<br>Erg\u00e4nzend dazu <strong>Saisonarbeiter nutzen ein elektrisches Lastenfahrrad<\/strong> f\u00fcr ihre internen Fahrten eine praktische, leise und emissionsfreie M\u00f6glichkeit.<br>Und um noch einen Schritt weiter zu gehen, wurde eine <strong>Elektroauto<\/strong> wird nun f\u00fcr Fahrten nach au\u00dfen verwendet.<\/p>\n\n\n\n<p>Von <strong>einfache, aber starke Gesten<\/strong>, Die Sch\u00fclerinnen und Sch\u00fcler m\u00fcssen sich an dem gemeinsamen Ziel des Camps beteiligen: <strong>Emissionen zu reduzieren und eine CO2-freie Nutzung vor Ort anzustreben<\/strong>, Die meisten Sch\u00fclerinnen und Sch\u00fcler sind in der Lage, sich an die neuen Gegebenheiten anzupassen, w\u00e4hrend sie gleichzeitig die Benutzerfreundlichkeit und den reibungslosen Ablauf des Dienstes aufrechterhalten.<\/p>\n\n\n\n<div style=\"height:20px\" aria-hidden=\"true\" class=\"wp-block-spacer\"><\/div>\n<\/div><figure class=\"wp-block-media-text__media\"><img loading=\"lazy\" decoding=\"async\" width=\"947\" height=\"1000\" src=\"https:\/\/mirabel-prairiesdelamer.com\/wp-content\/uploads\/2025\/10\/environnement-velo-cargo-ouistreham-1.jpg\" alt=\"umweltbewusster campingplatz normandie ouistreham velo cargo\" class=\"wp-image-16728 size-full\" style=\"object-position:50% 50%\" srcset=\"https:\/\/mirabel-prairiesdelamer.com\/wp-content\/uploads\/2025\/10\/environnement-velo-cargo-ouistreham-1.jpg 947w, https:\/\/mirabel-prairiesdelamer.com\/wp-content\/uploads\/2025\/10\/environnement-velo-cargo-ouistreham-1-284x300.jpg 284w, https:\/\/mirabel-prairiesdelamer.com\/wp-content\/uploads\/2025\/10\/environnement-velo-cargo-ouistreham-1-768x811.jpg 768w\" sizes=\"auto, (max-width: 947px) 100vw, 947px\" \/><\/figure><\/div>\n\n\n\n<div style=\"height:30px\" aria-hidden=\"true\" class=\"wp-block-spacer\"><\/div>\n\n\n\n<div class=\"wp-block-media-text is-stacked-on-mobile is-vertically-aligned-center mt-xl-0\"><figure class=\"wp-block-media-text__media\"><img loading=\"lazy\" decoding=\"async\" width=\"450\" height=\"600\" src=\"https:\/\/mirabel-prairiesdelamer.com\/wp-content\/uploads\/2025\/10\/formation-tourisme-responsbale-equipes-PDM.jpg\" alt=\"Schulung zur kollektiven Kompostierung f\u00fcr die Besch\u00e4ftigten des Campingplatzes Les Prairies de la Mer in Ouistreham, in der N\u00e4he von Caen\" class=\"wp-image-16657 size-full\" srcset=\"https:\/\/mirabel-prairiesdelamer.com\/wp-content\/uploads\/2025\/10\/formation-tourisme-responsbale-equipes-PDM.jpg 450w, https:\/\/mirabel-prairiesdelamer.com\/wp-content\/uploads\/2025\/10\/formation-tourisme-responsbale-equipes-PDM-225x300.jpg 225w\" sizes=\"auto, (max-width: 450px) 100vw, 450px\" \/><\/figure><div class=\"wp-block-media-text__content\">\n<h2 class=\"wp-block-heading\" id=\"a-l-exterieur-on-s-amuse-dans-les-toboggans-et-les-jeux-d-eau\">Ein kollektives Engagement<\/h2>\n\n\n\n<figure class=\"wp-block-image size-full\"><img loading=\"lazy\" decoding=\"async\" width=\"50\" height=\"8\" src=\"https:\/\/mirabel-prairiesdelamer.com\/wp-content\/uploads\/2024\/06\/barre-bleue.png\" alt=\"\" class=\"wp-image-14200\"\/><\/figure>\n\n\n\n<h3 class=\"wp-block-heading\"><strong>Teambildung<\/strong><\/h3>\n\n\n\n<p>Die Besch\u00e4ftigten wurden <strong>in \u00d6ko-Gesten und nachhaltigen Praktiken geschult werden<\/strong>, Die Sch\u00fclerinnen und Sch\u00fcler sollten die Gelegenheit nutzen, um den \u00f6kologischen Wandel in ihre t\u00e4gliche Arbeit zu integrieren.<\/p>\n\n\n\n<p>Das Team f\u00fcr Technik und Gr\u00fcnfl\u00e4chen fand heraus, wie <strong>organischen Abfall verwalten<\/strong> mit dem CPIE de Normandie. Kompostieren, das f\u00fcr manche einfach klingt, ist es nicht unbedingt, vor allem wenn es darum geht, den Abfall von etwa 300 Haushalten im Urlaub zu sammeln!<\/p>\n\n\n\n<p>Das gesamte Team des Campingplatzes hat au\u00dferdem <strong>besuchte die\u2019<a href=\"https:\/\/syvedac.org\/visites-de-sites\" target=\"_blank\" rel=\"noreferrer noopener\">UVE in Colombelles<\/a><\/strong>. Dies ist die M\u00fcllverbrennungsanlage von Caen la Mer. Sie gewinnt die durch die M\u00fcllverbrennung erzeugte Energie zur\u00fcck, um die R\u00e4umlichkeiten des Ballungsraums zu heizen. Die Einheit zur Energieverwertung bietet Besichtigungen f\u00fcr alle Altersgruppen mit einem Referenten von Syvedac an. <em>Sie k\u00f6nnen auch selbst gehen!<\/em><\/p>\n\n\n\n<h3 class=\"wp-block-heading\"><strong>Sensibilisierung von Urlaubern<\/strong><\/h3>\n\n\n\n<p>Von <strong>Lehrmaterialien<\/strong> und <strong>gesellige Veranstaltungen<\/strong> laden alle ein, sich an diesem Prozess zu beteiligen. Denn ein nachhaltiger Aufenthalt ist vor allem ein kollektives Abenteuer.<\/p>\n<\/div><\/div>\n\n\n\n<div class=\"wp-block-media-text has-media-on-the-right is-stacked-on-mobile\"><div class=\"wp-block-media-text__content\">\n<h2 class=\"wp-block-heading\">Ein lokales Projekt, eine globale Wirkung<\/h2>\n\n\n\n<p>Engagiert im Herzen der <strong>nachhaltige Strategie der Mirabel-Gruppe<\/strong>, Der Campingplatz ist bestrebt, Komfort, Qualit\u00e4t und Umweltschutz miteinander zu verbinden.<\/p>\n\n\n\n<p>Mit seinen <strong>291 Stellpl\u00e4tze mit allem Komfort<\/strong>, Ton <strong>Wasserraum<\/strong> und seine <strong>unmittelbare N\u00e4he zum Meer<\/strong>, Die Seegraswiesen zeigt, dass es m\u00f6glich ist, eine <strong>gehobene Urlaubserfahrung<\/strong> und gleichzeitig den Werten des <strong>verantwortungsvoller Tourismus<\/strong>.<\/p>\n\n\n\n<p>Die Unterst\u00fctzung des <strong>Fonds f\u00fcr nachhaltigen Tourismus<\/strong> erm\u00f6glicht es uns, messbare Aktionen zu konkretisieren, aber vor allem <strong>Urlauber, Teams und lokale Partner zusammenzubringen<\/strong> um ein gemeinsames Ziel: die Sch\u00f6nheit der normannischen K\u00fcste zu bewahren und gleichzeitig das regionale Know-how aufzuwerten.<\/p>\n\n\n\n<p><\/p>\n\n\n\n<h3 class=\"wp-block-heading texte-rond has-orange-color has-text-color has-link-color has-large-font-size wp-elements-428e0d8ed168e2e1ba0ab72cc7de6962\">Auf dem Weg zu einem gr\u00fcneren Tourismus!<\/h3>\n<\/div><figure class=\"wp-block-media-text__media\"><img loading=\"lazy\" decoding=\"async\" width=\"1024\" height=\"1024\" src=\"https:\/\/mirabel-prairiesdelamer.com\/wp-content\/uploads\/2025\/10\/engagement-durable-Mirabel-1024x1024.jpg\" alt=\"Visuelle Darstellung des Engagements f\u00fcr nachhaltigen Tourismus in der Familiengruppe Mirabel\" class=\"wp-image-16664 size-full\" srcset=\"https:\/\/mirabel-prairiesdelamer.com\/wp-content\/uploads\/2025\/10\/engagement-durable-Mirabel-1024x1024.jpg 1024w, https:\/\/mirabel-prairiesdelamer.com\/wp-content\/uploads\/2025\/10\/engagement-durable-Mirabel-300x300.jpg 300w, https:\/\/mirabel-prairiesdelamer.com\/wp-content\/uploads\/2025\/10\/engagement-durable-Mirabel-150x150.jpg 150w, https:\/\/mirabel-prairiesdelamer.com\/wp-content\/uploads\/2025\/10\/engagement-durable-Mirabel-768x768.jpg 768w, https:\/\/mirabel-prairiesdelamer.com\/wp-content\/uploads\/2025\/10\/engagement-durable-Mirabel.jpg 1200w\" sizes=\"auto, (max-width: 1024px) 100vw, 1024px\" \/><\/figure><\/div>\n\n\n\n<div style=\"height:58px\" aria-hidden=\"true\" class=\"wp-block-spacer\"><\/div>\n\n\n\n<figure class=\"wp-block-image aligncenter size-full is-resized\"><img loading=\"lazy\" decoding=\"async\" width=\"643\" height=\"326\" src=\"https:\/\/mirabel-prairiesdelamer.com\/wp-content\/uploads\/2025\/10\/projet-tourisme-durable-Ademe.png\" alt=\"Nachhaltiger \u00dcbergang des Campingplatzes unterst\u00fctzt durch Ademe Normandie\" class=\"wp-image-16661\" style=\"width:337px;height:auto\" srcset=\"https:\/\/mirabel-prairiesdelamer.com\/wp-content\/uploads\/2025\/10\/projet-tourisme-durable-Ademe.png 643w, https:\/\/mirabel-prairiesdelamer.com\/wp-content\/uploads\/2025\/10\/projet-tourisme-durable-Ademe-300x152.png 300w\" sizes=\"auto, (max-width: 643px) 100vw, 643px\" \/><\/figure>\n\n\n\n<p class=\"has-text-align-center texte-rond mt-5 has-large-font-size\">Was es auf dem Campingplatz zu entdecken gibt<\/p>\n\n\n\n<div class=\"wp-block-columns front-page-section grey is-layout-flex wp-container-core-columns-is-layout-28f84493 wp-block-columns-is-layout-flex\">\n<div class=\"wp-block-column is-layout-flow wp-block-column-is-layout-flow\"><\/div>\n\n\n\n<div class=\"wp-block-column is-layout-flow wp-block-column-is-layout-flow\">\n<div class=\"wp-block-create-block-sevgutenberg-navigation\"><aside class=\"encart-sev-navigation small carre\"><a href=\"https:\/\/mirabel-prairiesdelamer.com\/de\/imbissstube\/\" class=\"d-flex flex-column align-items-center\"><div class=\"encart-title\"><span>Die Snackbar<\/span><\/div><div class=\"vague\"><\/div><img decoding=\"async\" src=\"https:\/\/mirabel-prairiesdelamer.com\/wp-content\/uploads\/2022\/02\/encart-snack-bar.jpg\" alt=\"snack-bar ouistreham\"\/><div class=\"ligne\"><\/div><div class=\"hover\"><\/div><\/a><\/aside><\/div>\n<\/div>\n\n\n\n<div class=\"wp-block-column is-vertically-aligned-center is-layout-flow wp-block-column-is-layout-flow\">\n<div class=\"wp-block-create-block-sevgutenberg-navigation\"><aside class=\"encart-sev-navigation small carre\"><a href=\"https:\/\/mirabel-prairiesdelamer.com\/de\/animationen-juli-august\/\" class=\"d-flex flex-column align-items-center\"><div class=\"encart-title\"><span>Animationen<\/span><\/div><div class=\"vague\"><\/div><img decoding=\"async\" src=\"https:\/\/mirabel-prairiesdelamer.com\/wp-content\/uploads\/2023\/02\/danse-camping-piscine-animation.jpg\" alt=\"tanzanimation des campingplatzes sommer\"\/><div class=\"ligne\"><\/div><div class=\"hover\"><\/div><\/a><\/aside><\/div>\n<\/div>\n\n\n\n<div class=\"wp-block-column is-layout-flow wp-block-column-is-layout-flow\">\n<div class=\"wp-block-create-block-sevgutenberg-navigation\"><aside class=\"encart-sev-navigation small carre\"><a href=\"https:\/\/mirabel-prairiesdelamer.com\/de\/camping-calvados-services\/\" class=\"d-flex flex-column align-items-center\"><div class=\"encart-title\"><span>Unsere Dienstleistungen<\/span><\/div><div class=\"vague\"><\/div><img decoding=\"async\" src=\"https:\/\/mirabel-prairiesdelamer.com\/wp-content\/uploads\/2022\/02\/accueil-reception-carte.jpg\" alt=\"Rezeption des Campingplatzes\"\/><div class=\"ligne\"><\/div><div class=\"hover\"><\/div><\/a><\/aside><\/div>\n<\/div>\n\n\n\n<div class=\"wp-block-column is-layout-flow wp-block-column-is-layout-flow\"><\/div>\n<\/div>\n\n\n\n<figure class=\"wp-block-image aligncenter size-large is-resized mt-5\"><img decoding=\"async\" src=\"https:\/\/mirabel-prairiesdelamer.com\/wp-content\/uploads\/2022\/01\/photo-1024x84.png\" alt=\"Fotogalerie\"\/><\/figure>\n\n\n\t\t\t<div id=\"sevgallery-233603577\" class=\"sev-diaporama sev-diaporama-portfolio\">\r\n\t\t\t\t<div class=\"row\">\r\n\r\n\t\t\t\t\t\r\n\t\t\t\t\t\t\r\n\t\t\t\t\t\t<div class=\"sev-diaporama-portfolio-item   btnseeall btnseeall-xl col-12 col-md\">\r\n\t\t\t\t\t\t\t<a href=\"https:\/\/mirabel-prairiesdelamer.com\/wp-content\/uploads\/2022\/02\/aquaforme-piscine-1024x683.jpg\" data-lightbox=\"sevgallery-233603577\" style=\"background-image: url(https:\/\/mirabel-prairiesdelamer.com\/wp-content\/uploads\/2022\/02\/aquaforme-piscine-1024x683.jpg)\">\r\n\t\t\t\t\t\t\t\t<img decoding=\"async\" src=\"https:\/\/mirabel-prairiesdelamer.com\/wp-content\/uploads\/2022\/02\/aquaforme-piscine-1024x683.jpg\" alt=\"Aquafitness Pool\" loading=\"lazy\">\r\n\t\t\t\t\t\t\t\t\t\t\t\t\t\t\t<\/a>\r\n\t\t\t\t\t\t<\/div>\r\n\r\n\t\t\t\t\t\t\r\n\t\t\t\t\t\t\t\t\t\t\t\t\t\t\t\t\t\r\n\t\t\t\t\t\t\r\n\t\t\t\t\t\t<div class=\"sev-diaporama-portfolio-item   btnseeall btnseeall-xl col-12 col-md  col-grow\">\r\n\t\t\t\t\t\t\t<a href=\"https:\/\/mirabel-prairiesdelamer.com\/wp-content\/uploads\/2024\/01\/surveillance-piscine-ete.jpg\" data-lightbox=\"sevgallery-233603577\" style=\"background-image: url(https:\/\/mirabel-prairiesdelamer.com\/wp-content\/uploads\/2024\/01\/surveillance-piscine-ete.jpg)\">\r\n\t\t\t\t\t\t\t\t<img decoding=\"async\" src=\"https:\/\/mirabel-prairiesdelamer.com\/wp-content\/uploads\/2024\/01\/surveillance-piscine-ete.jpg\" alt=\"Poolaufsicht Bademeister Sommer\" loading=\"lazy\">\r\n\t\t\t\t\t\t\t\t\t\t\t\t\t\t\t<\/a>\r\n\t\t\t\t\t\t<\/div>\r\n\r\n\t\t\t\t\t\t\r\n\t\t\t\t\t\t\t\t\t\t\t\t\t\t\t\t\t\r\n\t\t\t\t\t\t\r\n\t\t\t\t\t\t<div class=\"sev-diaporama-portfolio-item   btnseeall btnseeall-xl col-12 col-md\">\r\n\t\t\t\t\t\t\t<a href=\"https:\/\/mirabel-prairiesdelamer.com\/wp-content\/uploads\/2022\/02\/jacuzzi-camping-1024x683.jpg\" data-lightbox=\"sevgallery-233603577\" style=\"background-image: url(https:\/\/mirabel-prairiesdelamer.com\/wp-content\/uploads\/2022\/02\/jacuzzi-camping-1024x683.jpg)\">\r\n\t\t\t\t\t\t\t\t<img decoding=\"async\" src=\"https:\/\/mirabel-prairiesdelamer.com\/wp-content\/uploads\/2022\/02\/jacuzzi-camping-1024x683.jpg\" alt=\"camping mit jacuzzi\" loading=\"lazy\">\r\n\t\t\t\t\t\t\t\t\t\t\t\t\t\t\t<\/a>\r\n\t\t\t\t\t\t<\/div>\r\n\r\n\t\t\t\t\t\t\r\n\t\t\t\t\t\t\t\t\t\t\t\t\t\t\t\t\t\r\n\t\t\t\t\t\t\r\n\t\t\t\t\t\t<div class=\"sev-diaporama-portfolio-item   btnseeall btnseeall-xl col-12 col-md\">\r\n\t\t\t\t\t\t\t<a href=\"https:\/\/mirabel-prairiesdelamer.com\/wp-content\/uploads\/2024\/01\/piscine-exterieure-toboggan-lagon.jpg\" data-lightbox=\"sevgallery-233603577\" style=\"background-image: url(https:\/\/mirabel-prairiesdelamer.com\/wp-content\/uploads\/2024\/01\/piscine-exterieure-toboggan-lagon.jpg)\">\r\n\t\t\t\t\t\t\t\t<img decoding=\"async\" src=\"https:\/\/mirabel-prairiesdelamer.com\/wp-content\/uploads\/2024\/01\/piscine-exterieure-toboggan-lagon.jpg\" alt=\"beheizter Au\u00dfenpool\" loading=\"lazy\">\r\n\t\t\t\t\t\t\t\t\t\t\t\t\t\t\t<\/a>\r\n\t\t\t\t\t\t<\/div>\r\n\r\n\t\t\t\t\t\t\t\t\t\t\t\t\t<div class=\"w-100\"><\/div>\r\n\t\t\t\t\t\t\t\t\t\t\t\t\t\r\n\t\t\t\t\t\t\t\t\t\t\t\t\t\t\t\t\t\r\n\t\t\t\t\t\t\r\n\t\t\t\t\t\t<div class=\"sev-diaporama-portfolio-item   btnseeall btnseeall-xl col-12 col-md  col-shrink\">\r\n\t\t\t\t\t\t\t<a href=\"https:\/\/mirabel-prairiesdelamer.com\/wp-content\/uploads\/2022\/02\/piscine-repos-adultes-1024x683.jpg\" data-lightbox=\"sevgallery-233603577\" style=\"background-image: url(https:\/\/mirabel-prairiesdelamer.com\/wp-content\/uploads\/2022\/02\/piscine-repos-adultes-1024x683.jpg)\">\r\n\t\t\t\t\t\t\t\t<img decoding=\"async\" src=\"https:\/\/mirabel-prairiesdelamer.com\/wp-content\/uploads\/2022\/02\/piscine-repos-adultes-1024x683.jpg\" alt=\"Erholung im Pool\" loading=\"lazy\">\r\n\t\t\t\t\t\t\t\t\t\t\t\t\t\t\t<\/a>\r\n\t\t\t\t\t\t<\/div>\r\n\r\n\t\t\t\t\t\t\r\n\t\t\t\t\t\t\t\t\t\t\t\t\t\t\t\t\t\r\n\t\t\t\t\t\t\r\n\t\t\t\t\t\t<div class=\"sev-diaporama-portfolio-item   btnseeall btnseeall-xl col-12 col-md  col-grow\">\r\n\t\t\t\t\t\t\t<a href=\"https:\/\/mirabel-prairiesdelamer.com\/de\/camping-normandie-photos\/\"  style=\"background-image: url(https:\/\/mirabel-prairiesdelamer.com\/wp-content\/uploads\/2022\/02\/piscine-mere-fille-1024x683.jpg)\">\r\n\t\t\t\t\t\t\t\t<img decoding=\"async\" src=\"https:\/\/mirabel-prairiesdelamer.com\/wp-content\/uploads\/2022\/02\/piscine-mere-fille-1024x683.jpg\" alt=\"Spiele im Au\u00dfenpool des Campingplatzes\" loading=\"lazy\">\r\n\t\t\t\t\t\t\t\t\t\t\t\t\t\t\t<\/a>\r\n\t\t\t\t\t\t<\/div>\r\n\r\n\t\t\t\t\t\t\r\n\t\t\t\t\t\t\t\t\t\t\t\t\t\t\t\t\t\r\n\t\t\t\t\t\t\r\n\t\t\t\t\t\t<div class=\"sev-diaporama-portfolio-item   btnseeall btnseeall-xl col-12 col-md  col-shrink\">\r\n\t\t\t\t\t\t\t<a href=\"https:\/\/mirabel-prairiesdelamer.com\/wp-content\/uploads\/2024\/01\/piscine-pataugeoire-bebe.jpg\" data-lightbox=\"sevgallery-233603577\" style=\"background-image: url(https:\/\/mirabel-prairiesdelamer.com\/wp-content\/uploads\/2024\/01\/piscine-pataugeoire-bebe.jpg)\">\r\n\t\t\t\t\t\t\t\t<img decoding=\"async\" src=\"https:\/\/mirabel-prairiesdelamer.com\/wp-content\/uploads\/2024\/01\/piscine-pataugeoire-bebe.jpg\" alt=\"Planschbecken und Rutsche f\u00fcr Kinder\" loading=\"lazy\">\r\n\t\t\t\t\t\t\t\t\t\t\t\t\t\t\t<\/a>\r\n\t\t\t\t\t\t<\/div>\r\n\r\n\t\t\t\t\t\t\r\n\t\t\t\t\t\t\t\t\t\t\t\t\t\t\t\t\t\r\n\t\t\t\t\t\t\r\n\t\t\t\t\t\t<div class=\"sev-diaporama-portfolio-item   btnseeall btnseeall-xl col-12 col-md  col-shrink\">\r\n\t\t\t\t\t\t\t<a href=\"https:\/\/mirabel-prairiesdelamer.com\/wp-content\/uploads\/2024\/01\/piscine-exterieure-jeux-eau.jpg\" data-lightbox=\"sevgallery-233603577\" style=\"background-image: url(https:\/\/mirabel-prairiesdelamer.com\/wp-content\/uploads\/2024\/01\/piscine-exterieure-jeux-eau.jpg)\">\r\n\t\t\t\t\t\t\t\t<img decoding=\"async\" src=\"https:\/\/mirabel-prairiesdelamer.com\/wp-content\/uploads\/2024\/01\/piscine-exterieure-jeux-eau.jpg\" alt=\"Wasserspiele Kinder Pool\" loading=\"lazy\">\r\n\t\t\t\t\t\t\t\t\t\t\t\t\t\t\t<\/a>\r\n\t\t\t\t\t\t<\/div>\r\n\r\n\t\t\t\t\t\t\t\t\t\t\t\t\t<div class=\"w-100\"><\/div>\r\n\t\t\t\t\t\t\t\t\t\t\t\t\t\r\n\t\t\t\t\t\t\t\t\t\t\t\t\t\t\t\t\t\r\n\t\t\t\t\t\t\r\n\t\t\t\t\t\t<div class=\"sev-diaporama-portfolio-item   btnseeall btnseeall-xl col-12 col-md  col-shrink\">\r\n\t\t\t\t\t\t\t<a href=\"https:\/\/mirabel-prairiesdelamer.com\/wp-content\/uploads\/2024\/01\/piscine-couverte-chauffee-jeu.jpg\" data-lightbox=\"sevgallery-233603577\" style=\"background-image: url(https:\/\/mirabel-prairiesdelamer.com\/wp-content\/uploads\/2024\/01\/piscine-couverte-chauffee-jeu.jpg)\">\r\n\t\t\t\t\t\t\t\t<img decoding=\"async\" src=\"https:\/\/mirabel-prairiesdelamer.com\/wp-content\/uploads\/2024\/01\/piscine-couverte-chauffee-jeu.jpg\" alt=\"Hallenbad Volleyball Jugendliche\" loading=\"lazy\">\r\n\t\t\t\t\t\t\t\t\t\t\t\t\t\t\t<\/a>\r\n\t\t\t\t\t\t<\/div>\r\n\r\n\t\t\t\t\t\t\r\n\t\t\t\t\t\t\t\t\t\t\t\t\t\t\t\t\t\r\n\t\t\t\t\t\t\r\n\t\t\t\t\t\t<div class=\"sev-diaporama-portfolio-item   btnseeall btnseeall-xl col-12 col-md  col-grow\">\r\n\t\t\t\t\t\t\t<a href=\"https:\/\/mirabel-prairiesdelamer.com\/wp-content\/uploads\/2024\/01\/piscine-toboggans-jeux-683x1024.jpg\" data-lightbox=\"sevgallery-233603577\" style=\"background-image: url(https:\/\/mirabel-prairiesdelamer.com\/wp-content\/uploads\/2024\/01\/piscine-toboggans-jeux-683x1024.jpg)\">\r\n\t\t\t\t\t\t\t\t<img decoding=\"async\" src=\"https:\/\/mirabel-prairiesdelamer.com\/wp-content\/uploads\/2024\/01\/piscine-toboggans-jeux-683x1024.jpg\" alt=\"beheizter Au\u00dfenpool und Rutschen\" loading=\"lazy\">\r\n\t\t\t\t\t\t\t\t\t\t\t\t\t\t\t<\/a>\r\n\t\t\t\t\t\t<\/div>\r\n\r\n\t\t\t\t\t\t\r\n\t\t\t\t\t\t\t\t\t\t\t\t\t\t\t\t\t\r\n\t\t\t\t\t\t\r\n\t\t\t\t\t\t<div class=\"sev-diaporama-portfolio-item  limitsm btnseeall btnseeall-xl col-12 col-md  last-visible\">\r\n\t\t\t\t\t\t\t<a href=\"https:\/\/mirabel-prairiesdelamer.com\/wp-content\/uploads\/2024\/01\/piscine-transats-plage.jpg\" data-lightbox=\"sevgallery-233603577\" style=\"background-image: url(https:\/\/mirabel-prairiesdelamer.com\/wp-content\/uploads\/2024\/01\/piscine-transats-plage.jpg)\">\r\n\t\t\t\t\t\t\t\t<img decoding=\"async\" src=\"https:\/\/mirabel-prairiesdelamer.com\/wp-content\/uploads\/2024\/01\/piscine-transats-plage.jpg\" alt=\"Strand Pool und Liegest\u00fchle\" loading=\"lazy\">\r\n\t\t\t\t\t\t\t\t\t\t\t\t\t\t\t\t\t<img decoding=\"async\" src=\"https:\/\/mirabel-prairiesdelamer.com\/wp-content\/themes\/mirabel-site\/assets\/img\/voir-photos.png\" alt=\"\" \/>\r\n\t\t\t\t\t\t\t\t\t<span>Alle Fotos anzeigen<\/span>\r\n\t\t\t\t\t\t\t\t\t\t\t\t\t\t\t<\/a>\r\n\t\t\t\t\t\t<\/div>\r\n\r\n\t\t\t\t\t\t\r\n\t\t\t\t\t\t\t\t\t\t\t\t\t\t\t\t\t\t\t\t\t<\/div>\r\n\t\t\t<\/div>\r\n\r\n\t\t\t<script>\r\n\t\t\tjQuery(function($) {\r\n\r\n\t\t\t\tvar marginPortfolio = function() {\r\n\r\n\t\t\t\t\tvar $diapo          = $('#sevgallery-233603577');\r\n\t\t\t\t\tvar container_width = $diapo.parent().outerWidth();\r\n\t\t\t\t\tvar side            = ( $(window).innerWidth() - container_width ) \/ 2;\r\n\r\n\t\t\t\t\t$diapo.css( {\r\n\t\t\t\t\t\t'margin-left': '-' + side + 'px',\r\n\t\t\t\t\t\t'margin-right': '-' + side + 'px',\r\n\t\t\t\t\t} );\r\n\t\t\t\t};\r\n\r\n\t\t\t\t$( window ).resize( function() {\r\n\t\t\t\t\tmarginPortfolio();\r\n\t\t\t\t} );\r\n\t\t\t\tmarginPortfolio();\r\n\t\t\t});\r\n\t\t\t<\/script>\r\n\t\t\t\n\n\n\n<p><\/p>","protected":false},"excerpt":{"rendered":"<p>Le camping prend un tournant \u00e9cologique en 2024 Ouistreham, janvier 2024 \u2013 Le Camping Les Prairies de la Mer franchit [&hellip;]<\/p>\n","protected":false},"author":2,"featured_media":0,"parent":0,"menu_order":0,"comment_status":"closed","ping_status":"closed","template":"","meta":{"_seopress_robots_primary_cat":"","_seopress_titles_title":"Camping \u00e9co-responsable en Normandie | Calvados","_seopress_titles_desc":"Le camping prend un tournant \u00e9cologique en 2024 avec le soutien de l'Ademe et du Fonds Tourisme Durable - Ouistreham, Les Prairies de la Mer","_seopress_robots_index":"","footnotes":""},"class_list":["post-16634","page","type-page","status-publish","hentry"],"_links":{"self":[{"href":"https:\/\/mirabel-prairiesdelamer.com\/de\/wp-json\/wp\/v2\/pages\/16634","targetHints":{"allow":["GET"]}}],"collection":[{"href":"https:\/\/mirabel-prairiesdelamer.com\/de\/wp-json\/wp\/v2\/pages"}],"about":[{"href":"https:\/\/mirabel-prairiesdelamer.com\/de\/wp-json\/wp\/v2\/types\/page"}],"author":[{"embeddable":true,"href":"https:\/\/mirabel-prairiesdelamer.com\/de\/wp-json\/wp\/v2\/users\/2"}],"replies":[{"embeddable":true,"href":"https:\/\/mirabel-prairiesdelamer.com\/de\/wp-json\/wp\/v2\/comments?post=16634"}],"version-history":[{"count":28,"href":"https:\/\/mirabel-prairiesdelamer.com\/de\/wp-json\/wp\/v2\/pages\/16634\/revisions"}],"predecessor-version":[{"id":18096,"href":"https:\/\/mirabel-prairiesdelamer.com\/de\/wp-json\/wp\/v2\/pages\/16634\/revisions\/18096"}],"wp:attachment":[{"href":"https:\/\/mirabel-prairiesdelamer.com\/de\/wp-json\/wp\/v2\/media?parent=16634"}],"curies":[{"name":"wp","href":"https:\/\/api.w.org\/{rel}","templated":true}]}}