{"id":12186,"date":"2024-09-17T15:48:09","date_gmt":"2024-09-17T13:48:09","guid":{"rendered":"https:\/\/www.domaine-prairiesdelamer.com\/?page_id=12186"},"modified":"2025-09-16T15:04:54","modified_gmt":"2025-09-16T13:04:54","slug":"das-jakobsmuschelfest-im-calvados","status":"publish","type":"page","link":"https:\/\/mirabel-prairiesdelamer.com\/de\/la-fete-de-la-coquille-saint-jacques-dans-le-calvados\/","title":{"rendered":"Das Fest der Jakobsmuschel im Calvados"},"content":{"rendered":"<h1 class=\"wp-block-heading\">Das Fest der Jakobsmuschel im Calvados<\/h1>\n\n\n\n<h2 class=\"wp-block-heading has-text-align-center\"><strong>Jedes Jahr kehrt sie wie ein wahrer Star in den Calvados zur\u00fcck. Die Rede ist nat\u00fcrlich von der Jakobsmuschel. Von Oktober bis Dezember feiern die K\u00fcsten des Calvados dieses Aush\u00e4ngeschild der Region. Dies ist unsere Urlaubsidee f\u00fcr ein gastronomisches Wochenende in unserer Normandie.<\/strong><\/h2>\n\n\n\n<figure class=\"wp-block-image aligncenter size-full\"><img loading=\"lazy\" decoding=\"async\" width=\"50\" height=\"8\" src=\"https:\/\/www.mirabel-prairiesdelamer.com\/wp-content\/uploads\/2023\/09\/image.png\" alt=\"\" class=\"wp-image-12144\"\/><\/figure>\n\n\n\n<div class=\"wp-block-media-text alignwide is-stacked-on-mobile\" style=\"grid-template-columns:48% auto\"><figure class=\"wp-block-media-text__media\"><img loading=\"lazy\" decoding=\"async\" width=\"800\" height=\"485\" src=\"https:\/\/www.mirabel-prairiesdelamer.com\/wp-content\/uploads\/2023\/09\/coquilles-saint-jacques-fete-de-la-coquille-2.jpg\" alt=\"Fest der Jakobsmuschel Calvados\" class=\"wp-image-12181 size-full\" srcset=\"https:\/\/mirabel-prairiesdelamer.com\/wp-content\/uploads\/2023\/09\/coquilles-saint-jacques-fete-de-la-coquille-2.jpg 800w, https:\/\/mirabel-prairiesdelamer.com\/wp-content\/uploads\/2023\/09\/coquilles-saint-jacques-fete-de-la-coquille-2-300x182.jpg 300w, https:\/\/mirabel-prairiesdelamer.com\/wp-content\/uploads\/2023\/09\/coquilles-saint-jacques-fete-de-la-coquille-2-768x466.jpg 768w\" sizes=\"auto, (max-width: 800px) 100vw, 800px\" \/><\/figure><div class=\"wp-block-media-text__content\">\n<h3 class=\"wp-block-heading\"><strong>Die Jakobsmuschel aus der Normandie<\/strong><\/h3>\n\n\n\n<p><\/p>\n\n\n\n<p>Wahres Wahrzeichen der Region, <strong>Jakobsmuschel<\/strong> ist unbestreitbar DAS Produkt Nummer 1 der<strong> <a href=\"https:\/\/www.normandie-tourisme.fr\/partie-de-peche-a-pied-a-luc-sur-mer\/\" target=\"_blank\" rel=\"noreferrer noopener\">Angeln in der Normandie<\/a><\/strong>. Sehr reglementiert, die Saison ist <strong>\u00d6ffnung des 1<sup>er<\/sup> Oktober bis 15. Mai <\/strong>F\u00fcr die Wattfischerei muss die Mindestgr\u00f6\u00dfe 11 cm betragen. Jedes Jahr kommen Hunderte von Ihnen, um zu verbringen <strong>Ihre Wochenenden im Calvados<\/strong> Um die Perle zu finden, r\u00fcsten Sie sich mit Gummistiefeln und Wachsmantel aus. &nbsp;<strong>Jakobsmuschel <\/strong>fasziniert und vor allem verw\u00f6hnt sie Ihre Geschmacksknospen. Die gr\u00f6\u00dften Gastronomen rei\u00dfen sie sich jede Saison unter den Nagel.<\/p>\n\n\n\n<figure class=\"wp-block-image alignright size-full is-resized\"><img loading=\"lazy\" decoding=\"async\" width=\"320\" height=\"306\" src=\"https:\/\/www.mirabel-prairiesdelamer.com\/wp-content\/uploads\/2022\/01\/Coquillage-1.png\" alt=\"Muschel\" class=\"wp-image-2241\" style=\"width:122px;height:117px\" srcset=\"https:\/\/mirabel-prairiesdelamer.com\/wp-content\/uploads\/2022\/01\/Coquillage-1.png 320w, https:\/\/mirabel-prairiesdelamer.com\/wp-content\/uploads\/2022\/01\/Coquillage-1-300x287.png 300w\" sizes=\"auto, (max-width: 320px) 100vw, 320px\" \/><\/figure>\n\n\n\n<p><\/p>\n<\/div><\/div>\n\n\n\n<p><\/p>\n\n\n\n<div class=\"wp-block-media-text alignwide has-media-on-the-right is-stacked-on-mobile is-image-fill-element front-page-section grey\"><div class=\"wp-block-media-text__content\">\n<p><\/p>\n\n\n\n<h3 class=\"wp-block-heading\"><strong>Die Termine des Jakobsmuschelfestes im Calvados<\/strong><\/h3>\n\n\n\n<p><\/p>\n\n\n\n<p><strong>Jakobsmuschel <\/strong>weckt eine gewisse Begeisterung und von <strong>Zahlreiche Gemeinden haben beschlossen, sie zu feiern <\/strong>wie es sich geh\u00f6rt. Direktverk\u00e4ufe ab Erzeuger, Konzerte, Ausstellungen, lokale M\u00e4rkte, Sch\u00e4lerwettbewerbe, F\u00fchrungen, au\u00dfergew\u00f6hnliche \u00d6ffnung des <a href=\"https:\/\/www.caenlamer-tourisme.fr\/patrimoine-culturel\/le-phare-de-ouistreham\/\" target=\"_blank\" rel=\"noreferrer noopener\">Leuchtturm Ouistreham<\/a>, von <strong>mehrere Animationen<\/strong> Diese Feste in den 4 Ecken des Departements rhythmisch gestalten. Zoom auf die Termine 2025:<\/p>\n\n\n\n<ul class=\"wp-block-list\">\n<li><strong>18. und 19. Oktober in Ouistreham: <\/strong>Treffen Sie sich am Hafen zur un\u00fcbersehbaren \u00abMuschelfest\u00bb, das jedes Jahr Tausende von Besuchern anzieht.<\/li>\n\n\n\n<li><strong>Vom 24. bis 26. Oktober in Villers-sur-Mer:<\/strong> Es ist die 30. Auflage. Konzerte, Unterhaltung und ein gro\u00dfes Feuerwerk erwarten Sie!<\/li>\n\n\n\n<li><strong>8. und 9. November in Port-en-Bessin:<\/strong> \u00abLe Go\u00fbt du Large\u00bb und das Festival \u00abMusique sous les embruns\u00bb stehen im November in der N\u00e4he von Bayeux auf dem Programm.<\/li>\n\n\n\n<li><strong>22. und 23. November in Courseulles-sur-Mer<\/strong>&nbsp;Die Stadt feiert jedes Jahr w\u00e4hrend 2 Tagen die Gastronomie mit ihrem traditionellen \u00abFest der Jakobsmuschel, der Meeresfr\u00fcchte und der Gastronomie\u00bb.<\/li>\n\n\n\n<li><strong>29. und 30. November in Grandcamp-Maisy<\/strong>&nbsp;Anl\u00e4sslich von \u00abSaint Jacques en F\u00eate\u00bb treffen Sie die Fischer von Grandcamp-Maisy.<\/li>\n\n\n\n<li><strong>6. und 7. Dezember in Trouville-sur-Mer: <\/strong>Treffen Sie sich auf dem Jakobsmuschelmarkt in der N\u00e4he von Deauville.<\/li>\n<\/ul>\n<\/div><figure class=\"wp-block-media-text__media\"><img loading=\"lazy\" decoding=\"async\" width=\"1024\" height=\"696\" src=\"https:\/\/mirabel-prairiesdelamer.com\/wp-content\/uploads\/2023\/09\/fete-de-la-coquille-ouistreham-1-1024x696.jpeg\" alt=\"Pfannkuchenfest\" class=\"wp-image-12221 size-full\" style=\"object-position:50% 50%\" srcset=\"https:\/\/mirabel-prairiesdelamer.com\/wp-content\/uploads\/2023\/09\/fete-de-la-coquille-ouistreham-1-1024x696.jpeg 1024w, https:\/\/mirabel-prairiesdelamer.com\/wp-content\/uploads\/2023\/09\/fete-de-la-coquille-ouistreham-1-300x204.jpeg 300w, https:\/\/mirabel-prairiesdelamer.com\/wp-content\/uploads\/2023\/09\/fete-de-la-coquille-ouistreham-1-768x522.jpeg 768w, https:\/\/mirabel-prairiesdelamer.com\/wp-content\/uploads\/2023\/09\/fete-de-la-coquille-ouistreham-1-1536x1044.jpeg 1536w, https:\/\/mirabel-prairiesdelamer.com\/wp-content\/uploads\/2023\/09\/fete-de-la-coquille-ouistreham-1.jpeg 2048w\" sizes=\"auto, (max-width: 1024px) 100vw, 1024px\" \/><\/figure><\/div>\n\n\n\n<p><\/p>\n\n\n\n<div class=\"wp-block-group is-vertical is-layout-flex wp-container-core-group-is-layout-fe9cc265 wp-block-group-is-layout-flex\"><\/div>\n\n\n\n<div class=\"wp-block-media-text alignwide is-stacked-on-mobile animate left\"><figure class=\"wp-block-media-text__media\"><img loading=\"lazy\" decoding=\"async\" width=\"1024\" height=\"682\" src=\"https:\/\/www.mirabel-prairiesdelamer.com\/wp-content\/uploads\/2023\/09\/plat-gastronomie-coquille-saint-jacques-1024x682.jpg\" alt=\"Gastronomie-Platte Jakobsmuschel-Rezept\" class=\"wp-image-12192 size-full\" srcset=\"https:\/\/mirabel-prairiesdelamer.com\/wp-content\/uploads\/2023\/09\/plat-gastronomie-coquille-saint-jacques-1024x682.jpg 1024w, https:\/\/mirabel-prairiesdelamer.com\/wp-content\/uploads\/2023\/09\/plat-gastronomie-coquille-saint-jacques-300x200.jpg 300w, https:\/\/mirabel-prairiesdelamer.com\/wp-content\/uploads\/2023\/09\/plat-gastronomie-coquille-saint-jacques-768x512.jpg 768w, https:\/\/mirabel-prairiesdelamer.com\/wp-content\/uploads\/2023\/09\/plat-gastronomie-coquille-saint-jacques.jpg 1280w\" sizes=\"auto, (max-width: 1024px) 100vw, 1024px\" \/><\/figure><div class=\"wp-block-media-text__content\">\n<p><\/p>\n\n\n\n<h3 class=\"wp-block-heading\"><strong>Unsere Rezept-Ideen mit Jakobsmuscheln<\/strong><\/h3>\n\n\n\n<p>Jetzt, wo Sie die Vorschriften der <strong>Jakobsmuschel<\/strong> und Sie die besten Produkte auf unserem Gebiet kaufen konnten, ist es Zeit, in die K\u00fcche zu gehen! Wir haben einige f\u00fcr Sie ausgew\u00e4hlt <strong>Rezeptideen<\/strong> die uns Lust gemacht haben (besonders wenn Sie das Rezept nachkochen, schicken Sie uns ein Foto \ud83d\ude42 )<\/p>\n\n\n\n<ul class=\"wp-block-list\">\n<li><strong>Cassolette von Jakobsmuscheln \u00fcberbacken<\/strong>&nbsp;: ein einfaches und schnelles Rezept zum Zubereiten.<br>&gt; <a href=\"https:\/\/cuisine.journaldesfemmes.fr\/recette\/319462-cassolette-de-saint-jacques-gratinees\">https:\/\/cuisine.journaldesfemmes.fr\/recette\/319462-cassolette-de-saint-jacques-gratinees<\/a> <\/li>\n\n\n\n<li><strong>Gebratene Jakobsmuscheln<\/strong>&nbsp;: on est en Normandie, alors on vous propose cette recette au cidre pour un repas 100% local\u00a0! <br>&gt; <a href=\"https:\/\/cuisine.journaldesfemmes.fr\/recette\/354022-noix-de-saint-jacques-sautees-au-cidre-et-aux-endives\">https:\/\/cuisine.journaldesfemmes.fr\/recette\/354022-noix-de-saint-jacques-sautees-au-cidre-et-aux-endives<\/a><\/li>\n\n\n\n<li><strong>Jakobsmuschelspie\u00dfe<\/strong>&nbsp;: Wir verl\u00e4ngern den Sommer mit diesem Rezept, das die Sonne auf Ihre Teller zur\u00fcckbringt. <br>&gt; <a href=\"https:\/\/cuisine.journaldesfemmes.fr\/recette\/332935-brochette-de-saint-jacques\">https:\/\/cuisine.journaldesfemmes.fr\/recette\/332935-brochette-de-saint-jacques<\/a><\/li>\n<\/ul>\n\n\n\n<p><\/p>\n<\/div><\/div>\n\n\n\n<p><\/p>\n\n\n\n<p><\/p>\n\n\n\n<div class=\"wp-block-group card card-body border border-info is-layout-constrained wp-block-group-is-layout-constrained\">\n<div class=\"wp-block-group is-layout-constrained wp-block-group-is-layout-constrained\">\n<div class=\"wp-block-group is-layout-constrained wp-block-group-is-layout-constrained\">\n<div class=\"wp-block-group is-layout-constrained wp-block-group-is-layout-constrained\">\n<div class=\"wp-block-group is-layout-constrained wp-block-group-is-layout-constrained\">\n<h2 class=\"wp-block-heading has-text-align-center\"><strong>Sie suchen eine Unterkunft f\u00fcr das Muschelfest <\/strong>in der Normandie<strong>&nbsp;?<\/strong><\/h2>\n\n\n\n<figure class=\"wp-block-image aligncenter size-full\"><img loading=\"lazy\" decoding=\"async\" width=\"50\" height=\"8\" src=\"https:\/\/www.mirabel-prairiesdelamer.com\/wp-content\/uploads\/2023\/09\/image.png\" alt=\"\" class=\"wp-image-12144\"\/><\/figure>\n<\/div>\n\n\n\n<p class=\"has-text-align-center\">Unser <strong>Camping Mirabel les Prairies de la Mer<\/strong> ist ge\u00f6ffnet w\u00e4hren der <strong>Fest des Fest der Jakobsmuschel von Ouistreham<\/strong>. Nein <strong><a href=\"https:\/\/mirabel-prairiesdelamer.com\/de\/vermietung-mobilheime-normandie\/\" target=\"_blank\" rel=\"noreferrer noopener\">Mobilheimvermietung<\/a><\/strong> komplett ausgestattet sind, perfekt f\u00fcr einen Oktoberausflug in die Normandie! W\u00e4hlen Sie Ihr Zuhause und genie\u00dfen Sie, vor oder nach den kulinarischen Festlichkeiten, <strong><a href=\"https:\/\/mirabel-prairiesdelamer.com\/de\/campingplatz-normandie-wasserbereich\/\" target=\"_blank\" rel=\"noreferrer noopener\">unser p<\/a><a href=\"https:\/\/mirabel-prairiesdelamer.com\/de\/campingplatz-normandie-wasserbereich\/\" target=\"_blank\" rel=\"noreferrer noopener\">i<\/a><a href=\"https:\/\/mirabel-prairiesdelamer.com\/de\/campingplatz-normandie-wasserbereich\/\" target=\"_blank\" rel=\"noreferrer noopener\">Skizzenbuch<\/a><\/strong> und beheizt oder <strong>Du Sauna<\/strong> zum Faulenzen.<\/p>\n\n\n\n<figure class=\"wp-block-image aligncenter size-full is-resized\"><a href=\"https:\/\/mirabel-prairiesdelamer.com\/de\/vermietung-mobilheime-normandie\/\" target=\"_blank\" rel=\"noreferrer noopener\"><img loading=\"lazy\" decoding=\"async\" width=\"700\" height=\"467\" src=\"https:\/\/www.mirabel-prairiesdelamer.com\/wp-content\/uploads\/2023\/02\/mobil-home-location-vacances.jpg\" alt=\"vermietung von ferien mobilheim voll ausgestattet\" class=\"wp-image-10804\" style=\"width:504px;height:336px\" srcset=\"https:\/\/mirabel-prairiesdelamer.com\/wp-content\/uploads\/2023\/02\/mobil-home-location-vacances.jpg 700w, https:\/\/mirabel-prairiesdelamer.com\/wp-content\/uploads\/2023\/02\/mobil-home-location-vacances-300x200.jpg 300w\" sizes=\"auto, (max-width: 700px) 100vw, 700px\" \/><\/a><\/figure>\n<\/div>\n<\/div>\n<\/div>\n<\/div>","protected":false},"excerpt":{"rendered":"<p>La F\u00eate de la Coquille Saint-Jacques dans le Calvados Chaque ann\u00e9e, elle revient telle une v\u00e9ritable star dans le Calvados. [&hellip;]<\/p>\n","protected":false},"author":2,"featured_media":0,"parent":0,"menu_order":0,"comment_status":"closed","ping_status":"closed","template":"","meta":{"_seopress_robots_primary_cat":"","_seopress_titles_title":"La F\u00eate de la Coquille Saint Jacques dans le Calvados","_seopress_titles_desc":"Chaque ann\u00e9e, la star de la p\u00eache en Normandie, la Coquille Saint Jacques est de retour ! D'octobre \u00e0 mai, la saison bat son plein et de nombreuses f\u00eates sont organis\u00e9es sur les c\u00f4tes normandes et notamment la F\u00eate de la Coquille \u00e0 Ouistreham. Venez passer un week-end dans notre Camping Mirabel Les Prairies de la Mer en location de mobil-home et profitez de la f\u00eate.","_seopress_robots_index":"","footnotes":""},"class_list":["post-12186","page","type-page","status-publish","hentry"],"_links":{"self":[{"href":"https:\/\/mirabel-prairiesdelamer.com\/de\/wp-json\/wp\/v2\/pages\/12186","targetHints":{"allow":["GET"]}}],"collection":[{"href":"https:\/\/mirabel-prairiesdelamer.com\/de\/wp-json\/wp\/v2\/pages"}],"about":[{"href":"https:\/\/mirabel-prairiesdelamer.com\/de\/wp-json\/wp\/v2\/types\/page"}],"author":[{"embeddable":true,"href":"https:\/\/mirabel-prairiesdelamer.com\/de\/wp-json\/wp\/v2\/users\/2"}],"replies":[{"embeddable":true,"href":"https:\/\/mirabel-prairiesdelamer.com\/de\/wp-json\/wp\/v2\/comments?post=12186"}],"version-history":[{"count":39,"href":"https:\/\/mirabel-prairiesdelamer.com\/de\/wp-json\/wp\/v2\/pages\/12186\/revisions"}],"predecessor-version":[{"id":16192,"href":"https:\/\/mirabel-prairiesdelamer.com\/de\/wp-json\/wp\/v2\/pages\/12186\/revisions\/16192"}],"wp:attachment":[{"href":"https:\/\/mirabel-prairiesdelamer.com\/de\/wp-json\/wp\/v2\/media?parent=12186"}],"curies":[{"name":"wp","href":"https:\/\/api.w.org\/{rel}","templated":true}]}}