{"id":1274,"date":"2022-01-03T14:07:33","date_gmt":"2022-01-03T13:07:33","guid":{"rendered":"https:\/\/www.campinglarenaudiere.com\/?post_type=hebergement&#038;p=1274"},"modified":"2026-02-25T12:04:44","modified_gmt":"2026-02-25T11:04:44","slug":"vermietung-mobilheim-3-zimmer-4-6p","status":"publish","type":"hebergement","link":"https:\/\/mirabel-prairiesdelamer.com\/de\/hebergement\/location-mobil-home-3-ch-4-6p\/","title":{"rendered":"Mobilheim 3 Zimmer"},"content":{"rendered":"<div class=\"wp-block-columns is-layout-flex wp-container-core-columns-is-layout-28f84493 wp-block-columns-is-layout-flex\">\n<div class=\"wp-block-column is-layout-flow wp-block-column-is-layout-flow\" style=\"flex-basis:65%\">\n<p>Die <strong>Mobilheim mit 3 Schlafzimmern<\/strong> ist ideal f\u00fcr <strong>Gro\u00dffamilien<\/strong>&nbsp;! Die <strong>voll ausgestattete K\u00fcche<\/strong> ist perfekt, um kleine Gourmetgerichte herzustellen, die allen schmecken!<\/p>\n\n\n\n<p>Die <strong>3 separate Zimmer<\/strong> bieten jedem einen Ort mit einer sehr sanften Dekoration f\u00fcr die ruhigeren Momente. <\/p>\n\n\n\n<p>Nutzen Sie die gro\u00dfe <strong>Terrasse<em> <\/em>\u00fcberdacht<\/strong> f\u00fcr Familienfeiern, bei denen Lachen und Zusammengeh\u00f6rigkeit f\u00fcr einen tollen Urlaub sorgen. <strong>Campingplatz Mirabel Les Prairies de la Mer.<\/strong><\/p>\n\n\n\n<p><em>nicht vertragliche Fotos<\/em><\/p>\n<\/div>\n\n\n\n<div class=\"wp-block-column is-layout-flow wp-block-column-is-layout-flow\" style=\"flex-basis:35%\">\n<div class=\"wp-block-group has-border-color has-turquoise-border-color is-layout-constrained wp-container-core-group-is-layout-a666d811 wp-block-group-is-layout-constrained\" style=\"border-width:1px;border-radius:4px;padding-top:var(--wp--preset--spacing--40);padding-right:var(--wp--preset--spacing--40);padding-bottom:var(--wp--preset--spacing--40);padding-left:var(--wp--preset--spacing--40)\">\n<p class=\"has-text-align-center\"><strong>In der Nebensaison<\/strong><br>Vermietung von mindestens 2 N\u00e4chten<\/p>\n\n\n\n<figure class=\"wp-block-image aligncenter size-full mt-0\"><img loading=\"lazy\" decoding=\"async\" width=\"51\" height=\"8\" src=\"https:\/\/www.campinglarenaudiere.com\/wp-content\/uploads\/2022\/01\/barre-orange.png\" alt=\"\" class=\"wp-image-2726\"\/><\/figure>\n\n\n\n<p class=\"has-text-align-center\" style=\"margin-top:var(--wp--preset--spacing--30);margin-right:0;margin-bottom:0;margin-left:0\"><strong>Im Sommer<\/strong><br>Mindestens 7 N\u00e4chte<br>von Mittwoch bis Mittwoch oder <br>von Samstag bis Samstag<br><\/p>\n<\/div>\n<\/div>\n<\/div>\n\n\n<p><ctv-product data-product-id=\"18113\" data-full=\"true\" ><\/ctv-product><\/p>\n\n\n\t\t<ctv-availability data-background-color=\"#FFFFFFFF\" data-begin-day=\"6\" data-product-id=\"18113\" data-month=\"\" data-show-full-months=\"true\"><\/ctv-availability>\r\n\t\t\n\n\n\n<p class=\"has-medium-font-size\" style=\"margin-top:0;margin-right:0;margin-bottom:0;margin-left:0\"><strong>Ihre Ferienunterkunft in Ouistreham<\/strong><\/p>\n\n\n\n<figure class=\"wp-block-image size-full\"><img loading=\"lazy\" decoding=\"async\" width=\"50\" height=\"8\" src=\"https:\/\/www.campinglarenaudiere.com\/wp-content\/uploads\/2022\/01\/barre-bleue.png\" alt=\"\" class=\"wp-image-2627\"\/><\/figure>\n\n\n\t\t<ctv-availability data-background-color=\"#FFFFFFFF\" data-begin-day=\"3\" data-product-id=\"120138\" data-month=\"7\" data-show-full-months=\"false\"><\/ctv-availability>","protected":false},"parent":0,"menu_order":4,"template":"","class_list":["post-1274","hebergement","type-hebergement","status-publish","hentry"],"_links":{"self":[{"href":"https:\/\/mirabel-prairiesdelamer.com\/de\/wp-json\/wp\/v2\/hebergement\/1274","targetHints":{"allow":["GET"]}}],"collection":[{"href":"https:\/\/mirabel-prairiesdelamer.com\/de\/wp-json\/wp\/v2\/hebergement"}],"about":[{"href":"https:\/\/mirabel-prairiesdelamer.com\/de\/wp-json\/wp\/v2\/types\/hebergement"}],"version-history":[{"count":14,"href":"https:\/\/mirabel-prairiesdelamer.com\/de\/wp-json\/wp\/v2\/hebergement\/1274\/revisions"}],"predecessor-version":[{"id":18103,"href":"https:\/\/mirabel-prairiesdelamer.com\/de\/wp-json\/wp\/v2\/hebergement\/1274\/revisions\/18103"}],"wp:attachment":[{"href":"https:\/\/mirabel-prairiesdelamer.com\/de\/wp-json\/wp\/v2\/media?parent=1274"}],"curies":[{"name":"wp","href":"https:\/\/api.w.org\/{rel}","templated":true}]}}