{"id":1261,"date":"2022-01-03T12:28:20","date_gmt":"2022-01-03T11:28:20","guid":{"rendered":"https:\/\/www.campinglarenaudiere.com\/?post_type=hebergement&#038;p=1261"},"modified":"2024-10-04T16:29:49","modified_gmt":"2024-10-04T14:29:49","slug":"vermietung-mobilheim-1-zimmer","status":"publish","type":"hebergement","link":"https:\/\/mirabel-prairiesdelamer.com\/de\/hebergement\/location-mobil-home-1-ch\/","title":{"rendered":"Mobilheim 1 Zimmer"},"content":{"rendered":"<div class=\"wp-block-columns is-layout-flex wp-container-core-columns-is-layout-28f84493 wp-block-columns-is-layout-flex\">\n<div class=\"wp-block-column is-layout-flow wp-block-column-is-layout-flow\" style=\"flex-basis:65%\">\n<p>Sie sind zwei Personen und brauchen keinen gro\u00dfen Platz? Dann haben wir genau das Richtige f\u00fcr Sie! <br><br>Die <strong>Mobilheim 1 Schlafzimmer<\/strong> kompakt hat alles, was ein gro\u00dfer mit seinen <strong>20m2. <\/strong>Alles ist optimiert, <strong>sehr funktional<\/strong> mit seinem gro\u00dfen Wohnbereich, seinem Schlafzimmer, seinem Badezimmer und seiner offenen K\u00fcche. <\/p>\n\n\n\n<p>Nutzen Sie seine<strong> \u00fcberdachte Terrasse<\/strong> der einen zweiten Wohnraum bietet, in dem Sie in Ruhe Ihre Mahlzeiten einnehmen k\u00f6nnen.<br><br>Kleine Extras: Es ist mit einem Fernseher, Gartenm\u00f6beln und 2 Liegest\u00fchlen ausgestattet. <\/p>\n\n\n\n<p><em>nicht vertragliche Fotos<\/em><\/p>\n<\/div>\n\n\n\n<div class=\"wp-block-column is-layout-flow wp-block-column-is-layout-flow\" style=\"flex-basis:35%\">\n<div class=\"wp-block-group has-border-color has-turquoise-border-color is-layout-constrained wp-container-core-group-is-layout-a666d811 wp-block-group-is-layout-constrained\" style=\"border-width:1px;border-radius:4px;padding-top:var(--wp--preset--spacing--40);padding-right:var(--wp--preset--spacing--40);padding-bottom:var(--wp--preset--spacing--40);padding-left:var(--wp--preset--spacing--40)\">\n<p class=\"has-text-align-center\"><strong>In der Nebensaison<\/strong><br>Vermietung von mindestens 2 N\u00e4chten<\/p>\n\n\n\n<figure class=\"wp-block-image aligncenter size-full mt-0\"><img loading=\"lazy\" decoding=\"async\" width=\"49\" height=\"6\" src=\"https:\/\/mirabel-prairiesdelamer.com\/wp-content\/uploads\/2022\/02\/barre-camping.png\" alt=\"\" class=\"wp-image-4319\"\/><\/figure>\n\n\n\n<p class=\"has-text-align-center\" style=\"margin-top:var(--wp--preset--spacing--30);margin-right:0;margin-bottom:0;margin-left:0\"><strong>Im Sommer<\/strong><br>Mindestens 7 N\u00e4chte<br>An-\/Abreise am Mittwoch oder Samstag<br><\/p>\n<\/div>\n<\/div>\n<\/div>\n\n\n<p><ctv-product data-product-id=\"63757\" data-full=\"true\" ><\/ctv-product><\/p>\n\n\n\t\t<ctv-availability data-background-color=\"#FFFFFFFF\" data-begin-day=\"6\" data-product-id=\"63757\" data-month=\"\" data-show-full-months=\"true\"><\/ctv-availability>\r\n\t\t\n\n\n\n<p class=\"has-medium-font-size\" style=\"margin-top:0;margin-right:0;margin-bottom:0;margin-left:0\"><strong>Ihre Bungalowvermietung in Ouistreham<\/strong><\/p>\n\n\n\n<figure class=\"wp-block-image size-full\"><img loading=\"lazy\" decoding=\"async\" width=\"50\" height=\"8\" src=\"https:\/\/mirabel-prairiesdelamer.com\/wp-content\/uploads\/2023\/09\/image.png\" alt=\"\" class=\"wp-image-12144\"\/><\/figure>\n\n\n\t\t<ctv-availability data-background-color=\"#FFFFFFFF\" data-begin-day=\"3\" data-product-id=\"120136\" data-month=\"7\" data-show-full-months=\"false\"><\/ctv-availability>","protected":false},"parent":0,"menu_order":0,"template":"","class_list":["post-1261","hebergement","type-hebergement","status-publish","hentry"],"_links":{"self":[{"href":"https:\/\/mirabel-prairiesdelamer.com\/de\/wp-json\/wp\/v2\/hebergement\/1261","targetHints":{"allow":["GET"]}}],"collection":[{"href":"https:\/\/mirabel-prairiesdelamer.com\/de\/wp-json\/wp\/v2\/hebergement"}],"about":[{"href":"https:\/\/mirabel-prairiesdelamer.com\/de\/wp-json\/wp\/v2\/types\/hebergement"}],"version-history":[{"count":31,"href":"https:\/\/mirabel-prairiesdelamer.com\/de\/wp-json\/wp\/v2\/hebergement\/1261\/revisions"}],"predecessor-version":[{"id":14593,"href":"https:\/\/mirabel-prairiesdelamer.com\/de\/wp-json\/wp\/v2\/hebergement\/1261\/revisions\/14593"}],"wp:attachment":[{"href":"https:\/\/mirabel-prairiesdelamer.com\/de\/wp-json\/wp\/v2\/media?parent=1261"}],"curies":[{"name":"wp","href":"https:\/\/api.w.org\/{rel}","templated":true}]}}